{"id":25424,"date":"2025-03-28T17:08:12","date_gmt":"2025-03-28T16:08:12","guid":{"rendered":"https:\/\/cms.zdv.uni-mainz.de\/fb07-iaw\/studying-at-the-iaw\/"},"modified":"2025-05-14T13:14:26","modified_gmt":"2025-05-14T11:14:26","slug":"studying-at-the-iaw","status":"publish","type":"page","link":"https:\/\/iaw.uni-mainz.de\/en\/studying-at-the-iaw\/","title":{"rendered":"Studying at the IAW"},"content":{"rendered":"\n<p><\/p>\n<jgu-base-pageheader react-props=\"{\n    &quot;items&quot;: [\n        {\n            &quot;box&quot;: {\n                &quot;index&quot;: &quot;Useful information&quot;,\n                &quot;title&quot;: &quot;Your studies&lt;br&gt;at the IAW&quot;,\n                &quot;link&quot;: {\n                    &quot;url&quot;: &quot;&quot;,\n                    &quot;title&quot;: &quot;learn more&quot;\n                }\n            },\n            &quot;color&quot;: &quot;blue&quot;,\n            &quot;image&quot;: {\n                &quot;url&quot;: &quot;https:\\\/\\\/cms.zdv.uni-mainz.de\\\/fb07-iaw\\\/wp-content\\\/uploads\\\/sites\\\/275\\\/2025\\\/02\\\/P1010831-scaled.jpg&quot;,\n                &quot;id&quot;: 15276,\n                &quot;caption&quot;: &quot;OLYMPUS DIGITAL CAMERA&quot;,\n                &quot;title&quot;: &quot;OLYMPUS DIGITAL CAMERA&quot;,\n                &quot;width&quot;: 2560,\n                &quot;height&quot;: 1920,\n                &quot;srcset&quot;: &quot;https:\\\/\\\/cms.zdv.uni-mainz.de\\\/fb07-iaw\\\/wp-content\\\/uploads\\\/sites\\\/275\\\/2025\\\/02\\\/P1010831-scaled.jpg 2560w, https:\\\/\\\/cms.zdv.uni-mainz.de\\\/fb07-iaw\\\/wp-content\\\/uploads\\\/sites\\\/275\\\/2025\\\/02\\\/P1010831-300x225.jpg 300w, https:\\\/\\\/cms.zdv.uni-mainz.de\\\/fb07-iaw\\\/wp-content\\\/uploads\\\/sites\\\/275\\\/2025\\\/02\\\/P1010831-1024x768.jpg 1024w, https:\\\/\\\/cms.zdv.uni-mainz.de\\\/fb07-iaw\\\/wp-content\\\/uploads\\\/sites\\\/275\\\/2025\\\/02\\\/P1010831-768x576.jpg 768w, https:\\\/\\\/cms.zdv.uni-mainz.de\\\/fb07-iaw\\\/wp-content\\\/uploads\\\/sites\\\/275\\\/2025\\\/02\\\/P1010831-1536x1152.jpg 1536w, https:\\\/\\\/cms.zdv.uni-mainz.de\\\/fb07-iaw\\\/wp-content\\\/uploads\\\/sites\\\/275\\\/2025\\\/02\\\/P1010831-2048x1536.jpg 2048w&quot;\n            },\n            &quot;imgCredit&quot;: &quot;&quot;,\n            &quot;useVideo&quot;: false,\n            &quot;video&quot;: false\n        }\n    ],\n    &quot;type&quot;: &quot;default&quot;,\n    &quot;align&quot;: &quot;full&quot;,\n    &quot;quicklinks&quot;: {\n        &quot;show&quot;: false,\n        &quot;selects&quot;: []\n    },\n    &quot;useBreadcrumb&quot;: false\n}\">\n<\/jgu-base-pageheader><jgu-base-anchornavigation react-props=\"{\n    &quot;align&quot;: &quot;wide&quot;,\n    &quot;theme&quot;: &quot;white&quot;\n}\">\n    \n<\/jgu-base-anchornavigation>\n<p>At JGU Mainz, the disciplines of ancient studies are represented in a density that is unusual for German higher education institutions. In Classical Philology (Latin and Greek), the focus is on teacher education in addition to research, while the degree programs in Archaeology, Egyptology and Ancient Near Eastern Studies provide both research and application-oriented courses offered in Bachelor&#8217;s, Master&#8217;s and doctoral studies. The close interlinking of the disciplines and their methods corresponds to the strong networking of the degree programs within and outside the institute, which benefits students in many ways.  <\/p>\n\n<p>The integrative and flexible concept of the new Bachelor&#8217;s and Master&#8217;s degree programs <a href=\"https:\/\/www.altertumswissenschaften.uni-mainz.de\/studiengang-alpha\/\" target=\"_blank\" rel=\"noreferrer noopener\">&#8220;Archaeologies and Philologies in Classical Studies (ALPHA)&#8221;<\/a> offers a unique combination of broad interdisciplinary training and in-depth specialist knowledge in the disciplines of Egyptology, Ancient Near Eastern Studies, Archaeology of the Stone Ages (Master&#8217;s degree only), Byzantine Archaeology, Classical Archaeology, Classical Philology: Greek, Classical Philology: Latin, Provincial Roman Archaeology (Master&#8217;s degree only) Ancient Near Eastern Archaeology and Pre- and Protohistoric Archaeology.<\/p>\n\n<p>In addition, the disciplines of Egyptology, Ancient Near Eastern Archaeology, Byzantine Archaeology, Classical Archaeology, Classical Philology: Greek, Classical Philology: Latin, Ancient Near Eastern Archaeology and Pre- and Protohistoric Archaeology can still be studied as minor subjects in the dual-subject Bachelor&#8217;s degree program.<\/p>\n<div\n\tclass=\"jgu-anchorpoint\"\n\tid=\"teaching events\"\n\tdata-label=\"Courses\"\n\tdata-hide-in-nav=\"false\"\n\ttabindex=\"0\"\n\tdata-initial-scroll=\"true\"\n><\/div>\n<jgu-base-section react-props=\"{&quot;color&quot;:&quot;dark&quot;,&quot;align&quot;:&quot;wide&quot;,&quot;padding&quot;:&quot;medium&quot;}\">\n<div class=\"jgu-bgsection bg bg-dark\"><div class=\"content padding-medium\"><jgu-base-heading react-props=\"{\n    &quot;index&quot;: &quot;In the degree programs&quot;,\n    &quot;color&quot;: &quot;default&quot;,\n    &quot;tags&quot;: {\n        &quot;htmlTag&quot;: &quot;h2&quot;,\n        &quot;classTag&quot;: &quot;&quot;,\n        &quot;tag&quot;: &quot;h2&quot;\n    },\n    &quot;heading&quot;: &quot;Courses&quot;,\n    &quot;textAlign&quot;: &quot;left&quot;,\n    &quot;anchor&quot;: &quot;&quot;\n}\"><\/jgu-base-heading>\n\n\n\n<div style=\"height:34px\" aria-hidden=\"true\" class=\"wp-block-spacer\"><\/div>\n\n\n<jgu-base-accordion react-props=\"{&quot;selected&quot;:9,&quot;align&quot;:&quot;wide&quot;,&quot;hasAllOpenButton&quot;:true,&quot;onlyOne&quot;:false,&quot;initAllClosed&quot;:true,&quot;enableSearch&quot;:false}\">\n    \n<jgu-base-accordionitem react-props=\"{&quot;title&quot;:&quot;ALPHA&quot;,&quot;init&quot;:false,&quot;slug&quot;:&quot;alpha&quot;,&quot;align&quot;:&quot;wide&quot;,&quot;customSlug&quot;:false}\">\n    \n\t<ol class=\"wp-block-list has-big-font-size\">\n\t\t\t\t\t<li>\n\t\t\t<a href=\"?event_id=395395178831205&amp;skip_groups=false\">\n\t\t\t\tArch\u00e4ologien und Philologien des ALPHA-Studiengangs<\/a><br>\n\t\t\t\tInstructor: Univ.-Prof. Dr. Jochen Althoff; apl. Prof. Dr. Annemarie Amb\u00fchl Tehrany; Univ.-Prof. Dr. Heide Frielinghaus; Dr. phil. Verena Fugger; Univ.-Prof. Dr. Kathrin Gabler; Prof. Dr. Maria Ivanova-Bieg; Univ.-Prof. Dr. Doris Prechel; Univ-Prof. Dr. Alexander Pru\u00df; Dr. Anne Sieverling-Pantelidis; Jun. -Prof. Dr. Catherine Rose Edith Teitz\t\t\t\t\t\t<\/li>\n\t\t\t\t\t<li>\n\t\t\t<a href=\"?event_id=396215531210290&amp;skip_groups=false\">\n\t\t\t\tBerufsbilder: Innen- und Au\u00dfensichten<\/a><br>\n\t\t\t\tInstructor: Univ.-Prof. Dr. Kathrin Gabler; Dr. Monika Z\u00f6ller-Engelhardt\t\t\t\t\t\t<\/li>\n\t\t\t\t\t<li>\n\t\t\t<a href=\"?event_id=395933337315420&amp;skip_groups=false\">\n\t\t\t\tEinf\u00fchrung ins wissenschaftliche Arbeiten und Schreiben (Arch\u00e4ologisch\/Philologisch)<\/a><br>\n\t\t\t\tInstructor: apl. Prof. Dr. Peter Haupt\t\t\t\t\t\t<\/li>\n\t\t\t\t\t<li>\n\t\t\t<a href=\"?event_id=396452908348365&amp;skip_groups=false\">\n\t\t\t\tExkursion BF Alte Geschichte: S\u00fcditalien: Von der Magna Graecia zum R\u00f6mischen Reich<\/a><br>\n\t\t\t\tInstructor: Dr. Andreas Goltz\t\t\t\t\t\t<\/li>\n\t\t\t\t\t<li>\n\t\t\t<a href=\"?event_id=395892670773653&amp;skip_groups=false\">\n\t\t\t\tInformationsveranstaltung f\u00fcr Studienanf\u00e4nger und Hochschulwechsler in den ALPHA-Studieng\u00e4ngen (f\u00e4cher\u00fcbergreifend, B.A. und M.A. &#8211; mit anschlie\u00dfender Sprechstunde)<\/a><br>\n\t\t\t\tInstructor: Dr. Anne Sieverling-Pantelidis\t\t\t\t\t\t<\/li>\n\t\t\t\t\t<li>\n\t\t\t<a href=\"?event_id=395866533192419&amp;skip_groups=false\">\n\t\t\t\tKolloquium (ALPHA M.A.)<\/a><br>\n\t\t\t\tInstructor: Dr. Anne Sieverling-Pantelidis\t\t\t\t\t\t<\/li>\n\t\t\t\t\t<li>\n\t\t\t<a href=\"?event_id=395736197372628&amp;skip_groups=false\">\n\t\t\t\tMainzer Sammlungen und Aktivit\u00e4ten der ALPHA-F\u00e4cher<\/a><br>\n\t\t\t\tInstructor: Dr. Patrick Schollmeyer\t\t\t\t\t\t<\/li>\n\t\t\t\t\t<li>\n\t\t\t<a href=\"?event_id=396462831513991&amp;skip_groups=false\">\n\t\t\t\tSeminar Mittelalterliche Geschichte (3st\u00fcndig): Byzanz und die &quot;Barbaren&quot; auf dem Balkan und in Osteuropa<\/a><br>\n\t\t\t\tInstructor: Alexander Constantine Sarantis\t\t\t\t\t\t<\/li>\n\t\t\t\t\t<li>\n\t\t\t<a href=\"?event_id=396452908224362&amp;skip_groups=false\">\n\t\t\t\t\u00dcbung zur Exkursion BF Alte Geschichte: S\u00fcditalien: Von der Magna Graecia zum R\u00f6mischen Reich<\/a><br>\n\t\t\t\tInstructor: Univ.-Prof. Dr. Thomas Blank; David Eibeck; Dr. Andreas Goltz\t\t\t\t\t\t<\/li>\n\t\t\t\t\t<li>\n\t\t\t<a href=\"?event_id=396215512563280&amp;skip_groups=false\">\n\t\t\t\tVerfassen einer Rezension<\/a><br>\n\t\t\t\tInstructor: Univ.-Prof. Dr. Kathrin Gabler\t\t\t\t\t\t<\/li>\n\t\t<\/ol>\n\t<hr>\n<p>\n\tSoSe 2026\t<\/p>\n\n\n\n\t<ol class=\"wp-block-list has-big-font-size\">\n\t\t\t\t\t<li>\n\t\t\t<a href=\"?event_id=395685603316364&amp;skip_groups=false\">\n\t\t\t\tExk \u00c4gyptologie: Tagesexkursion Bonn 16.05.2026 (mit Vorbereitungkurs am 15.05.2026)<\/a><br>\n\t\t\t\tInstructor: Univ.-Prof. Dr. Kathrin Gabler\t\t\t\t\t\t<\/li>\n\t\t\t\t\t<li>\n\t\t\t<a href=\"?event_id=396035962792233&amp;skip_groups=false\">\n\t\t\t\tExkursion nach Zentralanatolien &#8211; Anmeldung abgeschlossen (verpflichtende Seminarteilnahme WiSe 25\/26)<\/a><br>\n\t\t\t\tInstructor: Univ.-Prof. Dr. Doris Prechel; Univ-Prof. Dr. Alexander Pru\u00df\t\t\t\t\t\t<\/li>\n\t\t\t\t\t<li>\n\t\t\t<a href=\"?event_id=395892668028651&amp;skip_groups=false\">\n\t\t\t\tInformationsveranstaltung f\u00fcr Studienanf\u00e4nger und Hochschulwechsler der \u00c4gyptologie, Altorientalistik und Vorderasiatischen Arch\u00e4ologie (Beifach und ALPHA-Studieng\u00e4nge)<\/a><br>\n\t\t\t\tInstructor: Martina Landrino M.A.; Letizia Savino M.A.; Dr. Mari Yamasaki\t\t\t\t\t\t<\/li>\n\t\t\t\t\t<li>\n\t\t\t<a href=\"?event_id=395683969917921&amp;skip_groups=false\">\n\t\t\t\tKolloquium f\u00fcr Examenskandidatinnen und -kandidaten (Termine nach Bedarf)<\/a><br>\n\t\t\t\tInstructor: apl. Prof. Dr. Dagmar Budde; Univ.-Prof. Dr. Kathrin Gabler; PD Dr. habil. Alexander Ilin-Tomich; Dr. Monika Z\u00f6ller-Engelhardt\t\t\t\t\t\t<\/li>\n\t\t\t\t\t<li>\n\t\t\t<a href=\"?event_id=395685603396360&amp;skip_groups=false\">\n\t\t\t\tP Alte Sprachen und Schriften innovativ lehren: \u00c4gyptisch und Babylonisch (mit verpflichtendem Seminar)<\/a><br>\n\t\t\t\tInstructor: Univ.-Prof. Dr. Doris Prechel; Dr. Monika Z\u00f6ller-Engelhardt\t\t\t\t\t\t<\/li>\n\t\t\t\t\t<li>\n\t\t\t<a href=\"?event_id=395684303910050&amp;skip_groups=false\">\n\t\t\t\tP Praktikum \u00c4gyptologie (Studiensammlung \u00c4gyptologie, Akademieprojekt Alt\u00e4gyptische Kursivschriften, Ausgrabungen u.\u00e4.) (n. V.)<\/a><br>\n\t\t\t\tInstructor: Univ.-Prof. Dr. Kathrin Gabler; Dr. Monika Z\u00f6ller-Engelhardt\t\t\t\t\t\t<\/li>\n\t\t\t\t\t<li>\n\t\t\t<a href=\"?event_id=395683970094924&amp;skip_groups=false\">\n\t\t\t\tPS \u00c4gyptische Arch\u00e4ologie B<\/a><br>\n\t\t\t\tInstructor: Louis-Philippe Bazelier M.A.\t\t\t\t\t\t<\/li>\n\t\t\t\t\t<li>\n\t\t\t<a href=\"?event_id=395903197004491&amp;skip_groups=false\">\n\t\t\t\tPS Einf\u00fchrung in die altbabylonische Sprache (Akkadisch I)<\/a><br>\n\t\t\t\tInstructor: Univ.-Prof. Dr. Doris Prechel\t\t\t\t\t\t<\/li>\n\t\t\t\t\t<li>\n\t\t\t<a href=\"?event_id=395683970078934&amp;skip_groups=false\">\n\t\t\t\tPS Hieroglyphen und Mittel\u00e4gyptisch<\/a><br>\n\t\t\t\tInstructor: Dr. Andrea Kilian M.A.\t\t\t\t\t\t<\/li>\n\t\t\t\t\t<li>\n\t\t\t<a href=\"?event_id=395685603331366&amp;skip_groups=false\">\n\t\t\t\tS Alte Sprachen und Schriften innovativ lehren: \u00c4gyptisch und Babylonisch (mit verpflichtendem Praktikum)<\/a><br>\n\t\t\t\tInstructor: Univ.-Prof. Dr. Doris Prechel; Dr. Monika Z\u00f6ller-Engelhardt\t\t\t\t\t\t<\/li>\n\t\t\t\t\t<li>\n\t\t\t<a href=\"?event_id=395903319862557&amp;skip_groups=false\">\n\t\t\t\tS Die Standardversion des Gilgamesch-Epos<\/a><br>\n\t\t\t\tInstructor: Univ.-Prof. Dr. Doris Prechel\t\t\t\t\t\t<\/li>\n\t\t\t\t\t<li>\n\t\t\t<a href=\"?event_id=395903292215528&amp;skip_groups=false\">\n\t\t\t\tS Einf\u00fchrung in die hethitische Schrift und Sprache<\/a><br>\n\t\t\t\tInstructor: Dr. Charles Steitler\t\t\t\t\t\t<\/li>\n\t\t\t\t\t<li>\n\t\t\t<a href=\"?event_id=395685603309378&amp;skip_groups=false\">\n\t\t\t\tS Mittel\u00e4gyptische Tempeltexte<\/a><br>\n\t\t\t\tInstructor: apl. Prof. Dr. Dagmar Budde\t\t\t\t\t\t<\/li>\n\t\t\t\t\t<li>\n\t\t\t<a href=\"?event_id=396212464685648&amp;skip_groups=false\">\n\t\t\t\tS Neu\u00e4gyptisch und Hieratisch<\/a><br>\n\t\t\t\tInstructor: Univ.-Prof. Dr. Kathrin Gabler\t\t\t\t\t\t<\/li>\n\t\t\t\t\t<li>\n\t\t\t<a href=\"?event_id=395685603251350&amp;skip_groups=false\">\n\t\t\t\tS Papyrus: Vom Schilf zur Schrift<\/a><br>\n\t\t\t\tInstructor: Martina Landrino M.A.\t\t\t\t\t\t<\/li>\n\t\t\t\t\t<li>\n\t\t\t<a href=\"?event_id=395956331756045&amp;skip_groups=false\">\n\t\t\t\tS Religious Coexistence in the Landscape: Christianity and Islam in Early Islamic Archaeology (Blockveranstaltung)<\/a><br>\n\t\t\t\tInstructor: Dr. Mustafa Ahmad\t\t\t\t\t\t<\/li>\n\t\t\t\t\t<li>\n\t\t\t<a href=\"?event_id=395903319929572&amp;skip_groups=false\">\n\t\t\t\tS\/PS Akkadische Lekt\u00fcre in \u00dcbersetzung<\/a><br>\n\t\t\t\tInstructor: Letizia Savino M.A.\t\t\t\t\t\t<\/li>\n\t\t\t\t\t<li>\n\t\t\t<a href=\"?event_id=395686356322570&amp;skip_groups=false\">\n\t\t\t\tS\/PS Aliens, Atlantis and time travelers. How pseudo-archaeology affects the public<\/a><br>\n\t\t\t\tInstructor: Dr. Mari Yamasaki\t\t\t\t\t\t<\/li>\n\t\t\t\t\t<li>\n\t\t\t<a href=\"?event_id=395686356789647&amp;skip_groups=false\">\n\t\t\t\tS\/PS Arch\u00e4ologie der Mittleren Bronzezeit in Mesopotamien<\/a><br>\n\t\t\t\tInstructor: Univ-Prof. Dr. Alexander Pru\u00df\t\t\t\t\t\t<\/li>\n\t\t\t\t\t<li>\n\t\t\t<a href=\"?event_id=395686356343580&amp;skip_groups=false\">\n\t\t\t\tS\/PS Die Arch\u00e4ologie der Stadt Uruk<\/a><br>\n\t\t\t\tInstructor: Univ-Prof. Dr. Alexander Pru\u00df\t\t\t\t\t\t<\/li>\n\t\t\t\t\t<li>\n\t\t\t<a href=\"?event_id=395686356575609&amp;skip_groups=false\">\n\t\t\t\tS\/PS Die Neuassyrischen Pal\u00e4ste<\/a><br>\n\t\t\t\tInstructor: Univ-Prof. Dr. Alexander Pru\u00df\t\t\t\t\t\t<\/li>\n\t\t\t\t\t<li>\n\t\t\t<a href=\"?event_id=395903196995485&amp;skip_groups=false\">\n\t\t\t\tTut Einf\u00fchrung in die altbabylonische Sprache (Akkadisch I)<\/a><br>\n\t\t\t\tInstructor: Rabia Sultan G\u00fcz\t\t\t\t\t\t<\/li>\n\t\t\t\t\t<li>\n\t\t\t<a href=\"?event_id=395683970116937&amp;skip_groups=false\">\n\t\t\t\t\u00dc Hieroglyphen und Mittel\u00e4gyptisch<\/a><br>\n\t\t\t\tInstructor: Sarah Michelle Klasse\t\t\t\t\t\t\t\t\t<br>\n\t\t\t\t\tFormat: hybrid\t\t\t\t\t\t<\/li>\n\t\t\t\t\t<li>\n\t\t\t<a href=\"?event_id=395903292335536&amp;skip_groups=false\">\n\t\t\t\t\u00dc Kleine hethitische Texte<\/a><br>\n\t\t\t\tInstructor: Univ.-Prof. Dr. Doris Prechel\t\t\t\t\t\t<\/li>\n\t\t\t\t\t<li>\n\t\t\t<a href=\"?event_id=395683970189943&amp;skip_groups=false\">\n\t\t\t\t\u00dc Neu\u00e4gyptisch und Hieratisch<\/a><br>\n\t\t\t\tInstructor: Univ.-Prof. Dr. Kathrin Gabler\t\t\t\t\t\t<\/li>\n\t\t\t\t\t<li>\n\t\t\t<a href=\"?event_id=395386208709192&amp;skip_groups=false\">\n\t\t\t\tV Vorderasien in der ersten H\u00e4lfte des 1. Jahrtausends<\/a><br>\n\t\t\t\tInstructor: Univ-Prof. Dr. Alexander Pru\u00df\t\t\t\t\t\t<\/li>\n\t\t<\/ol>\n\t<hr>\n<p>\n\tSoSe 2026\t<\/p>\n\n\n\n\t<ol class=\"wp-block-list has-big-font-size\">\n\t\t\t\t\t<li>\n\t\t\t<a href=\"?event_id=395933281146402&amp;skip_groups=false\">\n\t\t\t\tEinf\u00fchrung in die Arch\u00e4ologie der Steinzeiten<\/a><br>\n\t\t\t\tInstructor: Dr. Maxime Brami; Dr. Olaf J\u00f6ris\t\t\t\t\t\t<\/li>\n\t\t\t\t\t<li>\n\t\t\t<a href=\"?event_id=395165521362545&amp;skip_groups=false\">\n\t\t\t\tEinf\u00fchrung in die Byzantinische Arch\u00e4ologie<\/a><br>\n\t\t\t\tInstructor: Dr. phil. Benjamin Fourlas M.A.\t\t\t\t\t\t<\/li>\n\t\t\t\t\t<li>\n\t\t\t<a href=\"?event_id=395395174652198&amp;skip_groups=false\">\n\t\t\t\tEinf\u00fchrung in die Klassische Arch\u00e4ologie<\/a><br>\n\t\t\t\tInstructor: Univ.-Prof. Dr. Heide Frielinghaus; Prof. Dr. Johannes Lipps; Dr. Paul P. Pasieka; Dr. Patrick Schollmeyer; Dr. Anne Sieverling-Pantelidis; Jun. -Prof. Dr. Catherine Rose Edith Teitz\t\t\t\t\t\t<\/li>\n\t\t\t\t\t<li>\n\t\t\t<a href=\"?event_id=395933278063392&amp;skip_groups=false\">\n\t\t\t\tEinf\u00fchrung in die Provinzialr\u00f6mische Arch\u00e4ologie<\/a><br>\n\t\t\t\tInstructor: Dr. Manuel Flecker; apl. Prof. Dr. Peter Haupt; Prof. Dr. Johannes Lipps; Jun. -Prof. Dr. Catherine Rose Edith Teitz\t\t\t\t\t\t<\/li>\n\t\t\t\t\t<li>\n\t\t\t<a href=\"?event_id=395933273669368&amp;skip_groups=false\">\n\t\t\t\tEinf\u00fchrung in die Vor- und Fr\u00fchgeschichtliche Arch\u00e4ologie<\/a><br>\n\t\t\t\tInstructor: apl. Prof. Dr. Peter Haupt; Prof. Dr. Maria Ivanova-Bieg; Dr. Olaf J\u00f6ris; Dr. Bianka Nessel\t\t\t\t\t\t<\/li>\n\t\t\t\t\t<li>\n\t\t\t<a href=\"?event_id=396226052866721&amp;skip_groups=false\">\n\t\t\t\tExk Exkursion nach Rom (20.-28.9.2026)<\/a><br>\n\t\t\t\tInstructor: Prof. Dr. Johannes Lipps\t\t\t\t\t\t<\/li>\n\t\t\t\t\t<li>\n\t\t\t<a href=\"?event_id=395884985814333&amp;skip_groups=false\">\n\t\t\t\tExk R\u00f6mische Germanienfeldz\u00fcge an Rhein und Lippe (7.-11. September 2026)<\/a><br>\n\t\t\t\tInstructor: Dr. Manuel Flecker; Prof. Dr. Johannes Lipps\t\t\t\t\t\t<\/li>\n\t\t\t\t\t<li>\n\t\t\t<a href=\"?event_id=395965805182547&amp;skip_groups=false\">\n\t\t\t\tExk Tagesexkursion zum Kapellenberg<\/a><br>\n\t\t\t\tInstructor: apl. Prof. Dr. Detlef Gronenborn\t\t\t\t\t\t<\/li>\n\t\t\t\t\t<li>\n\t\t\t<a href=\"?event_id=395892664388649&amp;skip_groups=false\">\n\t\t\t\tInformationsveranstaltung f\u00fcr Studienanf\u00e4nger und Hochschulwechsler der Byzantinischen Arch\u00e4ologie (Beifach und ALPHA-Studieng\u00e4nge)<\/a><br>\n\t\t\t\tInstructor: Dr. phil. Verena Fugger\t\t\t\t\t\t<\/li>\n\t\t\t\t\t<li>\n\t\t\t<a href=\"?event_id=395892664331647&amp;skip_groups=false\">\n\t\t\t\tInformationsveranstaltung f\u00fcr Studienanf\u00e4nger und Hochschulwechsler der Klassischen Arch\u00e4ologie (Beifach und ALPHA-Studieng\u00e4nge)<\/a><br>\n\t\t\t\tInstructor: Dr. Anne Sieverling-Pantelidis\t\t\t\t\t\t<\/li>\n\t\t\t\t\t<li>\n\t\t\t<a href=\"?event_id=395892664363645&amp;skip_groups=false\">\n\t\t\t\tInformationsveranstaltung f\u00fcr Studienanf\u00e4nger und Hochschulwechsler der Vor- und Fr\u00fchgeschichtlichen Arch\u00e4ologie (Beifach und ALPHA-Studieng\u00e4nge)<\/a><br>\n\t\t\t\tInstructor: apl. Prof. Dr. Peter Haupt\t\t\t\t\t\t<\/li>\n\t\t\t\t\t<li>\n\t\t\t<a href=\"?event_id=395165521145517&amp;skip_groups=false\">\n\t\t\t\tK Forschungskolloquium (ByzA)<\/a><br>\n\t\t\t\tInstructor: Dr. phil. Benjamin Fourlas M.A.\t\t\t\t\t\t<\/li>\n\t\t\t\t\t<li>\n\t\t\t<a href=\"?event_id=395866508689400&amp;skip_groups=false\">\n\t\t\t\tK Forschungskolloquium (KA)<\/a><br>\n\t\t\t\tInstructor: Univ.-Prof. Dr. Heide Frielinghaus; Prof. Dr. Johannes Lipps; Dr. Paul P. Pasieka; Dr. Patrick Schollmeyer; Dr. Anne Sieverling-Pantelidis; Jun. -Prof. Dr. Catherine Rose Edith Teitz\t\t\t\t\t\t<\/li>\n\t\t\t\t\t<li>\n\t\t\t<a href=\"?event_id=397234326014363&amp;skip_groups=false\">\n\t\t\t\tK Forschungskolloquium (VA\/VFGA)<\/a><br>\n\t\t\t\tInstructor: Dr. Mari Yamasaki\t\t\t\t\t\t<\/li>\n\t\t\t\t\t<li>\n\t\t\t<a href=\"?event_id=395965505822392&amp;skip_groups=false\">\n\t\t\t\tK Forschungskolloquium (VFGA)<\/a><br>\n\t\t\t\tInstructor: apl. Prof. Dr. Peter Haupt; Prof. Dr. Maria Ivanova-Bieg; Dr. Bianka Nessel\t\t\t\t\t\t<\/li>\n\t\t\t\t\t<li>\n\t\t\t<a href=\"?event_id=395745442913978&amp;skip_groups=false\">\n\t\t\t\tLekt\u00fcrepensum zum Seminar D16 \/ KA 4<\/a><br>\n\t\t\t\tInstructor: Dr. Andrea Babbi; Prof. Dr. Johannes Lipps; Dr. Paul P. Pasieka; Jun. -Prof. Dr. Catherine Rose Edith Teitz\t\t\t\t\t\t<\/li>\n\t\t\t\t\t<li>\n\t\t\t<a href=\"?event_id=395745442805962&amp;skip_groups=false\">\n\t\t\t\tLekt\u00fcrepensum zum Seminar D19 \/ KA 2<\/a><br>\n\t\t\t\tInstructor: Dr. Andrea Babbi; Univ.-Prof. Dr. Heide Frielinghaus; Prof. Dr. Johannes Lipps; Jun. -Prof. Dr. Catherine Rose Edith Teitz\t\t\t\t\t\t<\/li>\n\t\t\t\t\t<li>\n\t\t\t<a href=\"?event_id=395884985763323&amp;skip_groups=false\">\n\t\t\t\tP Antike Skulptur im digitalen Kontext (Blockveranstaltung Darmstadt und Mainz)<\/a><br>\n\t\t\t\tInstructor: Dr. Marion Bolder-Boos; Dr. Patrick Schollmeyer\t\t\t\t\t\t<\/li>\n\t\t\t\t\t<li>\n\t\t\t<a href=\"?event_id=395965798202529&amp;skip_groups=false\">\n\t\t\t\tP Arch\u00e4ologisch-geophysikalische Prospektionen<\/a><br>\n\t\t\t\tInstructor: apl. Prof. Dr. Peter Haupt; Leon Claus Joseph Hermann\t\t\t\t\t\t<\/li>\n\t\t\t\t\t<li>\n\t\t\t<a href=\"?event_id=395965805166535&amp;skip_groups=false\">\n\t\t\t\tP Arch\u00e4ologische Grabung Kapellenberg<\/a><br>\n\t\t\t\tInstructor: apl. Prof. Dr. Detlef Gronenborn\t\t\t\t\t\t<\/li>\n\t\t\t\t\t<li>\n\t\t\t<a href=\"?event_id=395736229083645&amp;skip_groups=false\">\n\t\t\t\tP Ausgrabung in Vulci (27.07.-29.08.2026)<\/a><br>\n\t\t\t\tInstructor: Dr. Paul P. Pasieka\t\t\t\t\t\t<\/li>\n\t\t\t\t\t<li>\n\t\t\t<a href=\"?event_id=395965805173541&amp;skip_groups=false\">\n\t\t\t\tP Ausrabungen in der sp\u00e4tbronzezeitlichen Siedlung von Lanke, Kr. Barnim<\/a><br>\n\t\t\t\tInstructor: Dr. Bianka Nessel\t\t\t\t\t\t<\/li>\n\t\t\t\t\t<li>\n\t\t\t<a href=\"?event_id=395884985784331&amp;skip_groups=false\">\n\t\t\t\tP Dokumentation von arch\u00e4ologischem Fundmaterial in Akarnanien. Summer School 2026 (01.-30.09.2026 in Westgriechenland)<\/a><br>\n\t\t\t\tInstructor: Dr. Anne Sieverling-Pantelidis\t\t\t\t\t\t<\/li>\n\t\t\t\t\t<li>\n\t\t\t<a href=\"?event_id=395965786449511&amp;skip_groups=false\">\n\t\t\t\tP Einf\u00fchrung in die Osteologie \u2013 Bestimmen von Tierknochen (Blockveranstaltung)<\/a><br>\n\t\t\t\tInstructor: Dr. Lutz Kindler\t\t\t\t\t\t<\/li>\n\t\t\t\t\t<li>\n\t\t\t<a href=\"?event_id=395965824270476&amp;skip_groups=false\">\n\t\t\t\tP Einf\u00fchrung in die Wirbeltiertaphonomie (Blockveranstaltung)<\/a><br>\n\t\t\t\tInstructor: Univ.-Prof. Dr. Sabine Gaudzinski-Windheuser\t\t\t\t\t\t<\/li>\n\t\t\t\t\t<li>\n\t\t\t<a href=\"?event_id=395965798155517&amp;skip_groups=false\">\n\t\t\t\tP Konzeption und Vorbereitung einer Ausstellung &#8211; Teil 3<\/a><br>\n\t\t\t\tInstructor: apl. Prof. Dr. Peter Haupt\t\t\t\t\t\t<\/li>\n\t\t\t\t\t<li>\n\t\t\t<a href=\"?event_id=395884985732317&amp;skip_groups=false\">\n\t\t\t\tP Metalle erz\u00e4hlen Geschichte(n): Methoden und Perspektiven zur Erforschung der Vergangenheit (Blockveranstaltung 17.-21. August 2026)<\/a><br>\n\t\t\t\tInstructor: Azzurra Scarci\t\t\t\t\t\t<\/li>\n\t\t\t\t\t<li>\n\t\t\t<a href=\"?event_id=395884985703329&amp;skip_groups=false\">\n\t\t\t\tP Praktikum nach Absprache in den Sammlungen\/Archiven oder den Forschungsprojekten der Klassischen Arch\u00e4ologie<\/a><br>\n\t\t\t\tInstructor: Univ.-Prof. Dr. Heide Frielinghaus; Prof. Dr. Johannes Lipps; Dr. Paul P. Pasieka; Dr. Patrick Schollmeyer; Dr. Anne Sieverling-Pantelidis; Jun. -Prof. Dr. Catherine Rose Edith Teitz\t\t\t\t\t\t<\/li>\n\t\t\t\t\t<li>\n\t\t\t<a href=\"?event_id=397023202454027&amp;skip_groups=false\">\n\t\t\t\tP Praktische KI-Anwendungen in der Vor- und Fr\u00fchgeschichtlichen Arch\u00e4ologie<\/a><br>\n\t\t\t\tInstructor: Kevin Klein\t\t\t\t\t\t<\/li>\n\t\t\t\t\t<li>\n\t\t\t<a href=\"?event_id=395885112604356&amp;skip_groups=false\">\n\t\t\t\tP Summer School &quot;disiecta membra &#8211; ENTF\u00c4LLT!<\/a><br>\n\t\t\t\tInstructor: Thomas Heide M.A.; Jun. -Prof. Dr. Catherine Rose Edith Teitz\t\t\t\t\t\t<\/li>\n\t\t\t\t\t<li>\n\t\t\t<a href=\"?event_id=395965798291523&amp;skip_groups=false\">\n\t\t\t\tP\/V Vortragsreihe: Time Talks &#8211; Ern\u00e4hrung<\/a><br>\n\t\t\t\tInstructor: Univ.-Prof. Dr. Sabine Gaudzinski-Windheuser; Prof. Dr. Maria Ivanova-Bieg\t\t\t\t\t\t<\/li>\n\t\t\t\t\t<li>\n\t\t\t<a href=\"?event_id=395736318212680&amp;skip_groups=false\">\n\t\t\t\tPS Griechische G\u00f6tter: Gestalt(ung), Zust\u00e4ndigkeiten, Verehrung<\/a><br>\n\t\t\t\tInstructor: Univ.-Prof. Dr. Heide Frielinghaus\t\t\t\t\t\t<\/li>\n\t\t\t\t\t<li>\n\t\t\t<a href=\"?event_id=396453684491090&amp;skip_groups=false\">\n\t\t\t\tPS Mythen, Krieger, Fabelwesen in der sp\u00e4tantiken und mittelbyzantinischen Kunst<\/a><br>\n\t\t\t\tInstructor: Dr. Prolet Decheva\t\t\t\t\t\t<\/li>\n\t\t\t\t\t<li>\n\t\t\t<a href=\"?event_id=395933356099426&amp;skip_groups=false\">\n\t\t\t\tPS Theorie und Interpretation<\/a><br>\n\t\t\t\tInstructor: Prof. Dr. Maria Ivanova-Bieg\t\t\t\t\t\t<\/li>\n\t\t\t\t\t<li>\n\t\t\t<a href=\"?event_id=395736305930667&amp;skip_groups=false\">\n\t\t\t\tPS\/S Objekte und Ausgrabungen: Fallstudie R\u00f6misches Vindolanda<\/a><br>\n\t\t\t\tInstructor: Jun. -Prof. Dr. Catherine Rose Edith Teitz\t\t\t\t\t\t<\/li>\n\t\t\t\t\t<li>\n\t\t\t<a href=\"?event_id=395965264319332&amp;skip_groups=false\">\n\t\t\t\tS Bergbau in der R\u00f6merzeit<\/a><br>\n\t\t\t\tInstructor: apl. Prof. Dr. Peter Haupt\t\t\t\t\t\t<\/li>\n\t\t\t\t\t<li>\n\t\t\t<a href=\"?event_id=395964178741005&amp;skip_groups=false\">\n\t\t\t\tS Familiensysteme im pr\u00e4historischen Europa<\/a><br>\n\t\t\t\tInstructor: Dr. Maxime Brami\t\t\t\t\t\t<\/li>\n\t\t\t\t\t<li>\n\t\t\t<a href=\"?event_id=395885154511372&amp;skip_groups=false\">\n\t\t\t\tS Projektseminar<\/a><br>\n\t\t\t\tInstructor: Univ.-Prof. Dr. Heide Frielinghaus; Prof. Dr. Johannes Lipps; Dr. Paul P. Pasieka; Dr. Patrick Schollmeyer; Dr. Anne Sieverling-Pantelidis; Jun. -Prof. Dr. Catherine Rose Edith Teitz\t\t\t\t\t\t<\/li>\n\t\t\t\t\t<li>\n\t\t\t<a href=\"?event_id=395965556497415&amp;skip_groups=false\">\n\t\t\t\tS Siedlungsorganisation und \u00d6konomie im 2. und 1. Jahrtausend v. Chr.<\/a><br>\n\t\t\t\tInstructor: Dr. Bianka Nessel\t\t\t\t\t\t<\/li>\n\t\t\t\t\t<li>\n\t\t\t<a href=\"?event_id=395965740056462&amp;skip_groups=false\">\n\t\t\t\tS Tod und dann? Sepulkralkultur des Mittelalters im arch\u00e4ologischen Befund (Blockveranstaltung)<\/a><br>\n\t\t\t\tInstructor: Holger Grewe\t\t\t\t\t\t<\/li>\n\t\t\t\t\t<li>\n\t\t\t<a href=\"?event_id=395165521253527&amp;skip_groups=false\">\n\t\t\t\tS Transformation urbaner R\u00e4ume in sp\u00e4tantiker und byzantinischer Zeit: Fallbeispiele aus Westkleinasien<\/a><br>\n\t\t\t\tInstructor: Dr. phil. Verena Fugger\t\t\t\t\t\t<\/li>\n\t\t\t\t\t<li>\n\t\t\t<a href=\"?event_id=395745442748952&amp;skip_groups=false\">\n\t\t\t\tS\/\u00dc Die materielle Kultur griechischer Heiligt\u00fcmer. Workshop zu arch\u00e4ologischen Forschungspraktiken (Blockveranstaltung 18.08 \u2013 19.08.26)<\/a><br>\n\t\t\t\tInstructor: Dr. Anne Sieverling-Pantelidis\t\t\t\t\t\t<\/li>\n\t\t\t\t\t<li>\n\t\t\t<a href=\"?event_id=395745442485908&amp;skip_groups=false\">\n\t\t\t\tS\/\u00dc Die sog. Bundesheiligt\u00fcmer<\/a><br>\n\t\t\t\tInstructor: Dr. Paul P. Pasieka\t\t\t\t\t\t<\/li>\n\t\t\t\t\t<li>\n\t\t\t<a href=\"?event_id=395745442876968&amp;skip_groups=false\">\n\t\t\t\tS\/\u00dc Die syrische Dekapolis (Blockveranstaltung 13.-15.07.2026)<\/a><br>\n\t\t\t\tInstructor: PD Dr. Oliver Pilz\t\t\t\t\t\t<\/li>\n\t\t\t\t\t<li>\n\t\t\t<a href=\"?event_id=396226148952768&amp;skip_groups=false\">\n\t\t\t\tS\/\u00dc Etrurien zwischen Sp\u00e4tbronze- und Fr\u00fcheisenzeit. Materielle Kultur und Sozialgeschichte<\/a><br>\n\t\t\t\tInstructor: Dr. Andrea Babbi\t\t\t\t\t\t<\/li>\n\t\t\t\t\t<li>\n\t\t\t<a href=\"?event_id=395745442598920&amp;skip_groups=false\">\n\t\t\t\tS\/\u00dc Leben im r\u00f6mischen Griechenland<\/a><br>\n\t\t\t\tInstructor: Univ.-Prof. Dr. Heide Frielinghaus\t\t\t\t\t\t<\/li>\n\t\t\t\t\t<li>\n\t\t\t<a href=\"?event_id=395745442654932&amp;skip_groups=false\">\n\t\t\t\tS\/\u00dc Mainzer R\u00f6merrouten \u2013 Erarbeitung der Grundlagen f\u00fcr eine analoge und digitale Besucher*innenf\u00fchrung durch das r\u00f6mische Mainz<\/a><br>\n\t\t\t\tInstructor: Prof. Dr. Alexandra Busch\t\t\t\t\t\t<\/li>\n\t\t\t\t\t<li>\n\t\t\t<a href=\"?event_id=395745442758942&amp;skip_groups=false\">\n\t\t\t\tS\/\u00dc Vorbereitungsveranstaltung zur Exkursion Metropolen Roms &#8211; ENTF\u00c4LLT!<\/a><br>\n\t\t\t\tInstructor: Prof. Dr. Johannes Lipps\t\t\t\t\t\t<\/li>\n\t\t\t\t\t<li>\n\t\t\t<a href=\"?event_id=395736305936664&amp;skip_groups=false\">\n\t\t\t\t\u00dc Antike Mythen in Schrift und Bild<\/a><br>\n\t\t\t\tInstructor: Chiara Ferella; Prof. Dr. Johannes Lipps\t\t\t\t\t\t<\/li>\n\t\t\t\t\t<li>\n\t\t\t<a href=\"?event_id=395965264313320&amp;skip_groups=false\">\n\t\t\t\t\u00dc Arch\u00e4ologische Hausforschung<\/a><br>\n\t\t\t\tInstructor: apl. Prof. Dr. Peter Haupt\t\t\t\t\t\t<\/li>\n\t\t\t\t\t<li>\n\t\t\t<a href=\"?event_id=395965264295310&amp;skip_groups=false\">\n\t\t\t\t\u00dc Arch\u00e4ologische Hausforschung (2 SWS)<\/a><br>\n\t\t\t\tInstructor: apl. Prof. Dr. Peter Haupt\t\t\t\t\t\t<\/li>\n\t\t\t\t\t<li>\n\t\t\t<a href=\"?event_id=395736213003637&amp;skip_groups=false\">\n\t\t\t\t\u00dc Beschreiben und Vergleichen<\/a><br>\n\t\t\t\tInstructor: Dr. Anne Sieverling-Pantelidis\t\t\t\t\t\t<\/li>\n\t\t\t\t\t<li>\n\t\t\t<a href=\"?event_id=395964178668992&amp;skip_groups=false\">\n\t\t\t\t\u00dc Biomolekulare Methoden in der Arch\u00e4ologie<\/a><br>\n\t\t\t\tInstructor: Phoebe Heddell-Stevens; Sayuri Kochi; Tim Lauschke\t\t\t\t\t\t<\/li>\n\t\t\t\t\t<li>\n\t\t\t<a href=\"?event_id=395964287927067&amp;skip_groups=false\">\n\t\t\t\t\u00dc Biomolekulare Methoden in der Arch\u00e4ologie (2 SWS)<\/a><br>\n\t\t\t\tInstructor: Phoebe Heddell-Stevens; Sayuri Kochi; Tim Lauschke\t\t\t\t\t\t<\/li>\n\t\t\t\t\t<li>\n\t\t\t<a href=\"?event_id=395933360694433&amp;skip_groups=false\">\n\t\t\t\t\u00dc Chronologie und Datierung<\/a><br>\n\t\t\t\tInstructor: Dr. Maxime Brami\t\t\t\t\t\t<\/li>\n\t\t\t\t\t<li>\n\t\t\t<a href=\"?event_id=395736305939674&amp;skip_groups=false\">\n\t\t\t\t\u00dc Konzepte von Krieg<\/a><br>\n\t\t\t\tInstructor: Univ.-Prof. Dr. Heide Frielinghaus\t\t\t\t\t\t<\/li>\n\t\t\t\t\t<li>\n\t\t\t<a href=\"?event_id=395736305995658&amp;skip_groups=false\">\n\t\t\t\t\u00dc Menschen in Athen \u2013 Die Stadt von ihren Anf\u00e4ngen bis in die Sp\u00e4tantike<\/a><br>\n\t\t\t\tInstructor: Dr. Patrick Schollmeyer\t\t\t\t\t\t<\/li>\n\t\t\t\t\t<li>\n\t\t\t<a href=\"?event_id=395965556476408&amp;skip_groups=false\">\n\t\t\t\t\u00dc Siedeln und Wirtschaften im 2. Jahrtausend v. Chr.<\/a><br>\n\t\t\t\tInstructor: Dr. Bianka Nessel\t\t\t\t\t\t<\/li>\n\t\t\t\t\t<li>\n\t\t\t<a href=\"?event_id=395965556596421&amp;skip_groups=false\">\n\t\t\t\t\u00dc Siedeln und Wirtschaften im 2. Jahrtausend v. Chr. (2 SWS)<\/a><br>\n\t\t\t\tInstructor: Dr. Bianka Nessel\t\t\t\t\t\t<\/li>\n\t\t\t\t\t<li>\n\t\t\t<a href=\"?event_id=395165521316547&amp;skip_groups=false\">\n\t\t\t\t\u00dc Tracht und Insignien in der sp\u00e4tantiken und byzantinischen Ikonographie<\/a><br>\n\t\t\t\tInstructor: Anke Dingler M.A.\t\t\t\t\t\t<\/li>\n\t\t\t\t\t<li>\n\t\t\t<a href=\"?event_id=395965740081455&amp;skip_groups=false\">\n\t\t\t\t\u00dc Wissenschaftliche \u00dcbungen zur Arch\u00e4ologie der Merowingerzeit (Blockveranstaltung)<\/a><br>\n\t\t\t\tInstructor: Annette Frey\t\t\t\t\t\t<\/li>\n\t\t\t\t\t<li>\n\t\t\t<a href=\"?event_id=395965264305317&amp;skip_groups=false\">\n\t\t\t\tV Arch\u00e4ologische Hausforschung<\/a><br>\n\t\t\t\tInstructor: apl. Prof. Dr. Peter Haupt\t\t\t\t\t\t<\/li>\n\t\t\t\t\t<li>\n\t\t\t<a href=\"?event_id=395964178626989&amp;skip_groups=false\">\n\t\t\t\tV Biomolekulare Methoden in der Arch\u00e4ologie<\/a><br>\n\t\t\t\tInstructor: Phoebe Heddell-Stevens; Sayuri Kochi; Tim Lauschke\t\t\t\t\t\t<\/li>\n\t\t\t\t\t<li>\n\t\t\t<a href=\"?event_id=395933305194416&amp;skip_groups=false\">\n\t\t\t\tV Einf\u00fchrung in die Arch\u00e4ologie der Merowingerzeit<\/a><br>\n\t\t\t\tInstructor: N.N.\t\t\t\t\t\t\t\t\t<br>\n\t\t\t\t\tFormat: online\t\t\t\t\t\t<\/li>\n\t\t\t\t\t<li>\n\t\t\t<a href=\"?event_id=395523645988917&amp;skip_groups=false\">\n\t\t\t\tV Geschichte der Klassischen Arch\u00e4ologie<\/a><br>\n\t\t\t\tInstructor: Univ.-Prof. Dr. Detlev Kreikenbom\t\t\t\t\t\t<\/li>\n\t\t\t\t\t<li>\n\t\t\t<a href=\"?event_id=395165521286524&amp;skip_groups=false\">\n\t\t\t\tV Ikonographische und kultische Entwicklungslinien: die Marienverehrung in Byzanz<\/a><br>\n\t\t\t\tInstructor: Dr. Martina Horn\t\t\t\t\t\t<\/li>\n\t\t\t\t\t<li>\n\t\t\t<a href=\"?event_id=395965556405405&amp;skip_groups=false\">\n\t\t\t\tV Siedeln und Wirtschaften im 2. Jahrtausend v. Chr.<\/a><br>\n\t\t\t\tInstructor: Dr. Bianka Nessel\t\t\t\t\t\t<\/li>\n\t\t\t\t\t<li>\n\t\t\t<a href=\"?event_id=395965556439402&amp;skip_groups=false\">\n\t\t\t\tV Siedeln und Wirtschaften im 2. Jahrtausend v. Chr. (2 SWS)<\/a><br>\n\t\t\t\tInstructor: Dr. Bianka Nessel\t\t\t\t\t\t<\/li>\n\t\t\t\t\t<li>\n\t\t\t<a href=\"?event_id=396383796979190&amp;skip_groups=false\">\n\t\t\t\tVortragsreihe Mainzer Vortr\u00e4ge zur R\u00f6mischen Arch\u00e4ologie<\/a><br>\n\t\t\t\tInstructor: Prof. Dr. Johannes Lipps\t\t\t\t\t\t<\/li>\n\t\t<\/ol>\n\t<hr>\n<p>\n\tSoSe 2026\t<\/p>\n\n\n\n<\/jgu-base-accordionitem>\n\n<jgu-base-accordionitem react-props=\"{&quot;title&quot;:&quot;Egyptology&quot;,&quot;init&quot;:false,&quot;slug&quot;:&quot;agyptologie&quot;,&quot;align&quot;:&quot;wide&quot;,&quot;customSlug&quot;:false}\">\n    \n\t<ol class=\"wp-block-list has-big-font-size\">\n\t\t\t\t\t<li>\n\t\t\t<a href=\"?event_id=395683969917921&amp;skip_groups=false\">\n\t\t\t\tKolloquium f\u00fcr Examenskandidatinnen und -kandidaten (Termine nach Bedarf)<\/a><br>\n\t\t\t\tInstructor: apl. Prof. Dr. Dagmar Budde; Univ.-Prof. Dr. Kathrin Gabler; PD Dr. habil. Alexander Ilin-Tomich; Dr. Monika Z\u00f6ller-Engelhardt\t\t\t\t\t\t<\/li>\n\t\t\t\t\t<li>\n\t\t\t<a href=\"?event_id=395684303910050&amp;skip_groups=false\">\n\t\t\t\tP Praktikum \u00c4gyptologie (Studiensammlung \u00c4gyptologie, Akademieprojekt Alt\u00e4gyptische Kursivschriften, Ausgrabungen u.\u00e4.) (n. V.)<\/a><br>\n\t\t\t\tInstructor: Univ.-Prof. Dr. Kathrin Gabler; Dr. Monika Z\u00f6ller-Engelhardt\t\t\t\t\t\t<\/li>\n\t\t\t\t\t<li>\n\t\t\t<a href=\"?event_id=395683970094924&amp;skip_groups=false\">\n\t\t\t\tPS \u00c4gyptische Arch\u00e4ologie B<\/a><br>\n\t\t\t\tInstructor: Louis-Philippe Bazelier M.A.\t\t\t\t\t\t<\/li>\n\t\t\t\t\t<li>\n\t\t\t<a href=\"?event_id=395683970078934&amp;skip_groups=false\">\n\t\t\t\tPS Hieroglyphen und Mittel\u00e4gyptisch<\/a><br>\n\t\t\t\tInstructor: Dr. Andrea Kilian M.A.\t\t\t\t\t\t<\/li>\n\t\t\t\t\t<li>\n\t\t\t<a href=\"?event_id=395685603309378&amp;skip_groups=false\">\n\t\t\t\tS Mittel\u00e4gyptische Tempeltexte<\/a><br>\n\t\t\t\tInstructor: apl. Prof. Dr. Dagmar Budde\t\t\t\t\t\t<\/li>\n\t\t\t\t\t<li>\n\t\t\t<a href=\"?event_id=396212464685648&amp;skip_groups=false\">\n\t\t\t\tS Neu\u00e4gyptisch und Hieratisch<\/a><br>\n\t\t\t\tInstructor: Univ.-Prof. Dr. Kathrin Gabler\t\t\t\t\t\t<\/li>\n\t\t\t\t\t<li>\n\t\t\t<a href=\"?event_id=395685603251350&amp;skip_groups=false\">\n\t\t\t\tS Papyrus: Vom Schilf zur Schrift<\/a><br>\n\t\t\t\tInstructor: Martina Landrino M.A.\t\t\t\t\t\t<\/li>\n\t\t\t\t\t<li>\n\t\t\t<a href=\"?event_id=395683970116937&amp;skip_groups=false\">\n\t\t\t\t\u00dc Hieroglyphen und Mittel\u00e4gyptisch<\/a><br>\n\t\t\t\tInstructor: Sarah Michelle Klasse\t\t\t\t\t\t\t\t\t<br>\n\t\t\t\t\tFormat: hybrid\t\t\t\t\t\t<\/li>\n\t\t\t\t\t<li>\n\t\t\t<a href=\"?event_id=395683970189943&amp;skip_groups=false\">\n\t\t\t\t\u00dc Neu\u00e4gyptisch und Hieratisch<\/a><br>\n\t\t\t\tInstructor: Univ.-Prof. Dr. Kathrin Gabler\t\t\t\t\t\t<\/li>\n\t\t<\/ol>\n\t<hr>\n<p>\n\tSoSe 2026\t<\/p>\n\n\n\n<\/jgu-base-accordionitem>\n\n<jgu-base-accordionitem react-props=\"{&quot;title&quot;:&quot;Ancient Near Eastern Studies&quot;,&quot;init&quot;:false,&quot;slug&quot;:&quot;altorientalistik&quot;,&quot;align&quot;:&quot;wide&quot;,&quot;customSlug&quot;:false}\">\n    \n\t<ol class=\"wp-block-list has-big-font-size\">\n\t\t\t\t\t<li>\n\t\t\t<a href=\"?event_id=395683969917921&amp;skip_groups=false\">\n\t\t\t\tKolloquium f\u00fcr Examenskandidatinnen und -kandidaten (Termine nach Bedarf)<\/a><br>\n\t\t\t\tInstructor: apl. Prof. Dr. Dagmar Budde; Univ.-Prof. Dr. Kathrin Gabler; PD Dr. habil. Alexander Ilin-Tomich; Dr. Monika Z\u00f6ller-Engelhardt\t\t\t\t\t\t<\/li>\n\t\t\t\t\t<li>\n\t\t\t<a href=\"?event_id=395903319862557&amp;skip_groups=false\">\n\t\t\t\tS Die Standardversion des Gilgamesch-Epos<\/a><br>\n\t\t\t\tInstructor: Univ.-Prof. Dr. Doris Prechel\t\t\t\t\t\t<\/li>\n\t\t\t\t\t<li>\n\t\t\t<a href=\"?event_id=395903292215528&amp;skip_groups=false\">\n\t\t\t\tS Einf\u00fchrung in die hethitische Schrift und Sprache<\/a><br>\n\t\t\t\tInstructor: Dr. Charles Steitler\t\t\t\t\t\t<\/li>\n\t\t\t\t\t<li>\n\t\t\t<a href=\"?event_id=396212464685648&amp;skip_groups=false\">\n\t\t\t\tS Neu\u00e4gyptisch und Hieratisch<\/a><br>\n\t\t\t\tInstructor: Univ.-Prof. Dr. Kathrin Gabler\t\t\t\t\t\t<\/li>\n\t\t\t\t\t<li>\n\t\t\t<a href=\"?event_id=395903292335536&amp;skip_groups=false\">\n\t\t\t\t\u00dc Kleine hethitische Texte<\/a><br>\n\t\t\t\tInstructor: Univ.-Prof. Dr. Doris Prechel\t\t\t\t\t\t<\/li>\n\t\t<\/ol>\n\t<hr>\n<p>\n\tSoSe 2026\t<\/p>\n\n\n\n<\/jgu-base-accordionitem>\n\n<jgu-base-accordionitem react-props=\"{&quot;title&quot;:&quot;Byzantine Archaeology&quot;,&quot;init&quot;:false,&quot;slug&quot;:&quot;byzantinische-archaologie&quot;,&quot;align&quot;:&quot;wide&quot;,&quot;customSlug&quot;:false}\">\n    \n\t<ol class=\"wp-block-list has-big-font-size\">\n\t\t\t\t\t<li>\n\t\t\t<a href=\"?event_id=395892664388649&amp;skip_groups=false\">\n\t\t\t\tInformationsveranstaltung f\u00fcr Studienanf\u00e4nger und Hochschulwechsler der Byzantinischen Arch\u00e4ologie (Beifach und ALPHA-Studieng\u00e4nge)<\/a><br>\n\t\t\t\tInstructor: Dr. phil. Verena Fugger\t\t\t\t\t\t<\/li>\n\t\t\t\t\t<li>\n\t\t\t<a href=\"?event_id=395165521253527&amp;skip_groups=false\">\n\t\t\t\tS Transformation urbaner R\u00e4ume in sp\u00e4tantiker und byzantinischer Zeit: Fallbeispiele aus Westkleinasien<\/a><br>\n\t\t\t\tInstructor: Dr. phil. Verena Fugger\t\t\t\t\t\t<\/li>\n\t\t\t\t\t<li>\n\t\t\t<a href=\"?event_id=395165521286524&amp;skip_groups=false\">\n\t\t\t\tV Ikonographische und kultische Entwicklungslinien: die Marienverehrung in Byzanz<\/a><br>\n\t\t\t\tInstructor: Dr. Martina Horn\t\t\t\t\t\t<\/li>\n\t\t<\/ol>\n\t<hr>\n<p>\n\tSoSe 2026\t<\/p>\n\n\n\n<\/jgu-base-accordionitem>\n\n<jgu-base-accordionitem react-props=\"{&quot;title&quot;:&quot;Classical Archaeology&quot;,&quot;init&quot;:false,&quot;slug&quot;:&quot;klassische-archaologie&quot;,&quot;align&quot;:&quot;wide&quot;,&quot;customSlug&quot;:false}\">\n    \n\t<ol class=\"wp-block-list has-big-font-size\">\n\t\t\t\t\t<li>\n\t\t\t<a href=\"?event_id=395395174652198&amp;skip_groups=false\">\n\t\t\t\tEinf\u00fchrung in die Klassische Arch\u00e4ologie<\/a><br>\n\t\t\t\tInstructor: Univ.-Prof. Dr. Heide Frielinghaus; Prof. Dr. Johannes Lipps; Dr. Paul P. Pasieka; Dr. Patrick Schollmeyer; Dr. Anne Sieverling-Pantelidis; Jun. -Prof. Dr. Catherine Rose Edith Teitz\t\t\t\t\t\t<\/li>\n\t\t\t\t\t<li>\n\t\t\t<a href=\"?event_id=395933278063392&amp;skip_groups=false\">\n\t\t\t\tEinf\u00fchrung in die Provinzialr\u00f6mische Arch\u00e4ologie<\/a><br>\n\t\t\t\tInstructor: Dr. Manuel Flecker; apl. Prof. Dr. Peter Haupt; Prof. Dr. Johannes Lipps; Jun. -Prof. Dr. Catherine Rose Edith Teitz\t\t\t\t\t\t<\/li>\n\t\t\t\t\t<li>\n\t\t\t<a href=\"?event_id=396226052866721&amp;skip_groups=false\">\n\t\t\t\tExk Exkursion nach Rom (20.-28.9.2026)<\/a><br>\n\t\t\t\tInstructor: Prof. Dr. Johannes Lipps\t\t\t\t\t\t<\/li>\n\t\t\t\t\t<li>\n\t\t\t<a href=\"?event_id=395884985814333&amp;skip_groups=false\">\n\t\t\t\tExk R\u00f6mische Germanienfeldz\u00fcge an Rhein und Lippe (7.-11. September 2026)<\/a><br>\n\t\t\t\tInstructor: Dr. Manuel Flecker; Prof. Dr. Johannes Lipps\t\t\t\t\t\t<\/li>\n\t\t\t\t\t<li>\n\t\t\t<a href=\"?event_id=395892664331647&amp;skip_groups=false\">\n\t\t\t\tInformationsveranstaltung f\u00fcr Studienanf\u00e4nger und Hochschulwechsler der Klassischen Arch\u00e4ologie (Beifach und ALPHA-Studieng\u00e4nge)<\/a><br>\n\t\t\t\tInstructor: Dr. Anne Sieverling-Pantelidis\t\t\t\t\t\t<\/li>\n\t\t\t\t\t<li>\n\t\t\t<a href=\"?event_id=395866508689400&amp;skip_groups=false\">\n\t\t\t\tK Forschungskolloquium (KA)<\/a><br>\n\t\t\t\tInstructor: Univ.-Prof. Dr. Heide Frielinghaus; Prof. Dr. Johannes Lipps; Dr. Paul P. Pasieka; Dr. Patrick Schollmeyer; Dr. Anne Sieverling-Pantelidis; Jun. -Prof. Dr. Catherine Rose Edith Teitz\t\t\t\t\t\t<\/li>\n\t\t\t\t\t<li>\n\t\t\t<a href=\"?event_id=395745442913978&amp;skip_groups=false\">\n\t\t\t\tLekt\u00fcrepensum zum Seminar D16 \/ KA 4<\/a><br>\n\t\t\t\tInstructor: Dr. Andrea Babbi; Prof. Dr. Johannes Lipps; Dr. Paul P. Pasieka; Jun. -Prof. Dr. Catherine Rose Edith Teitz\t\t\t\t\t\t<\/li>\n\t\t\t\t\t<li>\n\t\t\t<a href=\"?event_id=395745442805962&amp;skip_groups=false\">\n\t\t\t\tLekt\u00fcrepensum zum Seminar D19 \/ KA 2<\/a><br>\n\t\t\t\tInstructor: Dr. Andrea Babbi; Univ.-Prof. Dr. Heide Frielinghaus; Prof. Dr. Johannes Lipps; Jun. -Prof. Dr. Catherine Rose Edith Teitz\t\t\t\t\t\t<\/li>\n\t\t\t\t\t<li>\n\t\t\t<a href=\"?event_id=395884985763323&amp;skip_groups=false\">\n\t\t\t\tP Antike Skulptur im digitalen Kontext (Blockveranstaltung Darmstadt und Mainz)<\/a><br>\n\t\t\t\tInstructor: Dr. Marion Bolder-Boos; Dr. Patrick Schollmeyer\t\t\t\t\t\t<\/li>\n\t\t\t\t\t<li>\n\t\t\t<a href=\"?event_id=395736229083645&amp;skip_groups=false\">\n\t\t\t\tP Ausgrabung in Vulci (27.07.-29.08.2026)<\/a><br>\n\t\t\t\tInstructor: Dr. Paul P. Pasieka\t\t\t\t\t\t<\/li>\n\t\t\t\t\t<li>\n\t\t\t<a href=\"?event_id=395884985784331&amp;skip_groups=false\">\n\t\t\t\tP Dokumentation von arch\u00e4ologischem Fundmaterial in Akarnanien. Summer School 2026 (01.-30.09.2026 in Westgriechenland)<\/a><br>\n\t\t\t\tInstructor: Dr. Anne Sieverling-Pantelidis\t\t\t\t\t\t<\/li>\n\t\t\t\t\t<li>\n\t\t\t<a href=\"?event_id=395884985703329&amp;skip_groups=false\">\n\t\t\t\tP Praktikum nach Absprache in den Sammlungen\/Archiven oder den Forschungsprojekten der Klassischen Arch\u00e4ologie<\/a><br>\n\t\t\t\tInstructor: Univ.-Prof. Dr. Heide Frielinghaus; Prof. Dr. Johannes Lipps; Dr. Paul P. Pasieka; Dr. Patrick Schollmeyer; Dr. Anne Sieverling-Pantelidis; Jun. -Prof. Dr. Catherine Rose Edith Teitz\t\t\t\t\t\t<\/li>\n\t\t\t\t\t<li>\n\t\t\t<a href=\"?event_id=395885112604356&amp;skip_groups=false\">\n\t\t\t\tP Summer School &quot;disiecta membra &#8211; ENTF\u00c4LLT!<\/a><br>\n\t\t\t\tInstructor: Thomas Heide M.A.; Jun. -Prof. Dr. Catherine Rose Edith Teitz\t\t\t\t\t\t<\/li>\n\t\t\t\t\t<li>\n\t\t\t<a href=\"?event_id=395736318212680&amp;skip_groups=false\">\n\t\t\t\tPS Griechische G\u00f6tter: Gestalt(ung), Zust\u00e4ndigkeiten, Verehrung<\/a><br>\n\t\t\t\tInstructor: Univ.-Prof. Dr. Heide Frielinghaus\t\t\t\t\t\t<\/li>\n\t\t\t\t\t<li>\n\t\t\t<a href=\"?event_id=395736305930667&amp;skip_groups=false\">\n\t\t\t\tPS\/S Objekte und Ausgrabungen: Fallstudie R\u00f6misches Vindolanda<\/a><br>\n\t\t\t\tInstructor: Jun. -Prof. Dr. Catherine Rose Edith Teitz\t\t\t\t\t\t<\/li>\n\t\t\t\t\t<li>\n\t\t\t<a href=\"?event_id=395885154511372&amp;skip_groups=false\">\n\t\t\t\tS Projektseminar<\/a><br>\n\t\t\t\tInstructor: Univ.-Prof. Dr. Heide Frielinghaus; Prof. Dr. Johannes Lipps; Dr. Paul P. Pasieka; Dr. Patrick Schollmeyer; Dr. Anne Sieverling-Pantelidis; Jun. -Prof. Dr. Catherine Rose Edith Teitz\t\t\t\t\t\t<\/li>\n\t\t\t\t\t<li>\n\t\t\t<a href=\"?event_id=395745442748952&amp;skip_groups=false\">\n\t\t\t\tS\/\u00dc Die materielle Kultur griechischer Heiligt\u00fcmer. Workshop zu arch\u00e4ologischen Forschungspraktiken (Blockveranstaltung 18.08 \u2013 19.08.26)<\/a><br>\n\t\t\t\tInstructor: Dr. Anne Sieverling-Pantelidis\t\t\t\t\t\t<\/li>\n\t\t\t\t\t<li>\n\t\t\t<a href=\"?event_id=395745442485908&amp;skip_groups=false\">\n\t\t\t\tS\/\u00dc Die sog. Bundesheiligt\u00fcmer<\/a><br>\n\t\t\t\tInstructor: Dr. Paul P. Pasieka\t\t\t\t\t\t<\/li>\n\t\t\t\t\t<li>\n\t\t\t<a href=\"?event_id=395745442598920&amp;skip_groups=false\">\n\t\t\t\tS\/\u00dc Leben im r\u00f6mischen Griechenland<\/a><br>\n\t\t\t\tInstructor: Univ.-Prof. Dr. Heide Frielinghaus\t\t\t\t\t\t<\/li>\n\t\t\t\t\t<li>\n\t\t\t<a href=\"?event_id=395745442654932&amp;skip_groups=false\">\n\t\t\t\tS\/\u00dc Mainzer R\u00f6merrouten \u2013 Erarbeitung der Grundlagen f\u00fcr eine analoge und digitale Besucher*innenf\u00fchrung durch das r\u00f6mische Mainz<\/a><br>\n\t\t\t\tInstructor: Prof. Dr. Alexandra Busch\t\t\t\t\t\t<\/li>\n\t\t\t\t\t<li>\n\t\t\t<a href=\"?event_id=395745442758942&amp;skip_groups=false\">\n\t\t\t\tS\/\u00dc Vorbereitungsveranstaltung zur Exkursion Metropolen Roms &#8211; ENTF\u00c4LLT!<\/a><br>\n\t\t\t\tInstructor: Prof. Dr. Johannes Lipps\t\t\t\t\t\t<\/li>\n\t\t\t\t\t<li>\n\t\t\t<a href=\"?event_id=395736305936664&amp;skip_groups=false\">\n\t\t\t\t\u00dc Antike Mythen in Schrift und Bild<\/a><br>\n\t\t\t\tInstructor: Chiara Ferella; Prof. Dr. Johannes Lipps\t\t\t\t\t\t<\/li>\n\t\t\t\t\t<li>\n\t\t\t<a href=\"?event_id=395736213003637&amp;skip_groups=false\">\n\t\t\t\t\u00dc Beschreiben und Vergleichen<\/a><br>\n\t\t\t\tInstructor: Dr. Anne Sieverling-Pantelidis\t\t\t\t\t\t<\/li>\n\t\t\t\t\t<li>\n\t\t\t<a href=\"?event_id=395736305939674&amp;skip_groups=false\">\n\t\t\t\t\u00dc Konzepte von Krieg<\/a><br>\n\t\t\t\tInstructor: Univ.-Prof. Dr. Heide Frielinghaus\t\t\t\t\t\t<\/li>\n\t\t\t\t\t<li>\n\t\t\t<a href=\"?event_id=395736305995658&amp;skip_groups=false\">\n\t\t\t\t\u00dc Menschen in Athen \u2013 Die Stadt von ihren Anf\u00e4ngen bis in die Sp\u00e4tantike<\/a><br>\n\t\t\t\tInstructor: Dr. Patrick Schollmeyer\t\t\t\t\t\t<\/li>\n\t\t\t\t\t<li>\n\t\t\t<a href=\"?event_id=396383796979190&amp;skip_groups=false\">\n\t\t\t\tVortragsreihe Mainzer Vortr\u00e4ge zur R\u00f6mischen Arch\u00e4ologie<\/a><br>\n\t\t\t\tInstructor: Prof. Dr. Johannes Lipps\t\t\t\t\t\t<\/li>\n\t\t<\/ol>\n\t<hr>\n<p>\n\tSoSe 2026\t<\/p>\n\n\n\n<\/jgu-base-accordionitem>\n\n<jgu-base-accordionitem react-props=\"{&quot;title&quot;:&quot;Classical Philology&quot;,&quot;init&quot;:false,&quot;slug&quot;:&quot;klassische-philologie&quot;,&quot;align&quot;:&quot;wide&quot;,&quot;customSlug&quot;:false}\">\n    \n<jgu-base-heading react-props=\"{\n    &quot;color&quot;: &quot;default&quot;,\n    &quot;tags&quot;: {\n        &quot;htmlTag&quot;: &quot;h2&quot;,\n        &quot;classTag&quot;: &quot;h6&quot;,\n        &quot;tag&quot;: &quot;h2.h6&quot;\n    },\n    &quot;heading&quot;: &quot;Classical Philology&quot;,\n    &quot;textAlign&quot;: &quot;left&quot;,\n    &quot;anchor&quot;: &quot;&quot;,\n    &quot;index&quot;: &quot;&quot;\n}\"><\/jgu-base-heading>\n\n\n\t<ol class=\"wp-block-list has-big-font-size\">\n\t\t\t\t\t<li>\n\t\t\t<a href=\"?event_id=395095793163112&amp;skip_groups=false\">\n\t\t\t\tAltgriechisch f\u00fcr Anf\u00e4nger<\/a><br>\n\t\t\t\tInstructor: Dr. Wolfram Brinker\t\t\t\t\t\t<\/li>\n\t\t\t\t\t<li>\n\t\t\t<a href=\"?event_id=395095792996080&amp;skip_groups=false\">\n\t\t\t\tAltgriechisch f\u00fcr Fortgeschrittene<\/a><br>\n\t\t\t\tInstructor: Dr. Jochen Walter\t\t\t\t\t\t<\/li>\n\t\t\t\t\t<li>\n\t\t\t<a href=\"?event_id=395095792928087&amp;skip_groups=false\">\n\t\t\t\tAltgriechische Lekt\u00fcre<\/a><br>\n\t\t\t\tInstructor: Dr. Daniel Gro\u00df\t\t\t\t\t\t<\/li>\n\t\t\t\t\t<li>\n\t\t\t<a href=\"?event_id=395095793053099&amp;skip_groups=false\">\n\t\t\t\tLatein f\u00fcr Anf\u00e4nger (\u00dcbung A)<\/a><br>\n\t\t\t\tInstructor: Dr. Jochen Walter\t\t\t\t\t\t<\/li>\n\t\t\t\t\t<li>\n\t\t\t<a href=\"?event_id=395095793177129&amp;skip_groups=false\">\n\t\t\t\tLatein f\u00fcr Anf\u00e4nger (\u00dcbung B)<\/a><br>\n\t\t\t\tInstructor: Prof. Dr. Johannes Breuer\t\t\t\t\t\t<\/li>\n\t\t\t\t\t<li>\n\t\t\t<a href=\"?event_id=395123787568151&amp;skip_groups=false\">\n\t\t\t\tLatein f\u00fcr das Quellenstudium der Kunstgeschichte und Arch\u00e4ologie<\/a><br>\n\t\t\t\tInstructor: Dr. Wolfram Brinker\t\t\t\t\t\t<\/li>\n\t\t\t\t\t<li>\n\t\t\t<a href=\"?event_id=395095793042105&amp;skip_groups=false\">\n\t\t\t\tLatein f\u00fcr Fortgeschrittene<\/a><br>\n\t\t\t\tInstructor: Dr. Daniel Gro\u00df\t\t\t\t\t\t<\/li>\n\t\t\t\t\t<li>\n\t\t\t<a href=\"?event_id=395095793148123&amp;skip_groups=false\">\n\t\t\t\tLatein f\u00fcr Fortgeschrittene (Herbst 2026)<\/a><br>\n\t\t\t\tInstructor: Dr. Jochen Walter\t\t\t\t\t\t<\/li>\n\t\t\t\t\t<li>\n\t\t\t<a href=\"?event_id=395095792836074&amp;skip_groups=false\">\n\t\t\t\tLateinische Lekt\u00fcre (\u00dcbung A): Beda Venerabilis, Kirchengeschichte des englischen Volkes<\/a><br>\n\t\t\t\tInstructor: Prof. Dr. Johannes Breuer\t\t\t\t\t\t<\/li>\n\t\t\t\t\t<li>\n\t\t\t<a href=\"?event_id=395095792992093&amp;skip_groups=false\">\n\t\t\t\tLateinische Lekt\u00fcre (\u00dcbung B)<\/a><br>\n\t\t\t\tInstructor: Dr. Wolfram Brinker\t\t\t\t\t\t<\/li>\n\t\t\t\t\t<li>\n\t\t\t<a href=\"?event_id=395095793220135&amp;skip_groups=false\">\n\t\t\t\tNeugriechisch f\u00fcr Anf\u00e4nger<\/a><br>\n\t\t\t\tInstructor: Prof. Dr. Johannes Breuer\t\t\t\t\t\t<\/li>\n\t\t\t\t\t<li>\n\t\t\t<a href=\"?event_id=395095793282137&amp;skip_groups=false\">\n\t\t\t\tNeugriechische Lekt\u00fcre<\/a><br>\n\t\t\t\tInstructor: Prof. Dr. Johannes Breuer\t\t\t\t\t\t<\/li>\n\t\t<\/ol>\n\t<hr>\n<p>\n\tSoSe 2026\t<\/p>\n\n\n\n<jgu-base-heading react-props=\"{\n    &quot;color&quot;: &quot;default&quot;,\n    &quot;tags&quot;: {\n        &quot;htmlTag&quot;: &quot;h2&quot;,\n        &quot;classTag&quot;: &quot;h6&quot;,\n        &quot;tag&quot;: &quot;h2.h6&quot;\n    },\n    &quot;heading&quot;: &quot;Greek&quot;,\n    &quot;textAlign&quot;: &quot;left&quot;,\n    &quot;anchor&quot;: &quot;&quot;,\n    &quot;index&quot;: &quot;&quot;\n}\"><\/jgu-base-heading>\n\n\n\t<ol class=\"wp-block-list has-big-font-size\">\n\t\t\t\t\t<li>\n\t\t\t<a href=\"?event_id=395343610636789&amp;skip_groups=false\">\n\t\t\t\tGriechische Sprachpraxis 1<\/a><br>\n\t\t\t\tInstructor: Dr. Jochen Walter\t\t\t\t\t\t<\/li>\n\t\t\t\t\t<li>\n\t\t\t<a href=\"?event_id=395343610658792&amp;skip_groups=false\">\n\t\t\t\tGriechische Sprachpraxis 2\/3<\/a><br>\n\t\t\t\tInstructor: Dr. Jochen Walter\t\t\t\t\t\t<\/li>\n\t\t\t\t\t<li>\n\t\t\t<a href=\"?event_id=395343610839834&amp;skip_groups=false\">\n\t\t\t\tKlausurenkurs Griech.-dt. \u00dcbersetzen<\/a><br>\n\t\t\t\tInstructor: Univ.-Prof. Dr. Jochen Althoff\t\t\t\t\t\t<\/li>\n\t\t\t\t\t<li>\n\t\t\t<a href=\"?event_id=395343777926846&amp;skip_groups=false\">\n\t\t\t\tL\u00dc Euripides<\/a><br>\n\t\t\t\tInstructor: Univ.-Prof. Dr. Jochen Althoff\t\t\t\t\t\t<\/li>\n\t\t\t\t\t<li>\n\t\t\t<a href=\"?event_id=395343610278775&amp;skip_groups=false\">\n\t\t\t\tPS Platon, Politeia, Buch 1<\/a><br>\n\t\t\t\tInstructor: Univ.-Prof. Dr. Jochen Althoff\t\t\t\t\t\t<\/li>\n\t\t\t\t\t<li>\n\t\t\t<a href=\"?event_id=395343610862822&amp;skip_groups=false\">\n\t\t\t\tS NN Griech<\/a><br>\n\t\t\t\tInstructor: Univ.-Prof. Dr. Jochen Althoff\t\t\t\t\t\t<\/li>\n\t\t\t\t\t<li>\n\t\t\t<a href=\"?event_id=395343610673794&amp;skip_groups=false\">\n\t\t\t\tV Euripides<\/a><br>\n\t\t\t\tInstructor: Univ.-Prof. Dr. Jochen Althoff\t\t\t\t\t\t<\/li>\n\t\t<\/ol>\n\t<hr>\n<p>\n\tSoSe 2026\t<\/p>\n\n\n\n<jgu-base-heading react-props=\"{\n    &quot;color&quot;: &quot;default&quot;,\n    &quot;tags&quot;: {\n        &quot;htmlTag&quot;: &quot;h2&quot;,\n        &quot;classTag&quot;: &quot;h6&quot;,\n        &quot;tag&quot;: &quot;h2.h6&quot;\n    },\n    &quot;heading&quot;: &quot;Latin&quot;,\n    &quot;textAlign&quot;: &quot;left&quot;,\n    &quot;anchor&quot;: &quot;&quot;,\n    &quot;index&quot;: &quot;&quot;\n}\"><\/jgu-base-heading>\n\n\n\t<ol class=\"wp-block-list has-big-font-size\">\n\t\t\t\t\t<li>\n\t\t\t<a href=\"?event_id=397203585304409&amp;skip_groups=false\">\n\t\t\t\tBetreutes Selbststudium\/Projektarbeit\/Exkursion: Waltharius<\/a><br>\n\t\t\t\tInstructor: Univ.-Prof. Dr. Christine Walde\t\t\t\t\t\t<\/li>\n\t\t\t\t\t<li>\n\t\t\t<a href=\"?event_id=395345528560898&amp;skip_groups=false\">\n\t\t\t\tDoktorandenkolloquium<\/a><br>\n\t\t\t\tInstructor: Univ.-Prof. Dr. Wilhelm Bl\u00fcmer\t\t\t\t\t\t<\/li>\n\t\t\t\t\t<li>\n\t\t\t<a href=\"?event_id=395345528611900&amp;skip_groups=false\">\n\t\t\t\tDoktorandenkolloquium<\/a><br>\n\t\t\t\tInstructor: apl. Prof. Dr. Annemarie Amb\u00fchl Tehrany; Univ.-Prof. Dr. Christine Walde\t\t\t\t\t\t<\/li>\n\t\t\t\t\t<li>\n\t\t\t<a href=\"?event_id=395375296164402&amp;skip_groups=false\">\n\t\t\t\tGrundlagen der Didaktik der Alten Sprachen<\/a><br>\n\t\t\t\tInstructor: Ilka Lutz-Hornung\t\t\t\t\t\t<\/li>\n\t\t\t\t\t<li>\n\t\t\t<a href=\"?event_id=395892673349655&amp;skip_groups=false\">\n\t\t\t\tInformationsveranstaltung f\u00fcr Studienanf\u00e4nger und Hochschulwechsler der Klassischen Philologie (Griechisch und Latein, alle Studieng\u00e4nge)<\/a><br>\n\t\t\t\tInstructor: Dr. Daniel Gro\u00df\t\t\t\t\t\t<\/li>\n\t\t\t\t\t<li>\n\t\t\t<a href=\"?event_id=395375296163421&amp;skip_groups=false\">\n\t\t\t\tKonzeptionen und Praxis 1<\/a><br>\n\t\t\t\tInstructor: Ilka Lutz-Hornung\t\t\t\t\t\t<\/li>\n\t\t\t\t\t<li>\n\t\t\t<a href=\"?event_id=395375296151410&amp;skip_groups=false\">\n\t\t\t\tKonzeptionen und Praxis 2<\/a><br>\n\t\t\t\tInstructor: Ilka Lutz-Hornung\t\t\t\t\t\t<\/li>\n\t\t\t\t\t<li>\n\t\t\t<a href=\"?event_id=395375296174414&amp;skip_groups=false\">\n\t\t\t\tKonzeptionen und Praxis 3<\/a><br>\n\t\t\t\tInstructor: Ilka Lutz-Hornung\t\t\t\t\t\t<\/li>\n\t\t\t\t\t<li>\n\t\t\t<a href=\"?event_id=395375252205362&amp;skip_groups=false\">\n\t\t\t\tLateinische Sprachpraxis 1<\/a><br>\n\t\t\t\tInstructor: Jonas Konstantin Mach\t\t\t\t\t\t<\/li>\n\t\t\t\t\t<li>\n\t\t\t<a href=\"?event_id=395375252311385&amp;skip_groups=false\">\n\t\t\t\tLateinische Sprachpraxis 2<\/a><br>\n\t\t\t\tInstructor: Dr. Daniel Gro\u00df\t\t\t\t\t\t<\/li>\n\t\t\t\t\t<li>\n\t\t\t<a href=\"?event_id=395375252131335&amp;skip_groups=false\">\n\t\t\t\tLateinische Sprachpraxis 3<\/a><br>\n\t\t\t\tInstructor: Prof. Dr. Johannes Breuer\t\t\t\t\t\t<\/li>\n\t\t\t\t\t<li>\n\t\t\t<a href=\"?event_id=395375252265348&amp;skip_groups=false\">\n\t\t\t\tLateinische Sprachpraxis 4<\/a><br>\n\t\t\t\tInstructor: Dr. Daniel Gro\u00df\t\t\t\t\t\t<\/li>\n\t\t\t\t\t<li>\n\t\t\t<a href=\"?event_id=395374071204019&amp;skip_groups=false\">\n\t\t\t\tLekt\u00fcre\u00fcbung f\u00fcr Anf\u00e4nger \/ Latein<\/a><br>\n\t\t\t\tInstructor: Dr. Wolfram Brinker\t\t\t\t\t\t<\/li>\n\t\t\t\t\t<li>\n\t\t\t<a href=\"?event_id=397225662030105&amp;skip_groups=false\">\n\t\t\t\tLesekreis Modul 2 Latein<\/a><br>\n\t\t\t\tInstructor: Jens Hatzfeld\t\t\t\t\t\t<\/li>\n\t\t\t\t\t<li>\n\t\t\t<a href=\"?event_id=397225662054103&amp;skip_groups=false\">\n\t\t\t\tLesekreis Modul 6 Latein<\/a><br>\n\t\t\t\tInstructor: Damian Bach; Richard Alexander Schorn\t\t\t\t\t\t<\/li>\n\t\t\t\t\t<li>\n\t\t\t<a href=\"?event_id=395374071343024&amp;skip_groups=false\">\n\t\t\t\tL\u00dc Aratus Latinus<\/a><br>\n\t\t\t\tInstructor: Dominik Berrens\t\t\t\t\t\t<\/li>\n\t\t\t\t\t<li>\n\t\t\t<a href=\"?event_id=395374071418054&amp;skip_groups=false\">\n\t\t\t\tL\u00dc Einhart, Vita Caroli<\/a><br>\n\t\t\t\tInstructor: Univ.-Prof. Dr. Wilhelm Bl\u00fcmer\t\t\t\t\t\t<\/li>\n\t\t\t\t\t<li>\n\t\t\t<a href=\"?event_id=395375296160424&amp;skip_groups=false\">\n\t\t\t\tL\u00dc Epigramm<\/a><br>\n\t\t\t\tInstructor: Jun.-Prof. Dr. Markus Kersten\t\t\t\t\t\t<\/li>\n\t\t\t\t\t<li>\n\t\t\t<a href=\"?event_id=395374071457066&amp;skip_groups=false\">\n\t\t\t\tL\u00dc Gellius (Blockveranstaltung)<\/a><br>\n\t\t\t\tInstructor: Prof. Dr. Johannes Breuer\t\t\t\t\t\t<\/li>\n\t\t\t\t\t<li>\n\t\t\t<a href=\"?event_id=395374071431069&amp;skip_groups=false\">\n\t\t\t\tL\u00dc Nicolaus Copernicus, De revolutionibus orbium coelestium<\/a><br>\n\t\t\t\tInstructor: Dr. Markus Stachon\t\t\t\t\t\t<\/li>\n\t\t\t\t\t<li>\n\t\t\t<a href=\"?event_id=395374012234007&amp;skip_groups=false\">\n\t\t\t\tPS\/S Lucan<\/a><br>\n\t\t\t\tInstructor: Jun.-Prof. Dr. Markus Kersten\t\t\t\t\t\t<\/li>\n\t\t\t\t\t<li>\n\t\t\t<a href=\"?event_id=395374012148987&amp;skip_groups=false\">\n\t\t\t\tPS\/S Sueton, Nero<\/a><br>\n\t\t\t\tInstructor: Univ.-Prof. Dr. Christine Walde\t\t\t\t\t\t<\/li>\n\t\t\t\t\t<li>\n\t\t\t<a href=\"?event_id=397202893827273&amp;skip_groups=false\">\n\t\t\t\tRV Coping with Life: Ancient Tools for Modern Problems? A Series of Online Talks and Shared Reflections<\/a><br>\n\t\t\t\tInstructor: apl. Prof. Dr. Annemarie Amb\u00fchl Tehrany; Matthias Bernd Heinemann M.Ed.; Univ.-Prof. Dr. Christine Walde\t\t\t\t\t\t\t\t\t<br>\n\t\t\t\t\tFormat: online\t\t\t\t\t\t<\/li>\n\t\t\t\t\t<li>\n\t\t\t<a href=\"?event_id=395374012187977&amp;skip_groups=false\">\n\t\t\t\tS Faust-II<\/a><br>\n\t\t\t\tInstructor: Jun.-Prof. Dr. Gudrun Bamberger; Jun.-Prof. Dr. Markus Kersten\t\t\t\t\t\t<\/li>\n\t\t\t\t\t<li>\n\t\t\t<a href=\"?event_id=395374012134984&amp;skip_groups=false\">\n\t\t\t\tS\/\u00dc Rez Videospiele und Antike<\/a><br>\n\t\t\t\tInstructor: Gabryel Emanuele Greco; Matthias Bernd Heinemann M.Ed.\t\t\t\t\t\t<\/li>\n\t\t\t\t\t<li>\n\t\t\t<a href=\"?event_id=395345528511896&amp;skip_groups=false\">\n\t\t\t\tSemesterer\u00f6ffnung<\/a><br>\n\t\t\t\tInstructor: Univ.-Prof. Dr. Jochen Althoff; Univ.-Prof. Dr. Wilhelm Bl\u00fcmer; Univ.-Prof. Dr. Christine Walde\t\t\t\t\t\t<\/li>\n\t\t\t\t\t<li>\n\t\t\t<a href=\"?event_id=397225662017101&amp;skip_groups=false\">\n\t\t\t\tTutorium Sprachpraxis 2\/3<\/a><br>\n\t\t\t\tInstructor: Felix Andreas Kraft\t\t\t\t\t\t<\/li>\n\t\t\t\t\t<li>\n\t\t\t<a href=\"?event_id=395375709908488&amp;skip_groups=false\">\n\t\t\t\t\u00dc Homer f\u00fcr Lateinstudierende<\/a><br>\n\t\t\t\tInstructor: Univ.-Prof. Dr. Wilhelm Bl\u00fcmer\t\t\t\t\t\t<\/li>\n\t\t\t\t\t<li>\n\t\t\t<a href=\"?event_id=395375296197407&amp;skip_groups=false\">\n\t\t\t\t\u00dc Menschen in Athen \u2013 Die Stadt von ihren Anf\u00e4ngen bis in die Sp\u00e4tantike<\/a><br>\n\t\t\t\tInstructor: Dr. Patrick Schollmeyer\t\t\t\t\t\t<\/li>\n\t\t\t\t\t<li>\n\t\t\t<a href=\"?event_id=395375252204354&amp;skip_groups=false\">\n\t\t\t\t\u00dc Reparaturwerkstatt<\/a><br>\n\t\t\t\tInstructor: Univ.-Prof. Dr. Christine Walde\t\t\t\t\t\t<\/li>\n\t\t\t\t\t<li>\n\t\t\t<a href=\"?event_id=395375296272427&amp;skip_groups=false\">\n\t\t\t\t\u00dc When Archaeology meets Latin Studies<\/a><br>\n\t\t\t\tInstructor: Univ.-Prof. Dr. Heide Frielinghaus; Univ.-Prof. Dr. Christine Walde\t\t\t\t\t\t<\/li>\n\t\t\t\t\t<li>\n\t\t\t<a href=\"?event_id=395374079121073&amp;skip_groups=false\">\n\t\t\t\tV Mensch und Kosmos: Astronomie und Astrologie in der r\u00f6mischen Literatur und Kultur<\/a><br>\n\t\t\t\tInstructor: apl. Prof. Dr. Annemarie Amb\u00fchl Tehrany\t\t\t\t\t\t<\/li>\n\t\t\t\t\t<li>\n\t\t\t<a href=\"?event_id=395375296135417&amp;skip_groups=false\">\n\t\t\t\tV\/\u00dc Einf\u00fchrung in die Sprachwissenschaft<\/a><br>\n\t\t\t\tInstructor: Gunthard M\u00fcller\t\t\t\t\t\t<\/li>\n\t\t<\/ol>\n\t<hr>\n<p>\n\tSoSe 2026\t<\/p>\n\n\n\n<\/jgu-base-accordionitem>\n\n<jgu-base-accordionitem react-props=\"{&quot;title&quot;:&quot;Ancient Near Eastern Archaeology&quot;,&quot;init&quot;:false,&quot;slug&quot;:&quot;vorderasiatische-archaologie&quot;,&quot;align&quot;:&quot;wide&quot;,&quot;customSlug&quot;:false}\">\n    \n\t<ol class=\"wp-block-list has-big-font-size\">\n\t\t\t\t\t<li>\n\t\t\t<a href=\"?event_id=395683969917921&amp;skip_groups=false\">\n\t\t\t\tKolloquium f\u00fcr Examenskandidatinnen und -kandidaten (Termine nach Bedarf)<\/a><br>\n\t\t\t\tInstructor: apl. Prof. Dr. Dagmar Budde; Univ.-Prof. Dr. Kathrin Gabler; PD Dr. habil. Alexander Ilin-Tomich; Dr. Monika Z\u00f6ller-Engelhardt\t\t\t\t\t\t<\/li>\n\t\t\t\t\t<li>\n\t\t\t<a href=\"?event_id=395684303910050&amp;skip_groups=false\">\n\t\t\t\tP Praktikum \u00c4gyptologie (Studiensammlung \u00c4gyptologie, Akademieprojekt Alt\u00e4gyptische Kursivschriften, Ausgrabungen u.\u00e4.) (n. V.)<\/a><br>\n\t\t\t\tInstructor: Univ.-Prof. Dr. Kathrin Gabler; Dr. Monika Z\u00f6ller-Engelhardt\t\t\t\t\t\t<\/li>\n\t\t\t\t\t<li>\n\t\t\t<a href=\"?event_id=395956331756045&amp;skip_groups=false\">\n\t\t\t\tS Religious Coexistence in the Landscape: Christianity and Islam in Early Islamic Archaeology (Blockveranstaltung)<\/a><br>\n\t\t\t\tInstructor: Dr. Mustafa Ahmad\t\t\t\t\t\t<\/li>\n\t\t\t\t\t<li>\n\t\t\t<a href=\"?event_id=395686356343580&amp;skip_groups=false\">\n\t\t\t\tS\/PS Die Arch\u00e4ologie der Stadt Uruk<\/a><br>\n\t\t\t\tInstructor: Univ-Prof. Dr. Alexander Pru\u00df\t\t\t\t\t\t<\/li>\n\t\t\t\t\t<li>\n\t\t\t<a href=\"?event_id=395686356575609&amp;skip_groups=false\">\n\t\t\t\tS\/PS Die Neuassyrischen Pal\u00e4ste<\/a><br>\n\t\t\t\tInstructor: Univ-Prof. Dr. Alexander Pru\u00df\t\t\t\t\t\t<\/li>\n\t\t<\/ol>\n\t<hr>\n<p>\n\tSoSe 2026\t<\/p>\n\n\n\n<\/jgu-base-accordionitem>\n\n<jgu-base-accordionitem react-props=\"{&quot;title&quot;:&quot;Pre- and early historical archaeology&quot;,&quot;init&quot;:false,&quot;slug&quot;:&quot;vor-und-fruhgeschichtliche-archaologie&quot;,&quot;align&quot;:&quot;wide&quot;,&quot;customSlug&quot;:false}\">\n    \n\t<ol class=\"wp-block-list has-big-font-size\">\n\t\t\t\t\t<li>\n\t\t\t<a href=\"?event_id=395933281146402&amp;skip_groups=false\">\n\t\t\t\tEinf\u00fchrung in die Arch\u00e4ologie der Steinzeiten<\/a><br>\n\t\t\t\tInstructor: Dr. Maxime Brami; Dr. Olaf J\u00f6ris\t\t\t\t\t\t<\/li>\n\t\t\t\t\t<li>\n\t\t\t<a href=\"?event_id=395933278063392&amp;skip_groups=false\">\n\t\t\t\tEinf\u00fchrung in die Provinzialr\u00f6mische Arch\u00e4ologie<\/a><br>\n\t\t\t\tInstructor: Dr. Manuel Flecker; apl. Prof. Dr. Peter Haupt; Prof. Dr. Johannes Lipps; Jun. -Prof. Dr. Catherine Rose Edith Teitz\t\t\t\t\t\t<\/li>\n\t\t\t\t\t<li>\n\t\t\t<a href=\"?event_id=395933273669368&amp;skip_groups=false\">\n\t\t\t\tEinf\u00fchrung in die Vor- und Fr\u00fchgeschichtliche Arch\u00e4ologie<\/a><br>\n\t\t\t\tInstructor: apl. Prof. Dr. Peter Haupt; Prof. Dr. Maria Ivanova-Bieg; Dr. Olaf J\u00f6ris; Dr. Bianka Nessel\t\t\t\t\t\t<\/li>\n\t\t\t\t\t<li>\n\t\t\t<a href=\"?event_id=395965805182547&amp;skip_groups=false\">\n\t\t\t\tExk Tagesexkursion zum Kapellenberg<\/a><br>\n\t\t\t\tInstructor: apl. Prof. Dr. Detlef Gronenborn\t\t\t\t\t\t<\/li>\n\t\t\t\t\t<li>\n\t\t\t<a href=\"?event_id=395892664363645&amp;skip_groups=false\">\n\t\t\t\tInformationsveranstaltung f\u00fcr Studienanf\u00e4nger und Hochschulwechsler der Vor- und Fr\u00fchgeschichtlichen Arch\u00e4ologie (Beifach und ALPHA-Studieng\u00e4nge)<\/a><br>\n\t\t\t\tInstructor: apl. Prof. Dr. Peter Haupt\t\t\t\t\t\t<\/li>\n\t\t\t\t\t<li>\n\t\t\t<a href=\"?event_id=395965505822392&amp;skip_groups=false\">\n\t\t\t\tK Forschungskolloquium (VFGA)<\/a><br>\n\t\t\t\tInstructor: apl. Prof. Dr. Peter Haupt; Prof. Dr. Maria Ivanova-Bieg; Dr. Bianka Nessel\t\t\t\t\t\t<\/li>\n\t\t\t\t\t<li>\n\t\t\t<a href=\"?event_id=395965798202529&amp;skip_groups=false\">\n\t\t\t\tP Arch\u00e4ologisch-geophysikalische Prospektionen<\/a><br>\n\t\t\t\tInstructor: apl. Prof. Dr. Peter Haupt; Leon Claus Joseph Hermann\t\t\t\t\t\t<\/li>\n\t\t\t\t\t<li>\n\t\t\t<a href=\"?event_id=395965805166535&amp;skip_groups=false\">\n\t\t\t\tP Arch\u00e4ologische Grabung Kapellenberg<\/a><br>\n\t\t\t\tInstructor: apl. Prof. Dr. Detlef Gronenborn\t\t\t\t\t\t<\/li>\n\t\t\t\t\t<li>\n\t\t\t<a href=\"?event_id=395965805173541&amp;skip_groups=false\">\n\t\t\t\tP Ausrabungen in der sp\u00e4tbronzezeitlichen Siedlung von Lanke, Kr. Barnim<\/a><br>\n\t\t\t\tInstructor: Dr. Bianka Nessel\t\t\t\t\t\t<\/li>\n\t\t\t\t\t<li>\n\t\t\t<a href=\"?event_id=395965786449511&amp;skip_groups=false\">\n\t\t\t\tP Einf\u00fchrung in die Osteologie \u2013 Bestimmen von Tierknochen (Blockveranstaltung)<\/a><br>\n\t\t\t\tInstructor: Dr. Lutz Kindler\t\t\t\t\t\t<\/li>\n\t\t\t\t\t<li>\n\t\t\t<a href=\"?event_id=395965824270476&amp;skip_groups=false\">\n\t\t\t\tP Einf\u00fchrung in die Wirbeltiertaphonomie (Blockveranstaltung)<\/a><br>\n\t\t\t\tInstructor: Univ.-Prof. Dr. Sabine Gaudzinski-Windheuser\t\t\t\t\t\t<\/li>\n\t\t\t\t\t<li>\n\t\t\t<a href=\"?event_id=395965798155517&amp;skip_groups=false\">\n\t\t\t\tP Konzeption und Vorbereitung einer Ausstellung &#8211; Teil 3<\/a><br>\n\t\t\t\tInstructor: apl. Prof. Dr. Peter Haupt\t\t\t\t\t\t<\/li>\n\t\t\t\t\t<li>\n\t\t\t<a href=\"?event_id=395965798291523&amp;skip_groups=false\">\n\t\t\t\tP\/V Vortragsreihe: Time Talks &#8211; Ern\u00e4hrung<\/a><br>\n\t\t\t\tInstructor: Univ.-Prof. Dr. Sabine Gaudzinski-Windheuser; Prof. Dr. Maria Ivanova-Bieg\t\t\t\t\t\t<\/li>\n\t\t\t\t\t<li>\n\t\t\t<a href=\"?event_id=395933356099426&amp;skip_groups=false\">\n\t\t\t\tPS Theorie und Interpretation<\/a><br>\n\t\t\t\tInstructor: Prof. Dr. Maria Ivanova-Bieg\t\t\t\t\t\t<\/li>\n\t\t\t\t\t<li>\n\t\t\t<a href=\"?event_id=395965264319332&amp;skip_groups=false\">\n\t\t\t\tS Bergbau in der R\u00f6merzeit<\/a><br>\n\t\t\t\tInstructor: apl. Prof. Dr. Peter Haupt\t\t\t\t\t\t<\/li>\n\t\t\t\t\t<li>\n\t\t\t<a href=\"?event_id=395964178741005&amp;skip_groups=false\">\n\t\t\t\tS Familiensysteme im pr\u00e4historischen Europa<\/a><br>\n\t\t\t\tInstructor: Dr. Maxime Brami\t\t\t\t\t\t<\/li>\n\t\t\t\t\t<li>\n\t\t\t<a href=\"?event_id=395965556497415&amp;skip_groups=false\">\n\t\t\t\tS Siedlungsorganisation und \u00d6konomie im 2. und 1. Jahrtausend v. Chr.<\/a><br>\n\t\t\t\tInstructor: Dr. Bianka Nessel\t\t\t\t\t\t<\/li>\n\t\t\t\t\t<li>\n\t\t\t<a href=\"?event_id=395965740056462&amp;skip_groups=false\">\n\t\t\t\tS Tod und dann? Sepulkralkultur des Mittelalters im arch\u00e4ologischen Befund (Blockveranstaltung)<\/a><br>\n\t\t\t\tInstructor: Holger Grewe\t\t\t\t\t\t<\/li>\n\t\t\t\t\t<li>\n\t\t\t<a href=\"?event_id=395965264313320&amp;skip_groups=false\">\n\t\t\t\t\u00dc Arch\u00e4ologische Hausforschung<\/a><br>\n\t\t\t\tInstructor: apl. Prof. Dr. Peter Haupt\t\t\t\t\t\t<\/li>\n\t\t\t\t\t<li>\n\t\t\t<a href=\"?event_id=395965264295310&amp;skip_groups=false\">\n\t\t\t\t\u00dc Arch\u00e4ologische Hausforschung (2 SWS)<\/a><br>\n\t\t\t\tInstructor: apl. Prof. Dr. Peter Haupt\t\t\t\t\t\t<\/li>\n\t\t\t\t\t<li>\n\t\t\t<a href=\"?event_id=395933360694433&amp;skip_groups=false\">\n\t\t\t\t\u00dc Chronologie und Datierung<\/a><br>\n\t\t\t\tInstructor: Dr. Maxime Brami\t\t\t\t\t\t<\/li>\n\t\t\t\t\t<li>\n\t\t\t<a href=\"?event_id=395965556476408&amp;skip_groups=false\">\n\t\t\t\t\u00dc Siedeln und Wirtschaften im 2. Jahrtausend v. Chr.<\/a><br>\n\t\t\t\tInstructor: Dr. Bianka Nessel\t\t\t\t\t\t<\/li>\n\t\t\t\t\t<li>\n\t\t\t<a href=\"?event_id=395965556596421&amp;skip_groups=false\">\n\t\t\t\t\u00dc Siedeln und Wirtschaften im 2. Jahrtausend v. Chr. (2 SWS)<\/a><br>\n\t\t\t\tInstructor: Dr. Bianka Nessel\t\t\t\t\t\t<\/li>\n\t\t\t\t\t<li>\n\t\t\t<a href=\"?event_id=395965264305317&amp;skip_groups=false\">\n\t\t\t\tV Arch\u00e4ologische Hausforschung<\/a><br>\n\t\t\t\tInstructor: apl. Prof. Dr. Peter Haupt\t\t\t\t\t\t<\/li>\n\t\t\t\t\t<li>\n\t\t\t<a href=\"?event_id=395965556405405&amp;skip_groups=false\">\n\t\t\t\tV Siedeln und Wirtschaften im 2. Jahrtausend v. Chr.<\/a><br>\n\t\t\t\tInstructor: Dr. Bianka Nessel\t\t\t\t\t\t<\/li>\n\t\t\t\t\t<li>\n\t\t\t<a href=\"?event_id=395965556439402&amp;skip_groups=false\">\n\t\t\t\tV Siedeln und Wirtschaften im 2. Jahrtausend v. Chr. (2 SWS)<\/a><br>\n\t\t\t\tInstructor: Dr. Bianka Nessel\t\t\t\t\t\t<\/li>\n\t\t<\/ol>\n\t<hr>\n<p>\n\tSoSe 2026\t<\/p>\n\n\n\n<\/jgu-base-accordionitem>\n\n<\/jgu-base-accordion>\n<\/div><\/div>\n<\/jgu-base-section>\n<div style=\"height:102px\" aria-hidden=\"true\" class=\"wp-block-spacer\"><\/div>\n<div\n\tclass=\"jgu-anchorpoint\"\n\tid=\"libraries\"\n\tdata-label=\"Libraries\"\n\tdata-hide-in-nav=\"false\"\n\ttabindex=\"0\"\n\tdata-initial-scroll=\"true\"\n><\/div>\n<jgu-base-heading react-props=\"{\n    &quot;color&quot;: &quot;default&quot;,\n    &quot;tags&quot;: {\n        &quot;htmlTag&quot;: &quot;h2&quot;,\n        &quot;classTag&quot;: &quot;&quot;,\n        &quot;tag&quot;: &quot;h2&quot;\n    },\n    &quot;heading&quot;: &quot;Libraries&quot;,\n    &quot;textAlign&quot;: &quot;left&quot;,\n    &quot;anchor&quot;: &quot;&quot;,\n    &quot;index&quot;: &quot;&quot;\n}\"><\/jgu-base-heading>\n\n<div style=\"height:90px\" aria-hidden=\"true\" class=\"wp-block-spacer\"><\/div>\n\n<p>Winckelmann Bl\u00e4tter (Winckelmann Pages) as download<\/p>\n\n<div class=\"wp-block-columns is-layout-flex wp-container-core-columns-is-layout-9d6595d7 wp-block-columns-is-layout-flex\">\n<div class=\"wp-block-column is-layout-flow wp-block-column-is-layout-flow\"><jgu-base-teaserbox react-props=\"{\n    &quot;headline&quot;: {\n        &quot;htmlTag&quot;: &quot;h2&quot;,\n        &quot;classTag&quot;: &quot;&quot;,\n        &quot;tag&quot;: &quot;h2&quot;\n    },\n    &quot;image&quot;: {\n        &quot;id&quot;: 10109,\n        &quot;url&quot;: &quot;https:\\\/\\\/cms.zdv.uni-mainz.de\\\/fb07-iaw\\\/wp-content\\\/uploads\\\/sites\\\/275\\\/2024\\\/12\\\/aegyptologie-header-1.jpg&quot;,\n        &quot;title&quot;: &quot;aegyptologie-header-1&quot;,\n        &quot;width&quot;: 1440,\n        &quot;height&quot;: 630,\n        &quot;srcset&quot;: &quot;https:\\\/\\\/cms.zdv.uni-mainz.de\\\/fb07-iaw\\\/wp-content\\\/uploads\\\/sites\\\/275\\\/2024\\\/12\\\/aegyptologie-header-1.jpg 1440w, https:\\\/\\\/cms.zdv.uni-mainz.de\\\/fb07-iaw\\\/wp-content\\\/uploads\\\/sites\\\/275\\\/2024\\\/12\\\/aegyptologie-header-1-300x131.jpg 300w, https:\\\/\\\/cms.zdv.uni-mainz.de\\\/fb07-iaw\\\/wp-content\\\/uploads\\\/sites\\\/275\\\/2024\\\/12\\\/aegyptologie-header-1-1024x448.jpg 1024w, https:\\\/\\\/cms.zdv.uni-mainz.de\\\/fb07-iaw\\\/wp-content\\\/uploads\\\/sites\\\/275\\\/2024\\\/12\\\/aegyptologie-header-1-768x336.jpg 768w&quot;\n    },\n    &quot;color&quot;: &quot;gray&quot;,\n    &quot;index&quot;: &quot;Library&quot;,\n    &quot;title&quot;: &quot;Egyptology&quot;,\n    &quot;linkTitle&quot;: &quot;learn more&quot;,\n    &quot;link&quot;: {\n        &quot;url&quot;: &quot;https:\\\/\\\/www.ub.uni-mainz.de\\\/de\\\/aegyptologie&quot;,\n        &quot;id&quot;: &quot;https:\\\/\\\/www.ub.uni-mainz.de\\\/de\\\/aegyptologie&quot;,\n        &quot;title&quot;: &quot;https:\\\/\\\/www.ub.uni-mainz.de\\\/de\\\/aegyptologie&quot;,\n        &quot;type&quot;: &quot;link&quot;\n    },\n    &quot;align&quot;: &quot;wide&quot;,\n    &quot;icon&quot;: &quot;&quot;,\n    &quot;iconColor&quot;: &quot;default&quot;,\n    &quot;isCalendar&quot;: false,\n    &quot;iconBoxed&quot;: false,\n    &quot;useLinkList&quot;: false,\n    &quot;linkList&quot;: {},\n    &quot;hideThumbnail&quot;: false,\n    &quot;type&quot;: &quot;boxed&quot;,\n    &quot;excerpt&quot;: &quot;&quot;,\n    &quot;linkStyle&quot;: &quot;default&quot;,\n    &quot;overboxImage&quot;: false,\n    &quot;differingHeadlineColor&quot;: false,\n    &quot;headlineColor&quot;: &quot;&quot;,\n    &quot;textPositionBottom&quot;: false,\n    &quot;template&quot;: &quot;&quot;,\n    &quot;video&quot;: {\n        &quot;provider&quot;: &quot;youtube&quot;,\n        &quot;id&quot;: &quot;&quot;,\n        &quot;poster&quot;: &quot;&quot;\n    },\n    &quot;audioUrl&quot;: &quot;&quot;,\n    &quot;unbound&quot;: false\n}\">\n    \n<\/jgu-base-teaserbox>\n\n<jgu-base-modal react-props=\"{&quot;text&quot;:&quot;Opening hours, location, contact&quot;,&quot;buttonStyling&quot;:&quot;primary&quot;,&quot;children&quot;:&quot;\\n&lt;jgu-base-heading react-props=\\&quot;{\\n    &amp;quot;tags&amp;quot;: {\\n        &amp;quot;htmlTag&amp;quot;: &amp;quot;h2&amp;quot;,\\n        &amp;quot;classTag&amp;quot;: &amp;quot;h3&amp;quot;,\\n        &amp;quot;tag&amp;quot;: &amp;quot;h2.h3&amp;quot;\\n    },\\n    &amp;quot;heading&amp;quot;: &amp;quot;Opening hours&amp;quot;,\\n    &amp;quot;textAlign&amp;quot;: &amp;quot;left&amp;quot;,\\n    &amp;quot;anchor&amp;quot;: &amp;quot;&amp;quot;,\\n    &amp;quot;index&amp;quot;: &amp;quot;&amp;quot;,\\n    &amp;quot;color&amp;quot;: &amp;quot;red&amp;quot;\\n}\\&quot;&gt;&lt;\\\/jgu-base-heading&gt;\\n\\n\\n\\n&lt;p&gt;Mon. to Thurs. from 10:00-16:00  &lt;\\\/p&gt;\\n\\n\\n\\n&lt;p&gt;Fri. from 10:00-14:00 &lt;\\\/p&gt;\\n\\n\\n&lt;jgu-base-heading react-props=\\&quot;{\\n    &amp;quot;tags&amp;quot;: {\\n        &amp;quot;htmlTag&amp;quot;: &amp;quot;h2&amp;quot;,\\n        &amp;quot;classTag&amp;quot;: &amp;quot;h3&amp;quot;,\\n        &amp;quot;tag&amp;quot;: &amp;quot;h2.h3&amp;quot;\\n    },\\n    &amp;quot;heading&amp;quot;: &amp;quot;Location&amp;quot;,\\n    &amp;quot;textAlign&amp;quot;: &amp;quot;left&amp;quot;,\\n    &amp;quot;anchor&amp;quot;: &amp;quot;&amp;quot;,\\n    &amp;quot;index&amp;quot;: &amp;quot;&amp;quot;,\\n    &amp;quot;color&amp;quot;: &amp;quot;red&amp;quot;\\n}\\&quot;&gt;&lt;\\\/jgu-base-heading&gt;\\n\\n\\n\\n&lt;p&gt;If you are&lt;strong&gt; traveling a long distance, please call 06131-3938337&lt;\\\/strong&gt; in&lt;strong&gt; advance to&lt;\\\/strong&gt; find out whether the library is open on that day.&lt;\\\/p&gt;\\n\\n\\n\\n&lt;p&gt;&lt;strong&gt;Hegelstra\\u00dfe 59, 55122 Mainz, I. OG, right-hand side&lt;\\\/strong&gt;&lt;\\\/p&gt;\\n\\n\\n&lt;jgu-base-heading react-props=\\&quot;{\\n    &amp;quot;tags&amp;quot;: {\\n        &amp;quot;htmlTag&amp;quot;: &amp;quot;h2&amp;quot;,\\n        &amp;quot;classTag&amp;quot;: &amp;quot;h3&amp;quot;,\\n        &amp;quot;tag&amp;quot;: &amp;quot;h2.h3&amp;quot;\\n    },\\n    &amp;quot;heading&amp;quot;: &amp;quot;Contact us&amp;quot;,\\n    &amp;quot;textAlign&amp;quot;: &amp;quot;left&amp;quot;,\\n    &amp;quot;anchor&amp;quot;: &amp;quot;&amp;quot;,\\n    &amp;quot;index&amp;quot;: &amp;quot;&amp;quot;,\\n    &amp;quot;color&amp;quot;: &amp;quot;red&amp;quot;\\n}\\&quot;&gt;&lt;\\\/jgu-base-heading&gt;\\n\\n\\n\\n&lt;p&gt;Dr. Monika Z\\u00f6ller-Engelhardt: bibliothek-aegyptologie@uni-mainz.de&lt;\\\/p&gt;\\n\\n\\n\\n&lt;p&gt;&lt;strong&gt;Librarian&lt;\\\/strong&gt; (University Library, pro rata): &lt;a href=\\&quot;mailto:V.Stoeckemann@ub.uni-mainz.de\\&quot;&gt;St\\u00f6ckemann, Volker&lt;\\\/a&gt;&lt;\\\/p&gt;\\n\\n\\n\\n&lt;p&gt;The collection can be searched via the &lt;a href=\\&quot;http:\\\/\\\/www.ub.uni-mainz.de\\\/\\&quot;&gt;online catalog&lt;\\\/a&gt; of Mainz University Library; exception: books of category 22 up to the year of publication 2000 can be searched in the card catalog of the library itself; it is basically a reference library. The current library regulations can be found &lt;a href=\\&quot;https:\\\/\\\/www.aegyptologie.uni-mainz.de\\\/files\\\/2017\\\/01\\\/Bibliotheksordung_2017_2.pdf\\&quot;&gt;here&lt;\\\/a&gt;. &lt;\\\/p&gt;\\n\\n\\n\\n&lt;p&gt;Most of the Egyptology &lt;strong&gt;slide collection&lt;\\\/strong&gt; has been digitized and can be accessed via the image database.&lt;\\\/p&gt;\\n\\n\\n\\n&lt;p&gt;&lt;\\\/p&gt;\\n\\n&quot;}\">\n    \n<jgu-base-heading react-props=\"{\n    &quot;tags&quot;: {\n        &quot;htmlTag&quot;: &quot;h2&quot;,\n        &quot;classTag&quot;: &quot;h3&quot;,\n        &quot;tag&quot;: &quot;h2.h3&quot;\n    },\n    &quot;heading&quot;: &quot;Opening hours&quot;,\n    &quot;textAlign&quot;: &quot;left&quot;,\n    &quot;anchor&quot;: &quot;&quot;,\n    &quot;index&quot;: &quot;&quot;,\n    &quot;color&quot;: &quot;red&quot;\n}\"><\/jgu-base-heading>\n\n\n\n<p>Mon. to Thurs. from 10:00-16:00  <\/p>\n\n\n\n<p>Fri. from 10:00-14:00 <\/p>\n\n\n<jgu-base-heading react-props=\"{\n    &quot;tags&quot;: {\n        &quot;htmlTag&quot;: &quot;h2&quot;,\n        &quot;classTag&quot;: &quot;h3&quot;,\n        &quot;tag&quot;: &quot;h2.h3&quot;\n    },\n    &quot;heading&quot;: &quot;Location&quot;,\n    &quot;textAlign&quot;: &quot;left&quot;,\n    &quot;anchor&quot;: &quot;&quot;,\n    &quot;index&quot;: &quot;&quot;,\n    &quot;color&quot;: &quot;red&quot;\n}\"><\/jgu-base-heading>\n\n\n\n<p>If you are<strong> traveling a long distance, please call 06131-3938337<\/strong> in<strong> advance to<\/strong> find out whether the library is open on that day.<\/p>\n\n\n\n<p><strong>Hegelstra\u00dfe 59, 55122 Mainz, I. OG, right-hand side<\/strong><\/p>\n\n\n<jgu-base-heading react-props=\"{\n    &quot;tags&quot;: {\n        &quot;htmlTag&quot;: &quot;h2&quot;,\n        &quot;classTag&quot;: &quot;h3&quot;,\n        &quot;tag&quot;: &quot;h2.h3&quot;\n    },\n    &quot;heading&quot;: &quot;Contact us&quot;,\n    &quot;textAlign&quot;: &quot;left&quot;,\n    &quot;anchor&quot;: &quot;&quot;,\n    &quot;index&quot;: &quot;&quot;,\n    &quot;color&quot;: &quot;red&quot;\n}\"><\/jgu-base-heading>\n\n\n\n<p>Dr. Monika Z\u00f6ller-Engelhardt: bibliothek-aegyptologie@uni-mainz.de<\/p>\n\n\n\n<p><strong>Librarian<\/strong> (University Library, pro rata): <a href=\"mailto:V.Stoeckemann@ub.uni-mainz.de\">St\u00f6ckemann, Volker<\/a><\/p>\n\n\n\n<p>The collection can be searched via the <a href=\"http:\/\/www.ub.uni-mainz.de\/\">online catalog<\/a> of Mainz University Library; exception: books of category 22 up to the year of publication 2000 can be searched in the card catalog of the library itself; it is basically a reference library. The current library regulations can be found <a href=\"https:\/\/www.aegyptologie.uni-mainz.de\/files\/2017\/01\/Bibliotheksordung_2017_2.pdf\">here<\/a>. <\/p>\n\n\n\n<p>Most of the Egyptology <strong>slide collection<\/strong> has been digitized and can be accessed via the image database.<\/p>\n\n\n\n<p><\/p>\n\n\n<\/jgu-base-modal><\/div>\n\n\n\n<div class=\"wp-block-column is-layout-flow wp-block-column-is-layout-flow\"><jgu-base-teaserbox react-props=\"{\n    &quot;headline&quot;: {\n        &quot;htmlTag&quot;: &quot;h2&quot;,\n        &quot;classTag&quot;: &quot;&quot;,\n        &quot;tag&quot;: &quot;h2&quot;\n    },\n    &quot;image&quot;: {\n        &quot;id&quot;: 10106,\n        &quot;url&quot;: &quot;https:\\\/\\\/cms.zdv.uni-mainz.de\\\/fb07-iaw\\\/wp-content\\\/uploads\\\/sites\\\/275\\\/2024\\\/12\\\/thhdrf.jpg&quot;,\n        &quot;title&quot;: &quot;thhdrf&quot;,\n        &quot;width&quot;: 491,\n        &quot;height&quot;: 332,\n        &quot;srcset&quot;: &quot;https:\\\/\\\/cms.zdv.uni-mainz.de\\\/fb07-iaw\\\/wp-content\\\/uploads\\\/sites\\\/275\\\/2024\\\/12\\\/thhdrf.jpg 491w, https:\\\/\\\/cms.zdv.uni-mainz.de\\\/fb07-iaw\\\/wp-content\\\/uploads\\\/sites\\\/275\\\/2024\\\/12\\\/thhdrf-300x203.jpg 300w&quot;\n    },\n    &quot;color&quot;: &quot;blue&quot;,\n    &quot;index&quot;: &quot;Library&quot;,\n    &quot;title&quot;: &quot;Ancient Near Eastern Studies&quot;,\n    &quot;linkTitle&quot;: &quot;learn more&quot;,\n    &quot;link&quot;: {\n        &quot;url&quot;: &quot;https:\\\/\\\/www.ub.uni-mainz.de\\\/de\\\/altorientalistik&quot;,\n        &quot;id&quot;: &quot;https:\\\/\\\/www.ub.uni-mainz.de\\\/de\\\/altorientalistik&quot;,\n        &quot;title&quot;: &quot;https:\\\/\\\/www.ub.uni-mainz.de\\\/de\\\/altorientalistik&quot;,\n        &quot;type&quot;: &quot;link&quot;\n    },\n    &quot;align&quot;: &quot;wide&quot;,\n    &quot;icon&quot;: &quot;&quot;,\n    &quot;iconColor&quot;: &quot;default&quot;,\n    &quot;isCalendar&quot;: false,\n    &quot;iconBoxed&quot;: false,\n    &quot;useLinkList&quot;: false,\n    &quot;linkList&quot;: {},\n    &quot;hideThumbnail&quot;: false,\n    &quot;type&quot;: &quot;boxed&quot;,\n    &quot;excerpt&quot;: &quot;&quot;,\n    &quot;linkStyle&quot;: &quot;default&quot;,\n    &quot;overboxImage&quot;: false,\n    &quot;differingHeadlineColor&quot;: false,\n    &quot;headlineColor&quot;: &quot;&quot;,\n    &quot;textPositionBottom&quot;: false,\n    &quot;template&quot;: &quot;&quot;,\n    &quot;video&quot;: {\n        &quot;provider&quot;: &quot;youtube&quot;,\n        &quot;id&quot;: &quot;&quot;,\n        &quot;poster&quot;: &quot;&quot;\n    },\n    &quot;audioUrl&quot;: &quot;&quot;,\n    &quot;unbound&quot;: false\n}\">\n    \n<\/jgu-base-teaserbox>\n\n<jgu-base-modal react-props=\"{&quot;text&quot;:&quot;Opening hours, location, contact&quot;,&quot;buttonStyling&quot;:&quot;primary&quot;,&quot;children&quot;:&quot;\\n&lt;jgu-base-heading react-props=\\&quot;{\\n    &amp;quot;tags&amp;quot;: {\\n        &amp;quot;htmlTag&amp;quot;: &amp;quot;h2&amp;quot;,\\n        &amp;quot;classTag&amp;quot;: &amp;quot;h3&amp;quot;,\\n        &amp;quot;tag&amp;quot;: &amp;quot;h2.h3&amp;quot;\\n    },\\n    &amp;quot;heading&amp;quot;: &amp;quot;Opening hours&amp;quot;,\\n    &amp;quot;textAlign&amp;quot;: &amp;quot;left&amp;quot;,\\n    &amp;quot;anchor&amp;quot;: &amp;quot;&amp;quot;,\\n    &amp;quot;index&amp;quot;: &amp;quot;&amp;quot;,\\n    &amp;quot;color&amp;quot;: &amp;quot;red&amp;quot;\\n}\\&quot;&gt;&lt;\\\/jgu-base-heading&gt;\\n\\n\\n\\n&lt;p&gt;Mon. to Fri. from 10:00-16:00  &lt;\\\/p&gt;\\n\\n\\n&lt;jgu-base-heading react-props=\\&quot;{\\n    &amp;quot;tags&amp;quot;: {\\n        &amp;quot;htmlTag&amp;quot;: &amp;quot;h2&amp;quot;,\\n        &amp;quot;classTag&amp;quot;: &amp;quot;h3&amp;quot;,\\n        &amp;quot;tag&amp;quot;: &amp;quot;h2.h3&amp;quot;\\n    },\\n    &amp;quot;heading&amp;quot;: &amp;quot;Location&amp;quot;,\\n    &amp;quot;textAlign&amp;quot;: &amp;quot;left&amp;quot;,\\n    &amp;quot;anchor&amp;quot;: &amp;quot;&amp;quot;,\\n    &amp;quot;index&amp;quot;: &amp;quot;&amp;quot;,\\n    &amp;quot;color&amp;quot;: &amp;quot;red&amp;quot;\\n}\\&quot;&gt;&lt;\\\/jgu-base-heading&gt;\\n\\n\\n\\n&lt;p&gt;&lt;strong&gt;Hegelstra\\u00dfe 59, 55122 Mainz, 59, on the 1st floor on the right (rooms: 01-122, 01-123, 01-127, 01-128)&lt;\\\/strong&gt;&lt;\\\/p&gt;\\n\\n\\n&lt;jgu-base-heading react-props=\\&quot;{\\n    &amp;quot;tags&amp;quot;: {\\n        &amp;quot;htmlTag&amp;quot;: &amp;quot;h2&amp;quot;,\\n        &amp;quot;classTag&amp;quot;: &amp;quot;h3&amp;quot;,\\n        &amp;quot;tag&amp;quot;: &amp;quot;h2.h3&amp;quot;\\n    },\\n    &amp;quot;heading&amp;quot;: &amp;quot;Contact us&amp;quot;,\\n    &amp;quot;textAlign&amp;quot;: &amp;quot;left&amp;quot;,\\n    &amp;quot;anchor&amp;quot;: &amp;quot;&amp;quot;,\\n    &amp;quot;index&amp;quot;: &amp;quot;&amp;quot;,\\n    &amp;quot;color&amp;quot;: &amp;quot;red&amp;quot;\\n}\\&quot;&gt;&lt;\\\/jgu-base-heading&gt;\\n\\n\\n\\n&lt;p&gt;Contact person: Sarah Merk&lt;\\\/p&gt;\\n\\n\\n&lt;jgu-base-heading react-props=\\&quot;{\\n    &amp;quot;tags&amp;quot;: {\\n        &amp;quot;htmlTag&amp;quot;: &amp;quot;h2&amp;quot;,\\n        &amp;quot;classTag&amp;quot;: &amp;quot;h3&amp;quot;,\\n        &amp;quot;tag&amp;quot;: &amp;quot;h2.h3&amp;quot;\\n    },\\n    &amp;quot;heading&amp;quot;: &amp;quot;Library use&amp;quot;,\\n    &amp;quot;textAlign&amp;quot;: &amp;quot;left&amp;quot;,\\n    &amp;quot;anchor&amp;quot;: &amp;quot;&amp;quot;,\\n    &amp;quot;index&amp;quot;: &amp;quot;&amp;quot;,\\n    &amp;quot;color&amp;quot;: &amp;quot;red&amp;quot;\\n}\\&quot;&gt;&lt;\\\/jgu-base-heading&gt;\\n\\n\\n\\n&lt;p&gt;It is a reference library, the books can be used on site. It is possible to borrow some books over the weekend by prior arrangement. &lt;\\\/p&gt;\\n\\n\\n&lt;jgu-base-heading react-props=\\&quot;{\\n    &amp;quot;tags&amp;quot;: {\\n        &amp;quot;htmlTag&amp;quot;: &amp;quot;h2&amp;quot;,\\n        &amp;quot;classTag&amp;quot;: &amp;quot;h3&amp;quot;,\\n        &amp;quot;tag&amp;quot;: &amp;quot;h2.h3&amp;quot;\\n    },\\n    &amp;quot;heading&amp;quot;: &amp;quot;Collection areas&amp;quot;,\\n    &amp;quot;textAlign&amp;quot;: &amp;quot;left&amp;quot;,\\n    &amp;quot;anchor&amp;quot;: &amp;quot;&amp;quot;,\\n    &amp;quot;index&amp;quot;: &amp;quot;&amp;quot;,\\n    &amp;quot;color&amp;quot;: &amp;quot;red&amp;quot;\\n}\\&quot;&gt;&lt;\\\/jgu-base-heading&gt;\\n\\n\\n\\n&lt;p&gt;The collection includes philology, archaeology and the history of the ancient Orient.&lt;\\\/p&gt;\\n\\n\\n\\n&lt;p&gt;&lt;\\\/p&gt;\\n\\n&quot;}\">\n    \n<jgu-base-heading react-props=\"{\n    &quot;tags&quot;: {\n        &quot;htmlTag&quot;: &quot;h2&quot;,\n        &quot;classTag&quot;: &quot;h3&quot;,\n        &quot;tag&quot;: &quot;h2.h3&quot;\n    },\n    &quot;heading&quot;: &quot;Opening hours&quot;,\n    &quot;textAlign&quot;: &quot;left&quot;,\n    &quot;anchor&quot;: &quot;&quot;,\n    &quot;index&quot;: &quot;&quot;,\n    &quot;color&quot;: &quot;red&quot;\n}\"><\/jgu-base-heading>\n\n\n\n<p>Mon. to Fri. from 10:00-16:00  <\/p>\n\n\n<jgu-base-heading react-props=\"{\n    &quot;tags&quot;: {\n        &quot;htmlTag&quot;: &quot;h2&quot;,\n        &quot;classTag&quot;: &quot;h3&quot;,\n        &quot;tag&quot;: &quot;h2.h3&quot;\n    },\n    &quot;heading&quot;: &quot;Location&quot;,\n    &quot;textAlign&quot;: &quot;left&quot;,\n    &quot;anchor&quot;: &quot;&quot;,\n    &quot;index&quot;: &quot;&quot;,\n    &quot;color&quot;: &quot;red&quot;\n}\"><\/jgu-base-heading>\n\n\n\n<p><strong>Hegelstra\u00dfe 59, 55122 Mainz, 59, on the 1st floor on the right (rooms: 01-122, 01-123, 01-127, 01-128)<\/strong><\/p>\n\n\n<jgu-base-heading react-props=\"{\n    &quot;tags&quot;: {\n        &quot;htmlTag&quot;: &quot;h2&quot;,\n        &quot;classTag&quot;: &quot;h3&quot;,\n        &quot;tag&quot;: &quot;h2.h3&quot;\n    },\n    &quot;heading&quot;: &quot;Contact us&quot;,\n    &quot;textAlign&quot;: &quot;left&quot;,\n    &quot;anchor&quot;: &quot;&quot;,\n    &quot;index&quot;: &quot;&quot;,\n    &quot;color&quot;: &quot;red&quot;\n}\"><\/jgu-base-heading>\n\n\n\n<p>Contact person: Sarah Merk<\/p>\n\n\n<jgu-base-heading react-props=\"{\n    &quot;tags&quot;: {\n        &quot;htmlTag&quot;: &quot;h2&quot;,\n        &quot;classTag&quot;: &quot;h3&quot;,\n        &quot;tag&quot;: &quot;h2.h3&quot;\n    },\n    &quot;heading&quot;: &quot;Library use&quot;,\n    &quot;textAlign&quot;: &quot;left&quot;,\n    &quot;anchor&quot;: &quot;&quot;,\n    &quot;index&quot;: &quot;&quot;,\n    &quot;color&quot;: &quot;red&quot;\n}\"><\/jgu-base-heading>\n\n\n\n<p>It is a reference library, the books can be used on site. It is possible to borrow some books over the weekend by prior arrangement. <\/p>\n\n\n<jgu-base-heading react-props=\"{\n    &quot;tags&quot;: {\n        &quot;htmlTag&quot;: &quot;h2&quot;,\n        &quot;classTag&quot;: &quot;h3&quot;,\n        &quot;tag&quot;: &quot;h2.h3&quot;\n    },\n    &quot;heading&quot;: &quot;Collection areas&quot;,\n    &quot;textAlign&quot;: &quot;left&quot;,\n    &quot;anchor&quot;: &quot;&quot;,\n    &quot;index&quot;: &quot;&quot;,\n    &quot;color&quot;: &quot;red&quot;\n}\"><\/jgu-base-heading>\n\n\n\n<p>The collection includes philology, archaeology and the history of the ancient Orient.<\/p>\n\n\n\n<p><\/p>\n\n\n<\/jgu-base-modal><\/div>\n\n\n\n<div class=\"wp-block-column is-layout-flow wp-block-column-is-layout-flow\"><jgu-base-teaserbox react-props=\"{\n    &quot;headline&quot;: {\n        &quot;htmlTag&quot;: &quot;h2&quot;,\n        &quot;classTag&quot;: &quot;&quot;,\n        &quot;tag&quot;: &quot;h2&quot;\n    },\n    &quot;image&quot;: {\n        &quot;id&quot;: 10112,\n        &quot;url&quot;: &quot;https:\\\/\\\/cms.zdv.uni-mainz.de\\\/fb07-iaw\\\/wp-content\\\/uploads\\\/sites\\\/275\\\/2024\\\/12\\\/alte-geschichte-header_0-1.jpg&quot;,\n        &quot;title&quot;: &quot;alte-geschichte-header_0-1&quot;,\n        &quot;width&quot;: 1440,\n        &quot;height&quot;: 630,\n        &quot;srcset&quot;: &quot;https:\\\/\\\/cms.zdv.uni-mainz.de\\\/fb07-iaw\\\/wp-content\\\/uploads\\\/sites\\\/275\\\/2024\\\/12\\\/alte-geschichte-header_0-1.jpg 1440w, https:\\\/\\\/cms.zdv.uni-mainz.de\\\/fb07-iaw\\\/wp-content\\\/uploads\\\/sites\\\/275\\\/2024\\\/12\\\/alte-geschichte-header_0-1-300x131.jpg 300w, https:\\\/\\\/cms.zdv.uni-mainz.de\\\/fb07-iaw\\\/wp-content\\\/uploads\\\/sites\\\/275\\\/2024\\\/12\\\/alte-geschichte-header_0-1-1024x448.jpg 1024w, https:\\\/\\\/cms.zdv.uni-mainz.de\\\/fb07-iaw\\\/wp-content\\\/uploads\\\/sites\\\/275\\\/2024\\\/12\\\/alte-geschichte-header_0-1-768x336.jpg 768w&quot;\n    },\n    &quot;color&quot;: &quot;dark&quot;,\n    &quot;index&quot;: &quot;Library&quot;,\n    &quot;title&quot;: &quot;Classical Archaeology&quot;,\n    &quot;linkTitle&quot;: &quot;learn more&quot;,\n    &quot;link&quot;: {\n        &quot;url&quot;: &quot;https:\\\/\\\/www.ub.uni-mainz.de\\\/de\\\/klassische-archaeologie&quot;,\n        &quot;id&quot;: &quot;https:\\\/\\\/www.ub.uni-mainz.de\\\/de\\\/klassische-archaeologie&quot;,\n        &quot;title&quot;: &quot;https:\\\/\\\/www.ub.uni-mainz.de\\\/de\\\/klassische-archaeologie&quot;,\n        &quot;type&quot;: &quot;link&quot;\n    },\n    &quot;align&quot;: &quot;wide&quot;,\n    &quot;icon&quot;: &quot;&quot;,\n    &quot;iconColor&quot;: &quot;default&quot;,\n    &quot;isCalendar&quot;: false,\n    &quot;iconBoxed&quot;: false,\n    &quot;useLinkList&quot;: false,\n    &quot;linkList&quot;: {},\n    &quot;hideThumbnail&quot;: false,\n    &quot;type&quot;: &quot;boxed&quot;,\n    &quot;excerpt&quot;: &quot;&quot;,\n    &quot;linkStyle&quot;: &quot;default&quot;,\n    &quot;overboxImage&quot;: false,\n    &quot;differingHeadlineColor&quot;: false,\n    &quot;headlineColor&quot;: &quot;&quot;,\n    &quot;textPositionBottom&quot;: false,\n    &quot;template&quot;: &quot;&quot;,\n    &quot;video&quot;: {\n        &quot;provider&quot;: &quot;youtube&quot;,\n        &quot;id&quot;: &quot;&quot;,\n        &quot;poster&quot;: &quot;&quot;\n    },\n    &quot;audioUrl&quot;: &quot;&quot;,\n    &quot;unbound&quot;: false\n}\">\n    \n<\/jgu-base-teaserbox>\n\n<jgu-base-modal react-props=\"{&quot;text&quot;:&quot;Opening hours, location, contact&quot;,&quot;buttonStyling&quot;:&quot;primary&quot;,&quot;children&quot;:&quot;\\n&lt;jgu-base-heading react-props=\\&quot;{\\n    &amp;quot;tags&amp;quot;: {\\n        &amp;quot;htmlTag&amp;quot;: &amp;quot;h2&amp;quot;,\\n        &amp;quot;classTag&amp;quot;: &amp;quot;h3&amp;quot;,\\n        &amp;quot;tag&amp;quot;: &amp;quot;h2.h3&amp;quot;\\n    },\\n    &amp;quot;heading&amp;quot;: &amp;quot;Opening hours&amp;quot;,\\n    &amp;quot;textAlign&amp;quot;: &amp;quot;left&amp;quot;,\\n    &amp;quot;anchor&amp;quot;: &amp;quot;&amp;quot;,\\n    &amp;quot;index&amp;quot;: &amp;quot;&amp;quot;,\\n    &amp;quot;color&amp;quot;: &amp;quot;red&amp;quot;\\n}\\&quot;&gt;&lt;\\\/jgu-base-heading&gt;\\n\\n\\n\\n&lt;p&gt;Monday - Friday 08:00 - 21:00&lt;br\\\/&gt;Saturday - Sunday 10:00 - 21:00&lt;\\\/p&gt;\\n\\n\\n&lt;jgu-base-heading react-props=\\&quot;{\\n    &amp;quot;tags&amp;quot;: {\\n        &amp;quot;htmlTag&amp;quot;: &amp;quot;h2&amp;quot;,\\n        &amp;quot;classTag&amp;quot;: &amp;quot;h3&amp;quot;,\\n        &amp;quot;tag&amp;quot;: &amp;quot;h2.h3&amp;quot;\\n    },\\n    &amp;quot;heading&amp;quot;: &amp;quot;Location&amp;quot;,\\n    &amp;quot;textAlign&amp;quot;: &amp;quot;left&amp;quot;,\\n    &amp;quot;anchor&amp;quot;: &amp;quot;&amp;quot;,\\n    &amp;quot;index&amp;quot;: &amp;quot;&amp;quot;,\\n    &amp;quot;color&amp;quot;: &amp;quot;red&amp;quot;\\n}\\&quot;&gt;&lt;\\\/jgu-base-heading&gt;\\n\\n\\n\\n&lt;p&gt;Philosophicum I&lt;br\\\/&gt;Jakob-Welder-Weg 18&lt;br\\\/&gt;55128 Mainz&lt;\\\/p&gt;\\n\\n\\n&lt;jgu-base-heading react-props=\\&quot;{\\n    &amp;quot;tags&amp;quot;: {\\n        &amp;quot;htmlTag&amp;quot;: &amp;quot;h2&amp;quot;,\\n        &amp;quot;classTag&amp;quot;: &amp;quot;h3&amp;quot;,\\n        &amp;quot;tag&amp;quot;: &amp;quot;h2.h3&amp;quot;\\n    },\\n    &amp;quot;heading&amp;quot;: &amp;quot;Contact us&amp;quot;,\\n    &amp;quot;textAlign&amp;quot;: &amp;quot;left&amp;quot;,\\n    &amp;quot;anchor&amp;quot;: &amp;quot;&amp;quot;,\\n    &amp;quot;index&amp;quot;: &amp;quot;&amp;quot;,\\n    &amp;quot;color&amp;quot;: &amp;quot;red&amp;quot;\\n}\\&quot;&gt;&lt;\\\/jgu-base-heading&gt;\\n\\n\\n\\n&lt;p&gt;Dr. Patrick Schollmeyer&lt;br\\\/&gt;Email: schollme@uni-mainz.de&lt;\\\/p&gt;\\n\\n\\n\\n&lt;p&gt;&lt;\\\/p&gt;\\n\\n&quot;}\">\n    \n<jgu-base-heading react-props=\"{\n    &quot;tags&quot;: {\n        &quot;htmlTag&quot;: &quot;h2&quot;,\n        &quot;classTag&quot;: &quot;h3&quot;,\n        &quot;tag&quot;: &quot;h2.h3&quot;\n    },\n    &quot;heading&quot;: &quot;Opening hours&quot;,\n    &quot;textAlign&quot;: &quot;left&quot;,\n    &quot;anchor&quot;: &quot;&quot;,\n    &quot;index&quot;: &quot;&quot;,\n    &quot;color&quot;: &quot;red&quot;\n}\"><\/jgu-base-heading>\n\n\n\n<p>Monday &#8211; Friday 08:00 &#8211; 21:00<br\/>Saturday &#8211; Sunday 10:00 &#8211; 21:00<\/p>\n\n\n<jgu-base-heading react-props=\"{\n    &quot;tags&quot;: {\n        &quot;htmlTag&quot;: &quot;h2&quot;,\n        &quot;classTag&quot;: &quot;h3&quot;,\n        &quot;tag&quot;: &quot;h2.h3&quot;\n    },\n    &quot;heading&quot;: &quot;Location&quot;,\n    &quot;textAlign&quot;: &quot;left&quot;,\n    &quot;anchor&quot;: &quot;&quot;,\n    &quot;index&quot;: &quot;&quot;,\n    &quot;color&quot;: &quot;red&quot;\n}\"><\/jgu-base-heading>\n\n\n\n<p>Philosophicum I<br\/>Jakob-Welder-Weg 18<br\/>55128 Mainz<\/p>\n\n\n<jgu-base-heading react-props=\"{\n    &quot;tags&quot;: {\n        &quot;htmlTag&quot;: &quot;h2&quot;,\n        &quot;classTag&quot;: &quot;h3&quot;,\n        &quot;tag&quot;: &quot;h2.h3&quot;\n    },\n    &quot;heading&quot;: &quot;Contact us&quot;,\n    &quot;textAlign&quot;: &quot;left&quot;,\n    &quot;anchor&quot;: &quot;&quot;,\n    &quot;index&quot;: &quot;&quot;,\n    &quot;color&quot;: &quot;red&quot;\n}\"><\/jgu-base-heading>\n\n\n\n<p>Dr. Patrick Schollmeyer<br\/>Email: schollme@uni-mainz.de<\/p>\n\n\n\n<p><\/p>\n\n\n<\/jgu-base-modal><\/div>\n<\/div>\n\n<div class=\"wp-block-columns is-layout-flex wp-container-core-columns-is-layout-9d6595d7 wp-block-columns-is-layout-flex\">\n<div class=\"wp-block-column is-layout-flow wp-block-column-is-layout-flow\"><jgu-base-teaserbox react-props=\"{\n    &quot;headline&quot;: {\n        &quot;htmlTag&quot;: &quot;h2&quot;,\n        &quot;classTag&quot;: &quot;&quot;,\n        &quot;tag&quot;: &quot;h2&quot;\n    },\n    &quot;image&quot;: {\n        &quot;id&quot;: 10094,\n        &quot;url&quot;: &quot;https:\\\/\\\/cms.zdv.uni-mainz.de\\\/fb07-iaw\\\/wp-content\\\/uploads\\\/sites\\\/275\\\/2024\\\/12\\\/klassische-philologie-header2-1.jpg&quot;,\n        &quot;title&quot;: &quot;klassische-philologie-header2-1&quot;,\n        &quot;width&quot;: 1440,\n        &quot;height&quot;: 630,\n        &quot;srcset&quot;: &quot;https:\\\/\\\/cms.zdv.uni-mainz.de\\\/fb07-iaw\\\/wp-content\\\/uploads\\\/sites\\\/275\\\/2024\\\/12\\\/klassische-philologie-header2-1.jpg 1440w, https:\\\/\\\/cms.zdv.uni-mainz.de\\\/fb07-iaw\\\/wp-content\\\/uploads\\\/sites\\\/275\\\/2024\\\/12\\\/klassische-philologie-header2-1-300x131.jpg 300w, https:\\\/\\\/cms.zdv.uni-mainz.de\\\/fb07-iaw\\\/wp-content\\\/uploads\\\/sites\\\/275\\\/2024\\\/12\\\/klassische-philologie-header2-1-1024x448.jpg 1024w, https:\\\/\\\/cms.zdv.uni-mainz.de\\\/fb07-iaw\\\/wp-content\\\/uploads\\\/sites\\\/275\\\/2024\\\/12\\\/klassische-philologie-header2-1-768x336.jpg 768w&quot;\n    },\n    &quot;color&quot;: &quot;dark-blue&quot;,\n    &quot;index&quot;: &quot;Library&quot;,\n    &quot;title&quot;: &quot;Classical Philology&quot;,\n    &quot;linkTitle&quot;: &quot;learn more&quot;,\n    &quot;link&quot;: {\n        &quot;url&quot;: &quot;https:\\\/\\\/www.ub.uni-mainz.de\\\/de\\\/klassische-philologie&quot;,\n        &quot;id&quot;: &quot;https:\\\/\\\/www.ub.uni-mainz.de\\\/de\\\/klassische-philologie&quot;,\n        &quot;title&quot;: &quot;https:\\\/\\\/www.ub.uni-mainz.de\\\/de\\\/klassische-philologie&quot;,\n        &quot;type&quot;: &quot;link&quot;\n    },\n    &quot;align&quot;: &quot;wide&quot;,\n    &quot;icon&quot;: &quot;&quot;,\n    &quot;iconColor&quot;: &quot;default&quot;,\n    &quot;isCalendar&quot;: false,\n    &quot;iconBoxed&quot;: false,\n    &quot;useLinkList&quot;: false,\n    &quot;linkList&quot;: {},\n    &quot;hideThumbnail&quot;: false,\n    &quot;type&quot;: &quot;boxed&quot;,\n    &quot;excerpt&quot;: &quot;&quot;,\n    &quot;linkStyle&quot;: &quot;default&quot;,\n    &quot;overboxImage&quot;: false,\n    &quot;differingHeadlineColor&quot;: false,\n    &quot;headlineColor&quot;: &quot;&quot;,\n    &quot;textPositionBottom&quot;: false,\n    &quot;template&quot;: &quot;&quot;,\n    &quot;video&quot;: {\n        &quot;provider&quot;: &quot;youtube&quot;,\n        &quot;id&quot;: &quot;&quot;,\n        &quot;poster&quot;: &quot;&quot;\n    },\n    &quot;audioUrl&quot;: &quot;&quot;,\n    &quot;unbound&quot;: false\n}\">\n    \n<\/jgu-base-teaserbox>\n\n<jgu-base-modal react-props=\"{&quot;text&quot;:&quot;Opening hours, location, contact&quot;,&quot;buttonStyling&quot;:&quot;primary&quot;,&quot;children&quot;:&quot;\\n&lt;jgu-base-heading react-props=\\&quot;{\\n    &amp;quot;tags&amp;quot;: {\\n        &amp;quot;htmlTag&amp;quot;: &amp;quot;h2&amp;quot;,\\n        &amp;quot;classTag&amp;quot;: &amp;quot;h3&amp;quot;,\\n        &amp;quot;tag&amp;quot;: &amp;quot;h2.h3&amp;quot;\\n    },\\n    &amp;quot;heading&amp;quot;: &amp;quot;Opening hours&amp;quot;,\\n    &amp;quot;textAlign&amp;quot;: &amp;quot;left&amp;quot;,\\n    &amp;quot;anchor&amp;quot;: &amp;quot;&amp;quot;,\\n    &amp;quot;index&amp;quot;: &amp;quot;&amp;quot;,\\n    &amp;quot;color&amp;quot;: &amp;quot;red&amp;quot;\\n}\\&quot;&gt;&lt;\\\/jgu-base-heading&gt;\\n\\n\\n\\n&lt;p&gt;Mon-Fri 08:00-21:00&lt;br\\\/&gt;Sat-Sun 10:00-21:00&lt;\\\/p&gt;\\n\\n\\n&lt;jgu-base-heading react-props=\\&quot;{\\n    &amp;quot;tags&amp;quot;: {\\n        &amp;quot;htmlTag&amp;quot;: &amp;quot;h2&amp;quot;,\\n        &amp;quot;classTag&amp;quot;: &amp;quot;h3&amp;quot;,\\n        &amp;quot;tag&amp;quot;: &amp;quot;h2.h3&amp;quot;\\n    },\\n    &amp;quot;heading&amp;quot;: &amp;quot;Location&amp;quot;,\\n    &amp;quot;textAlign&amp;quot;: &amp;quot;left&amp;quot;,\\n    &amp;quot;anchor&amp;quot;: &amp;quot;&amp;quot;,\\n    &amp;quot;index&amp;quot;: &amp;quot;&amp;quot;,\\n    &amp;quot;color&amp;quot;: &amp;quot;red&amp;quot;\\n}\\&quot;&gt;&lt;\\\/jgu-base-heading&gt;\\n\\n\\n\\n&lt;p&gt;Philosophicum I&lt;br\\\/&gt;Jakob-Welder-Weg 18&lt;br\\\/&gt;R 03-712&lt;br\\\/&gt;55128 Mainz&lt;\\\/p&gt;\\n\\n\\n&lt;jgu-base-heading react-props=\\&quot;{\\n    &amp;quot;tags&amp;quot;: {\\n        &amp;quot;htmlTag&amp;quot;: &amp;quot;h2&amp;quot;,\\n        &amp;quot;classTag&amp;quot;: &amp;quot;h3&amp;quot;,\\n        &amp;quot;tag&amp;quot;: &amp;quot;h2.h3&amp;quot;\\n    },\\n    &amp;quot;heading&amp;quot;: &amp;quot;Contact us&amp;quot;,\\n    &amp;quot;textAlign&amp;quot;: &amp;quot;left&amp;quot;,\\n    &amp;quot;anchor&amp;quot;: &amp;quot;&amp;quot;,\\n    &amp;quot;index&amp;quot;: &amp;quot;&amp;quot;,\\n    &amp;quot;color&amp;quot;: &amp;quot;red&amp;quot;\\n}\\&quot;&gt;&lt;\\\/jgu-base-heading&gt;\\n\\n\\n\\n&lt;p&gt;Dr. Wolfram Brinker&lt;br\\\/&gt;Email: brinker@uni-mainz.de &lt;br\\\/&gt;Phone: 06131 39-23140&lt;\\\/p&gt;\\n\\n&quot;}\">\n    \n<jgu-base-heading react-props=\"{\n    &quot;tags&quot;: {\n        &quot;htmlTag&quot;: &quot;h2&quot;,\n        &quot;classTag&quot;: &quot;h3&quot;,\n        &quot;tag&quot;: &quot;h2.h3&quot;\n    },\n    &quot;heading&quot;: &quot;Opening hours&quot;,\n    &quot;textAlign&quot;: &quot;left&quot;,\n    &quot;anchor&quot;: &quot;&quot;,\n    &quot;index&quot;: &quot;&quot;,\n    &quot;color&quot;: &quot;red&quot;\n}\"><\/jgu-base-heading>\n\n\n\n<p>Mon-Fri 08:00-21:00<br\/>Sat-Sun 10:00-21:00<\/p>\n\n\n<jgu-base-heading react-props=\"{\n    &quot;tags&quot;: {\n        &quot;htmlTag&quot;: &quot;h2&quot;,\n        &quot;classTag&quot;: &quot;h3&quot;,\n        &quot;tag&quot;: &quot;h2.h3&quot;\n    },\n    &quot;heading&quot;: &quot;Location&quot;,\n    &quot;textAlign&quot;: &quot;left&quot;,\n    &quot;anchor&quot;: &quot;&quot;,\n    &quot;index&quot;: &quot;&quot;,\n    &quot;color&quot;: &quot;red&quot;\n}\"><\/jgu-base-heading>\n\n\n\n<p>Philosophicum I<br\/>Jakob-Welder-Weg 18<br\/>R 03-712<br\/>55128 Mainz<\/p>\n\n\n<jgu-base-heading react-props=\"{\n    &quot;tags&quot;: {\n        &quot;htmlTag&quot;: &quot;h2&quot;,\n        &quot;classTag&quot;: &quot;h3&quot;,\n        &quot;tag&quot;: &quot;h2.h3&quot;\n    },\n    &quot;heading&quot;: &quot;Contact us&quot;,\n    &quot;textAlign&quot;: &quot;left&quot;,\n    &quot;anchor&quot;: &quot;&quot;,\n    &quot;index&quot;: &quot;&quot;,\n    &quot;color&quot;: &quot;red&quot;\n}\"><\/jgu-base-heading>\n\n\n\n<p>Dr. Wolfram Brinker<br\/>Email: brinker@uni-mainz.de <br\/>Phone: 06131 39-23140<\/p>\n\n\n<\/jgu-base-modal><\/div>\n\n\n\n<div class=\"wp-block-column is-layout-flow wp-block-column-is-layout-flow\"><jgu-base-teaserbox react-props=\"{\n    &quot;headline&quot;: {\n        &quot;htmlTag&quot;: &quot;h2&quot;,\n        &quot;classTag&quot;: &quot;&quot;,\n        &quot;tag&quot;: &quot;h2&quot;\n    },\n    &quot;image&quot;: {\n        &quot;id&quot;: 10097,\n        &quot;url&quot;: &quot;https:\\\/\\\/cms.zdv.uni-mainz.de\\\/fb07-iaw\\\/wp-content\\\/uploads\\\/sites\\\/275\\\/2024\\\/12\\\/vor-und-fruehgeschichte-header2_1-1.jpg&quot;,\n        &quot;title&quot;: &quot;vor-und-fruehgeschichte-header2_1-1&quot;,\n        &quot;width&quot;: 1440,\n        &quot;height&quot;: 630,\n        &quot;srcset&quot;: &quot;https:\\\/\\\/cms.zdv.uni-mainz.de\\\/fb07-iaw\\\/wp-content\\\/uploads\\\/sites\\\/275\\\/2024\\\/12\\\/vor-und-fruehgeschichte-header2_1-1.jpg 1440w, https:\\\/\\\/cms.zdv.uni-mainz.de\\\/fb07-iaw\\\/wp-content\\\/uploads\\\/sites\\\/275\\\/2024\\\/12\\\/vor-und-fruehgeschichte-header2_1-1-300x131.jpg 300w, https:\\\/\\\/cms.zdv.uni-mainz.de\\\/fb07-iaw\\\/wp-content\\\/uploads\\\/sites\\\/275\\\/2024\\\/12\\\/vor-und-fruehgeschichte-header2_1-1-1024x448.jpg 1024w, https:\\\/\\\/cms.zdv.uni-mainz.de\\\/fb07-iaw\\\/wp-content\\\/uploads\\\/sites\\\/275\\\/2024\\\/12\\\/vor-und-fruehgeschichte-header2_1-1-768x336.jpg 768w&quot;\n    },\n    &quot;color&quot;: &quot;blue-gray&quot;,\n    &quot;index&quot;: &quot;Library&quot;,\n    &quot;title&quot;: &quot;Pre- and early historical archaeology&quot;,\n    &quot;linkTitle&quot;: &quot;learn more&quot;,\n    &quot;link&quot;: {\n        &quot;url&quot;: &quot;https:\\\/\\\/www.ub.uni-mainz.de\\\/de\\\/vor-und-fruehgeschichte&quot;,\n        &quot;id&quot;: &quot;https:\\\/\\\/www.ub.uni-mainz.de\\\/de\\\/vor-und-fruehgeschichte&quot;,\n        &quot;title&quot;: &quot;https:\\\/\\\/www.ub.uni-mainz.de\\\/de\\\/vor-und-fruehgeschichte&quot;,\n        &quot;type&quot;: &quot;link&quot;\n    },\n    &quot;align&quot;: &quot;wide&quot;,\n    &quot;icon&quot;: &quot;&quot;,\n    &quot;iconColor&quot;: &quot;default&quot;,\n    &quot;isCalendar&quot;: false,\n    &quot;iconBoxed&quot;: false,\n    &quot;useLinkList&quot;: false,\n    &quot;linkList&quot;: {},\n    &quot;hideThumbnail&quot;: false,\n    &quot;type&quot;: &quot;boxed&quot;,\n    &quot;excerpt&quot;: &quot;&quot;,\n    &quot;linkStyle&quot;: &quot;default&quot;,\n    &quot;overboxImage&quot;: false,\n    &quot;differingHeadlineColor&quot;: false,\n    &quot;headlineColor&quot;: &quot;&quot;,\n    &quot;textPositionBottom&quot;: false,\n    &quot;template&quot;: &quot;&quot;,\n    &quot;video&quot;: {\n        &quot;provider&quot;: &quot;youtube&quot;,\n        &quot;id&quot;: &quot;&quot;,\n        &quot;poster&quot;: &quot;&quot;\n    },\n    &quot;audioUrl&quot;: &quot;&quot;,\n    &quot;unbound&quot;: false\n}\">\n    \n<\/jgu-base-teaserbox>\n\n<jgu-base-modal react-props=\"{&quot;text&quot;:&quot;Opening hours, location, contact&quot;,&quot;buttonStyling&quot;:&quot;primary&quot;,&quot;children&quot;:&quot;\\n&lt;jgu-base-heading react-props=\\&quot;{\\n    &amp;quot;tags&amp;quot;: {\\n        &amp;quot;htmlTag&amp;quot;: &amp;quot;h2&amp;quot;,\\n        &amp;quot;classTag&amp;quot;: &amp;quot;h3&amp;quot;,\\n        &amp;quot;tag&amp;quot;: &amp;quot;h2.h3&amp;quot;\\n    },\\n    &amp;quot;heading&amp;quot;: &amp;quot;Opening hours&amp;quot;,\\n    &amp;quot;textAlign&amp;quot;: &amp;quot;left&amp;quot;,\\n    &amp;quot;anchor&amp;quot;: &amp;quot;&amp;quot;,\\n    &amp;quot;index&amp;quot;: &amp;quot;&amp;quot;,\\n    &amp;quot;color&amp;quot;: &amp;quot;red&amp;quot;\\n}\\&quot;&gt;&lt;\\\/jgu-base-heading&gt;\\n\\n\\n\\n&lt;p&gt;Mon-Thu 08:00-17:00,&lt;br\\\/&gt;Fri 09:00-15:00&lt;\\\/p&gt;\\n\\n\\n&lt;jgu-base-heading react-props=\\&quot;{\\n    &amp;quot;tags&amp;quot;: {\\n        &amp;quot;htmlTag&amp;quot;: &amp;quot;h2&amp;quot;,\\n        &amp;quot;classTag&amp;quot;: &amp;quot;h3&amp;quot;,\\n        &amp;quot;tag&amp;quot;: &amp;quot;h2.h3&amp;quot;\\n    },\\n    &amp;quot;heading&amp;quot;: &amp;quot;Location&amp;quot;,\\n    &amp;quot;textAlign&amp;quot;: &amp;quot;left&amp;quot;,\\n    &amp;quot;anchor&amp;quot;: &amp;quot;&amp;quot;,\\n    &amp;quot;index&amp;quot;: &amp;quot;&amp;quot;,\\n    &amp;quot;color&amp;quot;: &amp;quot;red&amp;quot;\\n}\\&quot;&gt;&lt;\\\/jgu-base-heading&gt;\\n\\n\\n\\n&lt;p&gt;Hegelstra\\u00dfe 59, 4th floor, 55122 Mainz&lt;\\\/p&gt;\\n\\n\\n&lt;jgu-base-heading react-props=\\&quot;{\\n    &amp;quot;tags&amp;quot;: {\\n        &amp;quot;htmlTag&amp;quot;: &amp;quot;h2&amp;quot;,\\n        &amp;quot;classTag&amp;quot;: &amp;quot;h3&amp;quot;,\\n        &amp;quot;tag&amp;quot;: &amp;quot;h2.h3&amp;quot;\\n    },\\n    &amp;quot;heading&amp;quot;: &amp;quot;Contact us&amp;quot;,\\n    &amp;quot;textAlign&amp;quot;: &amp;quot;left&amp;quot;,\\n    &amp;quot;anchor&amp;quot;: &amp;quot;&amp;quot;,\\n    &amp;quot;index&amp;quot;: &amp;quot;&amp;quot;,\\n    &amp;quot;color&amp;quot;: &amp;quot;red&amp;quot;\\n}\\&quot;&gt;&lt;\\\/jgu-base-heading&gt;\\n\\n\\n\\n&lt;p&gt;B. Wagner-Hertel&lt;br\\\/&gt;Email: B.Wagner-Hertel@ub.uni-mainz.de&lt;br\\\/&gt;Phone: +49 (0) 6131\\\/3927120&lt;\\\/p&gt;\\n\\n\\n\\n&lt;p&gt;B. Nessel &lt;br\\\/&gt;Email: bnessel@uni-mainz.de&lt;br\\\/&gt;Phone: +49 (0) 6131\\\/39-28925&lt;\\\/p&gt;\\n\\n\\n\\n&lt;p&gt;&lt;\\\/p&gt;\\n\\n\\n\\n&lt;p&gt;&lt;\\\/p&gt;\\n\\n&quot;}\">\n    \n<jgu-base-heading react-props=\"{\n    &quot;tags&quot;: {\n        &quot;htmlTag&quot;: &quot;h2&quot;,\n        &quot;classTag&quot;: &quot;h3&quot;,\n        &quot;tag&quot;: &quot;h2.h3&quot;\n    },\n    &quot;heading&quot;: &quot;Opening hours&quot;,\n    &quot;textAlign&quot;: &quot;left&quot;,\n    &quot;anchor&quot;: &quot;&quot;,\n    &quot;index&quot;: &quot;&quot;,\n    &quot;color&quot;: &quot;red&quot;\n}\"><\/jgu-base-heading>\n\n\n\n<p>Mon-Thu 08:00-17:00,<br\/>Fri 09:00-15:00<\/p>\n\n\n<jgu-base-heading react-props=\"{\n    &quot;tags&quot;: {\n        &quot;htmlTag&quot;: &quot;h2&quot;,\n        &quot;classTag&quot;: &quot;h3&quot;,\n        &quot;tag&quot;: &quot;h2.h3&quot;\n    },\n    &quot;heading&quot;: &quot;Location&quot;,\n    &quot;textAlign&quot;: &quot;left&quot;,\n    &quot;anchor&quot;: &quot;&quot;,\n    &quot;index&quot;: &quot;&quot;,\n    &quot;color&quot;: &quot;red&quot;\n}\"><\/jgu-base-heading>\n\n\n\n<p>Hegelstra\u00dfe 59, 4th floor, 55122 Mainz<\/p>\n\n\n<jgu-base-heading react-props=\"{\n    &quot;tags&quot;: {\n        &quot;htmlTag&quot;: &quot;h2&quot;,\n        &quot;classTag&quot;: &quot;h3&quot;,\n        &quot;tag&quot;: &quot;h2.h3&quot;\n    },\n    &quot;heading&quot;: &quot;Contact us&quot;,\n    &quot;textAlign&quot;: &quot;left&quot;,\n    &quot;anchor&quot;: &quot;&quot;,\n    &quot;index&quot;: &quot;&quot;,\n    &quot;color&quot;: &quot;red&quot;\n}\"><\/jgu-base-heading>\n\n\n\n<p>B. Wagner-Hertel<br\/>Email: B.Wagner-Hertel@ub.uni-mainz.de<br\/>Phone: +49 (0) 6131\/3927120<\/p>\n\n\n\n<p>B. Nessel <br\/>Email: bnessel@uni-mainz.de<br\/>Phone: +49 (0) 6131\/39-28925<\/p>\n\n\n\n<p><\/p>\n\n\n\n<p><\/p>\n\n\n<\/jgu-base-modal><\/div>\n\n\n\n<div class=\"wp-block-column is-layout-flow wp-block-column-is-layout-flow\"><jgu-base-button style=\"display: flex; flex-wrap: wrap; column-gap: 30px; max-width: 100%; flex-direction: row; justify-content: left\">\n  \n<\/jgu-base-button>\n\n\n<div style=\"height:130px\" aria-hidden=\"true\" class=\"wp-block-spacer\"><\/div>\n\n\n<jgu-base-button style=\"display: flex; flex-wrap: wrap; column-gap: 30px; max-width: 100%; flex-direction: row; justify-content: left\">\n  \n<jgu-base-buttonitem react-props=\"{\n    &quot;text&quot;: &quot;Presentation Introduction Library Philosophicum  &quot;,\n    &quot;link&quot;: {\n        &quot;url&quot;: &quot;https:\\\/\\\/cms.zdv.uni-mainz.de\\\/fb07-iaw\\\/wp-content\\\/uploads\\\/sites\\\/275\\\/2025\\\/04\\\/BB-Phil_ALPHA_SoSe25_PP-1.pdf&quot;,\n        &quot;linkTarget&quot;: &quot;&quot;,\n        &quot;rel&quot;: &quot;&quot;\n    },\n    &quot;align&quot;: &quot;left&quot;,\n    &quot;styling&quot;: &quot;primary&quot;,\n    &quot;icon&quot;: &quot;arrow-right-solid&quot;,\n    &quot;type&quot;: &quot;default&quot;,\n    &quot;iconBefore&quot;: false,\n    &quot;isSmall&quot;: false,\n    &quot;fullWidth&quot;: false,\n    &quot;className&quot;: &quot;&quot;\n}\"><\/jgu-base-buttonitem>\n\n<\/jgu-base-button><\/div>\n<\/div>\n<div\n\tclass=\"jgu-anchorpoint\"\n\tid=\"image databases\"\n\tdata-label=\"Image databases\"\n\tdata-hide-in-nav=\"false\"\n\ttabindex=\"0\"\n\tdata-initial-scroll=\"true\"\n><\/div>\n<jgu-base-section react-props=\"{&quot;color&quot;:&quot;dark&quot;,&quot;align&quot;:&quot;wide&quot;,&quot;padding&quot;:&quot;medium&quot;}\">\n<div class=\"jgu-bgsection bg bg-dark\"><div class=\"content padding-medium\"><jgu-base-heading react-props=\"{\n    &quot;color&quot;: &quot;default&quot;,\n    &quot;tags&quot;: {\n        &quot;htmlTag&quot;: &quot;h2&quot;,\n        &quot;classTag&quot;: &quot;&quot;,\n        &quot;tag&quot;: &quot;h2&quot;\n    },\n    &quot;heading&quot;: &quot;Image databases&quot;,\n    &quot;textAlign&quot;: &quot;left&quot;,\n    &quot;anchor&quot;: &quot;&quot;,\n    &quot;index&quot;: &quot;&quot;\n}\"><\/jgu-base-heading>\n\n\n\n<div style=\"height:90px\" aria-hidden=\"true\" class=\"wp-block-spacer\"><\/div>\n\n\n\n<div class=\"wp-block-columns is-layout-flex wp-container-core-columns-is-layout-9d6595d7 wp-block-columns-is-layout-flex\">\n<div class=\"wp-block-column is-layout-flow wp-block-column-is-layout-flow\">\n<div class=\"wp-block-columns is-layout-flex wp-container-core-columns-is-layout-9d6595d7 wp-block-columns-is-layout-flex\">\n<div class=\"wp-block-column is-layout-flow wp-block-column-is-layout-flow\"><jgu-base-teaserbox react-props=\"{\n    &quot;headline&quot;: {\n        &quot;htmlTag&quot;: &quot;h2&quot;,\n        &quot;classTag&quot;: &quot;&quot;,\n        &quot;tag&quot;: &quot;h2&quot;\n    },\n    &quot;color&quot;: &quot;white-dark-text&quot;,\n    &quot;index&quot;: &quot;Image database  &quot;,\n    &quot;title&quot;: &quot;Egyptology&quot;,\n    &quot;excerpt&quot;: &quot;When using the images, please indicate the corresponding rights. A reference to the database is not sufficient. &quot;,\n    &quot;linkTitle&quot;: &quot;learn more&quot;,\n    &quot;align&quot;: &quot;wide&quot;,\n    &quot;icon&quot;: &quot;&quot;,\n    &quot;iconColor&quot;: &quot;default&quot;,\n    &quot;isCalendar&quot;: false,\n    &quot;iconBoxed&quot;: false,\n    &quot;useLinkList&quot;: false,\n    &quot;linkList&quot;: {},\n    &quot;hideThumbnail&quot;: false,\n    &quot;type&quot;: &quot;boxed&quot;,\n    &quot;linkStyle&quot;: &quot;default&quot;,\n    &quot;overboxImage&quot;: false,\n    &quot;differingHeadlineColor&quot;: false,\n    &quot;headlineColor&quot;: &quot;&quot;,\n    &quot;textPositionBottom&quot;: false,\n    &quot;template&quot;: &quot;&quot;,\n    &quot;video&quot;: {\n        &quot;provider&quot;: &quot;youtube&quot;,\n        &quot;id&quot;: &quot;&quot;,\n        &quot;poster&quot;: &quot;&quot;\n    },\n    &quot;audioUrl&quot;: &quot;&quot;,\n    &quot;unbound&quot;: false\n}\">\n    \n<\/jgu-base-teaserbox>\n\n<jgu-base-button style=\"display: flex; flex-wrap: wrap; column-gap: 30px; max-width: 100%; flex-direction: row; justify-content: left\">\n  \n<jgu-base-buttonitem react-props=\"{\n    &quot;text&quot;: &quot;To the database&quot;,\n    &quot;styling&quot;: &quot;default&quot;,\n    &quot;link&quot;: {\n        &quot;url&quot;: &quot;https:\\\/\\\/images.ub.uni-mainz.de\\\/search&quot;,\n        &quot;linkTarget&quot;: &quot;&quot;,\n        &quot;rel&quot;: &quot;&quot;,\n        &quot;id&quot;: &quot;https:\\\/\\\/images.ub.uni-mainz.de\\\/search&quot;,\n        &quot;title&quot;: &quot;https:\\\/\\\/images.ub.uni-mainz.de\\\/search&quot;,\n        &quot;type&quot;: &quot;link&quot;\n    },\n    &quot;align&quot;: &quot;left&quot;,\n    &quot;icon&quot;: &quot;arrow-right-solid&quot;,\n    &quot;type&quot;: &quot;default&quot;,\n    &quot;iconBefore&quot;: false,\n    &quot;isSmall&quot;: false,\n    &quot;fullWidth&quot;: false,\n    &quot;className&quot;: &quot;&quot;\n}\"><\/jgu-base-buttonitem>\n\n<\/jgu-base-button><\/div>\n\n\n\n<div class=\"wp-block-column is-layout-flow wp-block-column-is-layout-flow\"><jgu-base-contactcard react-props=\"{\n    &quot;name&quot;: &quot;Contact us&quot;,\n    &quot;avatar&quot;: {\n        &quot;id&quot;: 9896,\n        &quot;url&quot;: &quot;https:\\\/\\\/cms.zdv.uni-mainz.de\\\/fb07-iaw\\\/wp-content\\\/uploads\\\/sites\\\/275\\\/2024\\\/12\\\/zoeller.jpg&quot;,\n        &quot;title&quot;: &quot;z\\u00f6ller&quot;,\n        &quot;width&quot;: 400,\n        &quot;height&quot;: 400,\n        &quot;srcset&quot;: &quot;https:\\\/\\\/cms.zdv.uni-mainz.de\\\/fb07-iaw\\\/wp-content\\\/uploads\\\/sites\\\/275\\\/2024\\\/12\\\/zoeller.jpg 400w, https:\\\/\\\/cms.zdv.uni-mainz.de\\\/fb07-iaw\\\/wp-content\\\/uploads\\\/sites\\\/275\\\/2024\\\/12\\\/zoeller-300x300.jpg 300w, https:\\\/\\\/cms.zdv.uni-mainz.de\\\/fb07-iaw\\\/wp-content\\\/uploads\\\/sites\\\/275\\\/2024\\\/12\\\/zoeller-150x150.jpg 150w&quot;\n    },\n    &quot;align&quot;: &quot;wide&quot;,\n    &quot;actions&quot;: [],\n    &quot;color&quot;: &quot;default&quot;\n}\">\n    \n<jgu-base-listitem react-props=\"{\n    &quot;icon&quot;: &quot;user-check-solid&quot;,\n    &quot;title&quot;: &quot;Dr. Monika Z\\u00f6ller-Engelhardt&quot;,\n    &quot;uuid&quot;: &quot;1728985080353&quot;,\n    &quot;align&quot;: &quot;wide&quot;,\n    &quot;showInActions&quot;: false,\n    &quot;allowNesting&quot;: true,\n    &quot;showExpandableContent&quot;: false,\n    &quot;expandableContent&quot;: &quot;&quot;,\n    &quot;link&quot;: {\n        &quot;url&quot;: &quot;&quot;\n    }\n}\">\n    \n<\/jgu-base-listitem>\n\n<jgu-base-listitem react-props=\"{\n    &quot;icon&quot;: &quot;phone-solid&quot;,\n    &quot;title&quot;: &quot;+49 6131 39 38344&quot;,\n    &quot;uuid&quot;: &quot;1728985085142&quot;,\n    &quot;align&quot;: &quot;wide&quot;,\n    &quot;showInActions&quot;: false,\n    &quot;allowNesting&quot;: true,\n    &quot;showExpandableContent&quot;: false,\n    &quot;expandableContent&quot;: &quot;&quot;,\n    &quot;link&quot;: {\n        &quot;url&quot;: &quot;&quot;\n    }\n}\">\n    \n<\/jgu-base-listitem>\n\n<jgu-base-listitem react-props=\"{\n    &quot;icon&quot;: &quot;envelope-solid&quot;,\n    &quot;title&quot;: &quot;zoellem@uni-mainz.de&quot;,\n    &quot;uuid&quot;: &quot;1728985238233&quot;,\n    &quot;align&quot;: &quot;wide&quot;,\n    &quot;showInActions&quot;: false,\n    &quot;allowNesting&quot;: true,\n    &quot;showExpandableContent&quot;: false,\n    &quot;expandableContent&quot;: &quot;&quot;,\n    &quot;link&quot;: {\n        &quot;url&quot;: &quot;&quot;\n    }\n}\">\n    \n<\/jgu-base-listitem>\n\n<jgu-base-listitem react-props=\"{\n    &quot;icon&quot;: &quot;play-solid&quot;,\n    &quot;title&quot;: &quot;General inquiries to &lt;br&gt;&lt;a href=\\&quot;mailto:bilddatenbank-aegyptologie@uni-mainz.de\\&quot;&gt;bilddatenbank-aegyptologie@uni-mainz.de&lt;\\\/a&gt;&quot;,\n    &quot;uuid&quot;: &quot;1728985240296&quot;,\n    &quot;align&quot;: &quot;wide&quot;,\n    &quot;showInActions&quot;: false,\n    &quot;allowNesting&quot;: true,\n    &quot;showExpandableContent&quot;: false,\n    &quot;expandableContent&quot;: &quot;&quot;,\n    &quot;link&quot;: {\n        &quot;url&quot;: &quot;&quot;\n    }\n}\">\n    \n<\/jgu-base-listitem>\n\n<\/jgu-base-contactcard><\/div>\n<\/div>\n<\/div>\n\n\n\n<div class=\"wp-block-column is-layout-flow wp-block-column-is-layout-flow\">\n<div class=\"wp-block-columns is-layout-flex wp-container-core-columns-is-layout-9d6595d7 wp-block-columns-is-layout-flex\">\n<div class=\"wp-block-column is-layout-flow wp-block-column-is-layout-flow\"><jgu-base-teaserbox react-props=\"{\n    &quot;headline&quot;: {\n        &quot;htmlTag&quot;: &quot;h2&quot;,\n        &quot;classTag&quot;: &quot;&quot;,\n        &quot;tag&quot;: &quot;h2&quot;\n    },\n    &quot;color&quot;: &quot;dark-blue&quot;,\n    &quot;index&quot;: &quot;Image database&quot;,\n    &quot;title&quot;: &quot;Ancient Near Eastern Archaeology and Ancient Near Eastern Archaeology&quot;,\n    &quot;excerpt&quot;: &quot;When using the images, please indicate the corresponding rights. A reference to the database is not sufficient. &quot;,\n    &quot;linkTitle&quot;: &quot;learn more&quot;,\n    &quot;align&quot;: &quot;wide&quot;,\n    &quot;icon&quot;: &quot;&quot;,\n    &quot;iconColor&quot;: &quot;default&quot;,\n    &quot;isCalendar&quot;: false,\n    &quot;iconBoxed&quot;: false,\n    &quot;useLinkList&quot;: false,\n    &quot;linkList&quot;: {},\n    &quot;hideThumbnail&quot;: false,\n    &quot;type&quot;: &quot;boxed&quot;,\n    &quot;linkStyle&quot;: &quot;default&quot;,\n    &quot;overboxImage&quot;: false,\n    &quot;differingHeadlineColor&quot;: false,\n    &quot;headlineColor&quot;: &quot;&quot;,\n    &quot;textPositionBottom&quot;: false,\n    &quot;template&quot;: &quot;&quot;,\n    &quot;video&quot;: {\n        &quot;provider&quot;: &quot;youtube&quot;,\n        &quot;id&quot;: &quot;&quot;,\n        &quot;poster&quot;: &quot;&quot;\n    },\n    &quot;audioUrl&quot;: &quot;&quot;,\n    &quot;unbound&quot;: false\n}\">\n    \n<\/jgu-base-teaserbox>\n\n<jgu-base-button style=\"display: flex; flex-wrap: wrap; column-gap: 30px; max-width: 100%; flex-direction: row; justify-content: left\">\n  \n<jgu-base-buttonitem react-props=\"{\n    &quot;text&quot;: &quot;To the database&quot;,\n    &quot;link&quot;: {\n        &quot;url&quot;: &quot;https:\\\/\\\/images.ub.uni-mainz.de\\\/search&quot;,\n        &quot;linkTarget&quot;: &quot;&quot;,\n        &quot;rel&quot;: &quot;&quot;,\n        &quot;id&quot;: &quot;https:\\\/\\\/images.ub.uni-mainz.de\\\/search&quot;,\n        &quot;title&quot;: &quot;https:\\\/\\\/images.ub.uni-mainz.de\\\/search&quot;,\n        &quot;type&quot;: &quot;link&quot;\n    },\n    &quot;align&quot;: &quot;left&quot;,\n    &quot;styling&quot;: &quot;primary&quot;,\n    &quot;icon&quot;: &quot;arrow-right-solid&quot;,\n    &quot;type&quot;: &quot;default&quot;,\n    &quot;iconBefore&quot;: false,\n    &quot;isSmall&quot;: false,\n    &quot;fullWidth&quot;: false,\n    &quot;className&quot;: &quot;&quot;\n}\"><\/jgu-base-buttonitem>\n\n<\/jgu-base-button><\/div>\n\n\n\n<div class=\"wp-block-column is-layout-flow wp-block-column-is-layout-flow\"><jgu-base-contactcard react-props=\"{\n    &quot;name&quot;: &quot;Contact us&quot;,\n    &quot;avatar&quot;: {\n        &quot;id&quot;: 9914,\n        &quot;url&quot;: &quot;https:\\\/\\\/cms.zdv.uni-mainz.de\\\/fb07-iaw\\\/wp-content\\\/uploads\\\/sites\\\/275\\\/2024\\\/12\\\/emma-1.jpeg&quot;,\n        &quot;title&quot;: &quot;emma&quot;,\n        &quot;width&quot;: 1231,\n        &quot;height&quot;: 1163,\n        &quot;srcset&quot;: &quot;https:\\\/\\\/cms.zdv.uni-mainz.de\\\/fb07-iaw\\\/wp-content\\\/uploads\\\/sites\\\/275\\\/2024\\\/12\\\/emma-1.jpeg 1231w, https:\\\/\\\/cms.zdv.uni-mainz.de\\\/fb07-iaw\\\/wp-content\\\/uploads\\\/sites\\\/275\\\/2024\\\/12\\\/emma-1-300x283.jpeg 300w, https:\\\/\\\/cms.zdv.uni-mainz.de\\\/fb07-iaw\\\/wp-content\\\/uploads\\\/sites\\\/275\\\/2024\\\/12\\\/emma-1-1024x967.jpeg 1024w, https:\\\/\\\/cms.zdv.uni-mainz.de\\\/fb07-iaw\\\/wp-content\\\/uploads\\\/sites\\\/275\\\/2024\\\/12\\\/emma-1-768x726.jpeg 768w&quot;\n    },\n    &quot;align&quot;: &quot;wide&quot;,\n    &quot;actions&quot;: [],\n    &quot;color&quot;: &quot;default&quot;\n}\">\n    \n<jgu-base-listitem react-props=\"{\n    &quot;icon&quot;: &quot;user-check-solid&quot;,\n    &quot;title&quot;: &quot;Emma Emine Sakal&quot;,\n    &quot;uuid&quot;: &quot;1728985080353&quot;,\n    &quot;align&quot;: &quot;wide&quot;,\n    &quot;showInActions&quot;: false,\n    &quot;allowNesting&quot;: true,\n    &quot;showExpandableContent&quot;: false,\n    &quot;expandableContent&quot;: &quot;&quot;,\n    &quot;link&quot;: {\n        &quot;url&quot;: &quot;&quot;\n    }\n}\">\n    \n<\/jgu-base-listitem>\n\n<jgu-base-listitem react-props=\"{\n    &quot;icon&quot;: &quot;phone-solid&quot;,\n    &quot;title&quot;: &quot;+49 6131 3938334&quot;,\n    &quot;uuid&quot;: &quot;1728985085142&quot;,\n    &quot;align&quot;: &quot;wide&quot;,\n    &quot;showInActions&quot;: false,\n    &quot;allowNesting&quot;: true,\n    &quot;showExpandableContent&quot;: false,\n    &quot;expandableContent&quot;: &quot;&quot;,\n    &quot;link&quot;: {\n        &quot;url&quot;: &quot;&quot;\n    }\n}\">\n    \n<\/jgu-base-listitem>\n\n<jgu-base-listitem react-props=\"{\n    &quot;icon&quot;: &quot;envelope-solid&quot;,\n    &quot;title&quot;: &quot;&lt;a href=\\&quot;mailto:esakal@students.uni-mainz.de\\&quot;&gt;esakal@students.uni-mainz.de&lt;\\\/a&gt;&quot;,\n    &quot;uuid&quot;: &quot;1728985238233&quot;,\n    &quot;link&quot;: {\n        &quot;url&quot;: &quot;mailto:esakal@students.uni-mainz.de&quot;\n    },\n    &quot;align&quot;: &quot;wide&quot;,\n    &quot;showInActions&quot;: false,\n    &quot;allowNesting&quot;: true,\n    &quot;showExpandableContent&quot;: false,\n    &quot;expandableContent&quot;: &quot;&quot;\n}\">\n    \n<\/jgu-base-listitem>\n\n<\/jgu-base-contactcard><\/div>\n<\/div>\n<\/div>\n<\/div>\n\n\n\n<div style=\"height:152px\" aria-hidden=\"true\" class=\"wp-block-spacer\"><\/div>\n\n\n\n<div class=\"wp-block-columns is-layout-flex wp-container-core-columns-is-layout-9d6595d7 wp-block-columns-is-layout-flex\">\n<div class=\"wp-block-column is-layout-flow wp-block-column-is-layout-flow\">\n<div class=\"wp-block-columns is-layout-flex wp-container-core-columns-is-layout-9d6595d7 wp-block-columns-is-layout-flex\">\n<div class=\"wp-block-column is-layout-flow wp-block-column-is-layout-flow\"><jgu-base-teaserbox react-props=\"{\n    &quot;headline&quot;: {\n        &quot;htmlTag&quot;: &quot;h2&quot;,\n        &quot;classTag&quot;: &quot;&quot;,\n        &quot;tag&quot;: &quot;h2&quot;\n    },\n    &quot;index&quot;: &quot;Image database and photo library&quot;,\n    &quot;title&quot;: &quot;Classical Archaeology&quot;,\n    &quot;excerpt&quot;: &quot;When using the images, please indicate the corresponding rights. A reference to the database is not sufficient. &quot;,\n    &quot;linkTitle&quot;: &quot;learn more&quot;,\n    &quot;align&quot;: &quot;wide&quot;,\n    &quot;icon&quot;: &quot;&quot;,\n    &quot;iconColor&quot;: &quot;default&quot;,\n    &quot;isCalendar&quot;: false,\n    &quot;iconBoxed&quot;: false,\n    &quot;useLinkList&quot;: false,\n    &quot;linkList&quot;: {},\n    &quot;hideThumbnail&quot;: false,\n    &quot;type&quot;: &quot;boxed&quot;,\n    &quot;color&quot;: &quot;light&quot;,\n    &quot;linkStyle&quot;: &quot;default&quot;,\n    &quot;overboxImage&quot;: false,\n    &quot;differingHeadlineColor&quot;: false,\n    &quot;headlineColor&quot;: &quot;&quot;,\n    &quot;textPositionBottom&quot;: false,\n    &quot;template&quot;: &quot;&quot;,\n    &quot;video&quot;: {\n        &quot;provider&quot;: &quot;youtube&quot;,\n        &quot;id&quot;: &quot;&quot;,\n        &quot;poster&quot;: &quot;&quot;\n    },\n    &quot;audioUrl&quot;: &quot;&quot;,\n    &quot;unbound&quot;: false\n}\">\n    \n<\/jgu-base-teaserbox>\n\n<jgu-base-button style=\"display: flex; flex-wrap: wrap; column-gap: 30px; max-width: 100%; flex-direction: row; justify-content: left\">\n  \n<jgu-base-buttonitem react-props=\"{\n    &quot;text&quot;: &quot;To the database&quot;,\n    &quot;styling&quot;: &quot;default&quot;,\n    &quot;link&quot;: {\n        &quot;url&quot;: &quot;https:\\\/\\\/images.ub.uni-mainz.de\\\/KA&quot;,\n        &quot;linkTarget&quot;: &quot;&quot;,\n        &quot;rel&quot;: &quot;&quot;,\n        &quot;id&quot;: &quot;https:\\\/\\\/images.ub.uni-mainz.de\\\/KA&quot;,\n        &quot;title&quot;: &quot;https:\\\/\\\/images.ub.uni-mainz.de\\\/KA&quot;,\n        &quot;type&quot;: &quot;link&quot;\n    },\n    &quot;align&quot;: &quot;left&quot;,\n    &quot;icon&quot;: &quot;arrow-right-solid&quot;,\n    &quot;type&quot;: &quot;default&quot;,\n    &quot;iconBefore&quot;: false,\n    &quot;isSmall&quot;: false,\n    &quot;fullWidth&quot;: false,\n    &quot;className&quot;: &quot;&quot;\n}\"><\/jgu-base-buttonitem>\n\n<\/jgu-base-button>\n\n<jgu-base-modal react-props=\"{&quot;text&quot;:&quot;Information about the photo library&quot;,&quot;buttonStyling&quot;:&quot;default&quot;,&quot;children&quot;:&quot;\\n\\n&lt;p&gt;The photo library of Classical Archaeology was largely built up during the time of Frank Brommer. Photographs of all areas of ancient arts and architecture as well as topography are archived in more than 1,000 DIN A4 photo boxes. Some of the photographs already have historical value today. Recently, the &#039;Ancient Sculpture&#039; section has experienced a significant increase through the partial acquisition of the original photographs for Peter C. Bol&#039;s &lt;em&gt;History of Ancient Sculpture&lt;\\\/em&gt;. A further 380 photo boxes in DIN A5 format, in which the photographs of Frank Brommer&#039;s famous &#039;Vase Lists&#039; are stored, are also worthy of special mention. The photo library is housed in its own room, where seminars and practice classes also take place, and is open to all interested users.       &lt;\\\/p&gt;\\n\\n\\n\\n&lt;p&gt;&lt;strong&gt;Contact us&lt;\\\/strong&gt;&lt;\\\/p&gt;\\n\\n\\n\\n&lt;p&gt;Dr. Patrick Schollmeyer&lt;\\\/p&gt;\\n\\n\\n\\n&lt;p&gt;&lt;a href=\\&quot;mailto:schollme@uni-mainz.de\\&quot;&gt;schollme@uni-mainz.de&lt;\\\/a&gt;&lt;\\\/p&gt;\\n\\n&quot;}\">\n    \n\n<p>The photo library of Classical Archaeology was largely built up during the time of Frank Brommer. Photographs of all areas of ancient arts and architecture as well as topography are archived in more than 1,000 DIN A4 photo boxes. Some of the photographs already have historical value today. Recently, the &#8216;Ancient Sculpture&#8217; section has experienced a significant increase through the partial acquisition of the original photographs for Peter C. Bol&#8217;s <em>History of Ancient Sculpture<\/em>. A further 380 photo boxes in DIN A5 format, in which the photographs of Frank Brommer&#8217;s famous &#8216;Vase Lists&#8217; are stored, are also worthy of special mention. The photo library is housed in its own room, where seminars and practice classes also take place, and is open to all interested users.       <\/p>\n\n\n\n<p><strong>Contact us<\/strong><\/p>\n\n\n\n<p>Dr. Patrick Schollmeyer<\/p>\n\n\n\n<p><a href=\"mailto:schollme@uni-mainz.de\">schollme@uni-mainz.de<\/a><\/p>\n\n\n<\/jgu-base-modal><\/div>\n\n\n\n<div class=\"wp-block-column is-layout-flow wp-block-column-is-layout-flow\"><jgu-base-contactcard react-props=\"{\n    &quot;name&quot;: &quot;Contact us&quot;,\n    &quot;avatar&quot;: {\n        &quot;id&quot;: 28319,\n        &quot;url&quot;: &quot;https:\\\/\\\/cms.zdv.uni-mainz.de\\\/fb07-iaw\\\/wp-content\\\/uploads\\\/sites\\\/275\\\/2025\\\/04\\\/portrait.jpg&quot;,\n        &quot;title&quot;: &quot;portrait&quot;,\n        &quot;width&quot;: 400,\n        &quot;height&quot;: 400,\n        &quot;srcset&quot;: &quot;https:\\\/\\\/cms.zdv.uni-mainz.de\\\/fb07-iaw\\\/wp-content\\\/uploads\\\/sites\\\/275\\\/2025\\\/04\\\/portrait.jpg 400w, https:\\\/\\\/cms.zdv.uni-mainz.de\\\/fb07-iaw\\\/wp-content\\\/uploads\\\/sites\\\/275\\\/2025\\\/04\\\/portrait-300x300.jpg 300w, https:\\\/\\\/cms.zdv.uni-mainz.de\\\/fb07-iaw\\\/wp-content\\\/uploads\\\/sites\\\/275\\\/2025\\\/04\\\/portrait-150x150.jpg 150w&quot;\n    },\n    &quot;align&quot;: &quot;wide&quot;,\n    &quot;actions&quot;: [],\n    &quot;color&quot;: &quot;default&quot;\n}\">\n    \n<jgu-base-listitem react-props=\"{\n    &quot;icon&quot;: &quot;user-check-solid&quot;,\n    &quot;title&quot;: &quot;Patrick Schollmeyer&quot;,\n    &quot;uuid&quot;: &quot;1728985080353&quot;,\n    &quot;align&quot;: &quot;wide&quot;,\n    &quot;showInActions&quot;: false,\n    &quot;allowNesting&quot;: true,\n    &quot;showExpandableContent&quot;: false,\n    &quot;expandableContent&quot;: &quot;&quot;,\n    &quot;link&quot;: {\n        &quot;url&quot;: &quot;&quot;\n    }\n}\">\n    \n<\/jgu-base-listitem>\n\n<jgu-base-listitem react-props=\"{\n    &quot;icon&quot;: &quot;map-marker-alt-solid&quot;,\n    &quot;title&quot;: &quot;Philosophicum (1141) &lt;br&gt;Jakob-Welder-Weg 18 &lt;br&gt;55128 Mainz&quot;,\n    &quot;uuid&quot;: &quot;1728985084104&quot;,\n    &quot;align&quot;: &quot;wide&quot;,\n    &quot;showInActions&quot;: false,\n    &quot;allowNesting&quot;: true,\n    &quot;showExpandableContent&quot;: false,\n    &quot;expandableContent&quot;: &quot;&quot;,\n    &quot;link&quot;: {\n        &quot;url&quot;: &quot;&quot;\n    }\n}\">\n    \n<\/jgu-base-listitem>\n\n<jgu-base-listitem react-props=\"{\n    &quot;icon&quot;: &quot;phone-solid&quot;,\n    &quot;title&quot;: &quot;+49 6131 39 25239&quot;,\n    &quot;uuid&quot;: &quot;1728985085142&quot;,\n    &quot;align&quot;: &quot;wide&quot;,\n    &quot;showInActions&quot;: false,\n    &quot;allowNesting&quot;: true,\n    &quot;showExpandableContent&quot;: false,\n    &quot;expandableContent&quot;: &quot;&quot;,\n    &quot;link&quot;: {\n        &quot;url&quot;: &quot;&quot;\n    }\n}\">\n    \n<\/jgu-base-listitem>\n\n<jgu-base-listitem react-props=\"{\n    &quot;icon&quot;: &quot;envelope-solid&quot;,\n    &quot;title&quot;: &quot;&lt;a href=\\&quot;mailto:schollme@uni-mainz.de\\&quot;&gt;schollme@uni-mainz.de&lt;\\\/a&gt;&quot;,\n    &quot;uuid&quot;: &quot;1728985238233&quot;,\n    &quot;link&quot;: {\n        &quot;url&quot;: &quot;mailto:schollme@uni-mainz.de&quot;\n    },\n    &quot;align&quot;: &quot;wide&quot;,\n    &quot;showInActions&quot;: false,\n    &quot;allowNesting&quot;: true,\n    &quot;showExpandableContent&quot;: false,\n    &quot;expandableContent&quot;: &quot;&quot;\n}\">\n    \n<\/jgu-base-listitem>\n\n<jgu-base-listitem react-props=\"{\n    &quot;icon&quot;: &quot;calendar-week-solid&quot;,\n    &quot;title&quot;: &quot;Consultation hour n.V.&quot;,\n    &quot;uuid&quot;: &quot;1728985240296&quot;,\n    &quot;align&quot;: &quot;wide&quot;,\n    &quot;showInActions&quot;: false,\n    &quot;allowNesting&quot;: true,\n    &quot;showExpandableContent&quot;: false,\n    &quot;expandableContent&quot;: &quot;&quot;,\n    &quot;link&quot;: {\n        &quot;url&quot;: &quot;&quot;\n    }\n}\">\n    \n<\/jgu-base-listitem>\n\n<\/jgu-base-contactcard><\/div>\n<\/div>\n<\/div>\n\n\n\n<div class=\"wp-block-column is-layout-flow wp-block-column-is-layout-flow\">\n<div class=\"wp-block-columns is-layout-flex wp-container-core-columns-is-layout-9d6595d7 wp-block-columns-is-layout-flex\">\n<div class=\"wp-block-column is-layout-flow wp-block-column-is-layout-flow\"><jgu-base-button style=\"display: flex; flex-wrap: wrap; column-gap: 30px; max-width: 100%; flex-direction: row; justify-content: left\">\n  \n<jgu-base-buttonitem react-props=\"{\n    &quot;align&quot;: &quot;left&quot;,\n    &quot;text&quot;: &quot;&quot;,\n    &quot;styling&quot;: &quot;primary&quot;,\n    &quot;icon&quot;: &quot;arrow-right-solid&quot;,\n    &quot;type&quot;: &quot;default&quot;,\n    &quot;link&quot;: {\n        &quot;url&quot;: &quot;&quot;,\n        &quot;linkTarget&quot;: &quot;&quot;,\n        &quot;rel&quot;: &quot;&quot;\n    },\n    &quot;iconBefore&quot;: false,\n    &quot;isSmall&quot;: false,\n    &quot;fullWidth&quot;: false,\n    &quot;className&quot;: &quot;&quot;\n}\"><\/jgu-base-buttonitem>\n\n<\/jgu-base-button><\/div>\n\n\n\n<div class=\"wp-block-column is-layout-flow wp-block-column-is-layout-flow\"><\/div>\n<\/div>\n<\/div>\n<\/div>\n<\/div><\/div>\n<\/jgu-base-section><div\n\tclass=\"jgu-anchorpoint\"\n\tid=\"study collections\"\n\tdata-label=\"Study collections\"\n\tdata-hide-in-nav=\"false\"\n\ttabindex=\"0\"\n\tdata-initial-scroll=\"true\"\n><\/div>\n\n<div style=\"height:101px\" aria-hidden=\"true\" class=\"wp-block-spacer\"><\/div>\n<jgu-base-heading react-props=\"{\n    &quot;color&quot;: &quot;default&quot;,\n    &quot;tags&quot;: {\n        &quot;htmlTag&quot;: &quot;h2&quot;,\n        &quot;classTag&quot;: &quot;&quot;,\n        &quot;tag&quot;: &quot;h2&quot;\n    },\n    &quot;heading&quot;: &quot;Study collections&quot;,\n    &quot;textAlign&quot;: &quot;left&quot;,\n    &quot;anchor&quot;: &quot;&quot;,\n    &quot;index&quot;: &quot;&quot;\n}\"><\/jgu-base-heading>\n\n<div style=\"height:90px\" aria-hidden=\"true\" class=\"wp-block-spacer\"><\/div>\n\n<div class=\"wp-block-columns is-layout-flex wp-container-core-columns-is-layout-9d6595d7 wp-block-columns-is-layout-flex\">\n<div class=\"wp-block-column is-layout-flow wp-block-column-is-layout-flow\"><jgu-base-teaserbox react-props=\"{\n    &quot;headline&quot;: {\n        &quot;htmlTag&quot;: &quot;h2&quot;,\n        &quot;classTag&quot;: &quot;&quot;,\n        &quot;tag&quot;: &quot;h2&quot;\n    },\n    &quot;image&quot;: {\n        &quot;id&quot;: 9857,\n        &quot;url&quot;: &quot;https:\\\/\\\/cms.zdv.uni-mainz.de\\\/fb07-iaw\\\/wp-content\\\/uploads\\\/sites\\\/275\\\/2024\\\/12\\\/BibAegyptologie-1.jpg&quot;,\n        &quot;title&quot;: &quot;BibAegyptologie-1&quot;,\n        &quot;width&quot;: 1440,\n        &quot;height&quot;: 630,\n        &quot;srcset&quot;: &quot;https:\\\/\\\/cms.zdv.uni-mainz.de\\\/fb07-iaw\\\/wp-content\\\/uploads\\\/sites\\\/275\\\/2024\\\/12\\\/BibAegyptologie-1.jpg 1440w, https:\\\/\\\/cms.zdv.uni-mainz.de\\\/fb07-iaw\\\/wp-content\\\/uploads\\\/sites\\\/275\\\/2024\\\/12\\\/BibAegyptologie-1-300x131.jpg 300w, https:\\\/\\\/cms.zdv.uni-mainz.de\\\/fb07-iaw\\\/wp-content\\\/uploads\\\/sites\\\/275\\\/2024\\\/12\\\/BibAegyptologie-1-1024x448.jpg 1024w, https:\\\/\\\/cms.zdv.uni-mainz.de\\\/fb07-iaw\\\/wp-content\\\/uploads\\\/sites\\\/275\\\/2024\\\/12\\\/BibAegyptologie-1-768x336.jpg 768w&quot;\n    },\n    &quot;index&quot;: &quot;University collections&quot;,\n    &quot;title&quot;: &quot;Egyptological study collection&quot;,\n    &quot;excerpt&quot;: &quot;The Egyptological Study Collection of the Institute for Ancient Studies at JGU Mainz currently comprises around 40 certified, partly large-format plaster casts that were created and painted based on ancient Egyptian originals. The existing reliefs, stelae and statuettes, vessels, amulets and works of small sculpture cover the period from around 2,500-200 BC. &quot;,\n    &quot;linkTitle&quot;: &quot;learn more&quot;,\n    &quot;link&quot;: {\n        &quot;url&quot;: &quot;https:\\\/\\\/www.ub.uni-mainz.de\\\/de\\\/sammlungen\\\/aegyptologische-studiensammlung\\\/4333&quot;,\n        &quot;id&quot;: &quot;https:\\\/\\\/www.ub.uni-mainz.de\\\/de\\\/sammlungen\\\/aegyptologische-studiensammlung\\\/4333&quot;,\n        &quot;title&quot;: &quot;https:\\\/\\\/www.ub.uni-mainz.de\\\/de\\\/sammlungen\\\/aegyptologische-studiensammlung\\\/4333&quot;,\n        &quot;type&quot;: &quot;link&quot;\n    },\n    &quot;align&quot;: &quot;wide&quot;,\n    &quot;icon&quot;: &quot;&quot;,\n    &quot;iconColor&quot;: &quot;default&quot;,\n    &quot;isCalendar&quot;: false,\n    &quot;iconBoxed&quot;: false,\n    &quot;useLinkList&quot;: false,\n    &quot;linkList&quot;: {},\n    &quot;hideThumbnail&quot;: false,\n    &quot;type&quot;: &quot;boxed&quot;,\n    &quot;color&quot;: &quot;light&quot;,\n    &quot;linkStyle&quot;: &quot;default&quot;,\n    &quot;overboxImage&quot;: false,\n    &quot;differingHeadlineColor&quot;: false,\n    &quot;headlineColor&quot;: &quot;&quot;,\n    &quot;textPositionBottom&quot;: false,\n    &quot;template&quot;: &quot;&quot;,\n    &quot;video&quot;: {\n        &quot;provider&quot;: &quot;youtube&quot;,\n        &quot;id&quot;: &quot;&quot;,\n        &quot;poster&quot;: &quot;&quot;\n    },\n    &quot;audioUrl&quot;: &quot;&quot;,\n    &quot;unbound&quot;: false\n}\">\n    \n<\/jgu-base-teaserbox><\/div>\n\n\n\n<div class=\"wp-block-column is-layout-flow wp-block-column-is-layout-flow\"><jgu-base-teaserbox react-props=\"{\n    &quot;headline&quot;: {\n        &quot;htmlTag&quot;: &quot;h2&quot;,\n        &quot;classTag&quot;: &quot;&quot;,\n        &quot;tag&quot;: &quot;h2&quot;\n    },\n    &quot;image&quot;: {\n        &quot;id&quot;: 9860,\n        &quot;url&quot;: &quot;https:\\\/\\\/cms.zdv.uni-mainz.de\\\/fb07-iaw\\\/wp-content\\\/uploads\\\/sites\\\/275\\\/2024\\\/12\\\/BibAltorientalistik-1.jpg&quot;,\n        &quot;title&quot;: &quot;BibAltorientalistik-1&quot;,\n        &quot;width&quot;: 1440,\n        &quot;height&quot;: 630,\n        &quot;srcset&quot;: &quot;https:\\\/\\\/cms.zdv.uni-mainz.de\\\/fb07-iaw\\\/wp-content\\\/uploads\\\/sites\\\/275\\\/2024\\\/12\\\/BibAltorientalistik-1.jpg 1440w, https:\\\/\\\/cms.zdv.uni-mainz.de\\\/fb07-iaw\\\/wp-content\\\/uploads\\\/sites\\\/275\\\/2024\\\/12\\\/BibAltorientalistik-1-300x131.jpg 300w, https:\\\/\\\/cms.zdv.uni-mainz.de\\\/fb07-iaw\\\/wp-content\\\/uploads\\\/sites\\\/275\\\/2024\\\/12\\\/BibAltorientalistik-1-1024x448.jpg 1024w, https:\\\/\\\/cms.zdv.uni-mainz.de\\\/fb07-iaw\\\/wp-content\\\/uploads\\\/sites\\\/275\\\/2024\\\/12\\\/BibAltorientalistik-1-768x336.jpg 768w&quot;\n    },\n    &quot;index&quot;: &quot;University collections&quot;,\n    &quot;title&quot;: &quot;Ancient Orientalist teaching collection&quot;,\n    &quot;excerpt&quot;: &quot;The Ancient Near Eastern Collection of the Institute of Classical Studies at JGU Mainz comprises around 60 original casts and 3D copies of clay tablets, seal scrolls and reliefs.&lt;br&gt;These are artifacts of the early cultures of Mesopotamia (Sumerians, Babylonians, Assyrians) dating from around 3200 BC to the turn of the millennium.&quot;,\n    &quot;linkTitle&quot;: &quot;learn more&quot;,\n    &quot;link&quot;: {\n        &quot;url&quot;: &quot;https:\\\/\\\/www.ub.uni-mainz.de\\\/de\\\/sammlungen\\\/altorientalistische-lehrsammlung\\\/4375&quot;,\n        &quot;id&quot;: &quot;https:\\\/\\\/www.ub.uni-mainz.de\\\/de\\\/sammlungen\\\/altorientalistische-lehrsammlung\\\/4375&quot;,\n        &quot;title&quot;: &quot;https:\\\/\\\/www.ub.uni-mainz.de\\\/de\\\/sammlungen\\\/altorientalistische-lehrsammlung\\\/4375&quot;,\n        &quot;type&quot;: &quot;link&quot;\n    },\n    &quot;align&quot;: &quot;wide&quot;,\n    &quot;icon&quot;: &quot;&quot;,\n    &quot;iconColor&quot;: &quot;default&quot;,\n    &quot;isCalendar&quot;: false,\n    &quot;iconBoxed&quot;: false,\n    &quot;useLinkList&quot;: false,\n    &quot;linkList&quot;: {},\n    &quot;hideThumbnail&quot;: false,\n    &quot;type&quot;: &quot;boxed&quot;,\n    &quot;color&quot;: &quot;light&quot;,\n    &quot;linkStyle&quot;: &quot;default&quot;,\n    &quot;overboxImage&quot;: false,\n    &quot;differingHeadlineColor&quot;: false,\n    &quot;headlineColor&quot;: &quot;&quot;,\n    &quot;textPositionBottom&quot;: false,\n    &quot;template&quot;: &quot;&quot;,\n    &quot;video&quot;: {\n        &quot;provider&quot;: &quot;youtube&quot;,\n        &quot;id&quot;: &quot;&quot;,\n        &quot;poster&quot;: &quot;&quot;\n    },\n    &quot;audioUrl&quot;: &quot;&quot;,\n    &quot;unbound&quot;: false\n}\">\n    \n<\/jgu-base-teaserbox><\/div>\n\n\n\n<div class=\"wp-block-column is-layout-flow wp-block-column-is-layout-flow\"><jgu-base-teaserbox react-props=\"{\n    &quot;headline&quot;: {\n        &quot;htmlTag&quot;: &quot;h2&quot;,\n        &quot;classTag&quot;: &quot;&quot;,\n        &quot;tag&quot;: &quot;h2&quot;\n    },\n    &quot;image&quot;: {\n        &quot;id&quot;: 9866,\n        &quot;url&quot;: &quot;https:\\\/\\\/cms.zdv.uni-mainz.de\\\/fb07-iaw\\\/wp-content\\\/uploads\\\/sites\\\/275\\\/2024\\\/12\\\/BibArchaeobotanik-1.jpg&quot;,\n        &quot;title&quot;: &quot;BibArchaeobotanik-1&quot;,\n        &quot;width&quot;: 1440,\n        &quot;height&quot;: 630,\n        &quot;srcset&quot;: &quot;https:\\\/\\\/cms.zdv.uni-mainz.de\\\/fb07-iaw\\\/wp-content\\\/uploads\\\/sites\\\/275\\\/2024\\\/12\\\/BibArchaeobotanik-1.jpg 1440w, https:\\\/\\\/cms.zdv.uni-mainz.de\\\/fb07-iaw\\\/wp-content\\\/uploads\\\/sites\\\/275\\\/2024\\\/12\\\/BibArchaeobotanik-1-300x131.jpg 300w, https:\\\/\\\/cms.zdv.uni-mainz.de\\\/fb07-iaw\\\/wp-content\\\/uploads\\\/sites\\\/275\\\/2024\\\/12\\\/BibArchaeobotanik-1-1024x448.jpg 1024w, https:\\\/\\\/cms.zdv.uni-mainz.de\\\/fb07-iaw\\\/wp-content\\\/uploads\\\/sites\\\/275\\\/2024\\\/12\\\/BibArchaeobotanik-1-768x336.jpg 768w&quot;\n    },\n    &quot;index&quot;: &quot;University collections&quot;,\n    &quot;title&quot;: &quot;Archaeobotanical collection&quot;,\n    &quot;excerpt&quot;: &quot;The collection of the Archaeobotanical Comparative Collection of the Pre- and Protohistoric Archaeology working group of the Institute of Classical Studies comprises around 10,000 objects, i.e. recent seeds, fruits, buds and needles of cultivated and wild Central European plants, arranged by plant family.&quot;,\n    &quot;linkTitle&quot;: &quot;learn more&quot;,\n    &quot;link&quot;: {\n        &quot;url&quot;: &quot;https:\\\/\\\/www.ub.uni-mainz.de\\\/de\\\/sammlungen\\\/archaeobotanische-sammlung\\\/4376&quot;,\n        &quot;id&quot;: &quot;https:\\\/\\\/www.ub.uni-mainz.de\\\/de\\\/sammlungen\\\/archaeobotanische-sammlung\\\/4376&quot;,\n        &quot;title&quot;: &quot;https:\\\/\\\/www.ub.uni-mainz.de\\\/de\\\/sammlungen\\\/archaeobotanische-sammlung\\\/4376&quot;,\n        &quot;type&quot;: &quot;link&quot;\n    },\n    &quot;align&quot;: &quot;wide&quot;,\n    &quot;icon&quot;: &quot;&quot;,\n    &quot;iconColor&quot;: &quot;default&quot;,\n    &quot;isCalendar&quot;: false,\n    &quot;iconBoxed&quot;: false,\n    &quot;useLinkList&quot;: false,\n    &quot;linkList&quot;: {},\n    &quot;hideThumbnail&quot;: false,\n    &quot;type&quot;: &quot;boxed&quot;,\n    &quot;color&quot;: &quot;light&quot;,\n    &quot;linkStyle&quot;: &quot;default&quot;,\n    &quot;overboxImage&quot;: false,\n    &quot;differingHeadlineColor&quot;: false,\n    &quot;headlineColor&quot;: &quot;&quot;,\n    &quot;textPositionBottom&quot;: false,\n    &quot;template&quot;: &quot;&quot;,\n    &quot;video&quot;: {\n        &quot;provider&quot;: &quot;youtube&quot;,\n        &quot;id&quot;: &quot;&quot;,\n        &quot;poster&quot;: &quot;&quot;\n    },\n    &quot;audioUrl&quot;: &quot;&quot;,\n    &quot;unbound&quot;: false\n}\">\n    \n<\/jgu-base-teaserbox><\/div>\n<\/div>\n\n<div class=\"wp-block-columns is-layout-flex wp-container-core-columns-is-layout-9d6595d7 wp-block-columns-is-layout-flex\">\n<div class=\"wp-block-column is-layout-flow wp-block-column-is-layout-flow\"><jgu-base-teaserbox react-props=\"{\n    &quot;headline&quot;: {\n        &quot;htmlTag&quot;: &quot;h2&quot;,\n        &quot;classTag&quot;: &quot;&quot;,\n        &quot;tag&quot;: &quot;h2&quot;\n    },\n    &quot;image&quot;: {\n        &quot;id&quot;: 9869,\n        &quot;url&quot;: &quot;https:\\\/\\\/cms.zdv.uni-mainz.de\\\/fb07-iaw\\\/wp-content\\\/uploads\\\/sites\\\/275\\\/2024\\\/12\\\/BibKA-1.jpg&quot;,\n        &quot;title&quot;: &quot;BibKA-1&quot;,\n        &quot;width&quot;: 1440,\n        &quot;height&quot;: 630,\n        &quot;srcset&quot;: &quot;https:\\\/\\\/cms.zdv.uni-mainz.de\\\/fb07-iaw\\\/wp-content\\\/uploads\\\/sites\\\/275\\\/2024\\\/12\\\/BibKA-1.jpg 1440w, https:\\\/\\\/cms.zdv.uni-mainz.de\\\/fb07-iaw\\\/wp-content\\\/uploads\\\/sites\\\/275\\\/2024\\\/12\\\/BibKA-1-300x131.jpg 300w, https:\\\/\\\/cms.zdv.uni-mainz.de\\\/fb07-iaw\\\/wp-content\\\/uploads\\\/sites\\\/275\\\/2024\\\/12\\\/BibKA-1-1024x448.jpg 1024w, https:\\\/\\\/cms.zdv.uni-mainz.de\\\/fb07-iaw\\\/wp-content\\\/uploads\\\/sites\\\/275\\\/2024\\\/12\\\/BibKA-1-768x336.jpg 768w&quot;\n    },\n    &quot;index&quot;: &quot;University collections&quot;,\n    &quot;title&quot;: &quot;Classical-archaeological collections&quot;,\n    &quot;excerpt&quot;: &quot;The Classical Archaeology working group of the Institute of Classical Studies has a collection of ancient originals - mainly painted Greek pottery from the 8th-4th centuries BC as well as terracottas and bronzes - and a large number of plaster casts of ancient sculptures.  &quot;,\n    &quot;linkTitle&quot;: &quot;learn more&quot;,\n    &quot;link&quot;: {\n        &quot;url&quot;: &quot;https:\\\/\\\/www.ub.uni-mainz.de\\\/de\\\/sammlungen\\\/klassisch-archaeologische-sammlungen\\\/4430&quot;,\n        &quot;id&quot;: &quot;https:\\\/\\\/www.ub.uni-mainz.de\\\/de\\\/sammlungen\\\/klassisch-archaeologische-sammlungen\\\/4430&quot;,\n        &quot;title&quot;: &quot;https:\\\/\\\/www.ub.uni-mainz.de\\\/de\\\/sammlungen\\\/klassisch-archaeologische-sammlungen\\\/4430&quot;,\n        &quot;type&quot;: &quot;link&quot;\n    },\n    &quot;align&quot;: &quot;wide&quot;,\n    &quot;icon&quot;: &quot;&quot;,\n    &quot;iconColor&quot;: &quot;default&quot;,\n    &quot;isCalendar&quot;: false,\n    &quot;iconBoxed&quot;: false,\n    &quot;useLinkList&quot;: false,\n    &quot;linkList&quot;: {},\n    &quot;hideThumbnail&quot;: false,\n    &quot;type&quot;: &quot;boxed&quot;,\n    &quot;color&quot;: &quot;light&quot;,\n    &quot;linkStyle&quot;: &quot;default&quot;,\n    &quot;overboxImage&quot;: false,\n    &quot;differingHeadlineColor&quot;: false,\n    &quot;headlineColor&quot;: &quot;&quot;,\n    &quot;textPositionBottom&quot;: false,\n    &quot;template&quot;: &quot;&quot;,\n    &quot;video&quot;: {\n        &quot;provider&quot;: &quot;youtube&quot;,\n        &quot;id&quot;: &quot;&quot;,\n        &quot;poster&quot;: &quot;&quot;\n    },\n    &quot;audioUrl&quot;: &quot;&quot;,\n    &quot;unbound&quot;: false\n}\">\n    \n<\/jgu-base-teaserbox><\/div>\n\n\n\n<div class=\"wp-block-column is-layout-flow wp-block-column-is-layout-flow\"><jgu-base-teaserbox react-props=\"{\n    &quot;headline&quot;: {\n        &quot;htmlTag&quot;: &quot;h2&quot;,\n        &quot;classTag&quot;: &quot;&quot;,\n        &quot;tag&quot;: &quot;h2&quot;\n    },\n    &quot;image&quot;: {\n        &quot;id&quot;: 9863,\n        &quot;url&quot;: &quot;https:\\\/\\\/cms.zdv.uni-mainz.de\\\/fb07-iaw\\\/wp-content\\\/uploads\\\/sites\\\/275\\\/2024\\\/12\\\/BibVfG-1.jpg&quot;,\n        &quot;title&quot;: &quot;BibVfG-1&quot;,\n        &quot;width&quot;: 1440,\n        &quot;height&quot;: 630,\n        &quot;srcset&quot;: &quot;https:\\\/\\\/cms.zdv.uni-mainz.de\\\/fb07-iaw\\\/wp-content\\\/uploads\\\/sites\\\/275\\\/2024\\\/12\\\/BibVfG-1.jpg 1440w, https:\\\/\\\/cms.zdv.uni-mainz.de\\\/fb07-iaw\\\/wp-content\\\/uploads\\\/sites\\\/275\\\/2024\\\/12\\\/BibVfG-1-300x131.jpg 300w, https:\\\/\\\/cms.zdv.uni-mainz.de\\\/fb07-iaw\\\/wp-content\\\/uploads\\\/sites\\\/275\\\/2024\\\/12\\\/BibVfG-1-1024x448.jpg 1024w, https:\\\/\\\/cms.zdv.uni-mainz.de\\\/fb07-iaw\\\/wp-content\\\/uploads\\\/sites\\\/275\\\/2024\\\/12\\\/BibVfG-1-768x336.jpg 768w&quot;\n    },\n    &quot;index&quot;: &quot;University collections&quot;,\n    &quot;title&quot;: &quot;Pre- and early history teaching collection&quot;,\n    &quot;excerpt&quot;: &quot;The pre- and early history teaching collection of the Institute of Classical Studies includes Palaeolithic stone tools, copies of pre- and early historical objects (especially ceramics), finds from the Mediterranean region, Roman objects from Mainz (on loan) and early modern pottery waste.  &quot;,\n    &quot;linkTitle&quot;: &quot;learn more&quot;,\n    &quot;link&quot;: {\n        &quot;url&quot;: &quot;https:\\\/\\\/www.ub.uni-mainz.de\\\/de\\\/sammlungen\\\/vor-und-fruehgeschichtliche-lehrsammlung\\\/4811&quot;,\n        &quot;id&quot;: &quot;https:\\\/\\\/www.ub.uni-mainz.de\\\/de\\\/sammlungen\\\/vor-und-fruehgeschichtliche-lehrsammlung\\\/4811&quot;,\n        &quot;title&quot;: &quot;https:\\\/\\\/www.ub.uni-mainz.de\\\/de\\\/sammlungen\\\/vor-und-fruehgeschichtliche-lehrsammlung\\\/4811&quot;,\n        &quot;type&quot;: &quot;link&quot;\n    },\n    &quot;align&quot;: &quot;wide&quot;,\n    &quot;icon&quot;: &quot;&quot;,\n    &quot;iconColor&quot;: &quot;default&quot;,\n    &quot;isCalendar&quot;: false,\n    &quot;iconBoxed&quot;: false,\n    &quot;useLinkList&quot;: false,\n    &quot;linkList&quot;: {},\n    &quot;hideThumbnail&quot;: false,\n    &quot;type&quot;: &quot;boxed&quot;,\n    &quot;color&quot;: &quot;light&quot;,\n    &quot;linkStyle&quot;: &quot;default&quot;,\n    &quot;overboxImage&quot;: false,\n    &quot;differingHeadlineColor&quot;: false,\n    &quot;headlineColor&quot;: &quot;&quot;,\n    &quot;textPositionBottom&quot;: false,\n    &quot;template&quot;: &quot;&quot;,\n    &quot;video&quot;: {\n        &quot;provider&quot;: &quot;youtube&quot;,\n        &quot;id&quot;: &quot;&quot;,\n        &quot;poster&quot;: &quot;&quot;\n    },\n    &quot;audioUrl&quot;: &quot;&quot;,\n    &quot;unbound&quot;: false\n}\">\n    \n<\/jgu-base-teaserbox><\/div>\n\n\n\n<div class=\"wp-block-column is-layout-flow wp-block-column-is-layout-flow\"><\/div>\n<\/div>\n\n<div style=\"height:90px\" aria-hidden=\"true\" class=\"wp-block-spacer\"><\/div>\n<div\n\tclass=\"jgu-anchorpoint\"\n\tid=\"student councils\"\n\tdata-label=\"Student council(s)\"\n\tdata-hide-in-nav=\"false\"\n\ttabindex=\"0\"\n\tdata-initial-scroll=\"true\"\n><\/div>\n\n<div class=\"wp-block-columns is-layout-flex wp-container-core-columns-is-layout-9d6595d7 wp-block-columns-is-layout-flex\">\n<div class=\"wp-block-column is-layout-flow wp-block-column-is-layout-flow\" style=\"flex-basis:100%\"><jgu-base-section react-props=\"{&quot;color&quot;:&quot;dark&quot;,&quot;align&quot;:&quot;wide&quot;,&quot;padding&quot;:&quot;medium&quot;}\">\n<div class=\"jgu-bgsection bg bg-dark\"><div class=\"content padding-medium\"><jgu-base-heading react-props=\"{\n    &quot;index&quot;: &quot;Student Representatives&quot;,\n    &quot;color&quot;: &quot;default&quot;,\n    &quot;tags&quot;: {\n        &quot;htmlTag&quot;: &quot;h2&quot;,\n        &quot;classTag&quot;: &quot;&quot;,\n        &quot;tag&quot;: &quot;h2&quot;\n    },\n    &quot;heading&quot;: &quot;Student council(s)&quot;,\n    &quot;textAlign&quot;: &quot;left&quot;,\n    &quot;anchor&quot;: &quot;&quot;\n}\"><\/jgu-base-heading>\n\n\n<jgu-base-tabs react-props=\"{\n    &quot;align&quot;: &quot;wide&quot;,\n    &quot;selected&quot;: 1,\n    &quot;ratio&quot;: 0,\n    &quot;autoRatio&quot;: true,\n    &quot;stackMobile&quot;: false,\n    &quot;hasAllOpenButton&quot;: true,\n    &quot;onlyOne&quot;: false,\n    &quot;initAllClosed&quot;: true,\n    &quot;enableSearch&quot;: false,\n    &quot;layout&quot;: {\n        &quot;type&quot;: &quot;flex&quot;,\n        &quot;flexWrap&quot;: &quot;nowrap&quot;,\n        &quot;justifyContent&quot;: &quot;space-between&quot;,\n        &quot;orientation&quot;: &quot;horizontal&quot;\n    }\n}\">\n    \n<jgu-base-tabsitem react-props=\"{\n    &quot;title&quot;: &quot;Student council for Classical Studies&quot;,\n    &quot;slug&quot;: &quot;student council - ancient studies&quot;,\n    &quot;align&quot;: &quot;wide&quot;,\n    &quot;customSlug&quot;: false\n}\">\n    \n\n<div style=\"height:90px\" aria-hidden=\"true\" class=\"wp-block-spacer\"><\/div>\n\n\n<jgu-base-heading react-props=\"{\n    &quot;color&quot;: &quot;default&quot;,\n    &quot;tags&quot;: {\n        &quot;htmlTag&quot;: &quot;h2&quot;,\n        &quot;classTag&quot;: &quot;&quot;,\n        &quot;tag&quot;: &quot;h2&quot;\n    },\n    &quot;heading&quot;: &quot;Student council for Classical Studies&quot;,\n    &quot;textAlign&quot;: &quot;left&quot;,\n    &quot;anchor&quot;: &quot;&quot;,\n    &quot;index&quot;: &quot;&quot;\n}\"><\/jgu-base-heading>\n\n\n\n<div style=\"height:90px\" aria-hidden=\"true\" class=\"wp-block-spacer\"><\/div>\n\n\n<jgu-base-image react-props=\"{\n    &quot;image&quot;: {\n        &quot;url&quot;: &quot;https:\\\/\\\/cms.zdv.uni-mainz.de\\\/fb07-iaw\\\/wp-content\\\/uploads\\\/sites\\\/275\\\/2024\\\/12\\\/55fe44ed-a6a5-4363-8b6a-49abe622fb17-scaled-1.jpg&quot;,\n        &quot;id&quot;: 10170,\n        &quot;title&quot;: &quot;55fe44ed-a6a5-4363-8b6a-49abe622fb17-scaled-1&quot;,\n        &quot;width&quot;: 2560,\n        &quot;height&quot;: 1761,\n        &quot;srcset&quot;: &quot;https:\\\/\\\/cms.zdv.uni-mainz.de\\\/fb07-iaw\\\/wp-content\\\/uploads\\\/sites\\\/275\\\/2024\\\/12\\\/55fe44ed-a6a5-4363-8b6a-49abe622fb17-scaled-1.jpg 2560w, https:\\\/\\\/cms.zdv.uni-mainz.de\\\/fb07-iaw\\\/wp-content\\\/uploads\\\/sites\\\/275\\\/2024\\\/12\\\/55fe44ed-a6a5-4363-8b6a-49abe622fb17-scaled-1-300x206.jpg 300w, https:\\\/\\\/cms.zdv.uni-mainz.de\\\/fb07-iaw\\\/wp-content\\\/uploads\\\/sites\\\/275\\\/2024\\\/12\\\/55fe44ed-a6a5-4363-8b6a-49abe622fb17-scaled-1-1024x704.jpg 1024w, https:\\\/\\\/cms.zdv.uni-mainz.de\\\/fb07-iaw\\\/wp-content\\\/uploads\\\/sites\\\/275\\\/2024\\\/12\\\/55fe44ed-a6a5-4363-8b6a-49abe622fb17-scaled-1-768x528.jpg 768w, https:\\\/\\\/cms.zdv.uni-mainz.de\\\/fb07-iaw\\\/wp-content\\\/uploads\\\/sites\\\/275\\\/2024\\\/12\\\/55fe44ed-a6a5-4363-8b6a-49abe622fb17-scaled-1-1536x1057.jpg 1536w, https:\\\/\\\/cms.zdv.uni-mainz.de\\\/fb07-iaw\\\/wp-content\\\/uploads\\\/sites\\\/275\\\/2024\\\/12\\\/55fe44ed-a6a5-4363-8b6a-49abe622fb17-scaled-1-2048x1409.jpg 2048w&quot;\n    },\n    &quot;caption&quot;: &quot;In the photo from left to right: Felicia Peters, Adrian Kling, Lysann Jabusch, Johanna van Willigen, Lukas Steuer, Laura Gebhardt, Max Amstad, Madeleine L. Miller, Bjarne Hansen, Chris Petersen, Jessi Hederich, Laura Drusenheimer, Julia Tatter, Marvin J\\u00e9r\\u00f4me Gl\\u00f6ckner, Le\\u00f3n Jaques Andras Jumel, Max Koppius.&lt;br&gt;Absent: Elena Annchristin Marquardt, Adriano Noto, Alexandra Fischer.  &quot;,\n    &quot;align&quot;: &quot;&quot;,\n    &quot;hasLightbox&quot;: false,\n    &quot;imgWidth&quot;: 0,\n    &quot;link&quot;: {\n        &quot;url&quot;: &quot;&quot;,\n        &quot;target&quot;: &quot;&quot;,\n        &quot;rel&quot;: &quot;&quot;\n    }\n}\" class=\"align-\">\n    \n<\/jgu-base-image>\n\n\n<div style=\"height:140px\" aria-hidden=\"true\" class=\"wp-block-spacer\"><\/div>\n\n\n<jgu-base-heading react-props=\"{\n    &quot;color&quot;: &quot;default&quot;,\n    &quot;tags&quot;: {\n        &quot;htmlTag&quot;: &quot;h2&quot;,\n        &quot;classTag&quot;: &quot;&quot;,\n        &quot;tag&quot;: &quot;h2&quot;\n    },\n    &quot;heading&quot;: &quot;Latest news&quot;,\n    &quot;textAlign&quot;: &quot;left&quot;,\n    &quot;anchor&quot;: &quot;&quot;,\n    &quot;index&quot;: &quot;&quot;\n}\"><\/jgu-base-heading>\n\n\n\n<div class=\"wp-block-columns is-layout-flex wp-container-core-columns-is-layout-9d6595d7 wp-block-columns-is-layout-flex\">\n<div class=\"wp-block-column is-layout-flow wp-block-column-is-layout-flow\"><jgu-base-image react-props=\"{\n    &quot;image&quot;: {\n        &quot;url&quot;: null,\n        &quot;id&quot;: 10140\n    },\n    &quot;align&quot;: &quot;&quot;,\n    &quot;hasLightbox&quot;: false,\n    &quot;caption&quot;: &quot;&quot;,\n    &quot;imgWidth&quot;: 0,\n    &quot;link&quot;: {\n        &quot;url&quot;: &quot;&quot;,\n        &quot;target&quot;: &quot;&quot;,\n        &quot;rel&quot;: &quot;&quot;\n    }\n}\" class=\"align-\">\n    \n<\/jgu-base-image>\n\n\n<p><\/p>\n\n\n<jgu-base-modal react-props=\"{&quot;text&quot;:&quot;more&quot;,&quot;buttonStyling&quot;:&quot;primary&quot;,&quot;children&quot;:&quot;\\n\\n&lt;p&gt;&lt;a href=\\&quot;https:\\\/\\\/www.fsarchaeologie.uni-mainz.de\\\/files\\\/2024\\\/12\\\/Plakat_Weihnachtsmarkt_2024.jpg\\&quot;&gt;&lt;\\\/a&gt;&lt;\\\/p&gt;\\n\\n\\n\\n&lt;p&gt;Dear fellow students!&lt;\\\/p&gt;\\n\\n\\n\\n&lt;p&gt;We would like to drink mulled wine together at the Mainz Christmas market again this year.&lt;\\\/p&gt;\\n\\n\\n\\n&lt;p&gt;On 16.12.2024 at 16:00 we will meet at the Schillerplatz stop and continue from there towards the cathedral.&lt;\\\/p&gt;\\n\\n\\n\\n&lt;p&gt;We look forward to seeing you &amp;lt;3&lt;\\\/p&gt;\\n\\n&quot;}\">\n    \n\n<p><a href=\"https:\/\/www.fsarchaeologie.uni-mainz.de\/files\/2024\/12\/Plakat_Weihnachtsmarkt_2024.jpg\"><\/a><\/p>\n\n\n\n<p>Dear fellow students!<\/p>\n\n\n\n<p>We would like to drink mulled wine together at the Mainz Christmas market again this year.<\/p>\n\n\n\n<p>On 16.12.2024 at 16:00 we will meet at the Schillerplatz stop and continue from there towards the cathedral.<\/p>\n\n\n\n<p>We look forward to seeing you &lt;3<\/p>\n\n\n<\/jgu-base-modal><\/div>\n\n\n\n<div class=\"wp-block-column is-layout-flow wp-block-column-is-layout-flow\"><jgu-base-image react-props=\"{\n    &quot;image&quot;: {\n        &quot;url&quot;: null,\n        &quot;id&quot;: 10143\n    },\n    &quot;align&quot;: &quot;&quot;,\n    &quot;hasLightbox&quot;: false,\n    &quot;caption&quot;: &quot;&quot;,\n    &quot;imgWidth&quot;: 0,\n    &quot;link&quot;: {\n        &quot;url&quot;: &quot;&quot;,\n        &quot;target&quot;: &quot;&quot;,\n        &quot;rel&quot;: &quot;&quot;\n    }\n}\" class=\"align-\">\n    \n<\/jgu-base-image>\n\n\n<p><\/p>\n\n\n<jgu-base-modal react-props=\"{&quot;text&quot;:&quot;more&quot;,&quot;buttonStyling&quot;:&quot;primary&quot;,&quot;children&quot;:&quot;\\n\\n&lt;p&gt;The Student Council of Classical Studies once again cordially invites you to the winter party.&lt;\\\/p&gt;\\n\\n\\n\\n&lt;p&gt;On Thursday, December 19, our first winter party as the new FSR Classical Studies will take place at Hegelstra\\u00dfe 59. We invite all students and lecturers to gather in our institute from 18:30 and celebrate the evening with food and music. Food and drink will be provided - you are welcome to bring your favorite mugs for hot drinks of your choice.  &lt;\\\/p&gt;\\n\\n\\n\\n&lt;p&gt;The buffet will help against empty stomachs: The buffet is free to use for anyone who contributes something to the buffet. However, anyone who does not bring anything can also enjoy the food in exchange for \\u20ac5. &lt;\\\/p&gt;\\n\\n\\n\\n&lt;p&gt;We are looking forward to seeing you!&lt;\\\/p&gt;\\n\\n\\n\\n&lt;p&gt;Your Student Council for Ancient Studies&lt;\\\/p&gt;\\n\\n&quot;}\">\n    \n\n<p>The Student Council of Classical Studies once again cordially invites you to the winter party.<\/p>\n\n\n\n<p>On Thursday, December 19, our first winter party as the new FSR Classical Studies will take place at Hegelstra\u00dfe 59. We invite all students and lecturers to gather in our institute from 18:30 and celebrate the evening with food and music. Food and drink will be provided &#8211; you are welcome to bring your favorite mugs for hot drinks of your choice.  <\/p>\n\n\n\n<p>The buffet will help against empty stomachs: The buffet is free to use for anyone who contributes something to the buffet. However, anyone who does not bring anything can also enjoy the food in exchange for \u20ac5. <\/p>\n\n\n\n<p>We are looking forward to seeing you!<\/p>\n\n\n\n<p>Your Student Council for Ancient Studies<\/p>\n\n\n<\/jgu-base-modal><\/div>\n\n\n\n<div class=\"wp-block-column is-layout-flow wp-block-column-is-layout-flow\"><jgu-base-image react-props=\"{\n    &quot;image&quot;: {\n        &quot;url&quot;: null,\n        &quot;id&quot;: 10155\n    },\n    &quot;align&quot;: &quot;&quot;,\n    &quot;hasLightbox&quot;: false,\n    &quot;caption&quot;: &quot;&quot;,\n    &quot;imgWidth&quot;: 0,\n    &quot;link&quot;: {\n        &quot;url&quot;: &quot;&quot;,\n        &quot;target&quot;: &quot;&quot;,\n        &quot;rel&quot;: &quot;&quot;\n    }\n}\" class=\"align-\">\n    \n<\/jgu-base-image>\n\n\n<p><\/p>\n\n\n<jgu-base-modal react-props=\"{&quot;text&quot;:&quot;more&quot;,&quot;buttonStyling&quot;:&quot;primary&quot;,&quot;children&quot;:&quot;\\n\\n&lt;p&gt;Dear fellow archaeology students,&lt;\\\/p&gt;\\n\\n\\n\\n&lt;p&gt;We are pleased to invite you to our monthly regulars&#039; table again this semester.&lt;\\\/p&gt;\\n\\n\\n\\n&lt;p&gt;So keep the 1st Thursday of the month at 18:00 free for a relaxed evening with other archaeology students at Sixties in the old town of Mainz.&lt;\\\/p&gt;\\n\\n\\n\\n&lt;p&gt;We look forward to seeing you there!&lt;\\\/p&gt;\\n\\n&quot;}\">\n    \n\n<p>Dear fellow archaeology students,<\/p>\n\n\n\n<p>We are pleased to invite you to our monthly regulars&#8217; table again this semester.<\/p>\n\n\n\n<p>So keep the 1st Thursday of the month at 18:00 free for a relaxed evening with other archaeology students at Sixties in the old town of Mainz.<\/p>\n\n\n\n<p>We look forward to seeing you there!<\/p>\n\n\n<\/jgu-base-modal><\/div>\n<\/div>\n\n\n\n<div style=\"height:90px\" aria-hidden=\"true\" class=\"wp-block-spacer\"><\/div>\n\n\n<jgu-base-heading react-props=\"{\n    &quot;color&quot;: &quot;default&quot;,\n    &quot;tags&quot;: {\n        &quot;htmlTag&quot;: &quot;h2&quot;,\n        &quot;classTag&quot;: &quot;&quot;,\n        &quot;tag&quot;: &quot;h2&quot;\n    },\n    &quot;heading&quot;: &quot;Your student council&quot;,\n    &quot;textAlign&quot;: &quot;left&quot;,\n    &quot;anchor&quot;: &quot;&quot;,\n    &quot;index&quot;: &quot;&quot;\n}\"><\/jgu-base-heading>\n\n\n\n<p>As the Student Council for Classical Studies, we substitute the prospective archaeologists (f\/ m\/ d) in various bodies, including the executive committee, ZeFaR (Central Student Council) and the faculty council. We also form a bridge between students and lecturers and act as a mediator for problems that students cannot or do not want to deal with on their own. In addition to the mentors, we would also like to be a point of contact for first-year students if they have any questions or problems. <em>(If you would like to contact us in this regard, click <a href=\"https:\/\/www.fsarchaeologie.uni-mainz.de\/kontakt\/\">here<\/a>)<\/em> <\/p>\n\n\n\n<p>Of course, this also includes the planning and implementation of regular events. For example, we organize lectures with invited speakers on various archaeological topics, the Christmas party, the summer party, film evenings, field trips and much more. <em>(If you want to see what we&#8217;re doing next, take a look at our <a href=\"https:\/\/www.fsarchaeologie.uni-mainz.de\/aktuelles\/\">blog<\/a>)<\/em> <\/p>\n\n\n<jgu-base-contactcardgrid react-props=\"{\n    &quot;align&quot;: &quot;wide&quot;\n}\" style=\"display: grid; grid-template-columns: repeat(auto-fit, minmax(275px, 1fr)); gap: 2em;\">\n\t\n<jgu-base-contactcard react-props=\"{\n    &quot;name&quot;: &quot;Max Amstadt&quot;,\n    &quot;align&quot;: &quot;wide&quot;,\n    &quot;actions&quot;: [],\n    &quot;color&quot;: &quot;default&quot;\n}\">\n    \n<jgu-base-listitem react-props=\"{\n    &quot;title&quot;: &quot;Degree program: ALPHA B.A.&quot;,\n    &quot;uuid&quot;: &quot;1733995920200&quot;,\n    &quot;align&quot;: &quot;wide&quot;,\n    &quot;showInActions&quot;: false,\n    &quot;allowNesting&quot;: true,\n    &quot;icon&quot;: &quot;&quot;,\n    &quot;showExpandableContent&quot;: false,\n    &quot;expandableContent&quot;: &quot;&quot;,\n    &quot;link&quot;: {\n        &quot;url&quot;: &quot;&quot;\n    }\n}\">\n    \n<\/jgu-base-listitem>\n\n<jgu-base-listitem react-props=\"{\n    &quot;title&quot;: &quot;Specialization: Pre- and early history  &quot;,\n    &quot;uuid&quot;: &quot;1733996013975&quot;,\n    &quot;align&quot;: &quot;wide&quot;,\n    &quot;showInActions&quot;: false,\n    &quot;allowNesting&quot;: true,\n    &quot;icon&quot;: &quot;&quot;,\n    &quot;showExpandableContent&quot;: false,\n    &quot;expandableContent&quot;: &quot;&quot;,\n    &quot;link&quot;: {\n        &quot;url&quot;: &quot;&quot;\n    }\n}\">\n    \n<\/jgu-base-listitem>\n\n<jgu-base-listitem react-props=\"{\n    &quot;title&quot;: &quot;Research interests: Interaction of man and environment, identity formation and genesis, development of social hierarchies and gender concepts, martyr and icon worship in the late Roman and Byzantine period, Gallo-Roman culture&quot;,\n    &quot;uuid&quot;: &quot;1733996033750&quot;,\n    &quot;align&quot;: &quot;wide&quot;,\n    &quot;showInActions&quot;: false,\n    &quot;allowNesting&quot;: true,\n    &quot;icon&quot;: &quot;&quot;,\n    &quot;showExpandableContent&quot;: false,\n    &quot;expandableContent&quot;: &quot;&quot;,\n    &quot;link&quot;: {\n        &quot;url&quot;: &quot;&quot;\n    }\n}\">\n    \n<\/jgu-base-listitem>\n\n<jgu-base-listitem react-props=\"{\n    &quot;title&quot;: &quot;Hobbies: reading, hiking, athletics, gaming  &quot;,\n    &quot;uuid&quot;: &quot;1733996035857&quot;,\n    &quot;align&quot;: &quot;wide&quot;,\n    &quot;showInActions&quot;: false,\n    &quot;allowNesting&quot;: true,\n    &quot;icon&quot;: &quot;&quot;,\n    &quot;showExpandableContent&quot;: false,\n    &quot;expandableContent&quot;: &quot;&quot;,\n    &quot;link&quot;: {\n        &quot;url&quot;: &quot;&quot;\n    }\n}\">\n    \n<\/jgu-base-listitem>\n\n<jgu-base-listitem react-props=\"{\n    &quot;title&quot;: &quot;Best way to contact us: &lt;a href=\\&quot;mailto:mamstad@students.uni-mainz.de\\&quot;&gt;mamstad@students.uni-mainz.de&lt;\\\/a&gt;&quot;,\n    &quot;uuid&quot;: &quot;1733996077821&quot;,\n    &quot;align&quot;: &quot;wide&quot;,\n    &quot;showInActions&quot;: false,\n    &quot;allowNesting&quot;: true,\n    &quot;icon&quot;: &quot;&quot;,\n    &quot;showExpandableContent&quot;: false,\n    &quot;expandableContent&quot;: &quot;&quot;,\n    &quot;link&quot;: {\n        &quot;url&quot;: &quot;&quot;\n    }\n}\">\n    \n<\/jgu-base-listitem>\n\n<\/jgu-base-contactcard>\n\n<jgu-base-contactcard react-props=\"{\n    &quot;name&quot;: &quot;Laura Drusenheimer&quot;,\n    &quot;align&quot;: &quot;wide&quot;,\n    &quot;actions&quot;: [],\n    &quot;color&quot;: &quot;default&quot;\n}\">\n    \n<jgu-base-listitem react-props=\"{\n    &quot;title&quot;: &quot;Degree program: Major (subject): Art History, minor: Egyptology\\\/ Ancient Oriental Studies, ALPHA B.A.&quot;,\n    &quot;uuid&quot;: &quot;1733996093843&quot;,\n    &quot;align&quot;: &quot;wide&quot;,\n    &quot;showInActions&quot;: false,\n    &quot;allowNesting&quot;: true,\n    &quot;icon&quot;: &quot;&quot;,\n    &quot;showExpandableContent&quot;: false,\n    &quot;expandableContent&quot;: &quot;&quot;,\n    &quot;link&quot;: {\n        &quot;url&quot;: &quot;&quot;\n    }\n}\">\n    \n<\/jgu-base-listitem>\n\n<jgu-base-listitem react-props=\"{\n    &quot;title&quot;: &quot;Specialization: Egyptology&quot;,\n    &quot;uuid&quot;: &quot;1744109587244&quot;,\n    &quot;align&quot;: &quot;wide&quot;,\n    &quot;showInActions&quot;: false,\n    &quot;allowNesting&quot;: true,\n    &quot;icon&quot;: &quot;&quot;,\n    &quot;showExpandableContent&quot;: false,\n    &quot;expandableContent&quot;: &quot;&quot;,\n    &quot;link&quot;: {\n        &quot;url&quot;: &quot;&quot;\n    }\n}\">\n    \n<\/jgu-base-listitem>\n\n<jgu-base-listitem react-props=\"{\n    &quot;title&quot;: &quot;Best way to contact us: &lt;a href=\\&quot;mailto:ldrusenh@students.uni-mainz.de\\&quot;&gt;ldrusenh@students.uni-mainz.de&lt;\\\/a&gt;&quot;,\n    &quot;uuid&quot;: &quot;1744109597560&quot;,\n    &quot;align&quot;: &quot;wide&quot;,\n    &quot;showInActions&quot;: false,\n    &quot;allowNesting&quot;: true,\n    &quot;icon&quot;: &quot;&quot;,\n    &quot;showExpandableContent&quot;: false,\n    &quot;expandableContent&quot;: &quot;&quot;,\n    &quot;link&quot;: {\n        &quot;url&quot;: &quot;&quot;\n    }\n}\">\n    \n<\/jgu-base-listitem>\n\n<\/jgu-base-contactcard>\n\n<jgu-base-contactcard react-props=\"{\n    &quot;name&quot;: &quot;Alexandra Fischer (Alex)&quot;,\n    &quot;avatar&quot;: {\n        &quot;id&quot;: 28409,\n        &quot;url&quot;: &quot;https:\\\/\\\/cms.zdv.uni-mainz.de\\\/fb07-iaw\\\/wp-content\\\/uploads\\\/sites\\\/275\\\/2025\\\/04\\\/WhatsApp-Bild-2023-04-19-um-16.02.34-e1681913285626-300x300-1.jpg&quot;,\n        &quot;title&quot;: &quot;WhatsApp-Bild-2023-04-19-um-16.02.34-e1681913285626-300x300&quot;,\n        &quot;width&quot;: 300,\n        &quot;height&quot;: 300,\n        &quot;srcset&quot;: &quot;https:\\\/\\\/cms.zdv.uni-mainz.de\\\/fb07-iaw\\\/wp-content\\\/uploads\\\/sites\\\/275\\\/2025\\\/04\\\/WhatsApp-Bild-2023-04-19-um-16.02.34-e1681913285626-300x300-1.jpg 300w, https:\\\/\\\/cms.zdv.uni-mainz.de\\\/fb07-iaw\\\/wp-content\\\/uploads\\\/sites\\\/275\\\/2025\\\/04\\\/WhatsApp-Bild-2023-04-19-um-16.02.34-e1681913285626-300x300-1-150x150.jpg 150w&quot;\n    },\n    &quot;align&quot;: &quot;wide&quot;,\n    &quot;actions&quot;: [],\n    &quot;color&quot;: &quot;default&quot;\n}\">\n    \n<jgu-base-listitem react-props=\"{\n    &quot;title&quot;: &quot;Degree program: Major (subject): Art History, minor: Archaeology B.A.&quot;,\n    &quot;uuid&quot;: &quot;1733996095501&quot;,\n    &quot;align&quot;: &quot;wide&quot;,\n    &quot;showInActions&quot;: false,\n    &quot;allowNesting&quot;: true,\n    &quot;icon&quot;: &quot;&quot;,\n    &quot;showExpandableContent&quot;: false,\n    &quot;expandableContent&quot;: &quot;&quot;,\n    &quot;link&quot;: {\n        &quot;url&quot;: &quot;&quot;\n    }\n}\">\n    \n<\/jgu-base-listitem>\n\n<jgu-base-listitem react-props=\"{\n    &quot;title&quot;: &quot;Research interest: Mythology&quot;,\n    &quot;uuid&quot;: &quot;1744109643917&quot;,\n    &quot;align&quot;: &quot;wide&quot;,\n    &quot;showInActions&quot;: false,\n    &quot;allowNesting&quot;: true,\n    &quot;icon&quot;: &quot;&quot;,\n    &quot;showExpandableContent&quot;: false,\n    &quot;expandableContent&quot;: &quot;&quot;,\n    &quot;link&quot;: {\n        &quot;url&quot;: &quot;&quot;\n    }\n}\">\n    \n<\/jgu-base-listitem>\n\n<jgu-base-listitem react-props=\"{\n    &quot;title&quot;: &quot;Hobbies: Reading, drawing, walking, gaming, discovering new music&quot;,\n    &quot;uuid&quot;: &quot;1744109646378&quot;,\n    &quot;align&quot;: &quot;wide&quot;,\n    &quot;showInActions&quot;: false,\n    &quot;allowNesting&quot;: true,\n    &quot;icon&quot;: &quot;&quot;,\n    &quot;showExpandableContent&quot;: false,\n    &quot;expandableContent&quot;: &quot;&quot;,\n    &quot;link&quot;: {\n        &quot;url&quot;: &quot;&quot;\n    }\n}\">\n    \n<\/jgu-base-listitem>\n\n<jgu-base-listitem react-props=\"{\n    &quot;title&quot;: &quot;Best way to contact me: &lt;a href=\\&quot;mailto:afisch@students.uni-mainz.de\\&quot;&gt;afisch@students.uni-mainz.de&lt;\\\/a&gt;&quot;,\n    &quot;uuid&quot;: &quot;1744109657179&quot;,\n    &quot;align&quot;: &quot;wide&quot;,\n    &quot;showInActions&quot;: false,\n    &quot;allowNesting&quot;: true,\n    &quot;icon&quot;: &quot;&quot;,\n    &quot;showExpandableContent&quot;: false,\n    &quot;expandableContent&quot;: &quot;&quot;,\n    &quot;link&quot;: {\n        &quot;url&quot;: &quot;&quot;\n    }\n}\">\n    \n<\/jgu-base-listitem>\n\n<\/jgu-base-contactcard>\n\n<jgu-base-contactcard react-props=\"{\n    &quot;name&quot;: &quot;Laura Gebhardt&quot;,\n    &quot;align&quot;: &quot;wide&quot;,\n    &quot;actions&quot;: [],\n    &quot;color&quot;: &quot;default&quot;\n}\">\n    \n<jgu-base-listitem react-props=\"{\n    &quot;title&quot;: &quot;Degree program: Archaeology B.A.&quot;,\n    &quot;uuid&quot;: &quot;1744109672571&quot;,\n    &quot;align&quot;: &quot;wide&quot;,\n    &quot;showInActions&quot;: false,\n    &quot;allowNesting&quot;: true,\n    &quot;icon&quot;: &quot;&quot;,\n    &quot;showExpandableContent&quot;: false,\n    &quot;expandableContent&quot;: &quot;&quot;,\n    &quot;link&quot;: {\n        &quot;url&quot;: &quot;&quot;\n    }\n}\">\n    \n<\/jgu-base-listitem>\n\n<jgu-base-listitem react-props=\"{\n    &quot;title&quot;: &quot;Specialization: Classical Archaeology&quot;,\n    &quot;uuid&quot;: &quot;1744109697222&quot;,\n    &quot;align&quot;: &quot;wide&quot;,\n    &quot;showInActions&quot;: false,\n    &quot;allowNesting&quot;: true,\n    &quot;icon&quot;: &quot;&quot;,\n    &quot;showExpandableContent&quot;: false,\n    &quot;expandableContent&quot;: &quot;&quot;,\n    &quot;link&quot;: {\n        &quot;url&quot;: &quot;&quot;\n    }\n}\">\n    \n<\/jgu-base-listitem>\n\n<jgu-base-listitem react-props=\"{\n    &quot;title&quot;: &quot;Hobbies: Dancing&quot;,\n    &quot;uuid&quot;: &quot;1744109704357&quot;,\n    &quot;align&quot;: &quot;wide&quot;,\n    &quot;showInActions&quot;: false,\n    &quot;allowNesting&quot;: true,\n    &quot;icon&quot;: &quot;&quot;,\n    &quot;showExpandableContent&quot;: false,\n    &quot;expandableContent&quot;: &quot;&quot;,\n    &quot;link&quot;: {\n        &quot;url&quot;: &quot;&quot;\n    }\n}\">\n    \n<\/jgu-base-listitem>\n\n<jgu-base-listitem react-props=\"{\n    &quot;title&quot;: &quot;Best way to contact me: &lt;a href=\\&quot;mailto:lgebhard@students.uni-mainz.de\\&quot;&gt;lgebhard@students.uni-mainz.de&lt;\\\/a&gt;&quot;,\n    &quot;uuid&quot;: &quot;1744109713615&quot;,\n    &quot;align&quot;: &quot;wide&quot;,\n    &quot;showInActions&quot;: false,\n    &quot;allowNesting&quot;: true,\n    &quot;icon&quot;: &quot;&quot;,\n    &quot;showExpandableContent&quot;: false,\n    &quot;expandableContent&quot;: &quot;&quot;,\n    &quot;link&quot;: {\n        &quot;url&quot;: &quot;&quot;\n    }\n}\">\n    \n<\/jgu-base-listitem>\n\n<\/jgu-base-contactcard>\n\n<jgu-base-contactcard react-props=\"{\n    &quot;name&quot;: &quot;Marvin J\\u00e9r\\u00f4me Gl\\u00f6ckner&quot;,\n    &quot;align&quot;: &quot;wide&quot;,\n    &quot;actions&quot;: [],\n    &quot;color&quot;: &quot;default&quot;\n}\">\n    \n<jgu-base-listitem react-props=\"{\n    &quot;title&quot;: &quot;Degree program: ALPHA B.A.&quot;,\n    &quot;uuid&quot;: &quot;1744109737038&quot;,\n    &quot;align&quot;: &quot;wide&quot;,\n    &quot;showInActions&quot;: false,\n    &quot;allowNesting&quot;: true,\n    &quot;icon&quot;: &quot;&quot;,\n    &quot;showExpandableContent&quot;: false,\n    &quot;expandableContent&quot;: &quot;&quot;,\n    &quot;link&quot;: {\n        &quot;url&quot;: &quot;&quot;\n    }\n}\">\n    \n<\/jgu-base-listitem>\n\n<jgu-base-listitem react-props=\"{\n    &quot;title&quot;: &quot;Specialization: Ancient Near Eastern Archaeology&quot;,\n    &quot;uuid&quot;: &quot;1744109766873&quot;,\n    &quot;align&quot;: &quot;wide&quot;,\n    &quot;showInActions&quot;: false,\n    &quot;allowNesting&quot;: true,\n    &quot;icon&quot;: &quot;&quot;,\n    &quot;showExpandableContent&quot;: false,\n    &quot;expandableContent&quot;: &quot;&quot;,\n    &quot;link&quot;: {\n        &quot;url&quot;: &quot;&quot;\n    }\n}\">\n    \n<\/jgu-base-listitem>\n\n<jgu-base-listitem react-props=\"{\n    &quot;title&quot;: &quot;Best way to contact me: &lt;a href=\\&quot;mailto:mgloeckn@students.uni-mainz.de\\&quot;&gt;mgloeckn@students.uni-mainz.de&lt;\\\/a&gt;&quot;,\n    &quot;uuid&quot;: &quot;1744109773935&quot;,\n    &quot;align&quot;: &quot;wide&quot;,\n    &quot;showInActions&quot;: false,\n    &quot;allowNesting&quot;: true,\n    &quot;icon&quot;: &quot;&quot;,\n    &quot;showExpandableContent&quot;: false,\n    &quot;expandableContent&quot;: &quot;&quot;,\n    &quot;link&quot;: {\n        &quot;url&quot;: &quot;&quot;\n    }\n}\">\n    \n<\/jgu-base-listitem>\n\n<\/jgu-base-contactcard>\n\n<jgu-base-contactcard react-props=\"{\n    &quot;name&quot;: &quot;Bjarne Hansen&quot;,\n    &quot;align&quot;: &quot;wide&quot;,\n    &quot;actions&quot;: [],\n    &quot;color&quot;: &quot;default&quot;\n}\">\n    \n<jgu-base-listitem react-props=\"{\n    &quot;title&quot;: &quot;Degree program: Archaeology B.A.&quot;,\n    &quot;uuid&quot;: &quot;1744109738581&quot;,\n    &quot;align&quot;: &quot;wide&quot;,\n    &quot;showInActions&quot;: false,\n    &quot;allowNesting&quot;: true,\n    &quot;icon&quot;: &quot;&quot;,\n    &quot;showExpandableContent&quot;: false,\n    &quot;expandableContent&quot;: &quot;&quot;,\n    &quot;link&quot;: {\n        &quot;url&quot;: &quot;&quot;\n    }\n}\">\n    \n<\/jgu-base-listitem>\n\n<jgu-base-listitem react-props=\"{\n    &quot;title&quot;: &quot;Specialization: Pre- and early historical archaeology&quot;,\n    &quot;uuid&quot;: &quot;1744109801093&quot;,\n    &quot;align&quot;: &quot;wide&quot;,\n    &quot;showInActions&quot;: false,\n    &quot;allowNesting&quot;: true,\n    &quot;icon&quot;: &quot;&quot;,\n    &quot;showExpandableContent&quot;: false,\n    &quot;expandableContent&quot;: &quot;&quot;,\n    &quot;link&quot;: {\n        &quot;url&quot;: &quot;&quot;\n    }\n}\">\n    \n<\/jgu-base-listitem>\n\n<jgu-base-listitem react-props=\"{\n    &quot;title&quot;: &quot;Best way to contact me: &lt;a href=\\&quot;mailto:bjhansen@students.uni-mainz.de\\&quot;&gt;bjhansen@students.uni-mainz.de&lt;\\\/a&gt;&quot;,\n    &quot;uuid&quot;: &quot;1744109809513&quot;,\n    &quot;align&quot;: &quot;wide&quot;,\n    &quot;showInActions&quot;: false,\n    &quot;allowNesting&quot;: true,\n    &quot;icon&quot;: &quot;&quot;,\n    &quot;showExpandableContent&quot;: false,\n    &quot;expandableContent&quot;: &quot;&quot;,\n    &quot;link&quot;: {\n        &quot;url&quot;: &quot;&quot;\n    }\n}\">\n    \n<\/jgu-base-listitem>\n\n<\/jgu-base-contactcard>\n\n<jgu-base-contactcard react-props=\"{\n    &quot;name&quot;: &quot;Jessica Hederich (Jessi)&quot;,\n    &quot;align&quot;: &quot;wide&quot;,\n    &quot;actions&quot;: [],\n    &quot;color&quot;: &quot;default&quot;\n}\">\n    \n<jgu-base-listitem react-props=\"{\n    &quot;title&quot;: &quot;Degree program: ALPHA B.A.&quot;,\n    &quot;uuid&quot;: &quot;1744109739661&quot;,\n    &quot;align&quot;: &quot;wide&quot;,\n    &quot;showInActions&quot;: false,\n    &quot;allowNesting&quot;: true,\n    &quot;icon&quot;: &quot;&quot;,\n    &quot;showExpandableContent&quot;: false,\n    &quot;expandableContent&quot;: &quot;&quot;,\n    &quot;link&quot;: {\n        &quot;url&quot;: &quot;&quot;\n    }\n}\">\n    \n<\/jgu-base-listitem>\n\n<jgu-base-listitem react-props=\"{\n    &quot;title&quot;: &quot;Specialization: Pre- and early historical archaeology&quot;,\n    &quot;uuid&quot;: &quot;1744109835910&quot;,\n    &quot;align&quot;: &quot;wide&quot;,\n    &quot;showInActions&quot;: false,\n    &quot;allowNesting&quot;: true,\n    &quot;icon&quot;: &quot;&quot;,\n    &quot;showExpandableContent&quot;: false,\n    &quot;expandableContent&quot;: &quot;&quot;,\n    &quot;link&quot;: {\n        &quot;url&quot;: &quot;&quot;\n    }\n}\">\n    \n<\/jgu-base-listitem>\n\n<jgu-base-listitem react-props=\"{\n    &quot;title&quot;: &quot;Hobbies: music, gaming, arts, hiking&quot;,\n    &quot;uuid&quot;: &quot;1744109841937&quot;,\n    &quot;align&quot;: &quot;wide&quot;,\n    &quot;showInActions&quot;: false,\n    &quot;allowNesting&quot;: true,\n    &quot;icon&quot;: &quot;&quot;,\n    &quot;showExpandableContent&quot;: false,\n    &quot;expandableContent&quot;: &quot;&quot;,\n    &quot;link&quot;: {\n        &quot;url&quot;: &quot;&quot;\n    }\n}\">\n    \n<\/jgu-base-listitem>\n\n<jgu-base-listitem react-props=\"{\n    &quot;title&quot;: &quot;Best way to contact me: &lt;a href=\\&quot;mailto:jhederic@students.uni-mainz.de\\&quot;&gt;jhederic@students.uni-mainz.de&lt;\\\/a&gt;&quot;,\n    &quot;uuid&quot;: &quot;1744109850173&quot;,\n    &quot;align&quot;: &quot;wide&quot;,\n    &quot;showInActions&quot;: false,\n    &quot;allowNesting&quot;: true,\n    &quot;icon&quot;: &quot;&quot;,\n    &quot;showExpandableContent&quot;: false,\n    &quot;expandableContent&quot;: &quot;&quot;,\n    &quot;link&quot;: {\n        &quot;url&quot;: &quot;&quot;\n    }\n}\">\n    \n<\/jgu-base-listitem>\n\n<\/jgu-base-contactcard>\n\n<jgu-base-contactcard react-props=\"{\n    &quot;name&quot;: &quot;Lysann Jabusch&quot;,\n    &quot;align&quot;: &quot;wide&quot;,\n    &quot;actions&quot;: [],\n    &quot;color&quot;: &quot;default&quot;\n}\">\n    \n<jgu-base-listitem react-props=\"{\n    &quot;title&quot;: &quot;Degree program: ALPHA B.A.&quot;,\n    &quot;uuid&quot;: &quot;1744109740872&quot;,\n    &quot;align&quot;: &quot;wide&quot;,\n    &quot;showInActions&quot;: false,\n    &quot;allowNesting&quot;: true,\n    &quot;icon&quot;: &quot;&quot;,\n    &quot;showExpandableContent&quot;: false,\n    &quot;expandableContent&quot;: &quot;&quot;,\n    &quot;link&quot;: {\n        &quot;url&quot;: &quot;&quot;\n    }\n}\">\n    \n<\/jgu-base-listitem>\n\n<jgu-base-listitem react-props=\"{\n    &quot;title&quot;: &quot;Specialization: Classical Archaeology&quot;,\n    &quot;uuid&quot;: &quot;1744109896479&quot;,\n    &quot;align&quot;: &quot;wide&quot;,\n    &quot;showInActions&quot;: false,\n    &quot;allowNesting&quot;: true,\n    &quot;icon&quot;: &quot;&quot;,\n    &quot;showExpandableContent&quot;: false,\n    &quot;expandableContent&quot;: &quot;&quot;,\n    &quot;link&quot;: {\n        &quot;url&quot;: &quot;&quot;\n    }\n}\">\n    \n<\/jgu-base-listitem>\n\n<jgu-base-listitem react-props=\"{\n    &quot;title&quot;: &quot;Best way to contact me: &lt;a href=\\&quot;mailto:ljabusch@students.uni-mainz.de\\&quot;&gt;ljabusch@students.uni-mainz.de&lt;\\\/a&gt;&quot;,\n    &quot;uuid&quot;: &quot;1744109903005&quot;,\n    &quot;align&quot;: &quot;wide&quot;,\n    &quot;showInActions&quot;: false,\n    &quot;allowNesting&quot;: true,\n    &quot;icon&quot;: &quot;&quot;,\n    &quot;showExpandableContent&quot;: false,\n    &quot;expandableContent&quot;: &quot;&quot;,\n    &quot;link&quot;: {\n        &quot;url&quot;: &quot;&quot;\n    }\n}\">\n    \n<\/jgu-base-listitem>\n\n<\/jgu-base-contactcard>\n\n<jgu-base-contactcard react-props=\"{\n    &quot;name&quot;: &quot;&lt;br&gt;L\\u00e9on Jaques Jumel&quot;,\n    &quot;align&quot;: &quot;wide&quot;,\n    &quot;actions&quot;: [],\n    &quot;color&quot;: &quot;default&quot;\n}\">\n    \n<jgu-base-listitem react-props=\"{\n    &quot;title&quot;: &quot;Degree program: ALPHA B.A.&quot;,\n    &quot;uuid&quot;: &quot;1744109912050&quot;,\n    &quot;align&quot;: &quot;wide&quot;,\n    &quot;showInActions&quot;: false,\n    &quot;allowNesting&quot;: true,\n    &quot;icon&quot;: &quot;&quot;,\n    &quot;showExpandableContent&quot;: false,\n    &quot;expandableContent&quot;: &quot;&quot;,\n    &quot;link&quot;: {\n        &quot;url&quot;: &quot;&quot;\n    }\n}\">\n    \n<\/jgu-base-listitem>\n\n<jgu-base-listitem react-props=\"{\n    &quot;title&quot;: &quot;Specialization: Classical Archaeology&quot;,\n    &quot;uuid&quot;: &quot;1744109945237&quot;,\n    &quot;align&quot;: &quot;wide&quot;,\n    &quot;showInActions&quot;: false,\n    &quot;allowNesting&quot;: true,\n    &quot;icon&quot;: &quot;&quot;,\n    &quot;showExpandableContent&quot;: false,\n    &quot;expandableContent&quot;: &quot;&quot;,\n    &quot;link&quot;: {\n        &quot;url&quot;: &quot;&quot;\n    }\n}\">\n    \n<\/jgu-base-listitem>\n\n<jgu-base-listitem react-props=\"{\n    &quot;title&quot;: &quot;Research interest: Cultural contacts&quot;,\n    &quot;uuid&quot;: &quot;1744109952235&quot;,\n    &quot;align&quot;: &quot;wide&quot;,\n    &quot;showInActions&quot;: false,\n    &quot;allowNesting&quot;: true,\n    &quot;icon&quot;: &quot;&quot;,\n    &quot;showExpandableContent&quot;: false,\n    &quot;expandableContent&quot;: &quot;&quot;,\n    &quot;link&quot;: {\n        &quot;url&quot;: &quot;&quot;\n    }\n}\">\n    \n<\/jgu-base-listitem>\n\n<jgu-base-listitem react-props=\"{\n    &quot;title&quot;: &quot;Hobbies: Singing, dancing, making music, gaming&quot;,\n    &quot;uuid&quot;: &quot;1744109958560&quot;,\n    &quot;align&quot;: &quot;wide&quot;,\n    &quot;showInActions&quot;: false,\n    &quot;allowNesting&quot;: true,\n    &quot;icon&quot;: &quot;&quot;,\n    &quot;showExpandableContent&quot;: false,\n    &quot;expandableContent&quot;: &quot;&quot;,\n    &quot;link&quot;: {\n        &quot;url&quot;: &quot;&quot;\n    }\n}\">\n    \n<\/jgu-base-listitem>\n\n<jgu-base-listitem react-props=\"{\n    &quot;title&quot;: &quot;Best way to contact me: &lt;a href=\\&quot;mailto:ljumel@students.uni-mainz.de\\&quot;&gt;ljumel@students.uni-mainz.de&lt;\\\/a&gt;&quot;,\n    &quot;uuid&quot;: &quot;1744109964862&quot;,\n    &quot;align&quot;: &quot;wide&quot;,\n    &quot;showInActions&quot;: false,\n    &quot;allowNesting&quot;: true,\n    &quot;icon&quot;: &quot;&quot;,\n    &quot;showExpandableContent&quot;: false,\n    &quot;expandableContent&quot;: &quot;&quot;,\n    &quot;link&quot;: {\n        &quot;url&quot;: &quot;&quot;\n    }\n}\">\n    \n<\/jgu-base-listitem>\n\n<\/jgu-base-contactcard>\n\n<jgu-base-contactcard react-props=\"{\n    &quot;name&quot;: &quot;&lt;br&gt;Adrian Kling&quot;,\n    &quot;align&quot;: &quot;wide&quot;,\n    &quot;actions&quot;: [],\n    &quot;color&quot;: &quot;default&quot;\n}\">\n    \n<jgu-base-listitem react-props=\"{\n    &quot;title&quot;: &quot;Degree program: Archaeology B.A.&quot;,\n    &quot;uuid&quot;: &quot;1744109913421&quot;,\n    &quot;align&quot;: &quot;wide&quot;,\n    &quot;showInActions&quot;: false,\n    &quot;allowNesting&quot;: true,\n    &quot;icon&quot;: &quot;&quot;,\n    &quot;showExpandableContent&quot;: false,\n    &quot;expandableContent&quot;: &quot;&quot;,\n    &quot;link&quot;: {\n        &quot;url&quot;: &quot;&quot;\n    }\n}\">\n    \n<\/jgu-base-listitem>\n\n<jgu-base-listitem react-props=\"{\n    &quot;title&quot;: &quot;Specialization: Classical Archaeology&quot;,\n    &quot;uuid&quot;: &quot;1744110001198&quot;,\n    &quot;align&quot;: &quot;wide&quot;,\n    &quot;showInActions&quot;: false,\n    &quot;allowNesting&quot;: true,\n    &quot;icon&quot;: &quot;&quot;,\n    &quot;showExpandableContent&quot;: false,\n    &quot;expandableContent&quot;: &quot;&quot;,\n    &quot;link&quot;: {\n        &quot;url&quot;: &quot;&quot;\n    }\n}\">\n    \n<\/jgu-base-listitem>\n\n<jgu-base-listitem react-props=\"{\n    &quot;title&quot;: &quot;Best way to contact me: &lt;a href=\\&quot;mailto:akling@students.uni-mainz.de\\&quot;&gt;akling@students.uni-mainz.de&lt;\\\/a&gt;&quot;,\n    &quot;uuid&quot;: &quot;1744110008446&quot;,\n    &quot;align&quot;: &quot;wide&quot;,\n    &quot;showInActions&quot;: false,\n    &quot;allowNesting&quot;: true,\n    &quot;icon&quot;: &quot;&quot;,\n    &quot;showExpandableContent&quot;: false,\n    &quot;expandableContent&quot;: &quot;&quot;,\n    &quot;link&quot;: {\n        &quot;url&quot;: &quot;&quot;\n    }\n}\">\n    \n<\/jgu-base-listitem>\n\n<\/jgu-base-contactcard>\n\n<jgu-base-contactcard react-props=\"{\n    &quot;name&quot;: &quot;Max Koppius&quot;,\n    &quot;align&quot;: &quot;wide&quot;,\n    &quot;actions&quot;: [],\n    &quot;color&quot;: &quot;default&quot;\n}\">\n    \n<jgu-base-listitem react-props=\"{\n    &quot;title&quot;: &quot;Degree program: Archaeology B.A.&quot;,\n    &quot;uuid&quot;: &quot;1744109914405&quot;,\n    &quot;align&quot;: &quot;wide&quot;,\n    &quot;showInActions&quot;: false,\n    &quot;allowNesting&quot;: true,\n    &quot;icon&quot;: &quot;&quot;,\n    &quot;showExpandableContent&quot;: false,\n    &quot;expandableContent&quot;: &quot;&quot;,\n    &quot;link&quot;: {\n        &quot;url&quot;: &quot;&quot;\n    }\n}\">\n    \n<\/jgu-base-listitem>\n\n<jgu-base-listitem react-props=\"{\n    &quot;title&quot;: &quot;Specialization: Ancient Near Eastern Archaeology&quot;,\n    &quot;uuid&quot;: &quot;1744110037736&quot;,\n    &quot;align&quot;: &quot;wide&quot;,\n    &quot;showInActions&quot;: false,\n    &quot;allowNesting&quot;: true,\n    &quot;icon&quot;: &quot;&quot;,\n    &quot;showExpandableContent&quot;: false,\n    &quot;expandableContent&quot;: &quot;&quot;,\n    &quot;link&quot;: {\n        &quot;url&quot;: &quot;&quot;\n    }\n}\">\n    \n<\/jgu-base-listitem>\n\n<jgu-base-listitem react-props=\"{\n    &quot;title&quot;: &quot;Hobbies: playing bass, drawing&quot;,\n    &quot;uuid&quot;: &quot;1744110044408&quot;,\n    &quot;align&quot;: &quot;wide&quot;,\n    &quot;showInActions&quot;: false,\n    &quot;allowNesting&quot;: true,\n    &quot;icon&quot;: &quot;&quot;,\n    &quot;showExpandableContent&quot;: false,\n    &quot;expandableContent&quot;: &quot;&quot;,\n    &quot;link&quot;: {\n        &quot;url&quot;: &quot;&quot;\n    }\n}\">\n    \n<\/jgu-base-listitem>\n\n<jgu-base-listitem react-props=\"{\n    &quot;title&quot;: &quot;Best way to contact me: &lt;a href=\\&quot;mailto:mkoppius@students.uni-mainz.de\\&quot;&gt;mkoppius@students.uni-mainz.de&lt;\\\/a&gt;&quot;,\n    &quot;uuid&quot;: &quot;1744110051224&quot;,\n    &quot;align&quot;: &quot;wide&quot;,\n    &quot;showInActions&quot;: false,\n    &quot;allowNesting&quot;: true,\n    &quot;icon&quot;: &quot;&quot;,\n    &quot;showExpandableContent&quot;: false,\n    &quot;expandableContent&quot;: &quot;&quot;,\n    &quot;link&quot;: {\n        &quot;url&quot;: &quot;&quot;\n    }\n}\">\n    \n<\/jgu-base-listitem>\n\n<\/jgu-base-contactcard>\n\n<jgu-base-contactcard react-props=\"{\n    &quot;name&quot;: &quot;Elena Annchristin Marquardt&quot;,\n    &quot;align&quot;: &quot;wide&quot;,\n    &quot;actions&quot;: [],\n    &quot;color&quot;: &quot;default&quot;\n}\">\n    \n<jgu-base-listitem react-props=\"{\n    &quot;title&quot;: &quot;Degree program: Archaeology M.A.&quot;,\n    &quot;uuid&quot;: &quot;1744109915434&quot;,\n    &quot;align&quot;: &quot;wide&quot;,\n    &quot;showInActions&quot;: false,\n    &quot;allowNesting&quot;: true,\n    &quot;icon&quot;: &quot;&quot;,\n    &quot;showExpandableContent&quot;: false,\n    &quot;expandableContent&quot;: &quot;&quot;,\n    &quot;link&quot;: {\n        &quot;url&quot;: &quot;&quot;\n    }\n}\">\n    \n<\/jgu-base-listitem>\n\n<jgu-base-listitem react-props=\"{\n    &quot;title&quot;: &quot;Specialization: Ancient Near Eastern Archaeology&quot;,\n    &quot;uuid&quot;: &quot;1744110087954&quot;,\n    &quot;align&quot;: &quot;wide&quot;,\n    &quot;showInActions&quot;: false,\n    &quot;allowNesting&quot;: true,\n    &quot;icon&quot;: &quot;&quot;,\n    &quot;showExpandableContent&quot;: false,\n    &quot;expandableContent&quot;: &quot;&quot;,\n    &quot;link&quot;: {\n        &quot;url&quot;: &quot;&quot;\n    }\n}\">\n    \n<\/jgu-base-listitem>\n\n<jgu-base-listitem react-props=\"{\n    &quot;title&quot;: &quot;Best way to contact me: &lt;a href=\\&quot;mailto:emarquar@students.uni-mainz.de\\&quot;&gt;emarquar@students.uni-mainz.de&lt;\\\/a&gt;&quot;,\n    &quot;uuid&quot;: &quot;1744110095567&quot;,\n    &quot;align&quot;: &quot;wide&quot;,\n    &quot;showInActions&quot;: false,\n    &quot;allowNesting&quot;: true,\n    &quot;icon&quot;: &quot;&quot;,\n    &quot;showExpandableContent&quot;: false,\n    &quot;expandableContent&quot;: &quot;&quot;,\n    &quot;link&quot;: {\n        &quot;url&quot;: &quot;&quot;\n    }\n}\">\n    \n<\/jgu-base-listitem>\n\n<\/jgu-base-contactcard>\n\n<jgu-base-contactcard react-props=\"{\n    &quot;name&quot;: &quot;Madeleine Miller&quot;,\n    &quot;align&quot;: &quot;wide&quot;,\n    &quot;actions&quot;: [],\n    &quot;color&quot;: &quot;default&quot;\n}\">\n    \n<jgu-base-listitem react-props=\"{\n    &quot;title&quot;: &quot;Degree program: Major (subject): Art History, minor: Archaeology B.A.&quot;,\n    &quot;uuid&quot;: &quot;1744110105191&quot;,\n    &quot;align&quot;: &quot;wide&quot;,\n    &quot;showInActions&quot;: false,\n    &quot;allowNesting&quot;: true,\n    &quot;icon&quot;: &quot;&quot;,\n    &quot;showExpandableContent&quot;: false,\n    &quot;expandableContent&quot;: &quot;&quot;,\n    &quot;link&quot;: {\n        &quot;url&quot;: &quot;&quot;\n    }\n}\">\n    \n<\/jgu-base-listitem>\n\n<jgu-base-listitem react-props=\"{\n    &quot;title&quot;: &quot;Best way to contact me: &lt;a href=\\&quot;mailto:mmiller@students.uni-mainz.de\\&quot;&gt;mmiller@students.uni-mainz.de&lt;\\\/a&gt;&quot;,\n    &quot;uuid&quot;: &quot;1744110134584&quot;,\n    &quot;align&quot;: &quot;wide&quot;,\n    &quot;showInActions&quot;: false,\n    &quot;allowNesting&quot;: true,\n    &quot;icon&quot;: &quot;&quot;,\n    &quot;showExpandableContent&quot;: false,\n    &quot;expandableContent&quot;: &quot;&quot;,\n    &quot;link&quot;: {\n        &quot;url&quot;: &quot;&quot;\n    }\n}\">\n    \n<\/jgu-base-listitem>\n\n<\/jgu-base-contactcard>\n\n<jgu-base-contactcard react-props=\"{\n    &quot;name&quot;: &quot;Adriano Noto&quot;,\n    &quot;align&quot;: &quot;wide&quot;,\n    &quot;actions&quot;: [],\n    &quot;color&quot;: &quot;default&quot;\n}\">\n    \n<jgu-base-listitem react-props=\"{\n    &quot;title&quot;: &quot;Degree program: Archaeology M.A.&quot;,\n    &quot;uuid&quot;: &quot;1744110106404&quot;,\n    &quot;align&quot;: &quot;wide&quot;,\n    &quot;showInActions&quot;: false,\n    &quot;allowNesting&quot;: true,\n    &quot;icon&quot;: &quot;&quot;,\n    &quot;showExpandableContent&quot;: false,\n    &quot;expandableContent&quot;: &quot;&quot;,\n    &quot;link&quot;: {\n        &quot;url&quot;: &quot;&quot;\n    }\n}\">\n    \n<\/jgu-base-listitem>\n\n<jgu-base-listitem react-props=\"{\n    &quot;title&quot;: &quot;Specialization: Pre- and early historical archaeology&quot;,\n    &quot;uuid&quot;: &quot;1744110162514&quot;,\n    &quot;align&quot;: &quot;wide&quot;,\n    &quot;showInActions&quot;: false,\n    &quot;allowNesting&quot;: true,\n    &quot;icon&quot;: &quot;&quot;,\n    &quot;showExpandableContent&quot;: false,\n    &quot;expandableContent&quot;: &quot;&quot;,\n    &quot;link&quot;: {\n        &quot;url&quot;: &quot;&quot;\n    }\n}\">\n    \n<\/jgu-base-listitem>\n\n<jgu-base-listitem react-props=\"{\n    &quot;title&quot;: &quot;Research interest: Roman period and early Neolithic&quot;,\n    &quot;uuid&quot;: &quot;1744110169019&quot;,\n    &quot;align&quot;: &quot;wide&quot;,\n    &quot;showInActions&quot;: false,\n    &quot;allowNesting&quot;: true,\n    &quot;icon&quot;: &quot;&quot;,\n    &quot;showExpandableContent&quot;: false,\n    &quot;expandableContent&quot;: &quot;&quot;,\n    &quot;link&quot;: {\n        &quot;url&quot;: &quot;&quot;\n    }\n}\">\n    \n<\/jgu-base-listitem>\n\n<jgu-base-listitem react-props=\"{\n    &quot;title&quot;: &quot;Best way to contact me: &lt;a href=\\&quot;mailto:anoto@students.uni-mainz.de\\&quot;&gt;anoto@students.uni-mainz.de&lt;\\\/a&gt;&quot;,\n    &quot;uuid&quot;: &quot;1744110180417&quot;,\n    &quot;align&quot;: &quot;wide&quot;,\n    &quot;showInActions&quot;: false,\n    &quot;allowNesting&quot;: true,\n    &quot;icon&quot;: &quot;&quot;,\n    &quot;showExpandableContent&quot;: false,\n    &quot;expandableContent&quot;: &quot;&quot;,\n    &quot;link&quot;: {\n        &quot;url&quot;: &quot;&quot;\n    }\n}\">\n    \n<\/jgu-base-listitem>\n\n<\/jgu-base-contactcard>\n\n<jgu-base-contactcard react-props=\"{\n    &quot;name&quot;: &quot;Lisa Christine Petersen (Chris)&quot;,\n    &quot;avatar&quot;: {\n        &quot;id&quot;: 28400,\n        &quot;url&quot;: &quot;https:\\\/\\\/cms.zdv.uni-mainz.de\\\/fb07-iaw\\\/wp-content\\\/uploads\\\/sites\\\/275\\\/2025\\\/04\\\/WhatsApp-Bild-2022-11-10-um-16.45.46-e1668505615360-267x300-1.jpg&quot;,\n        &quot;title&quot;: &quot;WhatsApp-Bild-2022-11-10-um-16.45.46-e1668505615360-267x300&quot;,\n        &quot;width&quot;: 267,\n        &quot;height&quot;: 300\n    },\n    &quot;align&quot;: &quot;wide&quot;,\n    &quot;actions&quot;: [],\n    &quot;color&quot;: &quot;default&quot;\n}\">\n    \n<jgu-base-listitem react-props=\"{\n    &quot;title&quot;: &quot;Degree program: Major (subject): Art History, minor: Archaeology B.A.&quot;,\n    &quot;uuid&quot;: &quot;1744110107273&quot;,\n    &quot;align&quot;: &quot;wide&quot;,\n    &quot;showInActions&quot;: false,\n    &quot;allowNesting&quot;: true,\n    &quot;icon&quot;: &quot;&quot;,\n    &quot;showExpandableContent&quot;: false,\n    &quot;expandableContent&quot;: &quot;&quot;,\n    &quot;link&quot;: {\n        &quot;url&quot;: &quot;&quot;\n    }\n}\">\n    \n<\/jgu-base-listitem>\n\n<jgu-base-listitem react-props=\"{\n    &quot;title&quot;: &quot;Research interests: Norse and Celtic myths, symbolism, pre- and protohistoric archaeology&quot;,\n    &quot;uuid&quot;: &quot;1744110215237&quot;,\n    &quot;align&quot;: &quot;wide&quot;,\n    &quot;showInActions&quot;: false,\n    &quot;allowNesting&quot;: true,\n    &quot;icon&quot;: &quot;&quot;,\n    &quot;showExpandableContent&quot;: false,\n    &quot;expandableContent&quot;: &quot;&quot;,\n    &quot;link&quot;: {\n        &quot;url&quot;: &quot;&quot;\n    }\n}\">\n    \n<\/jgu-base-listitem>\n\n<jgu-base-listitem react-props=\"{\n    &quot;title&quot;: &quot;Hobbies: Painting\\\/drawing, reading, hiking&quot;,\n    &quot;uuid&quot;: &quot;1744110223253&quot;,\n    &quot;align&quot;: &quot;wide&quot;,\n    &quot;showInActions&quot;: false,\n    &quot;allowNesting&quot;: true,\n    &quot;icon&quot;: &quot;&quot;,\n    &quot;showExpandableContent&quot;: false,\n    &quot;expandableContent&quot;: &quot;&quot;,\n    &quot;link&quot;: {\n        &quot;url&quot;: &quot;&quot;\n    }\n}\">\n    \n<\/jgu-base-listitem>\n\n<jgu-base-listitem react-props=\"{\n    &quot;title&quot;: &quot;Best way to contact me: &lt;a href=\\&quot;mailto:lpeterse@students.uni-mainz.de\\&quot;&gt;lpeterse@students.uni-mainz.de&lt;\\\/a&gt;&quot;,\n    &quot;uuid&quot;: &quot;1744110230334&quot;,\n    &quot;align&quot;: &quot;wide&quot;,\n    &quot;showInActions&quot;: false,\n    &quot;allowNesting&quot;: true,\n    &quot;icon&quot;: &quot;&quot;,\n    &quot;showExpandableContent&quot;: false,\n    &quot;expandableContent&quot;: &quot;&quot;,\n    &quot;link&quot;: {\n        &quot;url&quot;: &quot;&quot;\n    }\n}\">\n    \n<\/jgu-base-listitem>\n\n<\/jgu-base-contactcard>\n\n<jgu-base-contactcard react-props=\"{\n    &quot;name&quot;: &quot;Lukas Steuer&quot;,\n    &quot;avatar&quot;: {\n        &quot;id&quot;: 15417,\n        &quot;url&quot;: &quot;https:\\\/\\\/cms.zdv.uni-mainz.de\\\/fb07-iaw\\\/wp-content\\\/uploads\\\/sites\\\/275\\\/2025\\\/02\\\/KA_Personen_Lukas-Steuer.webp&quot;,\n        &quot;title&quot;: &quot;KA_Personen_Lukas-Steuer&quot;,\n        &quot;width&quot;: 150,\n        &quot;height&quot;: 150\n    },\n    &quot;align&quot;: &quot;wide&quot;,\n    &quot;actions&quot;: [],\n    &quot;color&quot;: &quot;default&quot;\n}\">\n    \n<jgu-base-listitem react-props=\"{\n    &quot;title&quot;: &quot;Degree program: Archaeology M.A.&quot;,\n    &quot;uuid&quot;: &quot;1744110108260&quot;,\n    &quot;align&quot;: &quot;wide&quot;,\n    &quot;showInActions&quot;: false,\n    &quot;allowNesting&quot;: true,\n    &quot;icon&quot;: &quot;&quot;,\n    &quot;showExpandableContent&quot;: false,\n    &quot;expandableContent&quot;: &quot;&quot;,\n    &quot;link&quot;: {\n        &quot;url&quot;: &quot;&quot;\n    }\n}\">\n    \n<\/jgu-base-listitem>\n\n<jgu-base-listitem react-props=\"{\n    &quot;title&quot;: &quot;Specialization: Classical Archaeology&quot;,\n    &quot;uuid&quot;: &quot;1744110259589&quot;,\n    &quot;align&quot;: &quot;wide&quot;,\n    &quot;showInActions&quot;: false,\n    &quot;allowNesting&quot;: true,\n    &quot;icon&quot;: &quot;&quot;,\n    &quot;showExpandableContent&quot;: false,\n    &quot;expandableContent&quot;: &quot;&quot;,\n    &quot;link&quot;: {\n        &quot;url&quot;: &quot;&quot;\n    }\n}\">\n    \n<\/jgu-base-listitem>\n\n<jgu-base-listitem react-props=\"{\n    &quot;title&quot;: &quot;Research interests: Roman archaeology, provincial Roman archaeology, urbanism, transformation processes&quot;,\n    &quot;uuid&quot;: &quot;1744110265452&quot;,\n    &quot;align&quot;: &quot;wide&quot;,\n    &quot;showInActions&quot;: false,\n    &quot;allowNesting&quot;: true,\n    &quot;icon&quot;: &quot;&quot;,\n    &quot;showExpandableContent&quot;: false,\n    &quot;expandableContent&quot;: &quot;&quot;,\n    &quot;link&quot;: {\n        &quot;url&quot;: &quot;&quot;\n    }\n}\">\n    \n<\/jgu-base-listitem>\n\n<jgu-base-listitem react-props=\"{\n    &quot;title&quot;: &quot;Best way to contact me: lusteuer@students.uni-mainz.de&quot;,\n    &quot;uuid&quot;: &quot;1744110271752&quot;,\n    &quot;align&quot;: &quot;wide&quot;,\n    &quot;showInActions&quot;: false,\n    &quot;allowNesting&quot;: true,\n    &quot;icon&quot;: &quot;&quot;,\n    &quot;showExpandableContent&quot;: false,\n    &quot;expandableContent&quot;: &quot;&quot;,\n    &quot;link&quot;: {\n        &quot;url&quot;: &quot;&quot;\n    }\n}\">\n    \n<\/jgu-base-listitem>\n\n<\/jgu-base-contactcard>\n\n<jgu-base-contactcard react-props=\"{\n    &quot;name&quot;: &quot;Julia Tatter&quot;,\n    &quot;align&quot;: &quot;wide&quot;,\n    &quot;actions&quot;: [],\n    &quot;color&quot;: &quot;default&quot;\n}\">\n    \n<jgu-base-listitem react-props=\"{\n    &quot;title&quot;: &quot;Degree program: ALPHA B.A.&quot;,\n    &quot;uuid&quot;: &quot;1744110280260&quot;,\n    &quot;align&quot;: &quot;wide&quot;,\n    &quot;showInActions&quot;: false,\n    &quot;allowNesting&quot;: true,\n    &quot;icon&quot;: &quot;&quot;,\n    &quot;showExpandableContent&quot;: false,\n    &quot;expandableContent&quot;: &quot;&quot;,\n    &quot;link&quot;: {\n        &quot;url&quot;: &quot;&quot;\n    }\n}\">\n    \n<\/jgu-base-listitem>\n\n<jgu-base-listitem react-props=\"{\n    &quot;title&quot;: &quot;Specialization: Pre- and early historical archaeology&quot;,\n    &quot;uuid&quot;: &quot;1744110303659&quot;,\n    &quot;align&quot;: &quot;wide&quot;,\n    &quot;showInActions&quot;: false,\n    &quot;allowNesting&quot;: true,\n    &quot;icon&quot;: &quot;&quot;,\n    &quot;showExpandableContent&quot;: false,\n    &quot;expandableContent&quot;: &quot;&quot;,\n    &quot;link&quot;: {\n        &quot;url&quot;: &quot;&quot;\n    }\n}\">\n    \n<\/jgu-base-listitem>\n\n<jgu-base-listitem react-props=\"{\n    &quot;title&quot;: &quot;Research interests: Transitional periods and intercultural relations in prehistory and early history&quot;,\n    &quot;uuid&quot;: &quot;1744110312719&quot;,\n    &quot;align&quot;: &quot;wide&quot;,\n    &quot;showInActions&quot;: false,\n    &quot;allowNesting&quot;: true,\n    &quot;icon&quot;: &quot;&quot;,\n    &quot;showExpandableContent&quot;: false,\n    &quot;expandableContent&quot;: &quot;&quot;,\n    &quot;link&quot;: {\n        &quot;url&quot;: &quot;&quot;\n    }\n}\">\n    \n<\/jgu-base-listitem>\n\n<jgu-base-listitem react-props=\"{\n    &quot;title&quot;: &quot;Hobbies: arts, music, painting, writing, skating, playing bass and piano&quot;,\n    &quot;uuid&quot;: &quot;1744110322428&quot;,\n    &quot;align&quot;: &quot;wide&quot;,\n    &quot;showInActions&quot;: false,\n    &quot;allowNesting&quot;: true,\n    &quot;icon&quot;: &quot;&quot;,\n    &quot;showExpandableContent&quot;: false,\n    &quot;expandableContent&quot;: &quot;&quot;,\n    &quot;link&quot;: {\n        &quot;url&quot;: &quot;&quot;\n    }\n}\">\n    \n<\/jgu-base-listitem>\n\n<jgu-base-listitem react-props=\"{\n    &quot;title&quot;: &quot;Best way to contact me: &lt;a href=\\&quot;mailto:jtatter@students.uni-mainz.de\\&quot;&gt;jtatter@students.uni-mainz.de&lt;\\\/a&gt;&quot;,\n    &quot;uuid&quot;: &quot;1744110329097&quot;,\n    &quot;align&quot;: &quot;wide&quot;,\n    &quot;showInActions&quot;: false,\n    &quot;allowNesting&quot;: true,\n    &quot;icon&quot;: &quot;&quot;,\n    &quot;showExpandableContent&quot;: false,\n    &quot;expandableContent&quot;: &quot;&quot;,\n    &quot;link&quot;: {\n        &quot;url&quot;: &quot;&quot;\n    }\n}\">\n    \n<\/jgu-base-listitem>\n\n<\/jgu-base-contactcard>\n\n<jgu-base-contactcard react-props=\"{\n    &quot;name&quot;: &quot;Johanna van Willigen&quot;,\n    &quot;align&quot;: &quot;wide&quot;,\n    &quot;actions&quot;: [],\n    &quot;color&quot;: &quot;default&quot;\n}\">\n    \n<jgu-base-listitem react-props=\"{\n    &quot;title&quot;: &quot;Degree program: Egyptology\\\/ Ancient Oriental Studies B.A.&quot;,\n    &quot;uuid&quot;: &quot;1744110281412&quot;,\n    &quot;align&quot;: &quot;wide&quot;,\n    &quot;showInActions&quot;: false,\n    &quot;allowNesting&quot;: true,\n    &quot;icon&quot;: &quot;&quot;,\n    &quot;showExpandableContent&quot;: false,\n    &quot;expandableContent&quot;: &quot;&quot;,\n    &quot;link&quot;: {\n        &quot;url&quot;: &quot;&quot;\n    }\n}\">\n    \n<\/jgu-base-listitem>\n\n<jgu-base-listitem react-props=\"{\n    &quot;title&quot;: &quot;Specialization: Ancient Near Eastern Archaeology&quot;,\n    &quot;uuid&quot;: &quot;1744110364950&quot;,\n    &quot;align&quot;: &quot;wide&quot;,\n    &quot;showInActions&quot;: false,\n    &quot;allowNesting&quot;: true,\n    &quot;icon&quot;: &quot;&quot;,\n    &quot;showExpandableContent&quot;: false,\n    &quot;expandableContent&quot;: &quot;&quot;,\n    &quot;link&quot;: {\n        &quot;url&quot;: &quot;&quot;\n    }\n}\">\n    \n<\/jgu-base-listitem>\n\n<jgu-base-listitem react-props=\"{\n    &quot;title&quot;: &quot;Best way to contact me: &lt;a href=\\&quot;mailto:jvanwill@students.uni-mainz.de\\&quot;&gt;jvanwill@students.uni-mainz.de&lt;\\\/a&gt;&quot;,\n    &quot;uuid&quot;: &quot;1744110371362&quot;,\n    &quot;align&quot;: &quot;wide&quot;,\n    &quot;showInActions&quot;: false,\n    &quot;allowNesting&quot;: true,\n    &quot;icon&quot;: &quot;&quot;,\n    &quot;showExpandableContent&quot;: false,\n    &quot;expandableContent&quot;: &quot;&quot;,\n    &quot;link&quot;: {\n        &quot;url&quot;: &quot;&quot;\n    }\n}\">\n    \n<\/jgu-base-listitem>\n\n<\/jgu-base-contactcard>\n\n<\/jgu-base-contactcardgrid>\n\n\n<div style=\"height:90px\" aria-hidden=\"true\" class=\"wp-block-spacer\"><\/div>\n\n\n<jgu-base-heading react-props=\"{\n    &quot;color&quot;: &quot;default&quot;,\n    &quot;tags&quot;: {\n        &quot;htmlTag&quot;: &quot;h2&quot;,\n        &quot;classTag&quot;: &quot;&quot;,\n        &quot;tag&quot;: &quot;h2&quot;\n    },\n    &quot;heading&quot;: &quot;Contact us&quot;,\n    &quot;textAlign&quot;: &quot;left&quot;,\n    &quot;anchor&quot;: &quot;&quot;,\n    &quot;index&quot;: &quot;&quot;\n}\"><\/jgu-base-heading>\n\n\n\n<div class=\"wp-block-columns is-layout-flex wp-container-core-columns-is-layout-9d6595d7 wp-block-columns-is-layout-flex\">\n<div class=\"wp-block-column is-layout-flow wp-block-column-is-layout-flow\">\n<p><a href=\"https:\/\/www.instagram.com\/fsr_alt_mainz\">Instagram<\/a> (instagram.com\/fsr_alt_mainz\/)<\/p>\n\n\n\n<p><a href=\"mailto:archaeolog@zefar.uni-mainz.de\">Email<\/a> (archaeolog@zefar.uni-mainz.de)<\/p>\n\n\n\n<p>There are also online meetings:<\/p>\n\n\n\n<p>Regulars&#8217; table Registration via:<\/p>\n\n\n\n<ul class=\"wp-block-list\">\n<li>Microsoft Teams: <a href=\"mailto:lpeterse@students.uni-mainz.de\">Email<\/a><\/li>\n\n\n\n<li>Discord: <a href=\"mailto:lpeterse@students.uni-mainz.de\">Email<\/a><\/li>\n<\/ul>\n\n\n\n<p>Everyone is welcome at any time!<\/p>\n<\/div>\n\n\n\n<div class=\"wp-block-column is-layout-flow wp-block-column-is-layout-flow\">\n<p><strong>Where you can find us<\/strong><\/p>\n\n\n\n<p>In the student council room 04-102, Hegelstra\u00dfe 59<\/p>\n\n\n\n<p>Student council meeting: Thursday at 5 p.m.<br\/>Alternatively, every second meeting takes place on Mondays at 4 p.m.<\/p>\n\n\n\n<p>The meetings are open to students. If you have a request, please come by! <\/p>\n<\/div>\n\n\n\n<div class=\"wp-block-column is-layout-flow wp-block-column-is-layout-flow\">\n<p><strong>Next meeting<\/strong><\/p>\n\n\n\n<p>Our next Stammtisch will take place at Sixties in the old town of Mainz on 06.02.25.<\/p>\n\n\n\n<p>All archaeology students are cordially invited!<\/p>\n\n\n\n<p>Online meetings are also possible on MS Teams or Discord.<\/p>\n<\/div>\n<\/div>\n\n\n<\/jgu-base-tabsitem>\n\n<jgu-base-tabsitem react-props=\"{\n    &quot;title&quot;: &quot;Classical Philology student council&quot;,\n    &quot;slug&quot;: &quot;student council-classical-philology&quot;,\n    &quot;align&quot;: &quot;wide&quot;,\n    &quot;customSlug&quot;: false\n}\">\n    \n\n<p><\/p>\n\n\n<jgu-base-heading react-props=\"{\n    &quot;color&quot;: &quot;default&quot;,\n    &quot;tags&quot;: {\n        &quot;htmlTag&quot;: &quot;h2&quot;,\n        &quot;classTag&quot;: &quot;&quot;,\n        &quot;tag&quot;: &quot;h2&quot;\n    },\n    &quot;heading&quot;: &quot;Student Council Classical Philology&lt;br&gt;&quot;,\n    &quot;textAlign&quot;: &quot;left&quot;,\n    &quot;anchor&quot;: &quot;&quot;,\n    &quot;index&quot;: &quot;&quot;\n}\"><\/jgu-base-heading>\n\n\n\n<div class=\"wp-block-columns is-layout-flex wp-container-core-columns-is-layout-9d6595d7 wp-block-columns-is-layout-flex\">\n<div class=\"wp-block-column is-layout-flow wp-block-column-is-layout-flow\" style=\"flex-basis:100%\"><figure class=\"wp-block-post-featured-image\"><img decoding=\"async\" src=\"https:\/\/iaw.uni-mainz.de\/wp-content\/uploads\/sites\/275\/2024\/03\/jgu-studierende-illu.svg\" class=\"attachment-post-thumbnail size-post-thumbnail wp-post-image\" alt=\"\" style=\"object-fit:cover;\" \/><\/figure><\/div>\n<\/div>\n\n\n<jgu-base-heading react-props=\"{\n    &quot;color&quot;: &quot;default&quot;,\n    &quot;tags&quot;: {\n        &quot;htmlTag&quot;: &quot;h2&quot;,\n        &quot;classTag&quot;: &quot;&quot;,\n        &quot;tag&quot;: &quot;h2&quot;\n    },\n    &quot;heading&quot;: &quot;Latest news&lt;br&gt;&quot;,\n    &quot;textAlign&quot;: &quot;left&quot;,\n    &quot;anchor&quot;: &quot;&quot;,\n    &quot;index&quot;: &quot;&quot;\n}\"><\/jgu-base-heading>\n\n\n\n<div class=\"wp-block-columns is-layout-flex wp-container-core-columns-is-layout-9d6595d7 wp-block-columns-is-layout-flex\">\n<div class=\"wp-block-column is-layout-flow wp-block-column-is-layout-flow\"><jgu-base-image react-props=\"{\n    &quot;image&quot;: {\n        &quot;url&quot;: null,\n        &quot;id&quot;: 10491\n    },\n    &quot;align&quot;: &quot;&quot;,\n    &quot;hasLightbox&quot;: false,\n    &quot;caption&quot;: &quot;&quot;,\n    &quot;imgWidth&quot;: 0,\n    &quot;link&quot;: {\n        &quot;url&quot;: &quot;&quot;,\n        &quot;target&quot;: &quot;&quot;,\n        &quot;rel&quot;: &quot;&quot;\n    }\n}\" class=\"align-\">\n    \n<\/jgu-base-image>\n\n<jgu-base-button style=\"display: flex; flex-wrap: wrap; column-gap: 30px; max-width: 100%; flex-direction: row; justify-content: left\">\n  \n<jgu-base-buttonitem react-props=\"{\n    &quot;align&quot;: &quot;left&quot;,\n    &quot;text&quot;: &quot;&quot;,\n    &quot;styling&quot;: &quot;primary&quot;,\n    &quot;icon&quot;: &quot;arrow-right-solid&quot;,\n    &quot;type&quot;: &quot;default&quot;,\n    &quot;link&quot;: {\n        &quot;url&quot;: &quot;&quot;,\n        &quot;linkTarget&quot;: &quot;&quot;,\n        &quot;rel&quot;: &quot;&quot;\n    },\n    &quot;iconBefore&quot;: false,\n    &quot;isSmall&quot;: false,\n    &quot;fullWidth&quot;: false,\n    &quot;className&quot;: &quot;&quot;\n}\"><\/jgu-base-buttonitem>\n\n<\/jgu-base-button><\/div>\n\n\n\n<div class=\"wp-block-column is-layout-flow wp-block-column-is-layout-flow\"><jgu-base-image react-props=\"{\n    &quot;image&quot;: {\n        &quot;url&quot;: null,\n        &quot;id&quot;: 10488\n    },\n    &quot;align&quot;: &quot;&quot;,\n    &quot;hasLightbox&quot;: false,\n    &quot;caption&quot;: &quot;&quot;,\n    &quot;imgWidth&quot;: 0,\n    &quot;link&quot;: {\n        &quot;url&quot;: &quot;&quot;,\n        &quot;target&quot;: &quot;&quot;,\n        &quot;rel&quot;: &quot;&quot;\n    }\n}\" class=\"align-\">\n    \n<\/jgu-base-image><\/div>\n\n\n\n<div class=\"wp-block-column is-layout-flow wp-block-column-is-layout-flow\"><jgu-base-image react-props=\"{\n    &quot;image&quot;: {\n        &quot;url&quot;: null,\n        &quot;id&quot;: 10497\n    },\n    &quot;align&quot;: &quot;&quot;,\n    &quot;hasLightbox&quot;: false,\n    &quot;caption&quot;: &quot;&quot;,\n    &quot;imgWidth&quot;: 0,\n    &quot;link&quot;: {\n        &quot;url&quot;: &quot;&quot;,\n        &quot;target&quot;: &quot;&quot;,\n        &quot;rel&quot;: &quot;&quot;\n    }\n}\" class=\"align-\">\n    \n<\/jgu-base-image><\/div>\n<\/div>\n\n\n\n<div class=\"wp-block-columns is-layout-flex wp-container-core-columns-is-layout-9d6595d7 wp-block-columns-is-layout-flex\">\n<div class=\"wp-block-column is-layout-flow wp-block-column-is-layout-flow\"><jgu-base-button style=\"display: flex; flex-wrap: wrap; column-gap: 30px; max-width: 100%; flex-direction: row; justify-content: left\">\n  \n<jgu-base-buttonitem react-props=\"{\n    &quot;text&quot;: &quot;Registration Christmas party&quot;,\n    &quot;link&quot;: {\n        &quot;url&quot;: &quot;klassphil.uni-mainz.de\\\/anmeldung-weihnachtsfeier\\\/#:~:text=Log in to the registration here&quot;,\n        &quot;linkTarget&quot;: &quot;&quot;,\n        &quot;rel&quot;: &quot;&quot;\n    },\n    &quot;align&quot;: &quot;left&quot;,\n    &quot;styling&quot;: &quot;primary&quot;,\n    &quot;icon&quot;: &quot;arrow-right-solid&quot;,\n    &quot;type&quot;: &quot;default&quot;,\n    &quot;iconBefore&quot;: false,\n    &quot;isSmall&quot;: false,\n    &quot;fullWidth&quot;: false,\n    &quot;className&quot;: &quot;&quot;\n}\"><\/jgu-base-buttonitem>\n\n<\/jgu-base-button><\/div>\n\n\n\n<div class=\"wp-block-column is-layout-flow wp-block-column-is-layout-flow\"><jgu-base-button style=\"display: flex; flex-wrap: wrap; column-gap: 30px; max-width: 100%; flex-direction: row; justify-content: left\">\n  \n<jgu-base-buttonitem react-props=\"{\n    &quot;align&quot;: &quot;left&quot;,\n    &quot;text&quot;: &quot;&quot;,\n    &quot;styling&quot;: &quot;primary&quot;,\n    &quot;icon&quot;: &quot;arrow-right-solid&quot;,\n    &quot;type&quot;: &quot;default&quot;,\n    &quot;link&quot;: {\n        &quot;url&quot;: &quot;&quot;,\n        &quot;linkTarget&quot;: &quot;&quot;,\n        &quot;rel&quot;: &quot;&quot;\n    },\n    &quot;iconBefore&quot;: false,\n    &quot;isSmall&quot;: false,\n    &quot;fullWidth&quot;: false,\n    &quot;className&quot;: &quot;&quot;\n}\"><\/jgu-base-buttonitem>\n\n<\/jgu-base-button><\/div>\n\n\n\n<div class=\"wp-block-column is-layout-flow wp-block-column-is-layout-flow\"><jgu-base-button style=\"display: flex; flex-wrap: wrap; column-gap: 30px; max-width: 100%; flex-direction: row; justify-content: left\">\n  \n<jgu-base-buttonitem react-props=\"{\n    &quot;align&quot;: &quot;left&quot;,\n    &quot;text&quot;: &quot;&quot;,\n    &quot;styling&quot;: &quot;primary&quot;,\n    &quot;icon&quot;: &quot;arrow-right-solid&quot;,\n    &quot;type&quot;: &quot;default&quot;,\n    &quot;link&quot;: {\n        &quot;url&quot;: &quot;&quot;,\n        &quot;linkTarget&quot;: &quot;&quot;,\n        &quot;rel&quot;: &quot;&quot;\n    },\n    &quot;iconBefore&quot;: false,\n    &quot;isSmall&quot;: false,\n    &quot;fullWidth&quot;: false,\n    &quot;className&quot;: &quot;&quot;\n}\"><\/jgu-base-buttonitem>\n\n<\/jgu-base-button><\/div>\n<\/div>\n\n\n<jgu-base-heading react-props=\"{\n    &quot;index&quot;: &quot;Salvete!&quot;,\n    &quot;color&quot;: &quot;default&quot;,\n    &quot;tags&quot;: {\n        &quot;htmlTag&quot;: &quot;h2&quot;,\n        &quot;classTag&quot;: &quot;&quot;,\n        &quot;tag&quot;: &quot;h2&quot;\n    },\n    &quot;heading&quot;: &quot;Your student council&lt;br&gt;&quot;,\n    &quot;textAlign&quot;: &quot;left&quot;,\n    &quot;anchor&quot;: &quot;&quot;\n}\"><\/jgu-base-heading>\n\n\n\n<p>We are the student council of Classical Philology. If you ask Wikipedia what exactly a student council is, you will find the following quote:   <\/p>\n\n\n\n<p>&#8220;A student <strong>council<\/strong> is an institution of student self-administration and representation of interests at universities and other higher education institutions.&#8221;<\/p>\n\n\n\n<p>Sounds very complicated at first, but it&#8217;s not. We represent all students of Latin and Ancient Greek in front of the lecturers, the faculty and higher education policy in general. We also facilitate student engagement and communication within and between the departments and are your contact for questions, concerns and problems. We consist of students from all academic semesters and are always open to new ideas and suggestions.     <\/p>\n\n\n\n<div class=\"wp-block-columns is-layout-flex wp-container-core-columns-is-layout-9d6595d7 wp-block-columns-is-layout-flex\">\n<div class=\"wp-block-column is-layout-flow wp-block-column-is-layout-flow\"><jgu-base-contactcard react-props=\"{\n    &quot;name&quot;: &quot;Richard Schorn  &quot;,\n    &quot;align&quot;: &quot;wide&quot;,\n    &quot;actions&quot;: [],\n    &quot;color&quot;: &quot;default&quot;\n}\">\n    \n<jgu-base-listitem react-props=\"{\n    &quot;title&quot;: &quot;B.Ed. Latin and History &quot;,\n    &quot;uuid&quot;: &quot;1736341293999&quot;,\n    &quot;align&quot;: &quot;wide&quot;,\n    &quot;showInActions&quot;: false,\n    &quot;allowNesting&quot;: true,\n    &quot;icon&quot;: &quot;&quot;,\n    &quot;showExpandableContent&quot;: false,\n    &quot;expandableContent&quot;: &quot;&quot;,\n    &quot;link&quot;: {\n        &quot;url&quot;: &quot;&quot;\n    }\n}\">\n    \n<\/jgu-base-listitem>\n\n<jgu-base-listitem react-props=\"{\n    &quot;title&quot;: &quot;&lt;strong&gt;1st chairperson&lt;\\\/strong&gt;&lt;br&gt;e-mail, Facebook, ZeFaR, FBR, post&quot;,\n    &quot;uuid&quot;: &quot;1736341627410&quot;,\n    &quot;link&quot;: {\n        &quot;url&quot;: null\n    },\n    &quot;align&quot;: &quot;wide&quot;,\n    &quot;showInActions&quot;: false,\n    &quot;allowNesting&quot;: true,\n    &quot;icon&quot;: &quot;&quot;,\n    &quot;showExpandableContent&quot;: false,\n    &quot;expandableContent&quot;: &quot;&quot;\n}\">\n    \n<\/jgu-base-listitem>\n\n<\/jgu-base-contactcard><\/div>\n\n\n\n<div class=\"wp-block-column is-layout-flow wp-block-column-is-layout-flow\"><jgu-base-contactcard react-props=\"{\n    &quot;name&quot;: &quot;Joseph Riedesel&quot;,\n    &quot;align&quot;: &quot;wide&quot;,\n    &quot;actions&quot;: [],\n    &quot;color&quot;: &quot;default&quot;\n}\">\n    \n<jgu-base-listitem react-props=\"{\n    &quot;title&quot;: &quot;B.Ed. Latin, English &quot;,\n    &quot;uuid&quot;: &quot;1736341345971&quot;,\n    &quot;align&quot;: &quot;wide&quot;,\n    &quot;showInActions&quot;: false,\n    &quot;allowNesting&quot;: true,\n    &quot;icon&quot;: &quot;&quot;,\n    &quot;showExpandableContent&quot;: false,\n    &quot;expandableContent&quot;: &quot;&quot;,\n    &quot;link&quot;: {\n        &quot;url&quot;: &quot;&quot;\n    }\n}\">\n    \n<\/jgu-base-listitem>\n\n<jgu-base-listitem react-props=\"{\n    &quot;title&quot;: &quot;&lt;strong&gt;2nd chairperson&lt;\\\/strong&gt;&lt;br&gt;LuSt committee, supervision of first-year students, LMS, notices, web page, examination committee  &quot;,\n    &quot;uuid&quot;: &quot;1736341804142&quot;,\n    &quot;link&quot;: {\n        &quot;url&quot;: null\n    },\n    &quot;align&quot;: &quot;wide&quot;,\n    &quot;showInActions&quot;: false,\n    &quot;allowNesting&quot;: true,\n    &quot;icon&quot;: &quot;&quot;,\n    &quot;showExpandableContent&quot;: false,\n    &quot;expandableContent&quot;: &quot;&quot;\n}\">\n    \n<\/jgu-base-listitem>\n\n<\/jgu-base-contactcard><\/div>\n\n\n\n<div class=\"wp-block-column is-layout-flow wp-block-column-is-layout-flow\"><jgu-base-contactcard react-props=\"{\n    &quot;name&quot;: &quot;Laura Mareczek&quot;,\n    &quot;align&quot;: &quot;wide&quot;,\n    &quot;actions&quot;: [],\n    &quot;color&quot;: &quot;default&quot;\n}\">\n    \n<jgu-base-listitem react-props=\"{\n    &quot;title&quot;: &quot;Committee on Budget, Structural and Capacity Issues, Instagram, Pinboard&quot;,\n    &quot;uuid&quot;: &quot;1736341352108&quot;,\n    &quot;align&quot;: &quot;wide&quot;,\n    &quot;showInActions&quot;: false,\n    &quot;allowNesting&quot;: true,\n    &quot;icon&quot;: &quot;&quot;,\n    &quot;showExpandableContent&quot;: false,\n    &quot;expandableContent&quot;: &quot;&quot;,\n    &quot;link&quot;: {\n        &quot;url&quot;: &quot;&quot;\n    }\n}\">\n    \n<\/jgu-base-listitem>\n\n<\/jgu-base-contactcard><\/div>\n<\/div>\n\n\n<jgu-base-heading react-props=\"{\n    &quot;color&quot;: &quot;default&quot;,\n    &quot;tags&quot;: {\n        &quot;htmlTag&quot;: &quot;h2&quot;,\n        &quot;classTag&quot;: &quot;&quot;,\n        &quot;tag&quot;: &quot;h2&quot;\n    },\n    &quot;heading&quot;: &quot;Contact us&quot;,\n    &quot;textAlign&quot;: &quot;left&quot;,\n    &quot;anchor&quot;: &quot;&quot;,\n    &quot;index&quot;: &quot;&quot;\n}\"><\/jgu-base-heading>\n\n\n\n<div class=\"wp-block-columns is-layout-flex wp-container-core-columns-is-layout-9d6595d7 wp-block-columns-is-layout-flex\">\n<div class=\"wp-block-column is-vertically-aligned-bottom is-layout-flow wp-block-column-is-layout-flow\" style=\"flex-basis:33.33%\"><jgu-base-contactcard react-props=\"{\n    &quot;name&quot;: &quot;Student Council Classical Philology&quot;,\n    &quot;avatar&quot;: {\n        &quot;id&quot;: 10449,\n        &quot;url&quot;: null\n    },\n    &quot;align&quot;: &quot;wide&quot;,\n    &quot;actions&quot;: [],\n    &quot;color&quot;: &quot;default&quot;\n}\">\n    \n<jgu-base-listitem react-props=\"{\n    &quot;icon&quot;: &quot;envelope-solid&quot;,\n    &quot;title&quot;: &quot;&lt;a href=\\&quot;mailto:fs-philologie@uni-mainz.de\\&quot;&gt;fs-philologie@uni-mainz.de&lt;\\\/a&gt;&quot;,\n    &quot;uuid&quot;: &quot;1736345237748&quot;,\n    &quot;link&quot;: {\n        &quot;url&quot;: &quot;mailto:fs-philologie@uni-mainz.de&quot;\n    },\n    &quot;align&quot;: &quot;wide&quot;,\n    &quot;showInActions&quot;: false,\n    &quot;allowNesting&quot;: true,\n    &quot;showExpandableContent&quot;: false,\n    &quot;expandableContent&quot;: &quot;&quot;\n}\">\n    \n<\/jgu-base-listitem>\n\n<jgu-base-listitem react-props=\"{\n    &quot;icon&quot;: &quot;map-marker-alt-solid&quot;,\n    &quot;title&quot;: &quot;Student council room&quot;,\n    &quot;uuid&quot;: &quot;1736345334322&quot;,\n    &quot;align&quot;: &quot;wide&quot;,\n    &quot;showInActions&quot;: false,\n    &quot;allowNesting&quot;: true,\n    &quot;showExpandableContent&quot;: false,\n    &quot;expandableContent&quot;: &quot;&quot;,\n    &quot;link&quot;: {\n        &quot;url&quot;: &quot;&quot;\n    }\n}\">\n    \n<\/jgu-base-listitem>\n\n<\/jgu-base-contactcard>\n\n<jgu-base-button style=\"display: flex; flex-wrap: wrap; column-gap: 30px; max-width: 100%; flex-direction: row; justify-content: left\">\n  \n<jgu-base-buttonitem react-props=\"{\n    &quot;text&quot;: &quot;Instagram&quot;,\n    &quot;link&quot;: {\n        &quot;url&quot;: &quot;https:\\\/\\\/www.instagram.com\\\/klass.phil.uni.mainz\\\/&quot;,\n        &quot;linkTarget&quot;: &quot;&quot;,\n        &quot;rel&quot;: &quot;&quot;,\n        &quot;opensInNewTab&quot;: true\n    },\n    &quot;align&quot;: &quot;left&quot;,\n    &quot;styling&quot;: &quot;primary&quot;,\n    &quot;icon&quot;: &quot;arrow-right-solid&quot;,\n    &quot;type&quot;: &quot;default&quot;,\n    &quot;iconBefore&quot;: false,\n    &quot;isSmall&quot;: false,\n    &quot;fullWidth&quot;: false,\n    &quot;className&quot;: &quot;&quot;\n}\"><\/jgu-base-buttonitem>\n\n<jgu-base-buttonitem react-props=\"{\n    &quot;text&quot;: &quot;Facebook group&quot;,\n    &quot;link&quot;: {\n        &quot;url&quot;: &quot;http:\\\/\\\/www.facebook.com\\\/groups\\\/165721210219015\\\/&quot;,\n        &quot;linkTarget&quot;: &quot;&quot;,\n        &quot;rel&quot;: &quot;&quot;,\n        &quot;opensInNewTab&quot;: true\n    },\n    &quot;align&quot;: &quot;left&quot;,\n    &quot;styling&quot;: &quot;primary&quot;,\n    &quot;icon&quot;: &quot;arrow-right-solid&quot;,\n    &quot;type&quot;: &quot;default&quot;,\n    &quot;iconBefore&quot;: false,\n    &quot;isSmall&quot;: false,\n    &quot;fullWidth&quot;: false,\n    &quot;className&quot;: &quot;&quot;\n}\"><\/jgu-base-buttonitem>\n\n<\/jgu-base-button><\/div>\n\n\n\n<div class=\"wp-block-column is-layout-flow wp-block-column-is-layout-flow\" style=\"flex-basis:66.66%\"><jgu-base-notificationbanner react-props=\"{\n    &quot;icon&quot;: &quot;bullhorn-solid&quot;,\n    &quot;children&quot;: &quot;&quot;,\n    &quot;iconColor&quot;: &quot;red&quot;,\n    &quot;showCloseButton&quot;: false,\n    &quot;position&quot;: &quot;top&quot;,\n    &quot;styling&quot;: &quot;inline&quot;,\n    &quot;bgColor&quot;: &quot;light&quot;,\n    &quot;isPreview&quot;: false\n}\">\n    \n\n<p><strong>When and where to find us<\/strong><\/p>\n\n\n\n<p>Our meetings are currently taking place N. N., you are welcome to drop by at any time or talk to us in the corridor. We can also be reached by e-mail. <\/p>\n\n\n\n<p><strong>E-mail distribution list<\/strong><\/p>\n\n\n\n<p>Current information regarding the program of study, extra-curricular events and activities of the student council are also announced via the e-mail distribution list. If you would like to be added to the mailing list, please send us an e-mail. <\/p>\n\n\n\n<p>Another way to stay up to date is through our social media.<\/p>\n\n\n<\/jgu-base-notificationbanner>\n<\/div>\n<\/div>\n\n\n<\/jgu-base-tabsitem>\n\n<\/jgu-base-tabs><\/div><\/div>\n<\/jgu-base-section><\/div>\n<\/div>\n\n<div style=\"height:40px\" aria-hidden=\"true\" class=\"wp-block-spacer\"><\/div>\n<div\n\tclass=\"jgu-anchorpoint\"\n\tid=\"mentoring\"\n\tdata-label=\"Mentoring\"\n\tdata-hide-in-nav=\"false\"\n\ttabindex=\"0\"\n\tdata-initial-scroll=\"true\"\n><\/div>\n<jgu-base-heading react-props=\"{\n    &quot;index&quot;: &quot;Help from students for students&quot;,\n    &quot;tags&quot;: {\n        &quot;htmlTag&quot;: &quot;h2&quot;,\n        &quot;classTag&quot;: &quot;&quot;,\n        &quot;tag&quot;: &quot;h2&quot;\n    },\n    &quot;heading&quot;: &quot;Mentoring for students&quot;,\n    &quot;textAlign&quot;: &quot;left&quot;,\n    &quot;anchor&quot;: &quot;&quot;,\n    &quot;color&quot;: &quot;red&quot;\n}\"><\/jgu-base-heading>\n\n<p>To ensure a successful start to your studies, you will receive support, for example in organizing your studies and finding your way around campus.<\/p>\n\n<p><strong>Registration:<\/strong><br\/><em>Participation in the program is free of charge, but registration is mandatory.<\/em><br\/><a href=\"https:\/\/www.geku.uni-mainz.de\/mentoring-am-fb-07\/\">Click here for the registration form.<\/a><\/p>\n\n<p><strong>Goal:<\/strong><br\/>The goal of the program is a successful start to your studies:<\/p>\n\n<p>Participants receive orientation on the study requirements and technical support in organizing the program of study. Students from higher semesters will give you impulses for the formal and content-related organization of the program of study and informal information about structures, processes and people. This gives you the chance to settle in quickly at the university and get used to the new situation, as well as to get to know students from your degree program and integrate into student networks.  <\/p>\n\n<p>The experience and skills resulting from the program will be helpful to you even beyond your studies.<\/p>\n\n<p><strong>Concept:<\/strong><br\/>There is a simple idea behind the term &#8220;mentoring&#8221;: an experienced person (mentor) supports and advises a less experienced, usually younger person (mentee) for a set period of time. The mentoring relationship offers a special opportunity to discuss all issues related to the program of study and also to talk about possible mistakes. <\/p>\n\n<p><strong>Implementation:<\/strong><br\/>In our program, advanced students act as mentors who pass on their experience to students from the 1st and 2nd academic semesters. Two to three personal meetings (in groups or individually) between mentees and mentors per semester form the basis of the program.   <\/p>\n\n<p>The mentors and mentees usually meet for an initial basic discussion after the introductory events. The aim is to provide an initial basic orientation and to review or design the course schedule for the semester. After two weeks, experience has shown that further questions \/ problems have arisen, so that it makes sense to arrange another meeting with the mentor. The time of exam registration is usually the time for a third meeting, where questions about deadlines and the scope of examinations can be discussed.   <\/p>\n\n<p>The mentors are also available in the meantime and for all other questions relating to the program of study. The actual implementation of mentoring always takes place by arrangement. Participants are not obliged to attend all three proposed meetings, they are only obligated to show up for the agreed-upon appointments. To a certain extent, the mentees therefore determine the times and topics of the mentoring program themselves.   <\/p>\n<div\n\tclass=\"jgu-anchorpoint\"\n\tid=\"downloads\"\n\tdata-label=\"Downloads\"\n\tdata-hide-in-nav=\"false\"\n\ttabindex=\"0\"\n\tdata-initial-scroll=\"true\"\n><\/div>\n<jgu-base-section react-props=\"{&quot;color&quot;:&quot;dark&quot;,&quot;align&quot;:&quot;wide&quot;,&quot;padding&quot;:&quot;medium&quot;}\">\n<div class=\"jgu-bgsection bg bg-dark\"><div class=\"content padding-medium\"><jgu-base-heading react-props=\"{\n    &quot;index&quot;: &quot;Important documents&quot;,\n    &quot;color&quot;: &quot;default&quot;,\n    &quot;tags&quot;: {\n        &quot;htmlTag&quot;: &quot;h2&quot;,\n        &quot;classTag&quot;: &quot;&quot;,\n        &quot;tag&quot;: &quot;h2&quot;\n    },\n    &quot;heading&quot;: &quot;Downloads&quot;,\n    &quot;textAlign&quot;: &quot;left&quot;,\n    &quot;anchor&quot;: &quot;&quot;\n}\"><\/jgu-base-heading>\n\n\n<jgu-base-button style=\"display: flex; flex-wrap: wrap; column-gap: 30px; max-width: 100%; flex-direction: row; justify-content: left\">\n  \n<jgu-base-buttonitem react-props=\"{\n    &quot;text&quot;: &quot;Bachelor documents&quot;,\n    &quot;link&quot;: {\n        &quot;url&quot;: &quot;https:\\\/\\\/iaw.uni-mainz.de\\\/alpha-b-a\\\/#downloadbereich&quot;,\n        &quot;linkTarget&quot;: &quot;&quot;,\n        &quot;rel&quot;: &quot;&quot;\n    },\n    &quot;align&quot;: &quot;left&quot;,\n    &quot;styling&quot;: &quot;primary&quot;,\n    &quot;icon&quot;: &quot;arrow-right-solid&quot;,\n    &quot;type&quot;: &quot;default&quot;,\n    &quot;iconBefore&quot;: false,\n    &quot;isSmall&quot;: false,\n    &quot;fullWidth&quot;: false,\n    &quot;className&quot;: &quot;&quot;\n}\"><\/jgu-base-buttonitem>\n\n<jgu-base-buttonitem react-props=\"{\n    &quot;text&quot;: &quot;Master&#039;s degree documents&quot;,\n    &quot;link&quot;: {\n        &quot;url&quot;: &quot;https:\\\/\\\/cms.zdv.uni-mainz.de\\\/fb07-iaw\\\/alpha-m-a\\\/#downloadbereich&quot;,\n        &quot;linkTarget&quot;: &quot;&quot;,\n        &quot;rel&quot;: &quot;&quot;\n    },\n    &quot;align&quot;: &quot;left&quot;,\n    &quot;styling&quot;: &quot;primary&quot;,\n    &quot;icon&quot;: &quot;arrow-right-solid&quot;,\n    &quot;type&quot;: &quot;default&quot;,\n    &quot;iconBefore&quot;: false,\n    &quot;isSmall&quot;: false,\n    &quot;fullWidth&quot;: false,\n    &quot;className&quot;: &quot;&quot;\n}\"><\/jgu-base-buttonitem>\n\n<\/jgu-base-button><\/div><\/div>\n<\/jgu-base-section>\n<div class=\"wp-block-columns is-layout-flex wp-container-core-columns-is-layout-9d6595d7 wp-block-columns-is-layout-flex\">\n<div class=\"wp-block-column is-layout-flow wp-block-column-is-layout-flow\">\n<div class=\"wp-block-columns is-layout-flex wp-container-core-columns-is-layout-9d6595d7 wp-block-columns-is-layout-flex\">\n<div class=\"wp-block-column is-layout-flow wp-block-column-is-layout-flow\"><\/div>\n\n\n\n<div class=\"wp-block-column is-layout-flow wp-block-column-is-layout-flow\"><\/div>\n<\/div>\n<\/div>\n\n\n\n<div class=\"wp-block-column is-layout-flow wp-block-column-is-layout-flow\">\n<div class=\"wp-block-columns is-layout-flex wp-container-core-columns-is-layout-9d6595d7 wp-block-columns-is-layout-flex\">\n<div class=\"wp-block-column is-layout-flow wp-block-column-is-layout-flow\"><\/div>\n\n\n\n<div class=\"wp-block-column is-layout-flow wp-block-column-is-layout-flow\"><\/div>\n<\/div>\n<\/div>\n<\/div>\n\n<p><\/p>\n    <div style=\"display: none\">\n        \n    <\/div>","protected":false},"excerpt":{"rendered":"<p>At JGU Mainz, the disciplines of ancient studies are represented in a density that is unusual for German higher education institutions. In Classical Philology (Latin and Greek), the focus is on teacher education in addition to research, while the degree programs in Archaeology, Egyptology and Ancient Near Eastern Studies provide both research and application-oriented courses &hellip; <a href=\"https:\/\/iaw.uni-mainz.de\/en\/studying-at-the-iaw\/\">Continued<\/a><\/p>\n","protected":false},"author":1194,"featured_media":21938,"parent":0,"menu_order":0,"comment_status":"closed","ping_status":"closed","template":"","meta":{"footnotes":""},"categories":[],"tags":[],"class_list":["post-25424","page","type-page","status-publish","has-post-thumbnail","hentry"],"content_raw":"<!-- wp:paragraph -->\n<p><\/p>\n<!-- \/wp:paragraph --><!-- wp:jgu\/pageheader {\"items\":[{\"box\":{\"index\":\"Useful information\",\"title\":\"Your studies\\u003Cbr\\u003Eat the IAW\",\"link\":{\"url\":\"\",\"title\":\"learn more\"}},\"color\":\"blue\",\"image\":{\"url\":null,\"id\":15276},\"imgCredit\":\"\",\"useVideo\":false,\"video\":false}],\"type\":\"default\"} \/--><!-- wp:jgu\/anchornavigation \/--><!-- wp:paragraph {\"translatedWithWPMLTM\":\"1\"} -->\n<p>At JGU Mainz, the disciplines of ancient studies are represented in a density that is unusual for German higher education institutions. In Classical Philology (Latin and Greek), the focus is on teacher education in addition to research, while the degree programs in Archaeology, Egyptology and Ancient Near Eastern Studies provide both research and application-oriented courses offered in Bachelor's, Master's and doctoral studies. The close interlinking of the disciplines and their methods corresponds to the strong networking of the degree programs within and outside the institute, which benefits students in many ways.  <\/p>\n<!-- \/wp:paragraph --><!-- wp:paragraph {\"translatedWithWPMLTM\":\"1\"} -->\n<p>The integrative and flexible concept of the new Bachelor's and Master's degree programs <a href=\"https:\/\/www.altertumswissenschaften.uni-mainz.de\/studiengang-alpha\/\" target=\"_blank\" rel=\"noreferrer noopener\">\"Archaeologies and Philologies in Classical Studies (ALPHA)\"<\/a> offers a unique combination of broad interdisciplinary training and in-depth specialist knowledge in the disciplines of Egyptology, Ancient Near Eastern Studies, Archaeology of the Stone Ages (Master's degree only), Byzantine Archaeology, Classical Archaeology, Classical Philology: Greek, Classical Philology: Latin, Provincial Roman Archaeology (Master's degree only) Ancient Near Eastern Archaeology and Pre- and Protohistoric Archaeology.<\/p>\n<!-- \/wp:paragraph --><!-- wp:paragraph {\"translatedWithWPMLTM\":\"1\"} -->\n<p>In addition, the disciplines of Egyptology, Ancient Near Eastern Archaeology, Byzantine Archaeology, Classical Archaeology, Classical Philology: Greek, Classical Philology: Latin, Ancient Near Eastern Archaeology and Pre- and Protohistoric Archaeology can still be studied as minor subjects in the dual-subject Bachelor's degree program.<\/p>\n<!-- \/wp:paragraph --><!-- wp:jgu\/anchorpoint {\"title\":\"Courses\",\"slug\":\"teaching events\"} \/--><!-- wp:jgu\/section {\"color\": \"dark\"} -->\n<div class=\"jgu-bgsection bg bg-dark\"><div class=\"content padding-medium\"><!-- wp:jgu\/heading {\"index\":\"In the degree programs\",\"color\":\"default\",\"tags\":{\"htmlTag\":\"h2\",\"classTag\":\"\",\"tag\":\"h2\"},\"heading\":\"Courses\"} \/-->\n\n<!-- wp:spacer {\"height\":\"34px\"} -->\n<div style=\"height:34px\" aria-hidden=\"true\" class=\"wp-block-spacer\"><\/div>\n<!-- \/wp:spacer -->\n\n<!-- wp:jgu\/accordion {\"selected\":9} -->\n<!-- wp:jgu\/accordion-item {\"title\":\"ALPHA\",\"init\":false,\"slug\":\"alpha\"} -->\n<!-- wp:jgu\/jogustine {\"orgunit\":\"ALPHA\"} \/-->\n\n<!-- wp:jgu\/jogustine {\"orgunit\":\"\u00c4gyptologie\/Altorientalistik\"} \/-->\n\n<!-- wp:jgu\/jogustine {\"orgunit\":\"Arch\u00e4ologie\"} \/-->\n<!-- \/wp:jgu\/accordion-item -->\n\n<!-- wp:jgu\/accordion-item {\"title\":\"Egyptology\",\"init\":false,\"slug\":\"agyptologie\"} -->\n<!-- wp:jgu\/jogustine {\"courseNumbers\":\"07.848.1220, 07.848.1225, 07.848.1005, 07.848.1230, 07.848.1000, 07.848.1010, 07.848.1015, 07.848.1035, 07.848.1285, 07.848.24_030, 07.848.24_040, 07.848.1110, 07.848.1305\"} \/-->\n<!-- \/wp:jgu\/accordion-item -->\n\n<!-- wp:jgu\/accordion-item {\"title\":\"Ancient Near Eastern Studies\",\"init\":false,\"slug\":\"altorientalistik\"} -->\n<!-- wp:jgu\/jogustine {\"courseNumbers\":\"07.848.1000, 07.848.1350, 07.848.1330, 07.848.1335, 07.848.1360, 07.848.1365, 07.848.1380, 07.848.1385, 07.848.1110\"} \/-->\n<!-- \/wp:jgu\/accordion-item -->\n\n<!-- wp:jgu\/accordion-item {\"title\":\"Byzantine Archaeology\",\"init\":false,\"slug\":\"byzantinische-archaologie\"} -->\n<!-- wp:jgu\/jogustine {\"orgunit\":\"Arch\u00e4ologie\",\"instructor\":\"Horn, Fugger, Tsamakda\"} \/-->\n<!-- \/wp:jgu\/accordion-item -->\n\n<!-- wp:jgu\/accordion-item {\"title\":\"Classical Archaeology\",\"init\":false,\"slug\":\"klassische-archaologie\"} -->\n<!-- wp:jgu\/jogustine {\"orgunit\":\"Arch\u00e4ologie\",\"instructor\":\"Sieverling, Schollmeyer, Frielinghaus, Lipps, Pasieka, Teitz, Junker, Busch\"} \/-->\n<!-- \/wp:jgu\/accordion-item -->\n\n<!-- wp:jgu\/accordion-item {\"title\":\"Classical Philology\",\"init\":false,\"slug\":\"klassische-philologie\"} -->\n<!-- wp:jgu\/heading {\"color\":\"default\",\"tags\":{\"htmlTag\":\"h2\",\"classTag\":\"h6\",\"tag\":\"h2.h6\"},\"heading\":\"Classical Philology\"} \/-->\n\n<!-- wp:jgu\/jogustine {\"orgunit\":\"Klassische Philologie\"} \/-->\n\n<!-- wp:jgu\/heading {\"color\":\"default\",\"tags\":{\"htmlTag\":\"h2\",\"classTag\":\"h6\",\"tag\":\"h2.h6\"},\"heading\":\"Greek\"} \/-->\n\n<!-- wp:jgu\/jogustine {\"orgunit\":\"Griechisch\"} \/-->\n\n<!-- wp:jgu\/heading {\"color\":\"default\",\"tags\":{\"htmlTag\":\"h2\",\"classTag\":\"h6\",\"tag\":\"h2.h6\"},\"heading\":\"Latin\"} \/-->\n\n<!-- wp:jgu\/jogustine {\"orgunit\":\"Latein\"} \/-->\n<!-- \/wp:jgu\/accordion-item -->\n\n<!-- wp:jgu\/accordion-item {\"title\":\"Ancient Near Eastern Archaeology\",\"init\":false,\"slug\":\"vorderasiatische-archaologie\"} -->\n<!-- wp:jgu\/jogustine {\"courseNumbers\":\"07.848.1350, 07.848.1325, 07.848.1355, 07.848.1375, 07.848.1305, 07.848.1110\"} \/-->\n<!-- \/wp:jgu\/accordion-item -->\n\n<!-- wp:jgu\/accordion-item {\"title\":\"Pre- and early historical archaeology\",\"init\":false,\"slug\":\"vor-und-fruhgeschichtliche-archaologie\"} -->\n<!-- wp:jgu\/jogustine {\"orgunit\":\"Arch\u00e4ologie\",\"instructor\":\"Haupt, Nessel, Gronenborn, Brami, Grewe, Ivanova-Bieg, Kindler, Gaudzinski-Windheuser, J\u00f6ris\"} \/-->\n<!-- \/wp:jgu\/accordion-item -->\n<!-- \/wp:jgu\/accordion --><\/div><\/div>\n<!-- \/wp:jgu\/section --><!-- wp:spacer {\"height\":\"102px\"} -->\n<div style=\"height:102px\" aria-hidden=\"true\" class=\"wp-block-spacer\"><\/div>\n<!-- \/wp:spacer --><!-- wp:jgu\/anchorpoint {\"title\":\"Libraries\",\"slug\":\"libraries\"} \/--><!-- wp:jgu\/heading {\"color\":\"default\",\"tags\":{\"htmlTag\":\"h2\",\"classTag\":\"\",\"tag\":\"h2\"},\"heading\":\"Libraries\"} \/--><!-- wp:spacer -->\n<div style=\"height:90px\" aria-hidden=\"true\" class=\"wp-block-spacer\"><\/div>\n<!-- \/wp:spacer --><!-- wp:paragraph {\"translatedWithWPMLTM\":\"1\"} -->\n<p>Winckelmann Bl\u00e4tter (Winckelmann Pages) as download<\/p>\n<!-- \/wp:paragraph --><!-- wp:columns -->\n<div class=\"wp-block-columns\"><!-- wp:column -->\n<div class=\"wp-block-column\"><!-- wp:jgu\/teaserbox {\"headline\":{\"htmlTag\":\"h2\",\"classTag\":\"\",\"tag\":\"h2\"},\"image\":{\"id\":10109,\"url\":null},\"color\":\"gray\",\"index\":\"Library\",\"title\":\"Egyptology\",\"linkTitle\":\"learn more\",\"link\":{\"url\":\"https:\/\/www.ub.uni-mainz.de\/de\/aegyptologie\",\"id\":\"https:\/\/www.ub.uni-mainz.de\/de\/aegyptologie\",\"title\":\"https:\/\/www.ub.uni-mainz.de\/de\/aegyptologie\",\"type\":\"link\"}} \/-->\n\n<!-- wp:jgu\/modal {\"text\":\"Opening hours, location, contact\"} -->\n<!-- wp:jgu\/heading {\"tags\":{\"htmlTag\":\"h2\",\"classTag\":\"h3\",\"tag\":\"h2.h3\"},\"heading\":\"Opening hours\"} \/-->\n\n<!-- wp:paragraph {\"translatedWithWPMLTM\":\"1\"} -->\n<p>Mon. to Thurs. from 10:00-16:00  <\/p>\n<!-- \/wp:paragraph -->\n\n<!-- wp:paragraph {\"translatedWithWPMLTM\":\"1\"} -->\n<p>Fri. from 10:00-14:00 <\/p>\n<!-- \/wp:paragraph -->\n\n<!-- wp:jgu\/heading {\"tags\":{\"htmlTag\":\"h2\",\"classTag\":\"h3\",\"tag\":\"h2.h3\"},\"heading\":\"Location\"} \/-->\n\n<!-- wp:paragraph {\"translatedWithWPMLTM\":\"1\"} -->\n<p>If you are<strong> traveling a long distance, please call 06131-3938337<\/strong> in<strong> advance to<\/strong> find out whether the library is open on that day.<\/p>\n<!-- \/wp:paragraph -->\n\n<!-- wp:paragraph {\"translatedWithWPMLTM\":\"1\"} -->\n<p><strong>Hegelstra\u00dfe 59, 55122 Mainz, I. OG, right-hand side<\/strong><\/p>\n<!-- \/wp:paragraph -->\n\n<!-- wp:jgu\/heading {\"tags\":{\"htmlTag\":\"h2\",\"classTag\":\"h3\",\"tag\":\"h2.h3\"},\"heading\":\"Contact us\"} \/-->\n\n<!-- wp:paragraph -->\n<p>Dr. Monika Z\u00f6ller-Engelhardt: bibliothek-aegyptologie@uni-mainz.de<\/p>\n<!-- \/wp:paragraph -->\n\n<!-- wp:paragraph {\"translatedWithWPMLTM\":\"1\"} -->\n<p><strong>Librarian<\/strong> (University Library, pro rata): <a href=\"mailto:V.Stoeckemann@ub.uni-mainz.de\">St\u00f6ckemann, Volker<\/a><\/p>\n<!-- \/wp:paragraph -->\n\n<!-- wp:paragraph {\"translatedWithWPMLTM\":\"1\"} -->\n<p>The collection can be searched via the <a href=\"http:\/\/www.ub.uni-mainz.de\/\">online catalog<\/a> of Mainz University Library; exception: books of category 22 up to the year of publication 2000 can be searched in the card catalog of the library itself; it is basically a reference library. The current library regulations can be found <a href=\"https:\/\/www.aegyptologie.uni-mainz.de\/files\/2017\/01\/Bibliotheksordung_2017_2.pdf\">here<\/a>. <\/p>\n<!-- \/wp:paragraph -->\n\n<!-- wp:paragraph {\"translatedWithWPMLTM\":\"1\"} -->\n<p>Most of the Egyptology <strong>slide collection<\/strong> has been digitized and can be accessed via the image database.<\/p>\n<!-- \/wp:paragraph -->\n\n<!-- wp:paragraph -->\n<p><\/p>\n<!-- \/wp:paragraph -->\n<!-- \/wp:jgu\/modal --><\/div>\n<!-- \/wp:column -->\n\n<!-- wp:column -->\n<div class=\"wp-block-column\"><!-- wp:jgu\/teaserbox {\"headline\":{\"htmlTag\":\"h2\",\"classTag\":\"\",\"tag\":\"h2\"},\"image\":{\"id\":10106,\"url\":null},\"color\":\"blue\",\"index\":\"Library\",\"title\":\"Ancient Near Eastern Studies\",\"linkTitle\":\"learn more\",\"link\":{\"url\":\"https:\/\/www.ub.uni-mainz.de\/de\/altorientalistik\",\"id\":\"https:\/\/www.ub.uni-mainz.de\/de\/altorientalistik\",\"title\":\"https:\/\/www.ub.uni-mainz.de\/de\/altorientalistik\",\"type\":\"link\"}} \/-->\n\n<!-- wp:jgu\/modal {\"text\":\"Opening hours, location, contact\"} -->\n<!-- wp:jgu\/heading {\"tags\":{\"htmlTag\":\"h2\",\"classTag\":\"h3\",\"tag\":\"h2.h3\"},\"heading\":\"Opening hours\"} \/-->\n\n<!-- wp:paragraph {\"translatedWithWPMLTM\":\"1\"} -->\n<p>Mon. to Fri. from 10:00-16:00  <\/p>\n<!-- \/wp:paragraph -->\n\n<!-- wp:jgu\/heading {\"tags\":{\"htmlTag\":\"h2\",\"classTag\":\"h3\",\"tag\":\"h2.h3\"},\"heading\":\"Location\"} \/-->\n\n<!-- wp:paragraph {\"translatedWithWPMLTM\":\"1\"} -->\n<p><strong>Hegelstra\u00dfe 59, 55122 Mainz, 59, on the 1st floor on the right (rooms: 01-122, 01-123, 01-127, 01-128)<\/strong><\/p>\n<!-- \/wp:paragraph -->\n\n<!-- wp:jgu\/heading {\"tags\":{\"htmlTag\":\"h2\",\"classTag\":\"h3\",\"tag\":\"h2.h3\"},\"heading\":\"Contact us\"} \/-->\n\n<!-- wp:paragraph {\"translatedWithWPMLTM\":\"1\"} -->\n<p>Contact person: Sarah Merk<\/p>\n<!-- \/wp:paragraph -->\n\n<!-- wp:jgu\/heading {\"tags\":{\"htmlTag\":\"h2\",\"classTag\":\"h3\",\"tag\":\"h2.h3\"},\"heading\":\"Library use\"} \/-->\n\n<!-- wp:paragraph {\"translatedWithWPMLTM\":\"1\"} -->\n<p>It is a reference library, the books can be used on site. It is possible to borrow some books over the weekend by prior arrangement. <\/p>\n<!-- \/wp:paragraph -->\n\n<!-- wp:jgu\/heading {\"tags\":{\"htmlTag\":\"h2\",\"classTag\":\"h3\",\"tag\":\"h2.h3\"},\"heading\":\"Collection areas\"} \/-->\n\n<!-- wp:paragraph {\"translatedWithWPMLTM\":\"1\"} -->\n<p>The collection includes philology, archaeology and the history of the ancient Orient.<\/p>\n<!-- \/wp:paragraph -->\n\n<!-- wp:paragraph -->\n<p><\/p>\n<!-- \/wp:paragraph -->\n<!-- \/wp:jgu\/modal --><\/div>\n<!-- \/wp:column -->\n\n<!-- wp:column -->\n<div class=\"wp-block-column\"><!-- wp:jgu\/teaserbox {\"headline\":{\"htmlTag\":\"h2\",\"classTag\":\"\",\"tag\":\"h2\"},\"image\":{\"id\":10112,\"url\":null},\"color\":\"dark\",\"index\":\"Library\",\"title\":\"Classical Archaeology\",\"linkTitle\":\"learn more\",\"link\":{\"url\":\"https:\/\/www.ub.uni-mainz.de\/de\/klassische-archaeologie\",\"id\":\"https:\/\/www.ub.uni-mainz.de\/de\/klassische-archaeologie\",\"title\":\"https:\/\/www.ub.uni-mainz.de\/de\/klassische-archaeologie\",\"type\":\"link\"}} \/-->\n\n<!-- wp:jgu\/modal {\"text\":\"Opening hours, location, contact\"} -->\n<!-- wp:jgu\/heading {\"tags\":{\"htmlTag\":\"h2\",\"classTag\":\"h3\",\"tag\":\"h2.h3\"},\"heading\":\"Opening hours\"} \/-->\n\n<!-- wp:paragraph {\"translatedWithWPMLTM\":\"1\"} -->\n<p>Monday - Friday 08:00 - 21:00<br\/>Saturday - Sunday 10:00 - 21:00<\/p>\n<!-- \/wp:paragraph -->\n\n<!-- wp:jgu\/heading {\"tags\":{\"htmlTag\":\"h2\",\"classTag\":\"h3\",\"tag\":\"h2.h3\"},\"heading\":\"Location\"} \/-->\n\n<!-- wp:paragraph {\"translatedWithWPMLTM\":\"1\"} -->\n<p>Philosophicum I<br\/>Jakob-Welder-Weg 18<br\/>55128 Mainz<\/p>\n<!-- \/wp:paragraph -->\n\n<!-- wp:jgu\/heading {\"tags\":{\"htmlTag\":\"h2\",\"classTag\":\"h3\",\"tag\":\"h2.h3\"},\"heading\":\"Contact us\"} \/-->\n\n<!-- wp:paragraph {\"translatedWithWPMLTM\":\"1\"} -->\n<p>Dr. Patrick Schollmeyer<br\/>Email: schollme@uni-mainz.de<\/p>\n<!-- \/wp:paragraph -->\n\n<!-- wp:paragraph -->\n<p><\/p>\n<!-- \/wp:paragraph -->\n<!-- \/wp:jgu\/modal --><\/div>\n<!-- \/wp:column --><\/div>\n<!-- \/wp:columns --><!-- wp:columns -->\n<div class=\"wp-block-columns\"><!-- wp:column -->\n<div class=\"wp-block-column\"><!-- wp:jgu\/teaserbox {\"headline\":{\"htmlTag\":\"h2\",\"classTag\":\"\",\"tag\":\"h2\"},\"image\":{\"id\":10094,\"url\":null},\"color\":\"dark-blue\",\"index\":\"Library\",\"title\":\"Classical Philology\",\"linkTitle\":\"learn more\",\"link\":{\"url\":\"https:\/\/www.ub.uni-mainz.de\/de\/klassische-philologie\",\"id\":\"https:\/\/www.ub.uni-mainz.de\/de\/klassische-philologie\",\"title\":\"https:\/\/www.ub.uni-mainz.de\/de\/klassische-philologie\",\"type\":\"link\"}} \/-->\n\n<!-- wp:jgu\/modal {\"text\":\"Opening hours, location, contact\"} -->\n<!-- wp:jgu\/heading {\"tags\":{\"htmlTag\":\"h2\",\"classTag\":\"h3\",\"tag\":\"h2.h3\"},\"heading\":\"Opening hours\"} \/-->\n\n<!-- wp:paragraph {\"translatedWithWPMLTM\":\"1\"} -->\n<p>Mon-Fri 08:00-21:00<br\/>Sat-Sun 10:00-21:00<\/p>\n<!-- \/wp:paragraph -->\n\n<!-- wp:jgu\/heading {\"tags\":{\"htmlTag\":\"h2\",\"classTag\":\"h3\",\"tag\":\"h2.h3\"},\"heading\":\"Location\"} \/-->\n\n<!-- wp:paragraph {\"translatedWithWPMLTM\":\"1\"} -->\n<p>Philosophicum I<br\/>Jakob-Welder-Weg 18<br\/>R 03-712<br\/>55128 Mainz<\/p>\n<!-- \/wp:paragraph -->\n\n<!-- wp:jgu\/heading {\"tags\":{\"htmlTag\":\"h2\",\"classTag\":\"h3\",\"tag\":\"h2.h3\"},\"heading\":\"Contact us\"} \/-->\n\n<!-- wp:paragraph {\"translatedWithWPMLTM\":\"1\"} -->\n<p>Dr. Wolfram Brinker<br\/>Email: brinker@uni-mainz.de <br\/>Phone: 06131 39-23140<\/p>\n<!-- \/wp:paragraph -->\n<!-- \/wp:jgu\/modal --><\/div>\n<!-- \/wp:column -->\n\n<!-- wp:column -->\n<div class=\"wp-block-column\"><!-- wp:jgu\/teaserbox {\"headline\":{\"htmlTag\":\"h2\",\"classTag\":\"\",\"tag\":\"h2\"},\"image\":{\"id\":10097,\"url\":null},\"color\":\"blue-gray\",\"index\":\"Library\",\"title\":\"Pre- and early historical archaeology\",\"linkTitle\":\"learn more\",\"link\":{\"url\":\"https:\/\/www.ub.uni-mainz.de\/de\/vor-und-fruehgeschichte\",\"id\":\"https:\/\/www.ub.uni-mainz.de\/de\/vor-und-fruehgeschichte\",\"title\":\"https:\/\/www.ub.uni-mainz.de\/de\/vor-und-fruehgeschichte\",\"type\":\"link\"}} \/-->\n\n<!-- wp:jgu\/modal {\"text\":\"Opening hours, location, contact\"} -->\n<!-- wp:jgu\/heading {\"tags\":{\"htmlTag\":\"h2\",\"classTag\":\"h3\",\"tag\":\"h2.h3\"},\"heading\":\"Opening hours\"} \/-->\n\n<!-- wp:paragraph {\"translatedWithWPMLTM\":\"1\"} -->\n<p>Mon-Thu 08:00-17:00,<br\/>Fri 09:00-15:00<\/p>\n<!-- \/wp:paragraph -->\n\n<!-- wp:jgu\/heading {\"tags\":{\"htmlTag\":\"h2\",\"classTag\":\"h3\",\"tag\":\"h2.h3\"},\"heading\":\"Location\"} \/-->\n\n<!-- wp:paragraph {\"translatedWithWPMLTM\":\"1\"} -->\n<p>Hegelstra\u00dfe 59, 4th floor, 55122 Mainz<\/p>\n<!-- \/wp:paragraph -->\n\n<!-- wp:jgu\/heading {\"tags\":{\"htmlTag\":\"h2\",\"classTag\":\"h3\",\"tag\":\"h2.h3\"},\"heading\":\"Contact us\"} \/-->\n\n<!-- wp:paragraph {\"translatedWithWPMLTM\":\"1\"} -->\n<p>B. Wagner-Hertel<br\/>Email: B.Wagner-Hertel@ub.uni-mainz.de<br\/>Phone: +49 (0) 6131\/3927120<\/p>\n<!-- \/wp:paragraph -->\n\n<!-- wp:paragraph {\"translatedWithWPMLTM\":\"1\"} -->\n<p>B. Nessel <br\/>Email: bnessel@uni-mainz.de<br\/>Phone: +49 (0) 6131\/39-28925<\/p>\n<!-- \/wp:paragraph -->\n\n<!-- wp:paragraph -->\n<p><\/p>\n<!-- \/wp:paragraph -->\n\n<!-- wp:paragraph -->\n<p><\/p>\n<!-- \/wp:paragraph -->\n<!-- \/wp:jgu\/modal --><\/div>\n<!-- \/wp:column -->\n\n<!-- wp:column -->\n<div class=\"wp-block-column\"><!-- wp:jgu\/button \/-->\n\n<!-- wp:spacer {\"height\":\"130px\"} -->\n<div style=\"height:130px\" aria-hidden=\"true\" class=\"wp-block-spacer\"><\/div>\n<!-- \/wp:spacer -->\n\n<!-- wp:jgu\/button -->\n<!-- wp:jgu\/button-item {\"text\":\"Presentation Introduction Library Philosophicum  \",\"link\":{\"url\":\"https:\/\/cms.zdv.uni-mainz.de\/fb07-iaw\/wp-content\/uploads\/sites\/275\/2025\/04\/BB-Phil_ALPHA_SoSe25_PP-1.pdf\",\"linkTarget\":\"\",\"rel\":\"\"}} \/-->\n<!-- \/wp:jgu\/button --><\/div>\n<!-- \/wp:column --><\/div>\n<!-- \/wp:columns --><!-- wp:jgu\/anchorpoint {\"title\":\"Image databases\",\"slug\":\"image databases\"} \/--><!-- wp:jgu\/section {\"color\": \"dark\"} -->\n<div class=\"jgu-bgsection bg bg-dark\"><div class=\"content padding-medium\"><!-- wp:jgu\/heading {\"color\":\"default\",\"tags\":{\"htmlTag\":\"h2\",\"classTag\":\"\",\"tag\":\"h2\"},\"heading\":\"Image databases\"} \/-->\n\n<!-- wp:spacer -->\n<div style=\"height:90px\" aria-hidden=\"true\" class=\"wp-block-spacer\"><\/div>\n<!-- \/wp:spacer -->\n\n<!-- wp:columns -->\n<div class=\"wp-block-columns\"><!-- wp:column -->\n<div class=\"wp-block-column\"><!-- wp:columns -->\n<div class=\"wp-block-columns\"><!-- wp:column -->\n<div class=\"wp-block-column\"><!-- wp:jgu\/teaserbox {\"headline\":{\"htmlTag\":\"h2\",\"classTag\":\"\",\"tag\":\"h2\"},\"color\":\"white-dark-text\",\"index\":\"Image database  \",\"title\":\"Egyptology\",\"excerpt\":\"When using the images, please indicate the corresponding rights. A reference to the database is not sufficient. \",\"linkTitle\":\"learn more\"} \/-->\n\n<!-- wp:jgu\/button -->\n<!-- wp:jgu\/button-item {\"text\":\"To the database\",\"styling\":\"default\",\"link\":{\"url\":\"https:\/\/images.ub.uni-mainz.de\/search\",\"linkTarget\":\"\",\"rel\":\"\",\"id\":\"https:\/\/images.ub.uni-mainz.de\/search\",\"title\":\"https:\/\/images.ub.uni-mainz.de\/search\",\"type\":\"link\"}} \/-->\n<!-- \/wp:jgu\/button --><\/div>\n<!-- \/wp:column -->\n\n<!-- wp:column -->\n<div class=\"wp-block-column\"><!-- wp:jgu\/contact-card {\"name\":\"Contact us\",\"avatar\":{\"id\":9896,\"url\":null}} -->\n<!-- wp:jgu\/list-item {\"icon\":\"user-check-solid\",\"title\":\"Dr. Monika Z\u00f6ller-Engelhardt\",\"uuid\":\"1728985080353\"} \/-->\n\n<!-- wp:jgu\/list-item {\"icon\":\"phone-solid\",\"title\":\"+49 6131 39 38344\",\"uuid\":\"1728985085142\"} \/-->\n\n<!-- wp:jgu\/list-item {\"icon\":\"envelope-solid\",\"title\":\"zoellem@uni-mainz.de\",\"uuid\":\"1728985238233\"} \/-->\n\n<!-- wp:jgu\/list-item {\"icon\":\"play-solid\",\"title\":\"General inquiries to \\u003Cbr\\u003E\\u003Ca href=\\u0022mailto:bilddatenbank-aegyptologie@uni-mainz.de\\u0022\\u003Ebilddatenbank-aegyptologie@uni-mainz.de\\u003C\/a\\u003E\",\"uuid\":\"1728985240296\"} \/-->\n<!-- \/wp:jgu\/contact-card --><\/div>\n<!-- \/wp:column --><\/div>\n<!-- \/wp:columns --><\/div>\n<!-- \/wp:column -->\n\n<!-- wp:column -->\n<div class=\"wp-block-column\"><!-- wp:columns -->\n<div class=\"wp-block-columns\"><!-- wp:column -->\n<div class=\"wp-block-column\"><!-- wp:jgu\/teaserbox {\"headline\":{\"htmlTag\":\"h2\",\"classTag\":\"\",\"tag\":\"h2\"},\"color\":\"dark-blue\",\"index\":\"Image database\",\"title\":\"Ancient Near Eastern Archaeology and Ancient Near Eastern Archaeology\",\"excerpt\":\"When using the images, please indicate the corresponding rights. A reference to the database is not sufficient. \",\"linkTitle\":\"learn more\"} \/-->\n\n<!-- wp:jgu\/button -->\n<!-- wp:jgu\/button-item {\"text\":\"To the database\",\"link\":{\"url\":\"https:\/\/images.ub.uni-mainz.de\/search\",\"linkTarget\":\"\",\"rel\":\"\",\"id\":\"https:\/\/images.ub.uni-mainz.de\/search\",\"title\":\"https:\/\/images.ub.uni-mainz.de\/search\",\"type\":\"link\"}} \/-->\n<!-- \/wp:jgu\/button --><\/div>\n<!-- \/wp:column -->\n\n<!-- wp:column -->\n<div class=\"wp-block-column\"><!-- wp:jgu\/contact-card {\"name\":\"Contact us\",\"avatar\":{\"id\":9914,\"url\":null}} -->\n<!-- wp:jgu\/list-item {\"icon\":\"user-check-solid\",\"title\":\"Emma Emine Sakal\",\"uuid\":\"1728985080353\"} \/-->\n\n<!-- wp:jgu\/list-item {\"icon\":\"phone-solid\",\"title\":\"+49 6131 3938334\",\"uuid\":\"1728985085142\"} \/-->\n\n<!-- wp:jgu\/list-item {\"icon\":\"envelope-solid\",\"title\":\"\\u003Ca href=\\u0022mailto:esakal@students.uni-mainz.de\\u0022\\u003Eesakal@students.uni-mainz.de\\u003C\/a\\u003E\",\"uuid\":\"1728985238233\",\"link\":{\"url\":\"mailto:esakal@students.uni-mainz.de\"}} \/-->\n<!-- \/wp:jgu\/contact-card --><\/div>\n<!-- \/wp:column --><\/div>\n<!-- \/wp:columns --><\/div>\n<!-- \/wp:column --><\/div>\n<!-- \/wp:columns -->\n\n<!-- wp:spacer {\"height\":\"152px\"} -->\n<div style=\"height:152px\" aria-hidden=\"true\" class=\"wp-block-spacer\"><\/div>\n<!-- \/wp:spacer -->\n\n<!-- wp:columns -->\n<div class=\"wp-block-columns\"><!-- wp:column -->\n<div class=\"wp-block-column\"><!-- wp:columns -->\n<div class=\"wp-block-columns\"><!-- wp:column -->\n<div class=\"wp-block-column\"><!-- wp:jgu\/teaserbox {\"headline\":{\"htmlTag\":\"h2\",\"classTag\":\"\",\"tag\":\"h2\"},\"index\":\"Image database and photo library\",\"title\":\"Classical Archaeology\",\"excerpt\":\"When using the images, please indicate the corresponding rights. A reference to the database is not sufficient. \",\"linkTitle\":\"learn more\"} \/-->\n\n<!-- wp:jgu\/button -->\n<!-- wp:jgu\/button-item {\"text\":\"To the database\",\"styling\":\"default\",\"link\":{\"url\":\"https:\/\/images.ub.uni-mainz.de\/KA\",\"linkTarget\":\"\",\"rel\":\"\",\"id\":\"https:\/\/images.ub.uni-mainz.de\/KA\",\"title\":\"https:\/\/images.ub.uni-mainz.de\/KA\",\"type\":\"link\"}} \/-->\n<!-- \/wp:jgu\/button -->\n\n<!-- wp:jgu\/modal {\"text\":\"Information about the photo library\",\"buttonStyling\":\"default\"} -->\n<!-- wp:paragraph {\"translatedWithWPMLTM\":\"1\"} -->\n<p>The photo library of Classical Archaeology was largely built up during the time of Frank Brommer. Photographs of all areas of ancient arts and architecture as well as topography are archived in more than 1,000 DIN A4 photo boxes. Some of the photographs already have historical value today. Recently, the 'Ancient Sculpture' section has experienced a significant increase through the partial acquisition of the original photographs for Peter C. Bol's <em>History of Ancient Sculpture<\/em>. A further 380 photo boxes in DIN A5 format, in which the photographs of Frank Brommer's famous 'Vase Lists' are stored, are also worthy of special mention. The photo library is housed in its own room, where seminars and practice classes also take place, and is open to all interested users.       <\/p>\n<!-- \/wp:paragraph -->\n\n<!-- wp:paragraph {\"translatedWithWPMLTM\":\"1\"} -->\n<p><strong>Contact us<\/strong><\/p>\n<!-- \/wp:paragraph -->\n\n<!-- wp:paragraph -->\n<p>Dr. Patrick Schollmeyer<\/p>\n<!-- \/wp:paragraph -->\n\n<!-- wp:paragraph -->\n<p><a href=\"mailto:schollme@uni-mainz.de\">schollme@uni-mainz.de<\/a><\/p>\n<!-- \/wp:paragraph -->\n<!-- \/wp:jgu\/modal --><\/div>\n<!-- \/wp:column -->\n\n<!-- wp:column -->\n<div class=\"wp-block-column\"><!-- wp:jgu\/contact-card {\"name\":\"Contact us\",\"avatar\":{\"id\":28319,\"url\":null}} -->\n<!-- wp:jgu\/list-item {\"icon\":\"user-check-solid\",\"title\":\"Patrick Schollmeyer\",\"uuid\":\"1728985080353\"} \/-->\n\n<!-- wp:jgu\/list-item {\"icon\":\"map-marker-alt-solid\",\"title\":\"Philosophicum (1141) \\u003Cbr\\u003EJakob-Welder-Weg 18 \\u003Cbr\\u003E55128 Mainz\",\"uuid\":\"1728985084104\"} \/-->\n\n<!-- wp:jgu\/list-item {\"icon\":\"phone-solid\",\"title\":\"+49 6131 39 25239\",\"uuid\":\"1728985085142\"} \/-->\n\n<!-- wp:jgu\/list-item {\"icon\":\"envelope-solid\",\"title\":\"\\u003Ca href=\\u0022mailto:schollme@uni-mainz.de\\u0022\\u003Eschollme@uni-mainz.de\\u003C\/a\\u003E\",\"uuid\":\"1728985238233\",\"link\":{\"url\":\"mailto:schollme@uni-mainz.de\"}} \/-->\n\n<!-- wp:jgu\/list-item {\"icon\":\"calendar-week-solid\",\"title\":\"Consultation hour n.V.\",\"uuid\":\"1728985240296\"} \/-->\n<!-- \/wp:jgu\/contact-card --><\/div>\n<!-- \/wp:column --><\/div>\n<!-- \/wp:columns --><\/div>\n<!-- \/wp:column -->\n\n<!-- wp:column -->\n<div class=\"wp-block-column\"><!-- wp:columns -->\n<div class=\"wp-block-columns\"><!-- wp:column -->\n<div class=\"wp-block-column\"><!-- wp:jgu\/button -->\n<!-- wp:jgu\/button-item \/-->\n<!-- \/wp:jgu\/button --><\/div>\n<!-- \/wp:column -->\n\n<!-- wp:column -->\n<div class=\"wp-block-column\"><\/div>\n<!-- \/wp:column --><\/div>\n<!-- \/wp:columns --><\/div>\n<!-- \/wp:column --><\/div>\n<!-- \/wp:columns --><\/div><\/div>\n<!-- \/wp:jgu\/section --><!-- wp:jgu\/anchorpoint {\"title\":\"Study collections\",\"slug\":\"study collections\"} \/--><!-- wp:spacer {\"height\":\"101px\"} -->\n<div style=\"height:101px\" aria-hidden=\"true\" class=\"wp-block-spacer\"><\/div>\n<!-- \/wp:spacer --><!-- wp:jgu\/heading {\"color\":\"default\",\"tags\":{\"htmlTag\":\"h2\",\"classTag\":\"\",\"tag\":\"h2\"},\"heading\":\"Study collections\"} \/--><!-- wp:spacer -->\n<div style=\"height:90px\" aria-hidden=\"true\" class=\"wp-block-spacer\"><\/div>\n<!-- \/wp:spacer --><!-- wp:columns -->\n<div class=\"wp-block-columns\"><!-- wp:column -->\n<div class=\"wp-block-column\"><!-- wp:jgu\/teaserbox {\"headline\":{\"htmlTag\":\"h2\",\"classTag\":\"\",\"tag\":\"h2\"},\"image\":{\"id\":9857,\"url\":null},\"index\":\"University collections\",\"title\":\"Egyptological study collection\",\"excerpt\":\"The Egyptological Study Collection of the Institute for Ancient Studies at JGU Mainz currently comprises around 40 certified, partly large-format plaster casts that were created and painted based on ancient Egyptian originals. The existing reliefs, stelae and statuettes, vessels, amulets and works of small sculpture cover the period from around 2,500-200 BC. \",\"linkTitle\":\"learn more\",\"link\":{\"url\":\"https:\/\/www.ub.uni-mainz.de\/de\/sammlungen\/aegyptologische-studiensammlung\/4333\",\"id\":\"https:\/\/www.ub.uni-mainz.de\/de\/sammlungen\/aegyptologische-studiensammlung\/4333\",\"title\":\"https:\/\/www.ub.uni-mainz.de\/de\/sammlungen\/aegyptologische-studiensammlung\/4333\",\"type\":\"link\"}} \/--><\/div>\n<!-- \/wp:column -->\n\n<!-- wp:column -->\n<div class=\"wp-block-column\"><!-- wp:jgu\/teaserbox {\"headline\":{\"htmlTag\":\"h2\",\"classTag\":\"\",\"tag\":\"h2\"},\"image\":{\"id\":9860,\"url\":null},\"index\":\"University collections\",\"title\":\"Ancient Orientalist teaching collection\",\"excerpt\":\"The Ancient Near Eastern Collection of the Institute of Classical Studies at JGU Mainz comprises around 60 original casts and 3D copies of clay tablets, seal scrolls and reliefs.\\u003Cbr\\u003EThese are artifacts of the early cultures of Mesopotamia (Sumerians, Babylonians, Assyrians) dating from around 3200 BC to the turn of the millennium.\",\"linkTitle\":\"learn more\",\"link\":{\"url\":\"https:\/\/www.ub.uni-mainz.de\/de\/sammlungen\/altorientalistische-lehrsammlung\/4375\",\"id\":\"https:\/\/www.ub.uni-mainz.de\/de\/sammlungen\/altorientalistische-lehrsammlung\/4375\",\"title\":\"https:\/\/www.ub.uni-mainz.de\/de\/sammlungen\/altorientalistische-lehrsammlung\/4375\",\"type\":\"link\"}} \/--><\/div>\n<!-- \/wp:column -->\n\n<!-- wp:column -->\n<div class=\"wp-block-column\"><!-- wp:jgu\/teaserbox {\"headline\":{\"htmlTag\":\"h2\",\"classTag\":\"\",\"tag\":\"h2\"},\"image\":{\"id\":9866,\"url\":null},\"index\":\"University collections\",\"title\":\"Archaeobotanical collection\",\"excerpt\":\"The collection of the Archaeobotanical Comparative Collection of the Pre- and Protohistoric Archaeology working group of the Institute of Classical Studies comprises around 10,000 objects, i.e. recent seeds, fruits, buds and needles of cultivated and wild Central European plants, arranged by plant family.\",\"linkTitle\":\"learn more\",\"link\":{\"url\":\"https:\/\/www.ub.uni-mainz.de\/de\/sammlungen\/archaeobotanische-sammlung\/4376\",\"id\":\"https:\/\/www.ub.uni-mainz.de\/de\/sammlungen\/archaeobotanische-sammlung\/4376\",\"title\":\"https:\/\/www.ub.uni-mainz.de\/de\/sammlungen\/archaeobotanische-sammlung\/4376\",\"type\":\"link\"}} \/--><\/div>\n<!-- \/wp:column --><\/div>\n<!-- \/wp:columns --><!-- wp:columns -->\n<div class=\"wp-block-columns\"><!-- wp:column -->\n<div class=\"wp-block-column\"><!-- wp:jgu\/teaserbox {\"headline\":{\"htmlTag\":\"h2\",\"classTag\":\"\",\"tag\":\"h2\"},\"image\":{\"id\":9869,\"url\":null},\"index\":\"University collections\",\"title\":\"Classical-archaeological collections\",\"excerpt\":\"The Classical Archaeology working group of the Institute of Classical Studies has a collection of ancient originals - mainly painted Greek pottery from the 8th-4th centuries BC as well as terracottas and bronzes - and a large number of plaster casts of ancient sculptures.  \",\"linkTitle\":\"learn more\",\"link\":{\"url\":\"https:\/\/www.ub.uni-mainz.de\/de\/sammlungen\/klassisch-archaeologische-sammlungen\/4430\",\"id\":\"https:\/\/www.ub.uni-mainz.de\/de\/sammlungen\/klassisch-archaeologische-sammlungen\/4430\",\"title\":\"https:\/\/www.ub.uni-mainz.de\/de\/sammlungen\/klassisch-archaeologische-sammlungen\/4430\",\"type\":\"link\"}} \/--><\/div>\n<!-- \/wp:column -->\n\n<!-- wp:column -->\n<div class=\"wp-block-column\"><!-- wp:jgu\/teaserbox {\"headline\":{\"htmlTag\":\"h2\",\"classTag\":\"\",\"tag\":\"h2\"},\"image\":{\"id\":9863,\"url\":null},\"index\":\"University collections\",\"title\":\"Pre- and early history teaching collection\",\"excerpt\":\"The pre- and early history teaching collection of the Institute of Classical Studies includes Palaeolithic stone tools, copies of pre- and early historical objects (especially ceramics), finds from the Mediterranean region, Roman objects from Mainz (on loan) and early modern pottery waste.  \",\"linkTitle\":\"learn more\",\"link\":{\"url\":\"https:\/\/www.ub.uni-mainz.de\/de\/sammlungen\/vor-und-fruehgeschichtliche-lehrsammlung\/4811\",\"id\":\"https:\/\/www.ub.uni-mainz.de\/de\/sammlungen\/vor-und-fruehgeschichtliche-lehrsammlung\/4811\",\"title\":\"https:\/\/www.ub.uni-mainz.de\/de\/sammlungen\/vor-und-fruehgeschichtliche-lehrsammlung\/4811\",\"type\":\"link\"}} \/--><\/div>\n<!-- \/wp:column -->\n\n<!-- wp:column -->\n<div class=\"wp-block-column\"><\/div>\n<!-- \/wp:column --><\/div>\n<!-- \/wp:columns --><!-- wp:spacer -->\n<div style=\"height:90px\" aria-hidden=\"true\" class=\"wp-block-spacer\"><\/div>\n<!-- \/wp:spacer --><!-- wp:jgu\/anchorpoint {\"title\":\"Student council(s)\",\"slug\":\"student councils\"} \/--><!-- wp:columns -->\n<div class=\"wp-block-columns\"><!-- wp:column {\"width\":\"100%\"} -->\n<div class=\"wp-block-column\" style=\"flex-basis:100%\"><!-- wp:jgu\/section {\"color\": \"dark\"} -->\n<div class=\"jgu-bgsection bg bg-dark\"><div class=\"content padding-medium\"><!-- wp:jgu\/heading {\"index\":\"Student Representatives\",\"color\":\"default\",\"tags\":{\"htmlTag\":\"h2\",\"classTag\":\"\",\"tag\":\"h2\"},\"heading\":\"Student council(s)\"} \/-->\n\n<!-- wp:jgu\/tabs -->\n<!-- wp:jgu\/tabs-item {\"title\":\"Student council for Classical Studies\",\"slug\":\"student council - ancient studies\"} -->\n<!-- wp:spacer -->\n<div style=\"height:90px\" aria-hidden=\"true\" class=\"wp-block-spacer\"><\/div>\n<!-- \/wp:spacer -->\n\n<!-- wp:jgu\/heading {\"color\":\"default\",\"tags\":{\"htmlTag\":\"h2\",\"classTag\":\"\",\"tag\":\"h2\"},\"heading\":\"Student council for Classical Studies\"} \/-->\n\n<!-- wp:spacer -->\n<div style=\"height:90px\" aria-hidden=\"true\" class=\"wp-block-spacer\"><\/div>\n<!-- \/wp:spacer -->\n\n<!-- wp:jgu\/image {\"image\":{\"url\":null,\"id\":10170},\"caption\":\"In the photo from left to right: Felicia Peters, Adrian Kling, Lysann Jabusch, Johanna van Willigen, Lukas Steuer, Laura Gebhardt, Max Amstad, Madeleine L. Miller, Bjarne Hansen, Chris Petersen, Jessi Hederich, Laura Drusenheimer, Julia Tatter, Marvin J\u00e9r\u00f4me Gl\u00f6ckner, Le\u00f3n Jaques Andras Jumel, Max Koppius.\\u003Cbr\\u003EAbsent: Elena Annchristin Marquardt, Adriano Noto, Alexandra Fischer.  \"} \/-->\n\n<!-- wp:spacer {\"height\":\"140px\"} -->\n<div style=\"height:140px\" aria-hidden=\"true\" class=\"wp-block-spacer\"><\/div>\n<!-- \/wp:spacer -->\n\n<!-- wp:jgu\/heading {\"color\":\"default\",\"tags\":{\"htmlTag\":\"h2\",\"classTag\":\"\",\"tag\":\"h2\"},\"heading\":\"Latest news\"} \/-->\n\n<!-- wp:columns -->\n<div class=\"wp-block-columns\"><!-- wp:column -->\n<div class=\"wp-block-column\"><!-- wp:jgu\/image {\"image\":{\"url\":null,\"id\":10140}} \/-->\n\n<!-- wp:paragraph -->\n<p><\/p>\n<!-- \/wp:paragraph -->\n\n<!-- wp:jgu\/modal {\"text\":\"more\"} -->\n<!-- wp:paragraph -->\n<p><a href=\"https:\/\/www.fsarchaeologie.uni-mainz.de\/files\/2024\/12\/Plakat_Weihnachtsmarkt_2024.jpg\"><\/a><\/p>\n<!-- \/wp:paragraph -->\n\n<!-- wp:paragraph {\"translatedWithWPMLTM\":\"1\"} -->\n<p>Dear fellow students!<\/p>\n<!-- \/wp:paragraph -->\n\n<!-- wp:paragraph {\"translatedWithWPMLTM\":\"1\"} -->\n<p>We would like to drink mulled wine together at the Mainz Christmas market again this year.<\/p>\n<!-- \/wp:paragraph -->\n\n<!-- wp:paragraph {\"translatedWithWPMLTM\":\"1\"} -->\n<p>On 16.12.2024 at 16:00 we will meet at the Schillerplatz stop and continue from there towards the cathedral.<\/p>\n<!-- \/wp:paragraph -->\n\n<!-- wp:paragraph {\"translatedWithWPMLTM\":\"1\"} -->\n<p>We look forward to seeing you &lt;3<\/p>\n<!-- \/wp:paragraph -->\n<!-- \/wp:jgu\/modal --><\/div>\n<!-- \/wp:column -->\n\n<!-- wp:column -->\n<div class=\"wp-block-column\"><!-- wp:jgu\/image {\"image\":{\"url\":null,\"id\":10143}} \/-->\n\n<!-- wp:paragraph -->\n<p><\/p>\n<!-- \/wp:paragraph -->\n\n<!-- wp:jgu\/modal {\"text\":\"more\"} -->\n<!-- wp:paragraph {\"translatedWithWPMLTM\":\"1\"} -->\n<p>The Student Council of Classical Studies once again cordially invites you to the winter party.<\/p>\n<!-- \/wp:paragraph -->\n\n<!-- wp:paragraph {\"translatedWithWPMLTM\":\"1\"} -->\n<p>On Thursday, December 19, our first winter party as the new FSR Classical Studies will take place at Hegelstra\u00dfe 59. We invite all students and lecturers to gather in our institute from 18:30 and celebrate the evening with food and music. Food and drink will be provided - you are welcome to bring your favorite mugs for hot drinks of your choice.  <\/p>\n<!-- \/wp:paragraph -->\n\n<!-- wp:paragraph {\"translatedWithWPMLTM\":\"1\"} -->\n<p>The buffet will help against empty stomachs: The buffet is free to use for anyone who contributes something to the buffet. However, anyone who does not bring anything can also enjoy the food in exchange for \u20ac5. <\/p>\n<!-- \/wp:paragraph -->\n\n<!-- wp:paragraph {\"translatedWithWPMLTM\":\"1\"} -->\n<p>We are looking forward to seeing you!<\/p>\n<!-- \/wp:paragraph -->\n\n<!-- wp:paragraph {\"translatedWithWPMLTM\":\"1\"} -->\n<p>Your Student Council for Ancient Studies<\/p>\n<!-- \/wp:paragraph -->\n<!-- \/wp:jgu\/modal --><\/div>\n<!-- \/wp:column -->\n\n<!-- wp:column -->\n<div class=\"wp-block-column\"><!-- wp:jgu\/image {\"image\":{\"url\":null,\"id\":10155}} \/-->\n\n<!-- wp:paragraph -->\n<p><\/p>\n<!-- \/wp:paragraph -->\n\n<!-- wp:jgu\/modal {\"text\":\"more\"} -->\n<!-- wp:paragraph {\"translatedWithWPMLTM\":\"1\"} -->\n<p>Dear fellow archaeology students,<\/p>\n<!-- \/wp:paragraph -->\n\n<!-- wp:paragraph {\"translatedWithWPMLTM\":\"1\"} -->\n<p>We are pleased to invite you to our monthly regulars' table again this semester.<\/p>\n<!-- \/wp:paragraph -->\n\n<!-- wp:paragraph {\"translatedWithWPMLTM\":\"1\"} -->\n<p>So keep the 1st Thursday of the month at 18:00 free for a relaxed evening with other archaeology students at Sixties in the old town of Mainz.<\/p>\n<!-- \/wp:paragraph -->\n\n<!-- wp:paragraph {\"translatedWithWPMLTM\":\"1\"} -->\n<p>We look forward to seeing you there!<\/p>\n<!-- \/wp:paragraph -->\n<!-- \/wp:jgu\/modal --><\/div>\n<!-- \/wp:column --><\/div>\n<!-- \/wp:columns -->\n\n<!-- wp:spacer -->\n<div style=\"height:90px\" aria-hidden=\"true\" class=\"wp-block-spacer\"><\/div>\n<!-- \/wp:spacer -->\n\n<!-- wp:jgu\/heading {\"color\":\"default\",\"tags\":{\"htmlTag\":\"h2\",\"classTag\":\"\",\"tag\":\"h2\"},\"heading\":\"Your student council\"} \/-->\n\n<!-- wp:paragraph {\"translatedWithWPMLTM\":\"1\"} -->\n<p>As the Student Council for Classical Studies, we substitute the prospective archaeologists (f\/ m\/ d) in various bodies, including the executive committee, ZeFaR (Central Student Council) and the faculty council. We also form a bridge between students and lecturers and act as a mediator for problems that students cannot or do not want to deal with on their own. In addition to the mentors, we would also like to be a point of contact for first-year students if they have any questions or problems. <em>(If you would like to contact us in this regard, click <a href=\"https:\/\/www.fsarchaeologie.uni-mainz.de\/kontakt\/\">here<\/a>)<\/em> <\/p>\n<!-- \/wp:paragraph -->\n\n<!-- wp:paragraph {\"translatedWithWPMLTM\":\"1\"} -->\n<p>Of course, this also includes the planning and implementation of regular events. For example, we organize lectures with invited speakers on various archaeological topics, the Christmas party, the summer party, film evenings, field trips and much more. <em>(If you want to see what we're doing next, take a look at our <a href=\"https:\/\/www.fsarchaeologie.uni-mainz.de\/aktuelles\/\">blog<\/a>)<\/em> <\/p>\n<!-- \/wp:paragraph -->\n\n<!-- wp:jgu\/contact-card-grid -->\n<!-- wp:jgu\/contact-card {\"name\":\"Max Amstadt\"} -->\n<!-- wp:jgu\/list-item {\"title\":\"Degree program: ALPHA B.A.\",\"uuid\":\"1733995920200\"} \/-->\n\n<!-- wp:jgu\/list-item {\"title\":\"Specialization: Pre- and early history  \",\"uuid\":\"1733996013975\"} \/-->\n\n<!-- wp:jgu\/list-item {\"title\":\"Research interests: Interaction of man and environment, identity formation and genesis, development of social hierarchies and gender concepts, martyr and icon worship in the late Roman and Byzantine period, Gallo-Roman culture\",\"uuid\":\"1733996033750\"} \/-->\n\n<!-- wp:jgu\/list-item {\"title\":\"Hobbies: reading, hiking, athletics, gaming  \",\"uuid\":\"1733996035857\"} \/-->\n\n<!-- wp:jgu\/list-item {\"title\":\"Best way to contact us: \\u003Ca href=\\u0022mailto:mamstad@students.uni-mainz.de\\u0022\\u003Emamstad@students.uni-mainz.de\\u003C\/a\\u003E\",\"uuid\":\"1733996077821\"} \/-->\n<!-- \/wp:jgu\/contact-card -->\n\n<!-- wp:jgu\/contact-card {\"name\":\"Laura Drusenheimer\"} -->\n<!-- wp:jgu\/list-item {\"title\":\"Degree program: Major (subject): Art History, minor: Egyptology\/ Ancient Oriental Studies, ALPHA B.A.\",\"uuid\":\"1733996093843\"} \/-->\n\n<!-- wp:jgu\/list-item {\"title\":\"Specialization: Egyptology\",\"uuid\":\"1744109587244\"} \/-->\n\n<!-- wp:jgu\/list-item {\"title\":\"Best way to contact us: \\u003Ca href=\\u0022mailto:ldrusenh@students.uni-mainz.de\\u0022\\u003Eldrusenh@students.uni-mainz.de\\u003C\/a\\u003E\",\"uuid\":\"1744109597560\"} \/-->\n<!-- \/wp:jgu\/contact-card -->\n\n<!-- wp:jgu\/contact-card {\"name\":\"Alexandra Fischer (Alex)\",\"avatar\":{\"id\":28409,\"url\":null}} -->\n<!-- wp:jgu\/list-item {\"title\":\"Degree program: Major (subject): Art History, minor: Archaeology B.A.\",\"uuid\":\"1733996095501\"} \/-->\n\n<!-- wp:jgu\/list-item {\"title\":\"Research interest: Mythology\",\"uuid\":\"1744109643917\"} \/-->\n\n<!-- wp:jgu\/list-item {\"title\":\"Hobbies: Reading, drawing, walking, gaming, discovering new music\",\"uuid\":\"1744109646378\"} \/-->\n\n<!-- wp:jgu\/list-item {\"title\":\"Best way to contact me: \\u003Ca href=\\u0022mailto:afisch@students.uni-mainz.de\\u0022\\u003Eafisch@students.uni-mainz.de\\u003C\/a\\u003E\",\"uuid\":\"1744109657179\"} \/-->\n<!-- \/wp:jgu\/contact-card -->\n\n<!-- wp:jgu\/contact-card {\"name\":\"Laura Gebhardt\"} -->\n<!-- wp:jgu\/list-item {\"title\":\"Degree program: Archaeology B.A.\",\"uuid\":\"1744109672571\"} \/-->\n\n<!-- wp:jgu\/list-item {\"title\":\"Specialization: Classical Archaeology\",\"uuid\":\"1744109697222\"} \/-->\n\n<!-- wp:jgu\/list-item {\"title\":\"Hobbies: Dancing\",\"uuid\":\"1744109704357\"} \/-->\n\n<!-- wp:jgu\/list-item {\"title\":\"Best way to contact me: \\u003Ca href=\\u0022mailto:lgebhard@students.uni-mainz.de\\u0022\\u003Elgebhard@students.uni-mainz.de\\u003C\/a\\u003E\",\"uuid\":\"1744109713615\"} \/-->\n<!-- \/wp:jgu\/contact-card -->\n\n<!-- wp:jgu\/contact-card {\"name\":\"Marvin J\u00e9r\u00f4me Gl\u00f6ckner\"} -->\n<!-- wp:jgu\/list-item {\"title\":\"Degree program: ALPHA B.A.\",\"uuid\":\"1744109737038\"} \/-->\n\n<!-- wp:jgu\/list-item {\"title\":\"Specialization: Ancient Near Eastern Archaeology\",\"uuid\":\"1744109766873\"} \/-->\n\n<!-- wp:jgu\/list-item {\"title\":\"Best way to contact me: \\u003Ca href=\\u0022mailto:mgloeckn@students.uni-mainz.de\\u0022\\u003Emgloeckn@students.uni-mainz.de\\u003C\/a\\u003E\",\"uuid\":\"1744109773935\"} \/-->\n<!-- \/wp:jgu\/contact-card -->\n\n<!-- wp:jgu\/contact-card {\"name\":\"Bjarne Hansen\"} -->\n<!-- wp:jgu\/list-item {\"title\":\"Degree program: Archaeology B.A.\",\"uuid\":\"1744109738581\"} \/-->\n\n<!-- wp:jgu\/list-item {\"title\":\"Specialization: Pre- and early historical archaeology\",\"uuid\":\"1744109801093\"} \/-->\n\n<!-- wp:jgu\/list-item {\"title\":\"Best way to contact me: \\u003Ca href=\\u0022mailto:bjhansen@students.uni-mainz.de\\u0022\\u003Ebjhansen@students.uni-mainz.de\\u003C\/a\\u003E\",\"uuid\":\"1744109809513\"} \/-->\n<!-- \/wp:jgu\/contact-card -->\n\n<!-- wp:jgu\/contact-card {\"name\":\"Jessica Hederich (Jessi)\"} -->\n<!-- wp:jgu\/list-item {\"title\":\"Degree program: ALPHA B.A.\",\"uuid\":\"1744109739661\"} \/-->\n\n<!-- wp:jgu\/list-item {\"title\":\"Specialization: Pre- and early historical archaeology\",\"uuid\":\"1744109835910\"} \/-->\n\n<!-- wp:jgu\/list-item {\"title\":\"Hobbies: music, gaming, arts, hiking\",\"uuid\":\"1744109841937\"} \/-->\n\n<!-- wp:jgu\/list-item {\"title\":\"Best way to contact me: \\u003Ca href=\\u0022mailto:jhederic@students.uni-mainz.de\\u0022\\u003Ejhederic@students.uni-mainz.de\\u003C\/a\\u003E\",\"uuid\":\"1744109850173\"} \/-->\n<!-- \/wp:jgu\/contact-card -->\n\n<!-- wp:jgu\/contact-card {\"name\":\"Lysann Jabusch\"} -->\n<!-- wp:jgu\/list-item {\"title\":\"Degree program: ALPHA B.A.\",\"uuid\":\"1744109740872\"} \/-->\n\n<!-- wp:jgu\/list-item {\"title\":\"Specialization: Classical Archaeology\",\"uuid\":\"1744109896479\"} \/-->\n\n<!-- wp:jgu\/list-item {\"title\":\"Best way to contact me: \\u003Ca href=\\u0022mailto:ljabusch@students.uni-mainz.de\\u0022\\u003Eljabusch@students.uni-mainz.de\\u003C\/a\\u003E\",\"uuid\":\"1744109903005\"} \/-->\n<!-- \/wp:jgu\/contact-card -->\n\n<!-- wp:jgu\/contact-card {\"name\":\"\\u003Cbr\\u003EL\u00e9on Jaques Jumel\"} -->\n<!-- wp:jgu\/list-item {\"title\":\"Degree program: ALPHA B.A.\",\"uuid\":\"1744109912050\"} \/-->\n\n<!-- wp:jgu\/list-item {\"title\":\"Specialization: Classical Archaeology\",\"uuid\":\"1744109945237\"} \/-->\n\n<!-- wp:jgu\/list-item {\"title\":\"Research interest: Cultural contacts\",\"uuid\":\"1744109952235\"} \/-->\n\n<!-- wp:jgu\/list-item {\"title\":\"Hobbies: Singing, dancing, making music, gaming\",\"uuid\":\"1744109958560\"} \/-->\n\n<!-- wp:jgu\/list-item {\"title\":\"Best way to contact me: \\u003Ca href=\\u0022mailto:ljumel@students.uni-mainz.de\\u0022\\u003Eljumel@students.uni-mainz.de\\u003C\/a\\u003E\",\"uuid\":\"1744109964862\"} \/-->\n<!-- \/wp:jgu\/contact-card -->\n\n<!-- wp:jgu\/contact-card {\"name\":\"\\u003Cbr\\u003EAdrian Kling\"} -->\n<!-- wp:jgu\/list-item {\"title\":\"Degree program: Archaeology B.A.\",\"uuid\":\"1744109913421\"} \/-->\n\n<!-- wp:jgu\/list-item {\"title\":\"Specialization: Classical Archaeology\",\"uuid\":\"1744110001198\"} \/-->\n\n<!-- wp:jgu\/list-item {\"title\":\"Best way to contact me: \\u003Ca href=\\u0022mailto:akling@students.uni-mainz.de\\u0022\\u003Eakling@students.uni-mainz.de\\u003C\/a\\u003E\",\"uuid\":\"1744110008446\"} \/-->\n<!-- \/wp:jgu\/contact-card -->\n\n<!-- wp:jgu\/contact-card {\"name\":\"Max Koppius\"} -->\n<!-- wp:jgu\/list-item {\"title\":\"Degree program: Archaeology B.A.\",\"uuid\":\"1744109914405\"} \/-->\n\n<!-- wp:jgu\/list-item {\"title\":\"Specialization: Ancient Near Eastern Archaeology\",\"uuid\":\"1744110037736\"} \/-->\n\n<!-- wp:jgu\/list-item {\"title\":\"Hobbies: playing bass, drawing\",\"uuid\":\"1744110044408\"} \/-->\n\n<!-- wp:jgu\/list-item {\"title\":\"Best way to contact me: \\u003Ca href=\\u0022mailto:mkoppius@students.uni-mainz.de\\u0022\\u003Emkoppius@students.uni-mainz.de\\u003C\/a\\u003E\",\"uuid\":\"1744110051224\"} \/-->\n<!-- \/wp:jgu\/contact-card -->\n\n<!-- wp:jgu\/contact-card {\"name\":\"Elena Annchristin Marquardt\"} -->\n<!-- wp:jgu\/list-item {\"title\":\"Degree program: Archaeology M.A.\",\"uuid\":\"1744109915434\"} \/-->\n\n<!-- wp:jgu\/list-item {\"title\":\"Specialization: Ancient Near Eastern Archaeology\",\"uuid\":\"1744110087954\"} \/-->\n\n<!-- wp:jgu\/list-item {\"title\":\"Best way to contact me: \\u003Ca href=\\u0022mailto:emarquar@students.uni-mainz.de\\u0022\\u003Eemarquar@students.uni-mainz.de\\u003C\/a\\u003E\",\"uuid\":\"1744110095567\"} \/-->\n<!-- \/wp:jgu\/contact-card -->\n\n<!-- wp:jgu\/contact-card {\"name\":\"Madeleine Miller\"} -->\n<!-- wp:jgu\/list-item {\"title\":\"Degree program: Major (subject): Art History, minor: Archaeology B.A.\",\"uuid\":\"1744110105191\"} \/-->\n\n<!-- wp:jgu\/list-item {\"title\":\"Best way to contact me: \\u003Ca href=\\u0022mailto:mmiller@students.uni-mainz.de\\u0022\\u003Emmiller@students.uni-mainz.de\\u003C\/a\\u003E\",\"uuid\":\"1744110134584\"} \/-->\n<!-- \/wp:jgu\/contact-card -->\n\n<!-- wp:jgu\/contact-card {\"name\":\"Adriano Noto\"} -->\n<!-- wp:jgu\/list-item {\"title\":\"Degree program: Archaeology M.A.\",\"uuid\":\"1744110106404\"} \/-->\n\n<!-- wp:jgu\/list-item {\"title\":\"Specialization: Pre- and early historical archaeology\",\"uuid\":\"1744110162514\"} \/-->\n\n<!-- wp:jgu\/list-item {\"title\":\"Research interest: Roman period and early Neolithic\",\"uuid\":\"1744110169019\"} \/-->\n\n<!-- wp:jgu\/list-item {\"title\":\"Best way to contact me: \\u003Ca href=\\u0022mailto:anoto@students.uni-mainz.de\\u0022\\u003Eanoto@students.uni-mainz.de\\u003C\/a\\u003E\",\"uuid\":\"1744110180417\"} \/-->\n<!-- \/wp:jgu\/contact-card -->\n\n<!-- wp:jgu\/contact-card {\"name\":\"Lisa Christine Petersen (Chris)\",\"avatar\":{\"id\":28400,\"url\":null}} -->\n<!-- wp:jgu\/list-item {\"title\":\"Degree program: Major (subject): Art History, minor: Archaeology B.A.\",\"uuid\":\"1744110107273\"} \/-->\n\n<!-- wp:jgu\/list-item {\"title\":\"Research interests: Norse and Celtic myths, symbolism, pre- and protohistoric archaeology\",\"uuid\":\"1744110215237\"} \/-->\n\n<!-- wp:jgu\/list-item {\"title\":\"Hobbies: Painting\/drawing, reading, hiking\",\"uuid\":\"1744110223253\"} \/-->\n\n<!-- wp:jgu\/list-item {\"title\":\"Best way to contact me: \\u003Ca href=\\u0022mailto:lpeterse@students.uni-mainz.de\\u0022\\u003Elpeterse@students.uni-mainz.de\\u003C\/a\\u003E\",\"uuid\":\"1744110230334\"} \/-->\n<!-- \/wp:jgu\/contact-card -->\n\n<!-- wp:jgu\/contact-card {\"name\":\"Lukas Steuer\",\"avatar\":{\"id\":15417,\"url\":null}} -->\n<!-- wp:jgu\/list-item {\"title\":\"Degree program: Archaeology M.A.\",\"uuid\":\"1744110108260\"} \/-->\n\n<!-- wp:jgu\/list-item {\"title\":\"Specialization: Classical Archaeology\",\"uuid\":\"1744110259589\"} \/-->\n\n<!-- wp:jgu\/list-item {\"title\":\"Research interests: Roman archaeology, provincial Roman archaeology, urbanism, transformation processes\",\"uuid\":\"1744110265452\"} \/-->\n\n<!-- wp:jgu\/list-item {\"title\":\"Best way to contact me: lusteuer@students.uni-mainz.de\",\"uuid\":\"1744110271752\"} \/-->\n<!-- \/wp:jgu\/contact-card -->\n\n<!-- wp:jgu\/contact-card {\"name\":\"Julia Tatter\"} -->\n<!-- wp:jgu\/list-item {\"title\":\"Degree program: ALPHA B.A.\",\"uuid\":\"1744110280260\"} \/-->\n\n<!-- wp:jgu\/list-item {\"title\":\"Specialization: Pre- and early historical archaeology\",\"uuid\":\"1744110303659\"} \/-->\n\n<!-- wp:jgu\/list-item {\"title\":\"Research interests: Transitional periods and intercultural relations in prehistory and early history\",\"uuid\":\"1744110312719\"} \/-->\n\n<!-- wp:jgu\/list-item {\"title\":\"Hobbies: arts, music, painting, writing, skating, playing bass and piano\",\"uuid\":\"1744110322428\"} \/-->\n\n<!-- wp:jgu\/list-item {\"title\":\"Best way to contact me: \\u003Ca href=\\u0022mailto:jtatter@students.uni-mainz.de\\u0022\\u003Ejtatter@students.uni-mainz.de\\u003C\/a\\u003E\",\"uuid\":\"1744110329097\"} \/-->\n<!-- \/wp:jgu\/contact-card -->\n\n<!-- wp:jgu\/contact-card {\"name\":\"Johanna van Willigen\"} -->\n<!-- wp:jgu\/list-item {\"title\":\"Degree program: Egyptology\/ Ancient Oriental Studies B.A.\",\"uuid\":\"1744110281412\"} \/-->\n\n<!-- wp:jgu\/list-item {\"title\":\"Specialization: Ancient Near Eastern Archaeology\",\"uuid\":\"1744110364950\"} \/-->\n\n<!-- wp:jgu\/list-item {\"title\":\"Best way to contact me: \\u003Ca href=\\u0022mailto:jvanwill@students.uni-mainz.de\\u0022\\u003Ejvanwill@students.uni-mainz.de\\u003C\/a\\u003E\",\"uuid\":\"1744110371362\"} \/-->\n<!-- \/wp:jgu\/contact-card -->\n<!-- \/wp:jgu\/contact-card-grid -->\n\n<!-- wp:spacer -->\n<div style=\"height:90px\" aria-hidden=\"true\" class=\"wp-block-spacer\"><\/div>\n<!-- \/wp:spacer -->\n\n<!-- wp:jgu\/heading {\"color\":\"default\",\"tags\":{\"htmlTag\":\"h2\",\"classTag\":\"\",\"tag\":\"h2\"},\"heading\":\"Contact us\"} \/-->\n\n<!-- wp:columns -->\n<div class=\"wp-block-columns\"><!-- wp:column -->\n<div class=\"wp-block-column\"><!-- wp:paragraph {\"translatedWithWPMLTM\":\"1\"} -->\n<p><a href=\"https:\/\/www.instagram.com\/fsr_alt_mainz\">Instagram<\/a> (instagram.com\/fsr_alt_mainz\/)<\/p>\n<!-- \/wp:paragraph -->\n\n<!-- wp:paragraph {\"translatedWithWPMLTM\":\"1\"} -->\n<p><a href=\"mailto:archaeolog@zefar.uni-mainz.de\">Email<\/a> (archaeolog@zefar.uni-mainz.de)<\/p>\n<!-- \/wp:paragraph -->\n\n<!-- wp:paragraph {\"translatedWithWPMLTM\":\"1\"} -->\n<p>There are also online meetings:<\/p>\n<!-- \/wp:paragraph -->\n\n<!-- wp:paragraph {\"translatedWithWPMLTM\":\"1\"} -->\n<p>Regulars' table Registration via:<\/p>\n<!-- \/wp:paragraph -->\n\n<!-- wp:list -->\n<ul><!-- wp:list-item {\"translatedWithWPMLTM\":\"1\"} -->\n<li>Microsoft Teams: <a href=\"mailto:lpeterse@students.uni-mainz.de\">Email<\/a><\/li>\n<!-- \/wp:list-item -->\n\n<!-- wp:list-item {\"translatedWithWPMLTM\":\"1\"} -->\n<li>Discord: <a href=\"mailto:lpeterse@students.uni-mainz.de\">Email<\/a><\/li>\n<!-- \/wp:list-item --><\/ul>\n<!-- \/wp:list -->\n\n<!-- wp:paragraph {\"translatedWithWPMLTM\":\"1\"} -->\n<p>Everyone is welcome at any time!<\/p>\n<!-- \/wp:paragraph --><\/div>\n<!-- \/wp:column -->\n\n<!-- wp:column -->\n<div class=\"wp-block-column\"><!-- wp:paragraph {\"translatedWithWPMLTM\":\"1\"} -->\n<p><strong>Where you can find us<\/strong><\/p>\n<!-- \/wp:paragraph -->\n\n<!-- wp:paragraph {\"translatedWithWPMLTM\":\"1\"} -->\n<p>In the student council room 04-102, Hegelstra\u00dfe 59<\/p>\n<!-- \/wp:paragraph -->\n\n<!-- wp:paragraph {\"translatedWithWPMLTM\":\"1\"} -->\n<p>Student council meeting: Thursday at 5 p.m.<br\/>Alternatively, every second meeting takes place on Mondays at 4 p.m.<\/p>\n<!-- \/wp:paragraph -->\n\n<!-- wp:paragraph {\"translatedWithWPMLTM\":\"1\"} -->\n<p>The meetings are open to students. If you have a request, please come by! <\/p>\n<!-- \/wp:paragraph --><\/div>\n<!-- \/wp:column -->\n\n<!-- wp:column -->\n<div class=\"wp-block-column\"><!-- wp:paragraph {\"translatedWithWPMLTM\":\"1\"} -->\n<p><strong>Next meeting<\/strong><\/p>\n<!-- \/wp:paragraph -->\n\n<!-- wp:paragraph {\"translatedWithWPMLTM\":\"1\"} -->\n<p>Our next Stammtisch will take place at Sixties in the old town of Mainz on 06.02.25.<\/p>\n<!-- \/wp:paragraph -->\n\n<!-- wp:paragraph {\"translatedWithWPMLTM\":\"1\"} -->\n<p>All archaeology students are cordially invited!<\/p>\n<!-- \/wp:paragraph -->\n\n<!-- wp:paragraph {\"translatedWithWPMLTM\":\"1\"} -->\n<p>Online meetings are also possible on MS Teams or Discord.<\/p>\n<!-- \/wp:paragraph --><\/div>\n<!-- \/wp:column --><\/div>\n<!-- \/wp:columns -->\n<!-- \/wp:jgu\/tabs-item -->\n\n<!-- wp:jgu\/tabs-item {\"title\":\"Classical Philology student council\",\"slug\":\"student council-classical-philology\"} -->\n<!-- wp:paragraph -->\n<p><\/p>\n<!-- \/wp:paragraph -->\n\n<!-- wp:jgu\/heading {\"color\":\"default\",\"tags\":{\"htmlTag\":\"h2\",\"classTag\":\"\",\"tag\":\"h2\"},\"heading\":\"Student Council Classical Philology\\u003Cbr\\u003E\"} \/-->\n\n<!-- wp:columns -->\n<div class=\"wp-block-columns\"><!-- wp:column {\"width\":\"100%\"} -->\n<div class=\"wp-block-column\" style=\"flex-basis:100%\"><!-- wp:post-featured-image \/--><\/div>\n<!-- \/wp:column --><\/div>\n<!-- \/wp:columns -->\n\n<!-- wp:jgu\/heading {\"color\":\"default\",\"tags\":{\"htmlTag\":\"h2\",\"classTag\":\"\",\"tag\":\"h2\"},\"heading\":\"Latest news\\u003Cbr\\u003E\"} \/-->\n\n<!-- wp:columns -->\n<div class=\"wp-block-columns\"><!-- wp:column -->\n<div class=\"wp-block-column\"><!-- wp:jgu\/image {\"image\":{\"url\":null,\"id\":10491}} \/-->\n\n<!-- wp:jgu\/button -->\n<!-- wp:jgu\/button-item \/-->\n<!-- \/wp:jgu\/button --><\/div>\n<!-- \/wp:column -->\n\n<!-- wp:column -->\n<div class=\"wp-block-column\"><!-- wp:jgu\/image {\"image\":{\"url\":null,\"id\":10488}} \/--><\/div>\n<!-- \/wp:column -->\n\n<!-- wp:column -->\n<div class=\"wp-block-column\"><!-- wp:jgu\/image {\"image\":{\"url\":null,\"id\":10497}} \/--><\/div>\n<!-- \/wp:column --><\/div>\n<!-- \/wp:columns -->\n\n<!-- wp:columns -->\n<div class=\"wp-block-columns\"><!-- wp:column -->\n<div class=\"wp-block-column\"><!-- wp:jgu\/button -->\n<!-- wp:jgu\/button-item {\"text\":\"Registration Christmas party\",\"link\":{\"url\":\"klassphil.uni-mainz.de\/anmeldung-weihnachtsfeier\/#:~:text=Log in to the registration here\",\"linkTarget\":\"\",\"rel\":\"\"}} \/-->\n<!-- \/wp:jgu\/button --><\/div>\n<!-- \/wp:column -->\n\n<!-- wp:column -->\n<div class=\"wp-block-column\"><!-- wp:jgu\/button -->\n<!-- wp:jgu\/button-item \/-->\n<!-- \/wp:jgu\/button --><\/div>\n<!-- \/wp:column -->\n\n<!-- wp:column -->\n<div class=\"wp-block-column\"><!-- wp:jgu\/button -->\n<!-- wp:jgu\/button-item \/-->\n<!-- \/wp:jgu\/button --><\/div>\n<!-- \/wp:column --><\/div>\n<!-- \/wp:columns -->\n\n<!-- wp:jgu\/heading {\"index\":\"Salvete!\",\"color\":\"default\",\"tags\":{\"htmlTag\":\"h2\",\"classTag\":\"\",\"tag\":\"h2\"},\"heading\":\"Your student council\\u003Cbr\\u003E\"} \/-->\n\n<!-- wp:paragraph {\"translatedWithWPMLTM\":\"1\"} -->\n<p>We are the student council of Classical Philology. If you ask Wikipedia what exactly a student council is, you will find the following quote:   <\/p>\n<!-- \/wp:paragraph -->\n\n<!-- wp:paragraph {\"translatedWithWPMLTM\":\"1\"} -->\n<p>\"A student <strong>council<\/strong> is an institution of student self-administration and representation of interests at universities and other higher education institutions.\"<\/p>\n<!-- \/wp:paragraph -->\n\n<!-- wp:paragraph {\"translatedWithWPMLTM\":\"1\"} -->\n<p>Sounds very complicated at first, but it's not. We represent all students of Latin and Ancient Greek in front of the lecturers, the faculty and higher education policy in general. We also facilitate student engagement and communication within and between the departments and are your contact for questions, concerns and problems. We consist of students from all academic semesters and are always open to new ideas and suggestions.     <\/p>\n<!-- \/wp:paragraph -->\n\n<!-- wp:columns -->\n<div class=\"wp-block-columns\"><!-- wp:column -->\n<div class=\"wp-block-column\"><!-- wp:jgu\/contact-card {\"name\":\"Richard Schorn  \"} -->\n<!-- wp:jgu\/list-item {\"title\":\"B.Ed. Latin and History \",\"uuid\":\"1736341293999\"} \/-->\n\n<!-- wp:jgu\/list-item {\"title\":\"\\u003Cstrong\\u003E1st chairperson\\u003C\/strong\\u003E\\u003Cbr\\u003Ee-mail, Facebook, ZeFaR, FBR, post\",\"uuid\":\"1736341627410\",\"link\":{\"url\":null}} \/-->\n<!-- \/wp:jgu\/contact-card --><\/div>\n<!-- \/wp:column -->\n\n<!-- wp:column -->\n<div class=\"wp-block-column\"><!-- wp:jgu\/contact-card {\"name\":\"Joseph Riedesel\"} -->\n<!-- wp:jgu\/list-item {\"title\":\"B.Ed. Latin, English \",\"uuid\":\"1736341345971\"} \/-->\n\n<!-- wp:jgu\/list-item {\"title\":\"\\u003Cstrong\\u003E2nd chairperson\\u003C\/strong\\u003E\\u003Cbr\\u003ELuSt committee, supervision of first-year students, LMS, notices, web page, examination committee  \",\"uuid\":\"1736341804142\",\"link\":{\"url\":null}} \/-->\n<!-- \/wp:jgu\/contact-card --><\/div>\n<!-- \/wp:column -->\n\n<!-- wp:column -->\n<div class=\"wp-block-column\"><!-- wp:jgu\/contact-card {\"name\":\"Laura Mareczek\"} -->\n<!-- wp:jgu\/list-item {\"title\":\"Committee on Budget, Structural and Capacity Issues, Instagram, Pinboard\",\"uuid\":\"1736341352108\"} \/-->\n<!-- \/wp:jgu\/contact-card --><\/div>\n<!-- \/wp:column --><\/div>\n<!-- \/wp:columns -->\n\n<!-- wp:jgu\/heading {\"color\":\"default\",\"tags\":{\"htmlTag\":\"h2\",\"classTag\":\"\",\"tag\":\"h2\"},\"heading\":\"Contact us\"} \/-->\n\n<!-- wp:columns -->\n<div class=\"wp-block-columns\"><!-- wp:column {\"verticalAlignment\":\"bottom\",\"width\":\"33.33%\"} -->\n<div class=\"wp-block-column is-vertically-aligned-bottom\" style=\"flex-basis:33.33%\"><!-- wp:jgu\/contact-card {\"name\":\"Student Council Classical Philology\",\"avatar\":{\"id\":10449,\"url\":null}} -->\n<!-- wp:jgu\/list-item {\"icon\":\"envelope-solid\",\"title\":\"\\u003Ca href=\\u0022mailto:fs-philologie@uni-mainz.de\\u0022\\u003Efs-philologie@uni-mainz.de\\u003C\/a\\u003E\",\"uuid\":\"1736345237748\",\"link\":{\"url\":\"mailto:fs-philologie@uni-mainz.de\"}} \/-->\n\n<!-- wp:jgu\/list-item {\"icon\":\"map-marker-alt-solid\",\"title\":\"Student council room\",\"uuid\":\"1736345334322\"} \/-->\n<!-- \/wp:jgu\/contact-card -->\n\n<!-- wp:jgu\/button -->\n<!-- wp:jgu\/button-item {\"text\":\"Instagram\",\"link\":{\"url\":\"https:\/\/www.instagram.com\/klass.phil.uni.mainz\/\",\"linkTarget\":\"\",\"rel\":\"\",\"opensInNewTab\":true}} \/-->\n\n<!-- wp:jgu\/button-item {\"text\":\"Facebook group\",\"link\":{\"url\":\"http:\/\/www.facebook.com\/groups\/165721210219015\/\",\"linkTarget\":\"\",\"rel\":\"\",\"opensInNewTab\":true}} \/-->\n<!-- \/wp:jgu\/button --><\/div>\n<!-- \/wp:column -->\n\n<!-- wp:column {\"width\":\"66.66%\"} -->\n<div class=\"wp-block-column\" style=\"flex-basis:66.66%\"><!-- wp:jgu\/notification-banner {\"icon\":\"bullhorn-solid\"} -->\n<!-- wp:paragraph {\"translatedWithWPMLTM\":\"1\"} -->\n<p><strong>When and where to find us<\/strong><\/p>\n<!-- \/wp:paragraph -->\n\n<!-- wp:paragraph {\"translatedWithWPMLTM\":\"1\"} -->\n<p>Our meetings are currently taking place N. N., you are welcome to drop by at any time or talk to us in the corridor. We can also be reached by e-mail. <\/p>\n<!-- \/wp:paragraph -->\n\n<!-- wp:paragraph {\"translatedWithWPMLTM\":\"1\"} -->\n<p><strong>E-mail distribution list<\/strong><\/p>\n<!-- \/wp:paragraph -->\n\n<!-- wp:paragraph {\"translatedWithWPMLTM\":\"1\"} -->\n<p>Current information regarding the program of study, extra-curricular events and activities of the student council are also announced via the e-mail distribution list. If you would like to be added to the mailing list, please send us an e-mail. <\/p>\n<!-- \/wp:paragraph -->\n\n<!-- wp:paragraph {\"translatedWithWPMLTM\":\"1\"} -->\n<p>Another way to stay up to date is through our social media.<\/p>\n<!-- \/wp:paragraph -->\n<!-- \/wp:jgu\/notification-banner --><\/div>\n<!-- \/wp:column --><\/div>\n<!-- \/wp:columns -->\n<!-- \/wp:jgu\/tabs-item -->\n<!-- \/wp:jgu\/tabs --><\/div><\/div>\n<!-- \/wp:jgu\/section --><\/div>\n<!-- \/wp:column --><\/div>\n<!-- \/wp:columns --><!-- wp:spacer {\"height\":\"40px\"} -->\n<div style=\"height:40px\" aria-hidden=\"true\" class=\"wp-block-spacer\"><\/div>\n<!-- \/wp:spacer --><!-- wp:jgu\/anchorpoint {\"title\":\"Mentoring\",\"slug\":\"mentoring\",\"customSlug\":true} \/--><!-- wp:jgu\/heading {\"index\":\"Help from students for students\",\"tags\":{\"htmlTag\":\"h2\",\"classTag\":\"\",\"tag\":\"h2\"},\"heading\":\"Mentoring for students\"} \/--><!-- wp:paragraph {\"translatedWithWPMLTM\":\"1\"} -->\n<p>To ensure a successful start to your studies, you will receive support, for example in organizing your studies and finding your way around campus.<\/p>\n<!-- \/wp:paragraph --><!-- wp:paragraph {\"translatedWithWPMLTM\":\"1\"} -->\n<p><strong>Registration:<\/strong><br\/><em>Participation in the program is free of charge, but registration is mandatory.<\/em><br\/><a href=\"https:\/\/www.geku.uni-mainz.de\/mentoring-am-fb-07\/\">Click here for the registration form.<\/a><\/p>\n<!-- \/wp:paragraph --><!-- wp:paragraph {\"translatedWithWPMLTM\":\"1\"} -->\n<p><strong>Goal:<\/strong><br\/>The goal of the program is a successful start to your studies:<\/p>\n<!-- \/wp:paragraph --><!-- wp:paragraph {\"translatedWithWPMLTM\":\"1\"} -->\n<p>Participants receive orientation on the study requirements and technical support in organizing the program of study. Students from higher semesters will give you impulses for the formal and content-related organization of the program of study and informal information about structures, processes and people. This gives you the chance to settle in quickly at the university and get used to the new situation, as well as to get to know students from your degree program and integrate into student networks.  <\/p>\n<!-- \/wp:paragraph --><!-- wp:paragraph {\"translatedWithWPMLTM\":\"1\"} -->\n<p>The experience and skills resulting from the program will be helpful to you even beyond your studies.<\/p>\n<!-- \/wp:paragraph --><!-- wp:paragraph {\"translatedWithWPMLTM\":\"1\"} -->\n<p><strong>Concept:<\/strong><br\/>There is a simple idea behind the term \"mentoring\": an experienced person (mentor) supports and advises a less experienced, usually younger person (mentee) for a set period of time. The mentoring relationship offers a special opportunity to discuss all issues related to the program of study and also to talk about possible mistakes. <\/p>\n<!-- \/wp:paragraph --><!-- wp:paragraph {\"translatedWithWPMLTM\":\"1\"} -->\n<p><strong>Implementation:<\/strong><br\/>In our program, advanced students act as mentors who pass on their experience to students from the 1st and 2nd academic semesters. Two to three personal meetings (in groups or individually) between mentees and mentors per semester form the basis of the program.   <\/p>\n<!-- \/wp:paragraph --><!-- wp:paragraph {\"translatedWithWPMLTM\":\"1\"} -->\n<p>The mentors and mentees usually meet for an initial basic discussion after the introductory events. The aim is to provide an initial basic orientation and to review or design the course schedule for the semester. After two weeks, experience has shown that further questions \/ problems have arisen, so that it makes sense to arrange another meeting with the mentor. The time of exam registration is usually the time for a third meeting, where questions about deadlines and the scope of examinations can be discussed.   <\/p>\n<!-- \/wp:paragraph --><!-- wp:paragraph {\"translatedWithWPMLTM\":\"1\"} -->\n<p>The mentors are also available in the meantime and for all other questions relating to the program of study. The actual implementation of mentoring always takes place by arrangement. Participants are not obliged to attend all three proposed meetings, they are only obligated to show up for the agreed-upon appointments. To a certain extent, the mentees therefore determine the times and topics of the mentoring program themselves.   <\/p>\n<!-- \/wp:paragraph --><!-- wp:jgu\/anchorpoint {\"title\":\"Downloads\",\"slug\":\"downloads\"} \/--><!-- wp:jgu\/section {\"color\": \"dark\"} -->\n<div class=\"jgu-bgsection bg bg-dark\"><div class=\"content padding-medium\"><!-- wp:jgu\/heading {\"index\":\"Important documents\",\"color\":\"default\",\"tags\":{\"htmlTag\":\"h2\",\"classTag\":\"\",\"tag\":\"h2\"},\"heading\":\"Downloads\"} \/-->\n\n<!-- wp:jgu\/button -->\n<!-- wp:jgu\/button-item {\"text\":\"Bachelor documents\",\"link\":{\"url\":\"https:\/\/iaw.uni-mainz.de\/alpha-b-a\/#downloadbereich\",\"linkTarget\":\"\",\"rel\":\"\"}} \/-->\n\n<!-- wp:jgu\/button-item {\"text\":\"Master\\u0027s degree documents\",\"link\":{\"url\":\"https:\/\/cms.zdv.uni-mainz.de\/fb07-iaw\/alpha-m-a\/#downloadbereich\",\"linkTarget\":\"\",\"rel\":\"\"}} \/-->\n<!-- \/wp:jgu\/button --><\/div><\/div>\n<!-- \/wp:jgu\/section --><!-- wp:columns -->\n<div class=\"wp-block-columns\"><!-- wp:column -->\n<div class=\"wp-block-column\"><!-- wp:columns -->\n<div class=\"wp-block-columns\"><!-- wp:column -->\n<div class=\"wp-block-column\"><\/div>\n<!-- \/wp:column -->\n\n<!-- wp:column -->\n<div class=\"wp-block-column\"><\/div>\n<!-- \/wp:column --><\/div>\n<!-- \/wp:columns --><\/div>\n<!-- \/wp:column -->\n\n<!-- wp:column -->\n<div class=\"wp-block-column\"><!-- wp:columns -->\n<div class=\"wp-block-columns\"><!-- wp:column -->\n<div class=\"wp-block-column\"><\/div>\n<!-- \/wp:column -->\n\n<!-- wp:column -->\n<div class=\"wp-block-column\"><\/div>\n<!-- \/wp:column --><\/div>\n<!-- \/wp:columns --><\/div>\n<!-- \/wp:column --><\/div>\n<!-- \/wp:columns --><!-- wp:paragraph -->\n<p><\/p>\n<!-- \/wp:paragraph -->","_links":{"self":[{"href":"https:\/\/iaw.uni-mainz.de\/en\/wp-json\/wp\/v2\/pages\/25424","targetHints":{"allow":["GET"]}}],"collection":[{"href":"https:\/\/iaw.uni-mainz.de\/en\/wp-json\/wp\/v2\/pages"}],"about":[{"href":"https:\/\/iaw.uni-mainz.de\/en\/wp-json\/wp\/v2\/types\/page"}],"author":[{"embeddable":true,"href":"https:\/\/iaw.uni-mainz.de\/en\/wp-json\/wp\/v2\/users\/1194"}],"replies":[{"embeddable":true,"href":"https:\/\/iaw.uni-mainz.de\/en\/wp-json\/wp\/v2\/comments?post=25424"}],"version-history":[{"count":5,"href":"https:\/\/iaw.uni-mainz.de\/en\/wp-json\/wp\/v2\/pages\/25424\/revisions"}],"predecessor-version":[{"id":32543,"href":"https:\/\/iaw.uni-mainz.de\/en\/wp-json\/wp\/v2\/pages\/25424\/revisions\/32543"}],"wp:featuredmedia":[{"embeddable":true,"href":"https:\/\/iaw.uni-mainz.de\/en\/wp-json\/wp\/v2\/media\/21938"}],"wp:attachment":[{"href":"https:\/\/iaw.uni-mainz.de\/en\/wp-json\/wp\/v2\/media?parent=25424"}],"wp:term":[{"taxonomy":"category","embeddable":true,"href":"https:\/\/iaw.uni-mainz.de\/en\/wp-json\/wp\/v2\/categories?post=25424"},{"taxonomy":"post_tag","embeddable":true,"href":"https:\/\/iaw.uni-mainz.de\/en\/wp-json\/wp\/v2\/tags?post=25424"}],"curies":[{"name":"wp","href":"https:\/\/api.w.org\/{rel}","templated":true}]}}